{"id":92,"date":"2017-05-15T20:41:44","date_gmt":"2017-05-15T20:41:44","guid":{"rendered":"http:\/\/departamentos.uleam.edu.ec\/departamento-tecnico\/?page_id=92"},"modified":"2019-09-16T19:03:58","modified_gmt":"2019-09-16T19:03:58","slug":"resena-historica","status":"publish","type":"page","link":"https:\/\/departamentos.uleam.edu.ec\/departamento-tecnico\/resena-historica\/","title":{"rendered":"Rese\u00f1a Hist\u00f3rica"},"content":{"rendered":"<p style=\"text-align: justify\"><span style=\"color: #000000\">La\u00a0\u00a0 Universidad\u00a0\u00a0\u00a0 Laica\u00a0\u00a0 Eloy\u00a0\u00a0 Alfaro\u00a0 \u00a0de\u00a0\u00a0 Manab\u00ed\u00a0\u00a0\u00a0\u00a0\u00a0 (ULEAM)\u00a0 se\u00a0\u00a0\u00a0 cre\u00f3\u00a0\u00a0 mediante\u00a0\u00a0\u00a0 Ley\u00a0\u00a0 No. 10, publicada\u00a0\u00a0 en el Registro\u00a0\u00a0 Oficial N\u00ba.313 el 13\u00a0\u00a0 de\u00a0 noviembre\u00a0\u00a0 de\u00a0\u00a0 1985;\u00a0 al\u00a0 pasar\u00a0\u00a0\u00a0\u00a0 de\u00a0 los \u00a0a\u00f1os El\u00a0 Consejo\u00a0 Universitario\u00a0 de\u00a0 la Universidad\u00a0\u00a0 Laica\u00a0 \u00abEloy Alfaro\u00bb\u00a0 de\u00a0 Manab\u00ed,\u00a0\u00a0 luego\u00a0 de\u00a0 \u00a0\u00a0\u00a0efectuar los correspondientes\u00a0\u00a0 estudios\u00a0\u00a0 y estad\u00edsticas\u00a0\u00a0\u00a0 a nivel\u00a0 de\u00a0 varios\u00a0 cantones\u00a0\u00a0 de\u00a0 la Provincia\u00a0 y con el\u00a0\u00a0 objeto\u00a0\u00a0 de\u00a0\u00a0 facilitar\u00a0\u00a0\u00a0 a\u00a0 los\u00a0\u00a0 se\u00f1ores\u00a0\u00a0\u00a0 bachilleres\u00a0\u00a0\u00a0 que\u00a0\u00a0 necesitaban\u00a0\u00a0\u00a0\u00a0 realizar\u00a0\u00a0 sus\u00a0\u00a0\u00a0 estudios superiores,\u00a0\u00a0\u00a0 imposibilitados\u00a0\u00a0 tanto por\u00a0 la distancia\u00a0\u00a0 y\/o\u00a0\u00a0 aspecto\u00a0\u00a0 econ\u00f3mico\u00a0 para\u00a0 trasladarse\u00a0\u00a0\u00a0 a otras\u00a0 ciudades\u00a0\u00a0\u00a0 que\u00a0 contaban\u00a0\u00a0 con\u00a0 centros\u00a0\u00a0 superiores\u00a0\u00a0 de \u00a0\u00a0estudios\u00a0\u00a0 y\u00a0 dado\u00a0 a que\u00a0 el prestigio de\u00a0\u00a0 esta\u00a0\u00a0 Universidad\u00a0\u00a0\u00a0 desde\u00a0\u00a0 sus\u00a0\u00a0 inicios\u00a0 creci\u00f3\u00a0 enormemente\u00a0\u00a0\u00a0 y\u00a0 el\u00a0 boom\u00a0 estudiantil\u00a0\u00a0 fue\u00a0\u00a0 tan grande,\u00a0\u00a0\u00a0 se\u00a0\u00a0 hizo\u00a0 necesario\u00a0\u00a0\u00a0 la\u00a0 adecuaci\u00f3n\u00a0\u00a0\u00a0 de\u00a0\u00a0 espacios\u00a0\u00a0 f\u00edsicos\u00a0\u00a0 para\u00a0\u00a0 que\u00a0 albergaran\u00a0\u00a0 \u00a0\u00a0\u00a0a\u00a0 tal n\u00famero\u00a0 de\u00a0 estudiantes.<\/span><\/p>\n<p style=\"text-align: justify\"><span style=\"color: #000000\">Inicialmente\u00a0\u00a0\u00a0 las\u00a0\u00a0 construcciones\u00a0\u00a0\u00a0 fueron\u00a0\u00a0\u00a0 contratadas\u00a0\u00a0\u00a0 por\u00a0\u00a0 la\u00a0 Comisi\u00f3n\u00a0\u00a0 de\u00a0\u00a0 Adquisiciones\u00a0\u00a0\u00a0\u00a0 y Licitaciones,\u00a0\u00a0 la\u00a0 evoluci\u00f3n\u00a0\u00a0 de\u00a0 la Universidad\u00a0 fue\u00a0\u00a0 tan\u00a0 grande\u00a0\u00a0 y\u00a0 r\u00e1pida\u00a0 que\u00a0 se\u00a0\u00a0 hizo\u00a0 necesaria la\u00a0\u00a0 creaci\u00f3n\u00a0\u00a0\u00a0 de\u00a0\u00a0\u00a0 una\u00a0\u00a0\u00a0 \u00e1rea\u00a0\u00a0\u00a0 t\u00e9cnica\u00a0\u00a0\u00a0 de\u00a0\u00a0\u00a0 infraestructura\u00a0\u00a0\u00a0\u00a0 cre\u00e1ndose\u00a0\u00a0\u00a0\u00a0 en\u00a0\u00a0 el\u00a0\u00a0 a\u00f1o\u00a0\u00a0\u00a0 1990\u00a0\u00a0\u00a0 el <strong><em>Departamento\u00a0\u00a0\u00a0\u00a0 T\u00e9cnico\u00a0\u00a0 de\u00a0\u00a0\u00a0 la\u00a0 Uleam<\/em><\/strong>\u00a0 la\u00a0 que\u00a0\u00a0 se\u00a0\u00a0\u00a0 encargar\u00eda\u00a0\u00a0\u00a0 de\u00a0\u00a0 todo\u00a0\u00a0 lo\u00a0 relacionado\u00a0\u00a0\u00a0 con construcciones,\u00a0\u00a0 ejecuci\u00f3n\u00a0\u00a0 y\u00a0 mantenimiento\u00a0\u00a0\u00a0\u00a0 de\u00a0\u00a0 obras\u00a0\u00a0 civiles,\u00a0 por\u00a0 medio\u00a0\u00a0 de\u00a0\u00a0 administraci\u00f3n directa,\u00a0\u00a0 lo\u00a0 cual\u00a0 consta\u00a0\u00a0\u00a0 en\u00a0 el\u00a0 art\u00edculo\u00a0\u00a0 11\u00a0\u00a0 numeral\u00a0\u00a0\u00a0 5\u00a0 del\u00a0 Estatuto,\u00a0\u00a0\u00a0 art\u00edculos\u00a0\u00a0 49\u00a0\u00a0 y\u00a0\u00a0 129\u00a0 Y siguientes\u00a0\u00a0\u00a0 del\u00a0 reglamento\u00a0\u00a0 Org\u00e1nico\u00a0 Funcional\u00a0\u00a0 y\u00a0 art\u00edculo\u00a0 15\u00a0 de\u00a0\u00a0 las\u00a0 Disposiciones\u00a0\u00a0\u00a0 Generales del Presupuesto\u00a0\u00a0\u00a0 de\u00a0 la Instituci\u00f3n\u00a0\u00a0 de\u00a0 ese\u00a0 a\u00f1o.<\/span><\/p>\n<p style=\"text-align: justify\"><span style=\"color: #000000\">Actualmente\u00a0\u00a0\u00a0 el Plan\u00a0 de\u00a0\u00a0 Fortalecimiento\u00a0 de\u00a0\u00a0 la Instituci\u00f3n,\u00a0\u00a0 pugna\u00a0\u00a0 por\u00a0 el\u00a0 cambio\u00a0 y\u00a0 un factor determinante\u00a0\u00a0\u00a0\u00a0 son\u00a0\u00a0 los\u00a0\u00a0 espacios\u00a0\u00a0\u00a0 f\u00edsicos, \u00a0\u00a0\u00a0por\u00a0\u00a0 lo\u00a0 que\u00a0\u00a0 se\u00a0\u00a0\u00a0 consideran\u00a0\u00a0\u00a0 prioritarios,\u00a0\u00a0\u00a0 como\u00a0\u00a0 el mantenimiento\u00a0\u00a0\u00a0\u00a0 y\u00a0 adecuaci\u00f3n\u00a0\u00a0\u00a0 de\u00a0\u00a0 los\u00a0 ya\u00a0 existentes\u00a0\u00a0\u00a0 con\u00a0 el fin\u00a0\u00a0 de\u00a0\u00a0 contar\u00a0\u00a0 con\u00a0 instalaciones f\u00edsicas\u00a0\u00a0\u00a0 modernas\u00a0\u00a0\u00a0 y\u00a0 adecuadas\u00a0\u00a0\u00a0\u00a0 a\u00a0 las\u00a0 necesidades\u00a0\u00a0\u00a0\u00a0 de\u00a0\u00a0 la oferta\u00a0 \u00a0educativa\u00a0\u00a0\u00a0 actual\u00a0 y futura, que\u00a0\u00a0 proporcione\u00a0\u00a0\u00a0\u00a0 ambientes\u00a0\u00a0\u00a0\u00a0 apropiados\u00a0\u00a0\u00a0 para\u00a0\u00a0\u00a0 el\u00a0\u00a0 desarrollo\u00a0\u00a0\u00a0 normal\u00a0\u00a0 de\u00a0\u00a0\u00a0 las\u00a0\u00a0 actividades acad\u00e9micas,\u00a0\u00a0\u00a0\u00a0 cient\u00edficas\u00a0\u00a0\u00a0 y\u00a0 administrativas,\u00a0\u00a0\u00a0 as\u00ed\u00a0 como\u00a0 mantener\u00a0\u00a0\u00a0 las\u00a0 fortalezas\u00a0\u00a0\u00a0\u00a0 a\u00a0 trav\u00e9s\u00a0\u00a0 de obras\u00a0 de\u00a0 calidad.<\/span><\/p>\n<p style=\"text-align: justify\"><span style=\"color: #000000\">Por eso\u00a0 es\u00a0 preciso\u00a0\u00a0 contar\u00a0 con\u00a0 obras\u00a0\u00a0 como:\u00a0 bibliotecas\u00a0\u00a0 y\u00a0 \u00e1reas\u00a0\u00a0 deportivas,\u00a0\u00a0\u00a0 cub\u00edculos\u00a0\u00a0 para asesor\u00edas,\u00a0\u00a0\u00a0 tutor\u00edas\u00a0\u00a0 y\u00a0 \u00e1reas\u00a0 psicopedag\u00f3gicas,\u00a0\u00a0\u00a0 rampas\u00a0\u00a0 de\u00a0\u00a0 acceso\u00a0\u00a0 y\u00a0 movilidad,\u00a0\u00a0 ba\u00f1os\u00a0 para personas\u00a0\u00a0\u00a0 con\u00a0 capacidades\u00a0\u00a0\u00a0\u00a0 especiales,\u00a0\u00a0\u00a0 adecuaci\u00f3n\u00a0\u00a0\u00a0 de\u00a0\u00a0 espacios\u00a0\u00a0\u00a0 en\u00a0 cuanto\u00a0\u00a0 a\u00a0 iluminaci\u00f3n\u00a0\u00a0 y ventilaci\u00f3n,\u00a0\u00a0 salidas\u00a0\u00a0 de\u00a0 emergencia\u00a0\u00a0 y elementos\u00a0\u00a0\u00a0 m\u00ednimos\u00a0\u00a0 de\u00a0 seguridad.<\/span><\/p>\n<p style=\"text-align: justify\"><span style=\"color: #000000\">En\u00a0\u00a0\u00a0 cualquier\u00a0\u00a0\u00a0\u00a0 circunstancia\u00a0\u00a0\u00a0\u00a0\u00a0 en\u00a0\u00a0\u00a0 que\u00a0\u00a0\u00a0 se\u00a0\u00a0\u00a0\u00a0 desarrollen\u00a0\u00a0\u00a0\u00a0\u00a0 las\u00a0\u00a0\u00a0 actividades\u00a0\u00a0\u00a0\u00a0\u00a0 educativas,\u00a0\u00a0\u00a0\u00a0\u00a0 el mantenimiento\u00a0\u00a0\u00a0 y\u00a0 conservaci\u00f3n\u00a0\u00a0\u00a0 de\u00a0\u00a0 la infraestructura\u00a0 f\u00edsica\u00a0\u00a0 se\u00a0\u00a0 debe\u00a0 constituir\u00a0\u00a0 en\u00a0 un proceso participativo\u00a0\u00a0\u00a0 y\u00a0 sustentador\u00a0\u00a0\u00a0\u00a0 de\u00a0\u00a0 la funcionalidad\u00a0\u00a0\u00a0\u00a0 de\u00a0\u00a0 la Instituci\u00f3n,\u00a0\u00a0\u00a0 e\u00a0 incluso\u00a0\u00a0 se\u00a0 debe\u00a0\u00a0 crear conciencia\u00a0 y cultura\u00a0 en el tema\u00a0 del uso,\u00a0 conservaci\u00f3n\u00a0\u00a0\u00a0 y mantenimiento\u00a0\u00a0\u00a0 de\u00a0 las\u00a0 edificaciones, lo\u00a0 que\u00a0\u00a0 nos\u00a0\u00a0 ayuda\u00a0\u00a0\u00a0 contar\u00a0\u00a0 con\u00a0\u00a0 instalaciones\u00a0\u00a0\u00a0\u00a0 seguras,\u00a0\u00a0\u00a0\u00a0 confortables\u00a0\u00a0\u00a0 y\u00a0\u00a0 agradables,\u00a0\u00a0\u00a0\u00a0\u00a0\u00a0\u00a0 que garantiza\u00a0\u00a0 las\u00a0\u00a0 condiciones\u00a0\u00a0\u00a0 de\u00a0\u00a0 su\u00a0\u00a0 infraestructura\u00a0\u00a0 para\u00a0\u00a0 el\u00a0 ejercicio\u00a0\u00a0 del\u00a0 proceso\u00a0\u00a0\u00a0 educativo procurando\u00a0\u00a0\u00a0\u00a0 contar\u00a0\u00a0\u00a0 con\u00a0\u00a0 edificios\u00a0\u00a0\u00a0 amplios\u00a0\u00a0\u00a0 y\u00a0\u00a0 reforzados\u00a0\u00a0\u00a0\u00a0 bajo\u00a0\u00a0 los\u00a0\u00a0 mejores\u00a0\u00a0\u00a0 est\u00e1ndares arquitect\u00f3nicos,\u00a0\u00a0 que\u00a0 adem\u00e1s\u00a0\u00a0 permita\u00a0\u00a0 ampliar\u00a0\u00a0 la oferta\u00a0 educativa\u00a0\u00a0\u00a0 constituyendo\u00a0\u00a0\u00a0\u00a0 ambientes dignos,\u00a0\u00a0 placenteros,\u00a0\u00a0\u00a0\u00a0\u00a0 seguros\u00a0\u00a0\u00a0 y\u00a0 propicios\u00a0\u00a0\u00a0 para\u00a0\u00a0\u00a0 apoyar\u00a0\u00a0\u00a0 el\u00a0\u00a0 aprendizaje\u00a0\u00a0\u00a0\u00a0 de\u00a0\u00a0\u00a0 los\u00a0\u00a0 se\u00f1ores estudiantes.<\/span><\/p>\n<p style=\"text-align: justify\"><span style=\"color: #000000\">Existe un Plan de reconstrucci\u00f3n de nuestra universidad que consiste en dos etapas; primera etapa reparaci\u00f3n de edificios acad\u00e9micos (2016) y la segunda etapa la construcci\u00f3n de nuevos edificios para reemplazar los edificios demolidos que fueron afectados por el\u00a0 terremoto del 16 de abril del 2016 y reparar los edificios administrativos (2017).<\/span><\/p>\n","protected":false},"excerpt":{"rendered":"<p>La\u00a0\u00a0 Universidad\u00a0\u00a0\u00a0 Laica\u00a0\u00a0 Eloy\u00a0\u00a0 Alfaro\u00a0 \u00a0de\u00a0\u00a0 Manab\u00ed\u00a0\u00a0\u00a0\u00a0\u00a0 (ULEAM)\u00a0 se\u00a0\u00a0\u00a0 cre\u00f3\u00a0\u00a0 mediante\u00a0\u00a0\u00a0 Ley\u00a0\u00a0 No. 10, publicada\u00a0\u00a0 en el Registro\u00a0\u00a0 Oficial N\u00ba.313 el 13\u00a0\u00a0 de\u00a0 noviembre\u00a0\u00a0 de\u00a0\u00a0 1985;\u00a0 al\u00a0 pasar\u00a0\u00a0\u00a0\u00a0 de\u00a0 los \u00a0a\u00f1os El\u00a0 Consejo\u00a0 Universitario\u00a0 de\u00a0 la Universidad\u00a0\u00a0 Laica\u00a0 \u00abEloy Alfaro\u00bb\u00a0 [&hellip;]<\/p>\n","protected":false},"author":56,"featured_media":0,"parent":0,"menu_order":0,"comment_status":"closed","ping_status":"open","template":"","meta":{"footnotes":"","_links_to":"","_links_to_target":""},"class_list":["post-92","page","type-page","status-publish","hentry"],"_links":{"self":[{"href":"https:\/\/departamentos.uleam.edu.ec\/departamento-tecnico\/wp-json\/wp\/v2\/pages\/92","targetHints":{"allow":["GET"]}}],"collection":[{"href":"https:\/\/departamentos.uleam.edu.ec\/departamento-tecnico\/wp-json\/wp\/v2\/pages"}],"about":[{"href":"https:\/\/departamentos.uleam.edu.ec\/departamento-tecnico\/wp-json\/wp\/v2\/types\/page"}],"author":[{"embeddable":true,"href":"https:\/\/departamentos.uleam.edu.ec\/departamento-tecnico\/wp-json\/wp\/v2\/users\/56"}],"replies":[{"embeddable":true,"href":"https:\/\/departamentos.uleam.edu.ec\/departamento-tecnico\/wp-json\/wp\/v2\/comments?post=92"}],"version-history":[{"count":3,"href":"https:\/\/departamentos.uleam.edu.ec\/departamento-tecnico\/wp-json\/wp\/v2\/pages\/92\/revisions"}],"predecessor-version":[{"id":338,"href":"https:\/\/departamentos.uleam.edu.ec\/departamento-tecnico\/wp-json\/wp\/v2\/pages\/92\/revisions\/338"}],"wp:attachment":[{"href":"https:\/\/departamentos.uleam.edu.ec\/departamento-tecnico\/wp-json\/wp\/v2\/media?parent=92"}],"curies":[{"name":"wp","href":"https:\/\/api.w.org\/{rel}","templated":true}]}}