{"id":1677,"date":"2017-04-21T15:06:47","date_gmt":"2017-04-21T15:06:47","guid":{"rendered":"http:\/\/departamentos.uleam.edu.ec\/organizacionymetodos\/?page_id=1677"},"modified":"2026-03-23T14:16:19","modified_gmt":"2026-03-23T19:16:19","slug":"subsistema-administrativo-y-financiero","status":"publish","type":"page","link":"https:\/\/departamentos.uleam.edu.ec\/gestion-aseguramiento-calidad\/subsistema-administrativo-y-financiero\/","title":{"rendered":"SUBSISTEMA ADMINISTRATIVO Y FINANCIERO"},"content":{"rendered":"\n<figure class=\"wp-block-image\"><img decoding=\"async\" src=\"https:\/\/departamentos.uleam.edu.ec\/gestion-aseguramiento-calidad\/files\/2019\/07\/AF_Logo.png\" alt=\"\" \/><\/figure>\n\n\n\n<h3 class=\"wp-block-heading\">MACROPROCESOS:<\/h3>\n\n\n\n<p><\/p>\n\n\n\n<div class=\"wp-block-pb-accordion-item c-accordion__item js-accordion-item no-js is-open\" data-initially-open=\"true\" data-click-to-close=\"true\" data-auto-close=\"true\" data-scroll=\"false\" data-scroll-offset=\"0\"><h2 id=\"at-16770\" class=\"c-accordion__title js-accordion-controller\" role=\"button\">\u2705 GESTI\u00d3N ADMINISTRATIVA DEL TALENTO HUMANO<\/h2><div id=\"ac-16770\" class=\"c-accordion__content\">\n<figure class=\"wp-block-table\"><table class=\"has-fixed-layout\"><tbody><tr><td rowspan=\"13\">\ud83d\udd35CAPTACI\u00d3N DEL TALENTO HUMANO<\/td><td><a href=\"https:\/\/departamentos.uleam.edu.ec\/gestion-aseguramiento-calidad\/planificacion-del-talento-humano-seguimiento-y-cumplimiento\/\" target=\"_blank\" rel=\"noreferrer noopener\">PLANIFICACI\u00d3N DEL TALENTO HUMANO, SEGUIMIENTO Y CUMPLIMIENTO<\/a><\/td><\/tr><tr><td><a href=\"https:\/\/departamentos.uleam.edu.ec\/gestion-aseguramiento-calidad\/elementor-8715\/\" target=\"_blank\" rel=\"noreferrer noopener\">RECLUTAMIENTO Y SELECCI\u00d3N DE PERSONAL ADMINISTRATIVO -LOSEP<\/a><\/td><\/tr><tr><td><a href=\"https:\/\/departamentos.uleam.edu.ec\/gestion-aseguramiento-calidad\/contratacion-del-talento-humano\/\" target=\"_blank\" rel=\"noreferrer noopener\">CONTRATACI\u00d3N OCASIONAL DE PERSONAL ADMINISTRATIVO Y ASESORES<\/a><\/td><\/tr><tr><td><a href=\"https:\/\/departamentos.uleam.edu.ec\/gestion-aseguramiento-calidad\/induccion-del-talento-humano\/\" target=\"_blank\" rel=\"noreferrer noopener\">INDUCCI\u00d3N DEL TALENTO HUMANO<\/a><\/td><\/tr><tr><td><a href=\"https:\/\/departamentos.uleam.edu.ec\/gestion-aseguramiento-calidad\/contratacion-de-docentes-para-postgrado\/\" target=\"_blank\" rel=\"noreferrer noopener\">CONTRATACI\u00d3N DE DOCENTES PARA POSTGRADO<\/a><\/td><\/tr><tr><td><a href=\"https:\/\/departamentos.uleam.edu.ec\/gestion-aseguramiento-calidad\/ingreso-de-docentes-titulares\/\" target=\"_blank\" rel=\"noreferrer noopener\">INGRESO DE DOCENTES TITULARES<\/a><\/td><\/tr><tr><td><a href=\"https:\/\/departamentos.uleam.edu.ec\/gestion-aseguramiento-calidad\/2024\/03\/04\/seleccion-y-designacion-de-decanos-y-subdecanos\/\" target=\"_blank\" rel=\"noreferrer noopener\">SELECCI\u00d3N Y DESIGNACI\u00d3N DE DECANOS Y SUBDECANOS<\/a><\/td><\/tr><tr><td><a href=\"https:\/\/departamentos.uleam.edu.ec\/gestion-aseguramiento-calidad\/2024\/04\/22\/seleccion-y-designacion-de-directores-institucionales\/\" target=\"_blank\" rel=\"noreferrer noopener\">SELECCI\u00d3N Y DESIGNACI\u00d3N DE DIRECTORES INSTITUCIONALES<\/a><\/td><\/tr><tr><td><a href=\"https:\/\/departamentos.uleam.edu.ec\/gestion-aseguramiento-calidad\/2024\/10\/03\/comite-de-etica-de-investigacion-en-seres-humanos\/\">SELECCI\u00d3N DE MIEMBROS DEL CEISH<\/a><\/td><\/tr><tr><td><a href=\"https:\/\/departamentos.uleam.edu.ec\/gestion-aseguramiento-calidad\/2024\/12\/02\/contratacion-de-profesores-de-programas-de-doctorado-bajo-la-modalidad-de-servicios-profesionales\/\">CONTRATACI\u00d3N DE PROFESORES DE PROGRAMAS DE DOCTORADO BAJO LA MODALIDAD DE SERVICIOS PROFESIONALES<\/a><\/td><\/tr><tr><td><a href=\"https:\/\/departamentos.uleam.edu.ec\/gestion-aseguramiento-calidad\/contratacion-por-servicios-profesionales\/\" target=\"_blank\" rel=\"noreferrer noopener\">CONTRATACI\u00d3N CIVIL Y PAGO DE PERSONAL ACAD\u00c9MICO<\/a><\/td><\/tr><tr><td><a href=\"https:\/\/departamentos.uleam.edu.ec\/gestion-aseguramiento-calidad\/contratacion-de-docentes-ocasionales-1\/\" target=\"_blank\" rel=\"noreferrer noopener\">CONTRATACI\u00d3N DE DOCENTES OCASIONALES<\/a><\/td><\/tr><tr><td><a href=\"https:\/\/departamentos.uleam.edu.ec\/gestion-aseguramiento-calidad\/files\/2023\/08\/Instructivo-Consulta-y-Registro-de-Impedimento-laboral-PHC-03-IT-001-V1_FielCopia.pdf\" target=\"_blank\" rel=\"noreferrer noopener\">CONSULTA Y REGISTRO DE IMPEDIMENTO LABORAL<\/a><\/td><\/tr><tr><td rowspan=\"8\">\ud83d\udfe2MANTENIMIENTO DEL TALENTO HUMANO<\/td><td><a href=\"https:\/\/departamentos.uleam.edu.ec\/gestion-aseguramiento-calidad\/manual-de-procesos-academicos\/nomina\/\" target=\"_blank\" rel=\"noreferrer noopener\">N\u00d3MINA<\/a><\/td><\/tr><tr><td><a href=\"https:\/\/departamentos.uleam.edu.ec\/gestion-aseguramiento-calidad\/bienestar-social\/\" target=\"_blank\" rel=\"noreferrer noopener\">BIENESTAR SOCIAL<\/a><\/td><\/tr><tr><td><a href=\"https:\/\/departamentos.uleam.edu.ec\/gestion-aseguramiento-calidad\/viaticos-subsistencia-y-movilizacion\/\" target=\"_blank\" rel=\"noreferrer noopener\">VI\u00c1TICOS, SUBSISTENCIA, Y MOVILIZACI\u00d3N<\/a><\/td><\/tr><tr><td><a href=\"https:\/\/departamentos.uleam.edu.ec\/gestion-aseguramiento-calidad\/licencia-y-comision-de-servicio-para-capacitacion-y-perfeccionamiento-academico\/\" target=\"_blank\" rel=\"noreferrer noopener\">LICENCIA PARA FORMACI\u00d3N Y CAPACITACI\u00d3N PERSONAL ACAD\u00c9MICO TITULAR<\/a><\/td><\/tr><tr><td><a href=\"https:\/\/departamentos.uleam.edu.ec\/gestion-aseguramiento-calidad\/financiamiento-para-capacitacion-y-perfeccionamiento-del-personal-administrativo\/\" target=\"_blank\" rel=\"noreferrer noopener\">FINANCIAMIENTO PARA CAPACITACI\u00d3N Y PERFECCIONAMIENTO DEL PERSONAL ADMINISTRATIVO<\/a><\/td><\/tr><tr><td><a href=\"https:\/\/departamentos.uleam.edu.ec\/gestion-aseguramiento-calidad\/2018\/05\/31\/movilidad-interna-de-docentes\/\">MOVIMIENTO DE PERSONAL<\/a><\/td><\/tr><tr><td><a href=\"https:\/\/departamentos.uleam.edu.ec\/gestion-aseguramiento-calidad\/asistencia-y-permanencia-del-talento-humano\/\" target=\"_blank\" rel=\"noreferrer noopener\">ASISTENCIA Y PERMANENCIA DEL TALENTO HUMANO<\/a><\/td><\/tr><tr><td><a href=\"https:\/\/departamentos.uleam.edu.ec\/gestion-aseguramiento-calidad\/vacaciones\/\">VACACIONES<\/a><\/td><\/tr><tr><td rowspan=\"2\">\ud83d\udfe0DESARROLLO DEL TALENTO HUMANO<\/td><td><a href=\"https:\/\/departamentos.uleam.edu.ec\/gestion-aseguramiento-calidad\/capacitacion-y-entrenamiento\/\" target=\"_blank\" rel=\"noreferrer noopener\">CAPACITACI\u00d3N Y ENTRENAMIENTO<\/a><\/td><\/tr><tr><td><a href=\"https:\/\/departamentos.uleam.edu.ec\/gestion-aseguramiento-calidad\/evaluacion-de-desempeno\/\" target=\"_blank\" rel=\"noreferrer noopener\">EVALUACI\u00d3N DE DESEMPE\u00d1O<\/a><\/td><\/tr><tr><td rowspan=\"5\">\ud83d\udd34DESVINCULACI\u00d3N DEL TALENTO HUMANO<\/td><td><a href=\"https:\/\/departamentos.uleam.edu.ec\/gestion-aseguramiento-calidad\/desvinculacion-de-servidor-por-acogerse-a-compensacion-de-retiro-por-jubilacion\/\" target=\"_blank\" rel=\"noreferrer noopener\">DESVINCULACI\u00d3N DE SERVIDOR POR ACOGERSE A COMPENSACI\u00d3N DE RETIRO POR JUBILACI\u00d3N<\/a><\/td><\/tr><tr><td><a href=\"https:\/\/departamentos.uleam.edu.ec\/gestion-aseguramiento-calidad\/desvinculacion-de-servidor-por-renuncia-voluntaria\/\" target=\"_blank\" rel=\"noreferrer noopener\">DESVINCULACI\u00d3N DE SERVIDOR POR RENUNCIA VOLUNTARIA<\/a><\/td><\/tr><tr><td><a href=\"https:\/\/departamentos.uleam.edu.ec\/gestion-aseguramiento-calidad\/2020\/09\/09\/cesacion-de-funciones-por-supresion-de-puestos-2\/\" target=\"_blank\" rel=\"noreferrer noopener\">CESACI\u00d3N DE FUNCIONES POR SUPRESI\u00d3N DE PUESTOS<\/a><\/td><\/tr><tr><td><a href=\"https:\/\/departamentos.uleam.edu.ec\/gestion-aseguramiento-calidad\/2021\/06\/24\/planificacion-de-proyectos-para-el-pago-de-compensacion-por-jubilacion-o-renuncia\/\" target=\"_blank\" rel=\"noreferrer noopener\">PLANIFICACI\u00d3N DE PROYECTOS PARA EL PAGO DE COMPENSACI\u00d3N POR JUBILACI\u00d3N O RENUNCIA<\/a><\/td><\/tr><tr><td><a href=\"https:\/\/departamentos.uleam.edu.ec\/gestion-aseguramiento-calidad\/2023\/05\/31\/liquidacion-de-haberes\/\">LIQUIDACI\u00d3N DE HABERES<\/a><\/td><\/tr><\/tbody><\/table><\/figure>\n<\/div><\/div>\n\n\n\n<div class=\"wp-block-pb-accordion-item c-accordion__item js-accordion-item no-js\" data-initially-open=\"false\" data-click-to-close=\"true\" data-auto-close=\"true\" data-scroll=\"false\" data-scroll-offset=\"0\"><h2 id=\"at-16771\" class=\"c-accordion__title js-accordion-controller\" role=\"button\">\u2611\ufe0f GESTI\u00d3N JUR\u00cdDICA Y MEDIACI\u00d3N DE CONFLICTOS<\/h2><div id=\"ac-16771\" class=\"c-accordion__content\">\n<figure class=\"wp-block-table\"><table class=\"has-fixed-layout\"><tbody><tr><td rowspan=\"2\">\u26abMEDIACI\u00d3N Y RESOLUCI\u00d3N DE CONFLICTOS<\/td><td><a href=\"https:\/\/departamentos.uleam.edu.ec\/gestion-aseguramiento-calidad\/2025\/08\/28\/mediacion-y-resolucion-de-conflictos\/\" target=\"_blank\" rel=\"noreferrer noopener\">MEDIACI\u00d3N Y RESOLUCI\u00d3N DE CONFLICTOS<\/a><\/td><\/tr><tr><td>&#8211;<\/td><\/tr><\/tbody><\/table><\/figure>\n<\/div><\/div>\n\n\n\n<div class=\"wp-block-pb-accordion-item c-accordion__item js-accordion-item no-js\" data-initially-open=\"false\" data-click-to-close=\"true\" data-auto-close=\"true\" data-scroll=\"false\" data-scroll-offset=\"0\"><h2 id=\"at-16772\" class=\"c-accordion__title js-accordion-controller\" role=\"button\">\u2705 GESTI\u00d3N DE MANTENIMIENTO Y CONSTRUCCI\u00d3N<\/h2><div id=\"ac-16772\" class=\"c-accordion__content\">\n<figure class=\"wp-block-table\"><table class=\"has-fixed-layout\"><tbody><tr><td>\ud83d\udfe4MANTENIMIENTO DE INFRAESTRUCTURA<\/td><td><a href=\"https:\/\/departamentos.uleam.edu.ec\/gestion-aseguramiento-calidad\/2022\/06\/07\/mantenimiento-preventivo-y-correctivo\/\" target=\"_blank\" rel=\"noreferrer noopener\">&nbsp;MANTENIMIENTO PREVENTIVO Y CORRECTIVO<\/a><\/td><\/tr><\/tbody><\/table><\/figure>\n<\/div><\/div>\n\n\n\n<div class=\"wp-block-pb-accordion-item c-accordion__item js-accordion-item no-js\" data-initially-open=\"false\" data-click-to-close=\"true\" data-auto-close=\"true\" data-scroll=\"false\" data-scroll-offset=\"0\"><h2 id=\"at-16773\" class=\"c-accordion__title js-accordion-controller\" role=\"button\">\u2611\ufe0f GESTI\u00d3N DE SERVICIOS ADMINISTRATIVOS<\/h2><div id=\"ac-16773\" class=\"c-accordion__content\">\n<figure class=\"wp-block-table\"><table class=\"has-fixed-layout\"><tbody><tr><td rowspan=\"6\">\ud83d\udfe3BIENESTAR UNIVERSITARIO<\/td><td><a href=\"https:\/\/departamentos.uleam.edu.ec\/gestion-aseguramiento-calidad\/atencion-primaria-de-salud-a-la-comunidad-universitaria-y-comunidad-en-general\/\" target=\"_blank\" rel=\"noreferrer noopener\">ATENCI\u00d3N PRIMARIA DE SALUD A LA COMUNIDAD&nbsp; UNIVERSITARIA Y COMUNIDAD EN GENERAL<\/a><\/td><\/tr><tr><td><a href=\"https:\/\/departamentos.uleam.edu.ec\/gestion-aseguramiento-calidad\/otorgamiento-de-becas-y-ayudas-economicas-a-estudiantes\/\" target=\"_blank\" rel=\"noreferrer noopener\">OTORGAMIENTO DE BECAS Y AYUDAS ECON\u00d3MICAS A ESTUDIANTES<\/a><\/td><\/tr><tr><td><a href=\"https:\/\/departamentos.uleam.edu.ec\/gestion-aseguramiento-calidad\/atencion-psicologica\/\" target=\"_blank\" rel=\"noreferrer noopener\">ATENCI\u00d3N PSICOL\u00d3GICA Y TRABAJO SOCIAL<\/a><\/td><\/tr><tr><td><a href=\"https:\/\/departamentos.uleam.edu.ec\/gestion-aseguramiento-calidad\/2025\/10\/23\/centro-de-cuidado-infantil\/\" target=\"_blank\" rel=\"noreferrer noopener\">CENTRO DE CUIDADO INFANTIL<\/a><\/td><\/tr><tr><td><a href=\"https:\/\/departamentos.uleam.edu.ec\/gestion-aseguramiento-calidad\/desarrollo-de-practicas-y-pasantias\/\" target=\"_blank\" rel=\"noreferrer noopener\">DESARROLLO DE PR\u00c1CTICAS Y PASANT\u00cdAS<\/a><\/td><\/tr><tr><td><a href=\"https:\/\/departamentos.uleam.edu.ec\/gestion-aseguramiento-calidad\/2019\/12\/17\/aplicacion-y-seguimiento-de-acciones-afirmativas\/\" target=\"_blank\" rel=\"noreferrer noopener\">APLICACI\u00d3N Y SEGUIMIENTO DE ACCIONES AFIRMATIVAS<\/a><\/td><\/tr><tr><td rowspan=\"2\">\ud83d\udd35 COMPRAS P\u00daBLICAS<\/td><td><a href=\"https:\/\/departamentos.uleam.edu.ec\/gestion-aseguramiento-calidad\/2021\/08\/17\/gestion-de-contratacion\/\" target=\"_blank\" rel=\"noreferrer noopener\">GESTI\u00d3N DE CONTRATACI\u00d3N<\/a><\/td><\/tr><tr><td>&#8211;<\/td><\/tr><tr><td>\ud83d\udfe2IMPRESI\u00d3N GR\u00c1FICA<\/td><td><a href=\"https:\/\/departamentos.uleam.edu.ec\/gestion-aseguramiento-calidad\/impresion-grafica-de-libros-revistas-y-folletos\/\" target=\"_blank\" rel=\"noreferrer noopener\">IMPRESI\u00d3N GR\u00c1FICA DE LIBROS, REVISTAS Y FOLLETOS<\/a><\/td><\/tr><tr><td rowspan=\"2\">\ud83d\udfe0SEGURIDAD<\/td><td><a href=\"https:\/\/departamentos.uleam.edu.ec\/gestion-aseguramiento-calidad\/instalacion-del-tag-adhesivo-para-acceso-vehicular-a-los-predios-de-la-uleam\/\" target=\"_blank\" rel=\"noreferrer noopener\">INSTALACI\u00d3N Y USO DEL TAG ADHESIVO PARA ACCESO VEHICULAR A LOS PREDIOS DE LA ULEAM<\/a><\/td><\/tr><tr><td>&#8211;<\/td><\/tr><tr><td rowspan=\"2\">\ud83d\udd34TRANSPORTE<\/td><td><a href=\"https:\/\/departamentos.uleam.edu.ec\/gestion-aseguramiento-calidad\/solicitud-y-asignacion-vehiculos-institucionales\/\" target=\"_blank\" rel=\"noreferrer noopener\">SOLICITUD Y ASIGNACI\u00d3N VEH\u00cdCULOS INSTITUCIONALES<\/a><\/td><\/tr><tr><td><a href=\"https:\/\/departamentos.uleam.edu.ec\/gestion-aseguramiento-calidad\/2020\/10\/08\/revision-de-vehiculos-institucionales\/\" target=\"_blank\" rel=\"noreferrer noopener\">REVISI\u00d3N DE VEH\u00cdCULOS INSTITUCIONALES<\/a><\/td><\/tr><tr><td rowspan=\"3\">\u26abGESTI\u00d3N DE RIESGOS<\/td><td><a href=\"https:\/\/departamentos.uleam.edu.ec\/gestion-aseguramiento-calidad\/2020\/06\/17\/protocolo-general-de-bioseguridad-para-el-ingreso-permanencia-y-salida-de-empleados-trabajadores-y-visitantes-de-la-uleam\/\" target=\"_blank\" rel=\"noreferrer noopener\">PROTOCOLO GENERAL DE BIOSEGURIDAD PARA EL INGRESO, PERMANENCIA Y SALIDA DE EMPLEADOS, TRABAJADORES Y VISITANTES DE LA ULEAM<\/a><\/td><\/tr><tr><td><a href=\"https:\/\/departamentos.uleam.edu.ec\/gestion-aseguramiento-calidad\/2019\/07\/18\/guia-para-la-identificacion-de-peligros-valoracion-de-riesgos-y-determinacion-de-controles\/\" target=\"_blank\" rel=\"noreferrer noopener\">GU\u00cdA PARA LA IDENTIFICACI\u00d3N DE PELIGROS, VALORACI\u00d3N DE RIESGOS Y DETERMINACI\u00d3N DE CONTROLES<\/a><\/td><\/tr><tr><td>&#8211;<\/td><\/tr><tr><td rowspan=\"5\">\ud83d\udfe3ARCHIVO Y SECRETARIA GENERAL<\/td><td><a href=\"https:\/\/departamentos.uleam.edu.ec\/gestion-aseguramiento-calidad\/2020\/10\/21\/buenas-practicas-para-resguardar-y-preservar-el-patrimonio-documental-del-archivo-general-de-la-uleam\/\" target=\"_blank\" rel=\"noreferrer noopener\">BUENAS PR\u00c1CTICAS PARA RESGUARDAR Y PRESERVAR EL PATRIMONIO DOCUMENTAL DEL ARCHIVO GENERAL DE LA ULEAM<\/a><\/td><\/tr><tr><td><a href=\"https:\/\/departamentos.uleam.edu.ec\/gestion-aseguramiento-calidad\/gestion-ducumental-institucional-a-traves-del-sistema-quipux\/\" target=\"_blank\" rel=\"noreferrer noopener\">GESTI\u00d3N DOCUMENTAL INSTITUCIONAL A TRAV\u00c9S DEL SISTEMA QUIPUX<\/a><\/td><\/tr><tr><td><a href=\"https:\/\/departamentos.uleam.edu.ec\/gestion-aseguramiento-calidad\/gestion-documental\/\" target=\"_blank\" rel=\"noreferrer noopener\">GESTI\u00d3N DOCUMENTAL<\/a><\/td><\/tr><tr><td><a href=\"https:\/\/departamentos.uleam.edu.ec\/gestion-aseguramiento-calidad\/2024\/08\/20\/valoracion-documental\/\">EXPURGO Y BAJA DOCUMENTAL<\/a><\/td><\/tr><tr><td><a href=\"https:\/\/departamentos.uleam.edu.ec\/gestion-aseguramiento-calidad\/2021\/09\/23\/conservacion-preventiva-del-acervo-bibliografico\/\" target=\"_blank\" rel=\"noreferrer noopener\">CONSERVACI\u00d3N PREVENTIVA DEL ACERVO BIBLIOGR\u00c1FICO<\/a><\/td><\/tr><tr><td rowspan=\"2\">\ud83d\udfe4GESTI\u00d3N AMBIENTAL<\/td><td><a href=\"https:\/\/departamentos.uleam.edu.ec\/gestion-aseguramiento-calidad\/2019\/09\/16\/guia-de-buenas-practicas-ambientales-para-obras-en-construccion\/\" target=\"_blank\" rel=\"noreferrer noopener\">GU\u00cdA DE BUENAS PR\u00c1CTICAS AMBIENTALES PARA OBRAS EN CONSTRUCCI\u00d3N<\/a><\/td><\/tr><tr><td>&#8211;<\/td><\/tr><tr><td rowspan=\"2\">\ud83d\udd35ARRIENDOS DE BIENES<\/td><td><a href=\"https:\/\/departamentos.uleam.edu.ec\/gestion-aseguramiento-calidad\/arrendamiento-y-cobro-de-bares-y-kiosco\/\" target=\"_blank\" rel=\"noreferrer noopener\">ARRENDAMIENTO Y COBRO DE BARES Y KIOSCO<\/a><\/td><\/tr><tr><td>&#8211;<\/td><\/tr><tr><td>\ud83d\udfe2LABORATORIOS DE TURISMO<\/td><td><a href=\"https:\/\/departamentos.uleam.edu.ec\/gestion-aseguramiento-calidad\/2024\/06\/10\/ciinfotur-y-museo-pacoche\/\" target=\"_blank\" rel=\"noreferrer noopener\">CIINFOTUR Y MUSEO PACOCHA<\/a><\/td><\/tr><tr><td>&#8211;<\/td><td>&#8211;<\/td><\/tr><\/tbody><\/table><\/figure>\n<\/div><\/div>\n\n\n\n<div class=\"wp-block-pb-accordion-item c-accordion__item js-accordion-item no-js\" data-initially-open=\"false\" data-click-to-close=\"true\" data-auto-close=\"true\" data-scroll=\"false\" data-scroll-offset=\"0\"><h2 id=\"at-16774\" class=\"c-accordion__title js-accordion-controller\" role=\"button\">\u2705 GESTI\u00d3N FINANCIERA<\/h2><div id=\"ac-16774\" class=\"c-accordion__content\">\n<figure class=\"wp-block-table\"><table class=\"has-fixed-layout\"><tbody><tr><td rowspan=\"4\">\ud83d\udd34PRESUPUESTO<\/td><td><a href=\"https:\/\/departamentos.uleam.edu.ec\/gestion-aseguramiento-calidad\/programacion-formulacion-consolidacion-y-aprobacion-del-presupuesto\/\" target=\"_blank\" rel=\"noreferrer noopener\">PROGRAMACI\u00d3N, FORMULACI\u00d3N, CONSOLIDACI\u00d3N Y APROBACI\u00d3N DEL PRESUPUESTO<\/a><\/td><\/tr><tr><td><a href=\"https:\/\/departamentos.uleam.edu.ec\/gestion-aseguramiento-calidad\/ejecucion-presupuestaria\/\" target=\"_blank\" rel=\"noreferrer noopener\">EJECUCI\u00d3N PRESUPUESTARIA<\/a><\/td><\/tr><tr><td><a href=\"https:\/\/departamentos.uleam.edu.ec\/gestion-aseguramiento-calidad\/2022\/05\/05\/reforma-presupuestaria\/\" target=\"_blank\" rel=\"noreferrer noopener\">REFORMA PRESUPUESTARIA<\/a><\/td><\/tr><tr><td><a href=\"https:\/\/departamentos.uleam.edu.ec\/gestion-aseguramiento-calidad\/certificacion-de-disponibilidad-presupuestaria\/\" target=\"_blank\" rel=\"noreferrer noopener\">CERTIFICACI\u00d3N DE DISPONIBILIDAD PRESUPUESTARIA<\/a><\/td><\/tr><tr><td rowspan=\"5\">\ud83d\udfe0CONTABILIDAD<\/td><td><a href=\"https:\/\/departamentos.uleam.edu.ec\/gestion-aseguramiento-calidad\/registro-contable-y-archivo-cur-de-pago\/\" target=\"_blank\" rel=\"noreferrer noopener\">REGISTRO Y CONTABLE Y ARCHIVO CUR DE PAGO<\/a><\/td><\/tr><tr><td><a href=\"https:\/\/departamentos.uleam.edu.ec\/gestion-aseguramiento-calidad\/depuracion-de-saldos-y-cierre-del-ejercicio\/\" target=\"_blank\" rel=\"noreferrer noopener\">CONCILIACI\u00d3N DE SALDOS Y CIERRE CONTABLE DE LA CUENTA BIENES Y EXISTENCIAS<\/a><\/td><\/tr><tr><td><a href=\"https:\/\/departamentos.uleam.edu.ec\/gestion-aseguramiento-calidad\/reposicion-de-caja-chica\/\" target=\"_blank\" rel=\"noreferrer noopener\">REPOSICI\u00d3N DE CAJA CHICA<\/a><\/td><\/tr><tr><td><a href=\"https:\/\/departamentos.uleam.edu.ec\/gestion-aseguramiento-calidad\/anticipo-de-remuneraciones\/\" target=\"_blank\" rel=\"noreferrer noopener\">ANTICIPO DE REMUNERACIONES<\/a><\/td><\/tr><tr><td><a href=\"https:\/\/departamentos.uleam.edu.ec\/gestion-aseguramiento-calidad\/pago-de-impuestos-fiscales-y-devolucion-de-iva\/\" target=\"_blank\" rel=\"noreferrer noopener\">PAGO DE IMPUESTOS FISCALES Y DEVOLUCI\u00d3N DE IVA<\/a><\/td><\/tr><tr><td rowspan=\"6\">\u26abTESORER\u00cdA<\/td><td><a href=\"https:\/\/departamentos.uleam.edu.ec\/gestion-aseguramiento-calidad\/ingresos-de-autogestion-recursos-y-pre-asignaciones-fiscales\/\" target=\"_blank\" rel=\"noreferrer noopener\">INGRESOS DE AUTOGESTI\u00d3N, RECURSOS Y PRE-ASIGNACIONES FISCALES<\/a><\/td><\/tr><tr><td><a href=\"https:\/\/departamentos.uleam.edu.ec\/gestion-aseguramiento-calidad\/pagos\/\" target=\"_blank\" rel=\"noreferrer noopener\">PAGOS<\/a><\/td><\/tr><tr><td><a href=\"https:\/\/departamentos.uleam.edu.ec\/gestion-aseguramiento-calidad\/custodia-y-control-titulos-valores-y-garantias\/\" target=\"_blank\" rel=\"noreferrer noopener\">CUSTODIA Y CONTROL TITULOS VALORES Y GARANTIAS<\/a><\/td><\/tr><tr><td><a href=\"https:\/\/departamentos.uleam.edu.ec\/gestion-aseguramiento-calidad\/devolucion-de-pago-indebido-y-pago-en-exceso\/\" target=\"_blank\" rel=\"noreferrer noopener\">DEVOLUCI\u00d3N DE PAGO INDEBIDO Y PAGO EN EXCESO<\/a><\/td><\/tr><tr><td><a href=\"https:\/\/departamentos.uleam.edu.ec\/gestion-aseguramiento-calidad\/2024\/10\/01\/gestion-coactiva\/\">GESTI\u00d3N COACTIVA<\/a><\/td><\/tr><tr><td><a href=\"https:\/\/departamentos.uleam.edu.ec\/gestion-aseguramiento-calidad\/pago-a-docentes-bajo-la-modalidad-de-servicios-profesionales\/\" target=\"_blank\" rel=\"noreferrer noopener\">PAGO A DOCENTES BAJO LA MODALIDAD DE SERVICIOS PROFESIONALES<\/a><\/td><\/tr><tr><td rowspan=\"3\">\ud83d\udfe4BODEGA<\/td><td><a href=\"https:\/\/departamentos.uleam.edu.ec\/gestion-aseguramiento-calidad\/recepcion-de-bienes-de-larga-duracion-y-existencias\/\" target=\"_blank\" rel=\"noreferrer noopener\">RECEPCI\u00d3N, REGISTRO Y CODIFICACI\u00d3N DE BIENES DE LARGA DURACI\u00d3N Y EXISTENCIAS<\/a><\/td><\/tr><tr><td><a href=\"https:\/\/departamentos.uleam.edu.ec\/gestion-aseguramiento-calidad\/entrega-de-bienes-de-larga-duracion-y-existencias\/\" target=\"_blank\" rel=\"noreferrer noopener\">ENTREGA DE BIENES DE LARGA DURACI\u00d3N Y EXISTENCIAS<\/a><\/td><\/tr><tr><td><a href=\"https:\/\/departamentos.uleam.edu.ec\/gestion-aseguramiento-calidad\/constatacion-fisica-de-bienes\/\" target=\"_blank\" rel=\"noreferrer noopener\">CONSTATACI\u00d3N F\u00cdSICA DE BIENES<\/a><\/td><\/tr><\/tbody><\/table><\/figure>\n<\/div><\/div>\n\n\n\n<div class=\"wp-block-pb-accordion-item c-accordion__item js-accordion-item no-js\" data-initially-open=\"false\" data-click-to-close=\"true\" data-auto-close=\"true\" data-scroll=\"false\" data-scroll-offset=\"0\"><h2 id=\"at-16775\" class=\"c-accordion__title js-accordion-controller\" role=\"button\">\u2611\ufe0f GESTI\u00d3N DE LA INFORMACI\u00d3N Y SISTEMAS INFORM\u00c1TICOS<\/h2><div id=\"ac-16775\" class=\"c-accordion__content\">\n<figure class=\"wp-block-table\"><table class=\"has-fixed-layout\"><tbody><tr><td rowspan=\"3\">\ud83d\udfe3SERVICIOS DE TI<\/td><td><a href=\"https:\/\/departamentos.uleam.edu.ec\/gestion-aseguramiento-calidad\/instalacion-de-servidores\/\" target=\"_blank\" rel=\"noreferrer noopener\">INSTALACI\u00d3N DE SERVIDORES<\/a><\/td><\/tr><tr><td><a href=\"https:\/\/departamentos.uleam.edu.ec\/gestion-aseguramiento-calidad\/mantenimiento-de-equipos-computacionales-hardware-y-software\/\" target=\"_blank\" rel=\"noreferrer noopener\">MANTENIMIENTO DE EQUIPOS COMPUTACIONALES HARDWARE Y SOFTWARE.<\/a><\/td><\/tr><tr><td><a href=\"https:\/\/departamentos.uleam.edu.ec\/gestion-aseguramiento-calidad\/requerimiento-wifi\/\" target=\"_blank\" rel=\"noreferrer noopener\">REQUERIMIENTO WIFI<\/a><\/td><\/tr><tr><td rowspan=\"2\">\ud83d\udd35REDES Y COMUNICACIONES<\/td><td><a href=\"https:\/\/departamentos.uleam.edu.ec\/gestion-aseguramiento-calidad\/correo-electronico-institucional\/\" target=\"_blank\" rel=\"noreferrer noopener\">CORREO ELECTR\u00d3NICO INSTITUCIONAL<\/a><\/td><\/tr><tr><td><a href=\"https:\/\/departamentos.uleam.edu.ec\/gestion-aseguramiento-calidad\/pagina-web-institucional\/\" target=\"_blank\" rel=\"noreferrer noopener\">P\u00c1GINA WEB INSTITUCIONAL<\/a><\/td><\/tr><tr><td rowspan=\"2\">\ud83d\udfe2OPERACIONES E INFRAESTRUCTURA DE TI<\/td><td><a href=\"https:\/\/departamentos.uleam.edu.ec\/gestion-aseguramiento-calidad\/instalacion-puntos-de-red\/\" target=\"_blank\" rel=\"noreferrer noopener\">INSTALACI\u00d3N PUNTOS DE RED<\/a><\/td><\/tr><tr><td><a href=\"https:\/\/departamentos.uleam.edu.ec\/gestion-aseguramiento-calidad\/incremento-ancho-de-banda\/\" target=\"_blank\" rel=\"noreferrer noopener\">INCREMENTO ANCHO DE BANDA<\/a><\/td><\/tr><\/tbody><\/table><\/figure>\n<\/div><\/div>\n\n\n\n<div class=\"wp-block-pb-accordion-item c-accordion__item js-accordion-item no-js\" data-initially-open=\"false\" data-click-to-close=\"true\" data-auto-close=\"true\" data-scroll=\"false\" data-scroll-offset=\"0\"><h2 id=\"at-16776\" class=\"c-accordion__title js-accordion-controller\" role=\"button\">\u2705 GESTI\u00d3N ESTRAT\u00c9GICA<\/h2><div id=\"ac-16776\" class=\"c-accordion__content\">\n<figure class=\"wp-block-table\"><table class=\"has-fixed-layout\"><tbody><tr><td rowspan=\"5\">\ud83d\udfe0PLANIFICACI\u00d3N INSTITUCIONAL<\/td><td><a href=\"https:\/\/departamentos.uleam.edu.ec\/gestion-aseguramiento-calidad\/planificacion-estrategica-de-desarrollo-institucional-pedi\/\" target=\"_blank\" rel=\"noreferrer noopener\">PLANIFICACI\u00d3N ESTRAT\u00c9GICA DE DESARROLLO INSTITUCIONAL (PEDI)<\/a><\/td><\/tr><tr><td><a href=\"https:\/\/departamentos.uleam.edu.ec\/gestion-aseguramiento-calidad\/formulacion-y-aprobacion-del-plan-operativo-anual-poa-2\/\" target=\"_blank\" rel=\"noreferrer noopener\">FORMULACI\u00d3N Y APROBACI\u00d3N DEL PLAN OPERATIVO ANUAL (POA)<\/a><\/td><\/tr><tr><td><a href=\"https:\/\/departamentos.uleam.edu.ec\/gestion-aseguramiento-calidad\/2020\/01\/07\/guia-para-la-determinacion-y-asignacion-de-techos-financieros-destinados-a-programas-y-proyectos-de-investigacion-y-vinculacion-en-funcion-de-la-planificacion-y-presupuesto-de-la-uleam\/\" target=\"_blank\" rel=\"noreferrer noopener\">GU\u00cdA PARA LA DETERMINACI\u00d3N Y ASIGNACI\u00d3N DE TECHOS FINANCIEROS DESTINADOS A PROGRAMAS Y PROYECTOS DE INVESTIGACI\u00d3N Y VINCULACI\u00d3N EN FUNCI\u00d3N DE LA PLANIFICACI\u00d3N Y PRESUPUESTO DE LA ULEAM<\/a><\/td><\/tr><tr><td><a href=\"https:\/\/departamentos.uleam.edu.ec\/gestion-aseguramiento-calidad\/2019\/07\/18\/seguimiento-y-evaluacion-del-plan-operativo-anual-poa\/\" target=\"_blank\" rel=\"noreferrer noopener\">SEGUIMIENTO Y EVALUACI\u00d3N DEL POA<\/a><\/td><\/tr><tr><td><a href=\"https:\/\/departamentos.uleam.edu.ec\/gestion-aseguramiento-calidad\/rendicion-de-cuentas\/\" target=\"_blank\" rel=\"noreferrer noopener\">RENDICI\u00d3N DE CUENTAS<\/a><\/td><\/tr><tr><td rowspan=\"2\">\ud83d\udd34OBSERVATORIO TERRITORIAL<\/td><td><a href=\"https:\/\/departamentos.uleam.edu.ec\/gestion-aseguramiento-calidad\/2025\/01\/22\/guia-analitica-de-datos\/\">GU\u00cdA ANAL\u00cdTICA DE DATOS<\/a><\/td><\/tr><tr><td>&#8211;<\/td><\/tr><\/tbody><\/table><\/figure>\n<\/div><\/div>\n\n\n\n<div class=\"wp-block-pb-accordion-item c-accordion__item js-accordion-item no-js\" data-initially-open=\"false\" data-click-to-close=\"true\" data-auto-close=\"true\" data-scroll=\"false\" data-scroll-offset=\"0\"><h2 id=\"at-16777\" class=\"c-accordion__title js-accordion-controller\" role=\"button\">\u2611\ufe0f GESTI\u00d3N DE LA CALIDAD<\/h2><div id=\"ac-16777\" class=\"c-accordion__content\">\n<figure class=\"wp-block-table\"><table class=\"has-fixed-layout\"><tbody><tr><td rowspan=\"4\">\u26abCONTROL DE CALIDAD<\/td><td><a href=\"https:\/\/departamentos.uleam.edu.ec\/gestion-aseguramiento-calidad\/elaboracion-aprobacion-y-control-de-calidad-de-documentos\/\" target=\"_blank\" rel=\"noreferrer noopener\">ELABORACI\u00d3N, APROBACI\u00d3N Y CONTROL DE CALIDAD DE DOCUMENTOS<\/a><\/td><\/tr><tr><td><a href=\"https:\/\/departamentos.uleam.edu.ec\/gestion-aseguramiento-calidad\/elaboracion-aprobacion-y-control-de-calidad-de-reglamentos\/\" target=\"_blank\" rel=\"noreferrer noopener\">ELABORACI\u00d3N APROBACI\u00d3N Y CONTROL DE CALIDAD DE REGLAMENTOS<\/a><\/td><\/tr><tr><td><a href=\"https:\/\/departamentos.uleam.edu.ec\/gestion-aseguramiento-calidad\/2019\/07\/03\/guia-para-elaboracion-de-oficios-oficios-circulares-memorandos-memorandos-circulares-y-circulares\/\" target=\"_blank\" rel=\"noreferrer noopener\">GU\u00cdA PARA ELABORACI\u00d3N DE OFICIOS, OFICIOS CIRCULARES, MEMORANDOS, MEMORANDOS CIRCULARES Y CIRCULARES<\/a><\/td><\/tr><tr><td><a href=\"https:\/\/departamentos.uleam.edu.ec\/gestion-aseguramiento-calidad\/guia-de-roles-y-responsabilidades-para-el-manejo-del-sga\/\" target=\"_blank\" rel=\"noreferrer noopener\">GU\u00cdA DE ROLES Y RESPONSABILIDADES PARA EL MANEJO DEL SGA<\/a><\/td><\/tr><tr><td rowspan=\"3\">\ud83d\udfe3SEGUIMIENTO Y ACOMPA\u00d1AMIENTO<\/td><td><a href=\"https:\/\/departamentos.uleam.edu.ec\/gestion-aseguramiento-calidad\/seguimiento-y-control-a-los-procesos-de-gestion-de-la-calidad\/\" target=\"_blank\" rel=\"noreferrer noopener\">SEGUIMIENTO Y CONTROL A LOS PROCESOS DE GESTI\u00d3N DE LA CALIDAD<\/a><\/td><\/tr><tr><td><a href=\"https:\/\/departamentos.uleam.edu.ec\/gestion-aseguramiento-calidad\/2020\/07\/21\/control-al-seguimiento-de-procesos-institucionales-y-planes-de-mejoramiento-de-las-carreras\/\" target=\"_blank\" rel=\"noreferrer noopener\">CONTROL AL SEGUIMIENTO DE PROCESOS INSTITUCIONALES Y PLANES DE MEJORAMIENTO DE CARRERAS<\/a><\/td><\/tr><tr><td><a href=\"https:\/\/departamentos.uleam.edu.ec\/gestion-aseguramiento-calidad\/2022\/06\/21\/acreditacion-internacional\/\" target=\"_blank\" rel=\"noreferrer noopener\">ACREDITACI\u00d3N INTERNACIONAL<\/a><\/td><\/tr><\/tbody><\/table><\/figure>\n<\/div><\/div>\n\n\n\n<div class=\"wp-block-pb-accordion-item c-accordion__item js-accordion-item no-js\" data-initially-open=\"false\" data-click-to-close=\"true\" data-auto-close=\"true\" data-scroll=\"false\" data-scroll-offset=\"0\"><h2 id=\"at-16778\" class=\"c-accordion__title js-accordion-controller\" role=\"button\">\u2705 GESTI\u00d3N DE COMUNICACI\u00d3N<\/h2><div id=\"ac-16778\" class=\"c-accordion__content\">\n<figure class=\"wp-block-table\"><table class=\"has-fixed-layout\"><tbody><tr><td rowspan=\"2\">\ud83d\udfe4GESTI\u00d3N DE COMUNICACI\u00d3N<\/td><td><a href=\"https:\/\/departamentos.uleam.edu.ec\/gestion-aseguramiento-calidad\/gestion-ducumental-institucional-a-traves-del-sistema-quipux\/\" target=\"_blank\" rel=\"noreferrer noopener\">GESTI\u00d3N DOCUMENTAL INSTITUCIONAL A TRAV\u00c9S DEL SISTEMA QUIPUX<\/a><\/td><\/tr><tr><td><a href=\"https:\/\/departamentos.uleam.edu.ec\/gestion-aseguramiento-calidad\/gestion-documental\/\" target=\"_blank\" rel=\"noreferrer noopener\">GESTI\u00d3N DOCUMENTAL<\/a><\/td><\/tr><\/tbody><\/table><\/figure>\n<\/div><\/div>\n","protected":false},"excerpt":{"rendered":"<p>MACROPROCESOS:<\/p>\n","protected":false},"author":105,"featured_media":0,"parent":0,"menu_order":0,"comment_status":"closed","ping_status":"open","template":"","meta":{"footnotes":"","_links_to":"","_links_to_target":""},"class_list":["post-1677","page","type-page","status-publish","hentry"],"_links":{"self":[{"href":"https:\/\/departamentos.uleam.edu.ec\/gestion-aseguramiento-calidad\/wp-json\/wp\/v2\/pages\/1677","targetHints":{"allow":["GET"]}}],"collection":[{"href":"https:\/\/departamentos.uleam.edu.ec\/gestion-aseguramiento-calidad\/wp-json\/wp\/v2\/pages"}],"about":[{"href":"https:\/\/departamentos.uleam.edu.ec\/gestion-aseguramiento-calidad\/wp-json\/wp\/v2\/types\/page"}],"author":[{"embeddable":true,"href":"https:\/\/departamentos.uleam.edu.ec\/gestion-aseguramiento-calidad\/wp-json\/wp\/v2\/users\/105"}],"replies":[{"embeddable":true,"href":"https:\/\/departamentos.uleam.edu.ec\/gestion-aseguramiento-calidad\/wp-json\/wp\/v2\/comments?post=1677"}],"version-history":[{"count":312,"href":"https:\/\/departamentos.uleam.edu.ec\/gestion-aseguramiento-calidad\/wp-json\/wp\/v2\/pages\/1677\/revisions"}],"predecessor-version":[{"id":14775,"href":"https:\/\/departamentos.uleam.edu.ec\/gestion-aseguramiento-calidad\/wp-json\/wp\/v2\/pages\/1677\/revisions\/14775"}],"wp:attachment":[{"href":"https:\/\/departamentos.uleam.edu.ec\/gestion-aseguramiento-calidad\/wp-json\/wp\/v2\/media?parent=1677"}],"curies":[{"name":"wp","href":"https:\/\/api.w.org\/{rel}","templated":true}]}}