{"id":2664,"date":"2018-01-29T18:11:30","date_gmt":"2018-01-29T18:11:30","guid":{"rendered":"http:\/\/departamentos.uleam.edu.ec\/organizacionymetodos\/?page_id=2664"},"modified":"2026-03-23T14:24:54","modified_gmt":"2026-03-23T19:24:54","slug":"pago-a-docentes-bajo-la-modalidad-de-servicios-profesionales","status":"publish","type":"page","link":"https:\/\/departamentos.uleam.edu.ec\/gestion-aseguramiento-calidad\/pago-a-docentes-bajo-la-modalidad-de-servicios-profesionales\/","title":{"rendered":"PAGO A DOCENTES BAJO LA MODALIDAD DE SERVICIOS PROFESIONALES"},"content":{"rendered":"\n<div class=\"wp-block-group\"><div class=\"wp-block-group__inner-container is-layout-constrained wp-block-group-is-layout-constrained\">\n<div class=\"wp-block-gutena-tabs gutena-tabs-block gutena-tabs-block-1cfb38-79\"><ul class=\"gutena-tabs-tab tab-flex\"><li class=\"gutena-tab-title active\" data-tab=\"1\"><div class=\"gutena-tab-title-content icon-top\"><div class=\"gutena-tab-title-text\"><div>\u2611\ufe0fProcedimiento<\/div><\/div><\/div><\/li><li class=\"gutena-tab-title inactive\" data-tab=\"2\"><div class=\"gutena-tab-title-content icon-top\"><div class=\"gutena-tab-title-text\"><div>\u26a0\ufe0fVersiones Anteriores<\/div><\/div><\/div><\/li><\/ul><div class=\"gutena-tabs-content is-layout-flow wp-block-gutena-tabs-is-layout-flow\">\n<div class=\"wp-block-gutena-tab gutena-tab-block gutena-tab-block-487185-d4 active\" data-tab=\"1\">\n<p>\ud83d\udd34<a href=\"https:\/\/departamentos.uleam.edu.ec\/gestion-aseguramiento-calidad\/files\/2026\/03\/Contratacion-civil-y-pago-de-personal-academico-por-servicios-profesionales-o-contratos-tecnicos-especializados.pdf\" target=\"_blank\" rel=\"noreferrer noopener\">PHC-08 Contrataci\u00f3n civil y pago de personal acad\u00e9mico por servicios profesionales o contratos t\u00e9cnicos especializados V2.<\/a><\/p>\n\n\n\n<p>\ud83d\udfe2<a href=\"https:\/\/departamentos.uleam.edu.ec\/gestion-aseguramiento-calidad\/files\/2026\/03\/Diagrama-Contratacion-y-Pago-Personal-Academico-Contrato-Civil-SP.pdf\" target=\"_blank\" rel=\"noreferrer noopener\">Diagrama de Flujo \u2013 Contrataci\u00f3n civil y pago al personal acad\u00e9mico PHC-08 V2.<\/a><\/p>\n\n\n\n<p>\ud83d\udfe0<strong>Formatos vigentes<\/strong>:<\/p>\n\n\n\n<p>\u279c&nbsp;<a href=\"https:\/\/departamentos.uleam.edu.ec\/gestion-aseguramiento-calidad\/contratacion-por-servicios-profesionales\/\" target=\"_blank\" rel=\"noreferrer noopener\"><\/a><a href=\"https:\/\/departamentos.uleam.edu.ec\/gestion-aseguramiento-calidad\/files\/2026\/03\/PHC-08-F-001-Solicitud-de-contratacion-de-personal-academico-por-Servicios-Profesionales-V2.doc\">PHC-08-F-001 Solicitud de contrataci\u00f3n de personal acad\u00e9mico por Servicios Profesionales V2<\/a>.<\/p>\n\n\n\n<p>\u279c&nbsp;<a href=\"https:\/\/departamentos.uleam.edu.ec\/gestion-aseguramiento-calidad\/contratacion-por-servicios-profesionales\/\"><\/a><a href=\"https:\/\/departamentos.uleam.edu.ec\/gestion-aseguramiento-calidad\/files\/2026\/03\/PHC-08-F-002-Informe-de-actividades-realizadas-V1.doc\" target=\"_blank\" rel=\"noreferrer noopener\">PHC-08-F-002 Informe de actividades realizadas V1<\/a>.<\/p>\n\n\n\n<p>\u279c&nbsp;<a href=\"https:\/\/departamentos.uleam.edu.ec\/gestion-aseguramiento-calidad\/files\/2026\/03\/PAA-01-F-008-Planificacion-Modular-V1.xlsx\" target=\"_blank\" rel=\"noreferrer noopener\">PAA-01-F-008 Planificaci\u00f3n Modular V1.<\/a><\/p>\n\n\n\n<p>_______<\/p>\n\n\n\n<p>\u27ae <a href=\"https:\/\/departamentos.uleam.edu.ec\/gestion-aseguramiento-calidad\/files\/2026\/03\/Modelo-solicitud-de-pago-Con-y-sin-feriado-Unidad-Academica.docx\" target=\"_blank\" rel=\"noreferrer noopener\">Modelo solicitud de pago &#8211; con y sin feriado.<\/a><\/p>\n<\/div>\n\n\n\n<div class=\"wp-block-gutena-tab gutena-tab-block gutena-tab-block-6277ab-4f inactive\" data-tab=\"2\">\n<p>\u26d4<strong>Documentos no vigentes<\/strong>:<\/p>\n\n\n\n<p>\u27a5<a href=\"https:\/\/departamentos.uleam.edu.ec\/gestion-aseguramiento-calidad\/files\/2020\/06\/PFT-06-PagosServiciosP.pdf\" target=\"_blank\" rel=\"noreferrer noopener\">PFT-06 Pago a docentes bajo la modalidad de servicios profesionales V1.<\/a><\/p>\n\n\n\n<p>\u27a5<a href=\"https:\/\/departamentos.uleam.edu.ec\/gestion-aseguramiento-calidad\/files\/2020\/06\/FLUJOP1.pdf\" target=\"_blank\" rel=\"noreferrer noopener\">Diagrama de flujo &#8211; Pago a docentes bajo la modalidad de servicios profesionales V1.<\/a><\/p>\n\n\n\n<p>\u27a5<a href=\"https:\/\/departamentos.uleam.edu.ec\/gestion-aseguramiento-calidad\/files\/2020\/06\/PFT-062.doc\">PFT-06-F-001 Reporte de actividades para pago a docentes por servicios profesionales<\/a><\/p>\n\n\n\n<p>\u27a5<a href=\"https:\/\/departamentos.uleam.edu.ec\/gestion-aseguramiento-calidad\/files\/2020\/06\/PFT-061.doc\">PFT-06-F-002 Informe de conformidad de actividades acad\u00e9micas<\/a><\/p>\n<\/div>\n<\/div><\/div>\n<\/div><\/div>\n","protected":false},"excerpt":{"rendered":"","protected":false},"author":47,"featured_media":0,"parent":0,"menu_order":0,"comment_status":"closed","ping_status":"closed","template":"","meta":{"footnotes":"","_links_to":"","_links_to_target":""},"class_list":["post-2664","page","type-page","status-publish","hentry"],"_links":{"self":[{"href":"https:\/\/departamentos.uleam.edu.ec\/gestion-aseguramiento-calidad\/wp-json\/wp\/v2\/pages\/2664","targetHints":{"allow":["GET"]}}],"collection":[{"href":"https:\/\/departamentos.uleam.edu.ec\/gestion-aseguramiento-calidad\/wp-json\/wp\/v2\/pages"}],"about":[{"href":"https:\/\/departamentos.uleam.edu.ec\/gestion-aseguramiento-calidad\/wp-json\/wp\/v2\/types\/page"}],"author":[{"embeddable":true,"href":"https:\/\/departamentos.uleam.edu.ec\/gestion-aseguramiento-calidad\/wp-json\/wp\/v2\/users\/47"}],"replies":[{"embeddable":true,"href":"https:\/\/departamentos.uleam.edu.ec\/gestion-aseguramiento-calidad\/wp-json\/wp\/v2\/comments?post=2664"}],"version-history":[{"count":17,"href":"https:\/\/departamentos.uleam.edu.ec\/gestion-aseguramiento-calidad\/wp-json\/wp\/v2\/pages\/2664\/revisions"}],"predecessor-version":[{"id":14788,"href":"https:\/\/departamentos.uleam.edu.ec\/gestion-aseguramiento-calidad\/wp-json\/wp\/v2\/pages\/2664\/revisions\/14788"}],"wp:attachment":[{"href":"https:\/\/departamentos.uleam.edu.ec\/gestion-aseguramiento-calidad\/wp-json\/wp\/v2\/media?parent=2664"}],"curies":[{"name":"wp","href":"https:\/\/api.w.org\/{rel}","templated":true}]}}