{"id":445,"date":"2020-11-10T12:06:37","date_gmt":"2020-11-10T17:06:37","guid":{"rendered":"https:\/\/departamentos.uleam.edu.ec\/prueba\/?page_id=445"},"modified":"2025-02-18T13:56:49","modified_gmt":"2025-02-18T13:56:49","slug":"programas-y-proyectos","status":"publish","type":"page","link":"https:\/\/departamentos.uleam.edu.ec\/investigacion\/programas-y-proyectos\/","title":{"rendered":"Programas y Proyectos"},"content":{"rendered":"\t\t<div data-elementor-type=\"wp-page\" data-elementor-id=\"445\" class=\"elementor elementor-445\">\n\t\t\t\t\t\t<section class=\"elementor-section elementor-top-section elementor-element elementor-element-c91741b elementor-section-boxed elementor-section-height-default elementor-section-height-default\" data-id=\"c91741b\" data-element_type=\"section\">\n\t\t\t\t\t\t<div class=\"elementor-container elementor-column-gap-default\">\n\t\t\t\t\t<div class=\"elementor-column elementor-col-100 elementor-top-column elementor-element elementor-element-f5ea0a8\" data-id=\"f5ea0a8\" data-element_type=\"column\">\n\t\t\t<div class=\"elementor-widget-wrap elementor-element-populated\">\n\t\t\t\t\t\t\t<\/div>\n\t\t<\/div>\n\t\t\t\t\t<\/div>\n\t\t<\/section>\n\t\t\t\t<section class=\"elementor-section elementor-top-section elementor-element elementor-element-e82b55a elementor-section-boxed elementor-section-height-default elementor-section-height-default\" data-id=\"e82b55a\" data-element_type=\"section\">\n\t\t\t\t\t\t<div class=\"elementor-container elementor-column-gap-default\">\n\t\t\t\t\t<div class=\"elementor-column elementor-col-100 elementor-top-column elementor-element elementor-element-1161c73\" data-id=\"1161c73\" data-element_type=\"column\">\n\t\t\t<div class=\"elementor-widget-wrap elementor-element-populated\">\n\t\t\t\t\t\t<div class=\"elementor-element elementor-element-a867718 elementor-widget elementor-widget-text-editor\" data-id=\"a867718\" data-element_type=\"widget\" data-widget_type=\"text-editor.default\">\n\t\t\t\t<div class=\"elementor-widget-container\">\n\t\t\t\t\t\t\t\t\t<table class=\" aligncenter\" style=\"width: 945pt\" border=\"0\" width=\"1259\" cellspacing=\"0\" cellpadding=\"0\"><colgroup><col style=\"width: 219pt\" width=\"292\" \/> <col style=\"width: 178pt\" width=\"237\" \/> <col style=\"width: 329pt\" width=\"438\" \/> <col style=\"width: 219pt\" width=\"292\" \/> <\/colgroup><tbody><tr style=\"height: 18.75pt\"><td style=\"height: 18.75pt;width: 219pt\" width=\"292\" height=\"25\"><strong>FACULTAD<\/strong><\/td><td style=\"width: 178pt\" width=\"237\"><span style=\"color: #000000\"><strong><a style=\"color: #000000\">CARRERA<\/a><\/strong><\/span><\/td><td style=\"width: 329pt\" width=\"438\"><strong>PROYECTO<\/strong><\/td><td style=\"width: 219pt\" width=\"292\"><strong>DIRECTOR DE PROYECTO<\/strong><\/td><\/tr><tr style=\"height: 78.75pt\"><td style=\"height: 78.75pt;width: 219pt\" width=\"292\" height=\"105\">Ciencias Administrativas, Contables y\u00a0 Comercio<\/td><td style=\"width: 178pt\" width=\"237\">Administraci\u00f3n de Empresas<\/td><td style=\"width: 329pt\" width=\"438\">\u00bfC\u00f3mo y para qu\u00e9 navegamos los latinoamericanos en Internet? Diferencias de acuerdo con los grupos generacionales en Latinoam\u00e9rica, resultados de un estudio multidimensional a trav\u00e9s del m\u00e9todocuantitativo en Manab\u00ed &#8211; Ecuador<\/td><td style=\"width: 219pt\" width=\"292\">Mero Mero Rub\u00e9n Dar\u00edo<\/td><\/tr><tr style=\"height: 31.5pt\"><td style=\"height: 31.5pt;width: 219pt\" width=\"292\" height=\"42\">Ciencias Administrativas, Contables y\u00a0 Comercio<\/td><td style=\"width: 178pt\" width=\"237\">Administraci\u00f3n de Empresas<\/td><td style=\"width: 329pt\" width=\"438\">Sinergia empresarial: Integraci\u00f3n de competencias estrat\u00e9gicas para las MiPyMes de Manab\u00ed<\/td><td style=\"width: 219pt\" width=\"292\">Cano Lara Evelyn Dyann<\/td><\/tr><tr style=\"height: 63.0pt\"><td style=\"height: 63.0pt;width: 219pt\" width=\"292\" height=\"84\">Ciencias Administrativas, Contables y\u00a0 Comercio<\/td><td style=\"width: 178pt\" width=\"237\"><a href=\"https:\/\/carreras.uleam.edu.ec\/facultad-ciencias-administrativas-contables\/carrera-de-auditoria-y-control-de-gestion\/\"><span style=\"color: black;font-family: Gadugi, sans-serif\">Auditoria y Control de Gesti\u00f3n<\/span><\/a><\/td><td style=\"width: 329pt\" width=\"438\">Habilidades blandas y logros de aprendizaje como estrategia para la inserci\u00f3n laboral en los estudiantes de la carrera de Auditor\u00eda y Control de Gesti\u00f3n de la Universidad Laica Eloy Alfaro de Manab\u00ed<\/td><td style=\"width: 219pt\" width=\"292\">Mendoza Zamora Walter Manuel<\/td><\/tr><tr style=\"height: 63.0pt\"><td style=\"height: 63.0pt;width: 219pt\" width=\"292\" height=\"84\">Ciencias Administrativas, Contables y\u00a0 Comercio<\/td><td style=\"width: 178pt\" width=\"237\">Comercio Exterior<\/td><td style=\"width: 329pt\" width=\"438\">Construcci\u00f3n de una base de datos para el desarrollo de mercados que apoyen la internacionalizaci\u00f3n de las peque\u00f1as y medianas empresas -PYMES, del sector manufacturero<\/td><td style=\"width: 219pt\" width=\"292\">P\u00e1rraga Mogrovejo Mayra Iveth<\/td><\/tr><tr style=\"height: 31.5pt\"><td style=\"height: 31.5pt;width: 219pt\" width=\"292\" height=\"42\">Ciencias Administrativas, Contables y\u00a0 Comercio<\/td><td style=\"width: 178pt\" width=\"237\">Contabilidad y Auditor\u00eda<\/td><td style=\"width: 329pt\" width=\"438\">An\u00e1lisis cr\u00edtico de los programas de desarrollo de talento humano en las instituciones p\u00fablicas del cant\u00f3n de Manta<\/td><td style=\"width: 219pt\" width=\"292\">Vinueza Tello Shirley Elizabeth<\/td><\/tr><tr style=\"height: 47.25pt\"><td style=\"height: 47.25pt;width: 219pt\" width=\"292\" height=\"63\">Ciencias Administrativas, Contables y\u00a0 Comercio<\/td><td style=\"width: 178pt\" width=\"237\">Contabilidad y Auditor\u00eda<\/td><td style=\"width: 329pt\" width=\"438\">Gesti\u00f3n financiera como herramienta para la\u00a0 toma de decisiones estrat\u00e9gicas en las Pymes sociedades del cant\u00f3n Manta<\/td><td style=\"width: 219pt\" width=\"292\">Guti\u00e9rrez Zambrano Carmen Ebelina<\/td><\/tr><tr style=\"height: 47.25pt\"><td style=\"height: 47.25pt;width: 219pt\" width=\"292\" height=\"63\">Ciencias Administrativas, Contables y\u00a0 Comercio<\/td><td style=\"width: 178pt\" width=\"237\">Contabilidad y Auditor\u00eda<\/td><td style=\"width: 329pt\" width=\"438\">Gesti\u00f3n financiera en los emprendimientos de actividad artesanal de la ciudad de Montecristi, Post declaratoria de pandemia covid 19<\/td><td style=\"width: 219pt\" width=\"292\">Sornoza Zamora Juan Carlos<\/td><\/tr><tr style=\"height: 47.25pt\"><td style=\"height: 47.25pt;width: 219pt\" width=\"292\" height=\"63\">Ciencias Administrativas, Contables y\u00a0 Comercio<\/td><td style=\"width: 178pt\" width=\"237\">Contabilidad y Auditor\u00eda<\/td><td style=\"width: 329pt\" width=\"438\">Habilidades blandas en los estudiantes de la carrera de Contabilidad y Auditor\u00eda de la Universidad Laica Eloy Alfaro de Manab\u00ed con un enfoque integral para el \u00e9xito profesional<\/td><td style=\"width: 219pt\" width=\"292\">Intriago Molina Gema Valeria<\/td><\/tr><tr style=\"height: 47.25pt\"><td style=\"height: 47.25pt;width: 219pt\" width=\"292\" height=\"63\">Ciencias Administrativas, Contables y\u00a0 Comercio<\/td><td style=\"width: 178pt\" width=\"237\">Finanzas<\/td><td style=\"width: 329pt\" width=\"438\">Habilidades blandas requeridas en el campo profesional como parte del\u00a0 desarrollo y formaci\u00f3n integral en los estudiantes de la carrera de Finanzas<\/td><td style=\"width: 219pt\" width=\"292\">Lino V\u00e9lez Leonel Livington<\/td><\/tr><tr style=\"height: 47.25pt\"><td style=\"height: 47.25pt;width: 219pt\" width=\"292\" height=\"63\">Ciencias Administrativas, Contables y\u00a0 Comercio<\/td><td style=\"width: 178pt\" width=\"237\">Gesti\u00f3n de la Informaci\u00f3n Gerencial<\/td><td style=\"width: 329pt\" width=\"438\">Creaci\u00f3n de una plataforma Business\u00a0 Process Management (BMP) para el Departamento de Educaci\u00f3n Continua de la ULEAM<\/td><td style=\"width: 219pt\" width=\"292\">Fern\u00e1ndez Pablo Vidal<\/td><\/tr><tr style=\"height: 47.25pt\"><td style=\"height: 47.25pt;width: 219pt\" width=\"292\" height=\"63\">Ciencias Administrativas, Contables y\u00a0 Comercio<\/td><td style=\"width: 178pt\" width=\"237\">Mercadotecnia<\/td><td style=\"width: 329pt\" width=\"438\">El comportamiento del consumidor y su influencia en la decisi\u00f3n de compra del servicio educativo en la Universidad Laica Eloy Alfaro de Manab\u00ed durante el a\u00f1o 2025.<\/td><td style=\"width: 219pt\" width=\"292\">Pinargote Montenegro Karen Gisela<\/td><\/tr><tr style=\"height: 31.5pt\"><td style=\"height: 31.5pt;width: 219pt\" width=\"292\" height=\"42\">Ciencias Administrativas, Contables y\u00a0 Comercio<\/td><td style=\"width: 178pt\" width=\"237\">Mercadotecnia<\/td><td style=\"width: 329pt\" width=\"438\">Las tipolog\u00edas del marketing y su aporte\u00a0 al crecimiento econ\u00f3mico de las\u00a0 empresas de Manab\u00ed<\/td><td style=\"width: 219pt\" width=\"292\">Palacios\u00a0 Molina Dayni Lisset<\/td><\/tr><tr style=\"height: 47.25pt\"><td style=\"height: 47.25pt;width: 219pt\" width=\"292\" height=\"63\">Ciencias Administrativas, Contables y\u00a0 Comercio<\/td><td style=\"width: 178pt\" width=\"237\">Mercadotecnia<\/td><td style=\"width: 329pt\" width=\"438\">Marketing estrat\u00e9gico y comunicacional para el posicionamiento del turismo global en las islas Gal\u00e1pagos del Ecuador<\/td><td style=\"width: 219pt\" width=\"292\">Pe\u00f1a V\u00e9lez Isaura Vanessa<\/td><\/tr><tr style=\"height: 31.5pt\"><td style=\"height: 31.5pt;width: 219pt\" width=\"292\" height=\"42\">Ciencias Administrativas, Contables y\u00a0 Comercio<\/td><td style=\"width: 178pt\" width=\"237\">Mercadotecnia<\/td><td style=\"width: 329pt\" width=\"438\">Sostenibilidad e innovaci\u00f3n en empresas familiares del sector tur\u00edstico de Manab\u00ed<\/td><td style=\"width: 219pt\" width=\"292\">Quijije Anchundia Pedro Jacinto<\/td><\/tr><tr style=\"height: 31.5pt\"><td style=\"height: 31.5pt;width: 219pt\" width=\"292\" height=\"42\">Ciencias de la Salud<\/td><td style=\"width: 178pt\" width=\"237\">Enfermer\u00eda<\/td><td style=\"width: 329pt\" width=\"438\">Promoci\u00f3n, prevenci\u00f3n, tratamiento y rehabilitaci\u00f3n de la salud del adulto mayor<\/td><td style=\"width: 219pt\" width=\"292\">Bello Carrasco Lourdes Maribel<\/td><\/tr><tr style=\"height: 31.5pt\"><td style=\"height: 31.5pt;width: 219pt\" width=\"292\" height=\"42\">Ciencias de la Salud<\/td><td style=\"width: 178pt\" width=\"237\">Fonoaudiolog\u00eda<\/td><td style=\"width: 329pt\" width=\"438\">Proyecto de promoci\u00f3n de salud auditiva y prevenci\u00f3n de p\u00e9rdidas auditivas<\/td><td style=\"width: 219pt\" width=\"292\">Carre\u00f1o Acebo Mar\u00eda Elena<\/td><\/tr><tr style=\"height: 31.5pt\"><td style=\"height: 31.5pt;width: 219pt\" width=\"292\" height=\"42\">Ciencias de la Salud<\/td><td>Laboratorio Cl\u00ednico<\/td><td style=\"width: 329pt\" width=\"438\">An\u00e1lisis gen\u00e9tico de la enfermedad de Parkinson en poblaci\u00f3n ecuatoriana<\/td><td style=\"width: 219pt\" width=\"292\">Llerena Toro Faryd Javier<\/td><\/tr><tr style=\"height: 31.5pt\"><td style=\"height: 31.5pt;width: 219pt\" width=\"292\" height=\"42\">Ciencias de la Salud<\/td><td>Laboratorio Cl\u00ednico<\/td><td style=\"width: 329pt\" width=\"438\">Estudio de prevalencia de niveles de plomo en sangre, en individuos de las 24 provincias del Ecuador, a\u00f1o 2024<\/td><td style=\"width: 219pt\" width=\"292\">Llerena Toro Faryd Javier<\/td><\/tr><tr style=\"height: 31.5pt\"><td style=\"height: 31.5pt;width: 219pt\" width=\"292\" height=\"42\">Ciencias de la Salud<\/td><td>Laboratorio Cl\u00ednico<\/td><td style=\"width: 329pt\" width=\"438\">Gonadotropina Cori\u00f3nica Humana como marcador tumoral en c\u00e1ncer testicular, una prueba subestimada por el cl\u00ednico<\/td><td style=\"width: 219pt\" width=\"292\">Lagos Ruiz Nicole Abigail<\/td><\/tr><tr style=\"height: 31.5pt\"><td style=\"height: 31.5pt;width: 219pt\" width=\"292\" height=\"42\">Ciencias de la Salud<\/td><td>Medicina<\/td><td style=\"width: 329pt\" width=\"438\">Abordaje de la hipertensi\u00f3n arterial en docentes universitarios<\/td><td style=\"width: 219pt\" width=\"292\">Medrano Plana Yuri<\/td><\/tr><tr style=\"height: 31.5pt\"><td style=\"height: 31.5pt;width: 219pt\" width=\"292\" height=\"42\">Ciencias de la Salud<\/td><td style=\"width: 178pt\" width=\"237\">Odontolog\u00eda<\/td><td style=\"width: 329pt\" width=\"438\">Determinantes sociales y su relaci\u00f3n con la salud oral de los habitantes del cant\u00f3n Manta<\/td><td style=\"width: 219pt\" width=\"292\">Carvajal Campos Mar\u00eda Fernanda<\/td><\/tr><tr style=\"height: 63.0pt\"><td style=\"height: 63.0pt;width: 219pt\" width=\"292\" height=\"84\">Ciencias de la Salud<\/td><td style=\"width: 178pt\" width=\"237\">Odontolog\u00eda<\/td><td style=\"width: 329pt\" width=\"438\">Estado de salud bucal y necesidades de tratamiento de los pacientes que acuden a la cl\u00ednica odontol\u00f3gica III de la carrera de Odontolog\u00eda de la Universidad Laica Eloy Alfaro de Manab\u00ed<\/td><td style=\"width: 219pt\" width=\"292\">Guill\u00e9n Mendoza Ruth Ver\u00f3nica<\/td><\/tr><tr style=\"height: 47.25pt\"><td style=\"height: 47.25pt;width: 219pt\" width=\"292\" height=\"63\">Ciencias de la Salud<\/td><td style=\"width: 178pt\" width=\"237\">Odontolog\u00eda<\/td><td style=\"width: 329pt\" width=\"438\">Impacto ambiental de los desechos infecciosos generados en las cl\u00ednicas odontol\u00f3gicas de la Carrera de Odontolog\u00eda de la Uleam en el cant\u00f3n Manta<\/td><td style=\"width: 219pt\" width=\"292\">Pacaj\u00ed Ruiz Paola Rosana<\/td><\/tr><tr style=\"height: 31.5pt\"><td style=\"height: 31.5pt;width: 219pt\" width=\"292\" height=\"42\">Ciencias de la Salud<\/td><td style=\"width: 178pt\" width=\"237\">Psicolog\u00eda<\/td><td style=\"width: 329pt\" width=\"438\">Consumo problem\u00e1tico de drogas y su relaci\u00f3n con la violencia social y las nuevas configuraciones del estado<\/td><td style=\"width: 219pt\" width=\"292\">Trujillo Eljuri Amira Geoconda<\/td><\/tr><tr style=\"height: 15.75pt\"><td style=\"height: 15.75pt;width: 219pt\" width=\"292\" height=\"21\">Ciencias de la Salud<\/td><td>Psicolog\u00eda<\/td><td style=\"width: 329pt\" width=\"438\">Estilo de vida y salud<\/td><td style=\"width: 219pt\" width=\"292\">Mayo Parra Israel<\/td><\/tr><tr style=\"height: 31.5pt\"><td style=\"height: 31.5pt;width: 219pt\" width=\"292\" height=\"42\">Ciencias de la Salud<\/td><td>Psicolog\u00eda<\/td><td style=\"width: 329pt\" width=\"438\">Estilo de vida y salud mental en j\u00f3venes de la provincia de Manab\u00ed<\/td><td style=\"width: 219pt\" width=\"292\">Mayo Parra Israel<\/td><\/tr><tr style=\"height: 31.5pt\"><td style=\"height: 31.5pt;width: 219pt\" width=\"292\" height=\"42\">Ciencias de la Salud<\/td><td style=\"width: 178pt\" width=\"237\">Psicolog\u00eda<\/td><td style=\"width: 329pt\" width=\"438\">Estrategia de atenci\u00f3n integral al comportamiento suicida en Manab\u00ed<\/td><td style=\"width: 219pt\" width=\"292\">Vera Molina In\u00e9s Matilde<\/td><\/tr><tr style=\"height: 31.5pt\"><td style=\"height: 31.5pt;width: 219pt\" width=\"292\" height=\"42\">Ciencias de la Salud<\/td><td style=\"width: 178pt\" width=\"237\">Psicolog\u00eda<\/td><td style=\"width: 329pt\" width=\"438\">La educaci\u00f3n inclusiva como respuesta a las necesidades educativas espec\u00edficas (NEE) asociadas o no a la discapacidad<\/td><td style=\"width: 219pt\" width=\"292\">Villavicencio Navia Katty Monserrate<\/td><\/tr><tr style=\"height: 47.25pt\"><td style=\"height: 47.25pt;width: 219pt\" width=\"292\" height=\"63\">Ciencias de la Salud<\/td><td>Terapia Ocupacional<\/td><td style=\"width: 329pt\" width=\"438\">Efectividad del programa de entrenamiento de actividades de la vida diaria b\u00e1sicas en personas con dificultades neuro-motoras<\/td><td style=\"width: 219pt\" width=\"292\">Calle Poveda Anny Gabriela<\/td><\/tr><tr style=\"height: 47.25pt\"><td style=\"height: 47.25pt;width: 219pt\" width=\"292\" height=\"63\">Ciencias de la Salud<\/td><td style=\"width: 178pt\" width=\"237\">Terapia Ocupacional<\/td><td style=\"width: 329pt\" width=\"438\">Ortesis y ayudas t\u00e9cnicas de disponibilidad inmediata, para usuarios de la universidad Laica Eloy Alfaro de Manab\u00ed y la comunidad<\/td><td style=\"width: 219pt\" width=\"292\">Caycedo Casas Xiomara<\/td><\/tr><tr style=\"height: 47.25pt\"><td style=\"height: 47.25pt;width: 219pt\" width=\"292\" height=\"63\">Ciencias de la Salud<\/td><td>Terapia Ocupacional<\/td><td style=\"width: 329pt\" width=\"438\">Promoci\u00f3n de la salud vocal y prevenci\u00f3n de trastornos musculoesquel\u00e9ticos en docentes de la Universidad Laica Eloy Alfaro de Manab\u00ed<\/td><td style=\"width: 219pt\" width=\"292\">Cantos Santana Erick Manuel<\/td><\/tr><tr style=\"height: 31.5pt\"><td style=\"height: 31.5pt;width: 219pt\" width=\"292\" height=\"42\">Ciencias de la Vida y Tecnologias<\/td><td>Agroindustrial<\/td><td style=\"width: 329pt\" width=\"438\">Aplicaciones biotecnol\u00f3gicas de la enzima transglutaminasa en la industria de alimentos.<\/td><td style=\"width: 219pt\" width=\"292\">Coloma Hurel Jos\u00e9 Luis<\/td><\/tr><tr style=\"height: 47.25pt\"><td style=\"height: 47.25pt;width: 219pt\" width=\"292\" height=\"63\">Ciencias de la Vida y Tecnologias<\/td><td>Agroindustrial<\/td><td style=\"width: 329pt\" width=\"438\">Aprovechamiento del descarte de la pesca y de subproductos derivados de laindustria l\u00e1ctea para el desarrollo de tecnolog\u00edasemergentes en la conservaci\u00f3n de alimentos.<\/td><td style=\"width: 219pt\" width=\"292\">Otero Tu\u00e1rez V\u00edctor Oswaldo\u00a0<\/td><\/tr><tr style=\"height: 63.0pt\"><td style=\"height: 63.0pt;width: 219pt\" width=\"292\" height=\"84\">Ciencias de la Vida y Tecnologias<\/td><td>Agroindustrial<\/td><td style=\"width: 329pt\" width=\"438\">Efecto in vitro de los compuestos fen\u00f3licos de la c\u00e1scara de cacao (Theobroma cacao L.) clon 103 sobre Colletotrichum gloeosporioides causante de la antracnosis en postcosecha de frutos de papaya en postcosecha.\u00a0<\/td><td style=\"width: 219pt\" width=\"292\">Prado Cede\u00f1o \u00c1ngel del Jes\u00fas<\/td><\/tr><tr style=\"height: 31.5pt\"><td style=\"height: 31.5pt;width: 219pt\" width=\"292\" height=\"42\">Ciencias de la Vida y Tecnologias<\/td><td>Agroindustrial<\/td><td style=\"width: 329pt\" width=\"438\">Fuentes sostenibles de prote\u00edna vegetal para el desarrollo de alimentos<\/td><td style=\"width: 219pt\" width=\"292\">Santacruz Ter\u00e1n Stalin Gustavo<\/td><\/tr><tr style=\"height: 15.75pt\"><td style=\"height: 15.75pt;width: 219pt\" width=\"292\" height=\"21\">Ciencias de la Vida y Tecnologias<\/td><td>Alimentos<\/td><td style=\"width: 329pt\" width=\"438\">Desarrollo de formulaciones para la preservaci\u00f3n de alimentos<\/td><td style=\"width: 219pt\" width=\"292\">Carrillo Freire\u00a0 Diego Mauricio<\/td><\/tr><tr style=\"height: 47.25pt\"><td style=\"height: 47.25pt;width: 219pt\" width=\"292\" height=\"63\">Ciencias de la Vida y Tecnologias<\/td><td>Ambiente<\/td><td style=\"width: 329pt\" width=\"438\">Evaluaci\u00f3n del riesgo ambiental de contaminantes emergentes utilizando organismos bioindicadores: f\u00e1rmacos de uso com\u00fan BIOEMER<\/td><td style=\"width: 219pt\" width=\"292\">Mac\u00edas Mayorga Dayanara Mar\u00eda<\/td><\/tr><tr style=\"height: 78.75pt\"><td style=\"height: 78.75pt;width: 219pt\" width=\"292\" height=\"105\">Ciencias de la Vida y Tecnologias<\/td><td>Ambiente<\/td><td style=\"width: 329pt\" width=\"438\">Evaluaci\u00f3n integral del estado de conservaci\u00f3n de los arrecifes marginales<br \/>en \u00e1reas protegidas y no protegidas de Manab\u00ed: Un enfoque estructural,<br \/>biol\u00f3gico y microbiol\u00f3gico.<\/td><td style=\"width: 219pt\" width=\"292\">Mero del Valle David Jesod<\/td><\/tr><tr style=\"height: 47.25pt\"><td style=\"height: 47.25pt;width: 219pt\" width=\"292\" height=\"63\">Ciencias de la Vida y Tecnologias<\/td><td>Ambiente<\/td><td style=\"width: 329pt\" width=\"438\">Implementaci\u00f3n de Entornos Permanentes de E-Learning para el Fortalecimiento Acad\u00e9mico en las Carreras de Ingenier\u00eda Agroindustrial, Ingenier\u00eda Ambiental e Ingenier\u00eda en Alimentos<\/td><td style=\"width: 219pt\" width=\"292\">Vel\u00e1squez Ferr\u00edn Abrahan Isaac<\/td><\/tr><tr style=\"height: 47.25pt\"><td style=\"height: 47.25pt;width: 219pt\" width=\"292\" height=\"63\">Ciencias de la Vida y Tecnologias<\/td><td>Ambiente<\/td><td style=\"width: 329pt\" width=\"438\">Manejo integral de un paisaje antropog\u00e9nico para la conservaci\u00f3n de biodiversidad, el bioconocimiento y la restauraci\u00f3n forestal en Manab\u00ed<\/td><td style=\"width: 219pt\" width=\"292\">Chirino Miranda Esteban<\/td><\/tr><tr style=\"height: 47.25pt\"><td style=\"height: 47.25pt;width: 219pt\" width=\"292\" height=\"63\">Ciencias de la Vida y Tecnologias<\/td><td>Ambiente<\/td><td style=\"width: 329pt\" width=\"438\">Monitoreo de supervivencia y crecimiento de brinzales de especies forestales nativas. Proyecto de restauraci\u00f3n forestal. Puerto L\u00f3pez. Manab\u00ed.<\/td><td style=\"width: 219pt\" width=\"292\">Chirino Miranda Esteban<\/td><\/tr><tr style=\"height: 15.75pt\"><td style=\"height: 15.75pt;width: 219pt\" width=\"292\" height=\"21\">Ciencias de la Vida y Tecnologias<\/td><td>Biolog\u00eda<\/td><td style=\"width: 329pt\" width=\"438\">Biologia y ecologia de elasmobranquios costeros en el Ecuador<\/td><td style=\"width: 219pt\" width=\"292\">Carrera Fern\u00e1ndez Maribel<\/td><\/tr><tr style=\"height: 31.5pt\"><td style=\"height: 31.5pt;width: 219pt\" width=\"292\" height=\"42\">Ciencias de la Vida y Tecnologias<\/td><td>Biolog\u00eda<\/td><td style=\"width: 329pt\" width=\"438\">Biolog\u00eda y pesquer\u00eda de los recursos acu\u00e1ticos del Ecuador: Aguas marinas e interiores<\/td><td style=\"width: 219pt\" width=\"292\">Mendoza Nieto Kl\u00e9ver Xavier<\/td><\/tr><tr style=\"height: 31.5pt\"><td style=\"height: 31.5pt;width: 219pt\" width=\"292\" height=\"42\">Ciencias de la Vida y Tecnologias<\/td><td>Biolog\u00eda<\/td><td style=\"width: 329pt\" width=\"438\">Diversidad y aspectos biol\u00f3gicos de los batoideos capturados en el pac\u00edfico ecuatoriano<\/td><td style=\"width: 219pt\" width=\"292\">Carrera Fern\u00e1ndez Maribel<\/td><\/tr><tr style=\"height: 47.25pt\"><td style=\"height: 47.25pt;width: 219pt\" width=\"292\" height=\"63\">Ciencias de la Vida y Tecnologias<\/td><td>Biolog\u00eda<\/td><td style=\"width: 329pt\" width=\"438\">Impacts of Ocean Acidification on growth and food quality properties of the white shrimp (Litopenaeus vannamei): implications on food sovereignty.<\/td><td style=\"width: 219pt\" width=\"292\">Castillo Brice\u00f1o Patricia\u00a0<\/td><\/tr><tr style=\"height: 31.5pt\"><td style=\"height: 31.5pt;width: 219pt\" width=\"292\" height=\"42\">Ciencias de la Vida y Tecnologias<\/td><td>Biolog\u00eda<\/td><td style=\"width: 329pt\" width=\"438\">Monitoreo de la acidificaci\u00f3n del oc\u00e9ano en zonas costeras del cant\u00f3n Manta.<\/td><td style=\"width: 219pt\" width=\"292\">Navarrete Mier Kl\u00e9ber Francisco<\/td><\/tr><tr style=\"height: 15.75pt\"><td style=\"height: 15.75pt;width: 219pt\" width=\"292\" height=\"21\">Ciencias de la Vida y Tecnologias<\/td><td style=\"width: 178pt\" width=\"237\">Ingenier\u00eda Agropecuaria<\/td><td style=\"width: 329pt\" width=\"438\">Observatorio seguridad y soberan\u00eda alimentaria<\/td><td style=\"width: 219pt\" width=\"292\">Nev\u00e1rez P\u00e9rez Diego Javier<\/td><\/tr><tr style=\"height: 47.25pt\"><td style=\"height: 47.25pt;width: 219pt\" width=\"292\" height=\"63\">Ciencias de la Vida y Tecnologias<\/td><td style=\"width: 178pt\" width=\"237\">Ingenier\u00eda Agropecuaria<\/td><td style=\"width: 329pt\" width=\"438\">Sustentabilidad de las principales actividades agropecuarias de las familias rurales y la seguridad alimentaria de los productores de las comunidades El Juncal y Mutre Afuera del cant\u00f3n Tosagua<\/td><td style=\"width: 219pt\" width=\"292\">Nev\u00e1rez P\u00e9rez Diego Javier<\/td><\/tr><tr style=\"height: 15.75pt\"><td style=\"height: 15.75pt;width: 219pt\" width=\"292\" height=\"21\">Ciencias de la Vida y Tecnologias<\/td><td style=\"width: 178pt\" width=\"237\">Ingenier\u00eda Agropecuaria<\/td><td style=\"width: 329pt\" width=\"438\">Tecnolog\u00edas 4.0 y Producci\u00f3n Alimentaria<\/td><td style=\"width: 219pt\" width=\"292\">Mendoza Intriago D\u00eddimo Alexander\u00a0<\/td><\/tr><tr style=\"height: 31.5pt\"><td style=\"height: 31.5pt;width: 219pt\" width=\"292\" height=\"42\">Ciencias de la Vida y Tecnologias<\/td><td>Tecnolog\u00edas de la Informaci\u00f3n<\/td><td style=\"width: 329pt\" width=\"438\">Arquitectura Integrada de IoT e IA para la Investigaci\u00f3n Multidisciplinaria y Sostenible<\/td><td style=\"width: 219pt\" width=\"292\">Zamora Mero Willian Jes\u00fas<\/td><\/tr><tr style=\"height: 31.5pt\"><td style=\"height: 31.5pt;width: 219pt\" width=\"292\" height=\"42\">Ciencias de la Vida y Tecnologias<\/td><td>Tecnolog\u00edas de la Informaci\u00f3n<\/td><td style=\"width: 329pt\" width=\"438\">El Rol de las Tecnolog\u00edas en la Transformaci\u00f3n de la Educaci\u00f3n Superior<\/td><td style=\"width: 219pt\" width=\"292\">Aray Arauz Ricardo Adri\u00e1n<\/td><\/tr><tr style=\"height: 31.5pt\"><td style=\"height: 31.5pt;width: 219pt\" width=\"292\" height=\"42\">Ciencias de la Vida y Tecnologias<\/td><td>Tecnolog\u00edas de la Informaci\u00f3n<\/td><td style=\"width: 329pt\" width=\"438\">Herramientas y aplicaciones tecnol\u00f3gicas para personas con discapacidad<\/td><td style=\"width: 219pt\" width=\"292\">Herrera Tapia Jorge Sergio<\/td><\/tr><tr style=\"height: 31.5pt\"><td style=\"height: 31.5pt;width: 219pt\" width=\"292\" height=\"42\">Ciencias de la Vida y Tecnologias<\/td><td>Tecnolog\u00edas de la Informaci\u00f3n<\/td><td style=\"width: 329pt\" width=\"438\">Plataforma m\u00f3vil de participaci\u00f3n electr\u00f3nica (e-participaci\u00f3n) y gesti\u00f3n de confianza<\/td><td style=\"width: 219pt\" width=\"292\">Santamar\u00eda Philco Alex Andr\u00e9s<\/td><\/tr><tr style=\"height: 31.5pt\"><td style=\"height: 31.5pt;width: 219pt\" width=\"292\" height=\"42\">Ciencias de la Vida y Tecnologias<\/td><td>Tecnolog\u00edas de la Informaci\u00f3n<\/td><td style=\"width: 329pt\" width=\"438\">Sistema de anal\u00edtica de datos de la Universidad Laica Eloy Alfaro de Manab\u00ed<\/td><td style=\"width: 219pt\" width=\"292\">Quiroz Palma Patricia Alexandra<\/td><\/tr><tr style=\"height: 31.5pt\"><td style=\"height: 31.5pt;width: 219pt\" width=\"292\" height=\"42\">Ciencias Sociales, Derecho y Bienestar<\/td><td>Comunicaci\u00f3n<\/td><td style=\"width: 329pt\" width=\"438\">Comunicaci\u00f3n, arte y cuestiones de g\u00e9nero: Estudios, estrategias para el desarrollo local y educativo (Ecuador)<\/td><td style=\"width: 219pt\" width=\"292\">Quir\u00f3z P\u00e1rraga Miriam Yadira<\/td><\/tr><tr style=\"height: 31.5pt\"><td style=\"height: 31.5pt;width: 219pt\" width=\"292\" height=\"42\">Ciencias Sociales, Derecho y Bienestar<\/td><td>Comunicaci\u00f3n<\/td><td style=\"width: 329pt\" width=\"438\">Inclusi\u00f3n digital y desarrollo comunitario: un enfoque integral a trav\u00e9s de la educomunicaci\u00f3n en Ecuador<\/td><td style=\"width: 219pt\" width=\"292\">Mendoza Zambrano Damian Maril\u00fa<\/td><\/tr><tr style=\"height: 31.5pt\"><td style=\"height: 31.5pt;width: 219pt\" width=\"292\" height=\"42\">Ciencias Sociales, Derecho y Bienestar<\/td><td>Comunicaci\u00f3n<\/td><td style=\"width: 329pt\" width=\"438\">LemonSea Ecuador. Investigaci\u00f3n, divulgaci\u00f3n cient\u00edfica y educomunicaci\u00f3n en problem\u00e1tica ambiental en Ecuador<\/td><td style=\"width: 219pt\" width=\"292\">Henriquez Coronel Patricia Mar\u00eda<\/td><\/tr><tr style=\"height: 15.75pt\"><td style=\"height: 15.75pt;width: 219pt\" width=\"292\" height=\"21\">Ciencias Sociales, Derecho y Bienestar<\/td><td>Comunicaci\u00f3n<\/td><td>Observatorio de comunicaci\u00f3n<\/td><td style=\"width: 219pt\" width=\"292\">Almeida Mac\u00edas Mercedes Roxana<\/td><\/tr><tr style=\"height: 47.25pt\"><td style=\"height: 47.25pt;width: 219pt\" width=\"292\" height=\"63\">Ciencias Sociales, Derecho y Bienestar<\/td><td>Comunicaci\u00f3n<\/td><td style=\"width: 329pt\" width=\"438\">Significados e interpretaci\u00f3n de la comunicaci\u00f3n no verbal de los comunicadores sociales en formaci\u00f3n de las universidades. ecuatorianas.<\/td><td style=\"width: 219pt\" width=\"292\">Almeida Mac\u00edas Mercedes Roxana<\/td><\/tr><tr style=\"height: 31.5pt\"><td style=\"height: 31.5pt;width: 219pt\" width=\"292\" height=\"42\">Ciencias Sociales, Derecho y Bienestar<\/td><td>Criminolog\u00eda<\/td><td style=\"width: 329pt\" width=\"438\">Estrategias De Intervenci\u00f3n Social Con Orientaci\u00f3n Criminol\u00f3gica En La Prevenci\u00f3n De La Delincuencia Juvenil.<\/td><td style=\"width: 219pt\" width=\"292\">Cede\u00f1o Astudillo Luis Fernando<\/td><\/tr><tr style=\"height: 47.25pt\"><td style=\"height: 47.25pt;width: 219pt\" width=\"292\" height=\"63\">Ciencias Sociales, Derecho y Bienestar<\/td><td>Derecho<\/td><td style=\"width: 329pt\" width=\"438\">Estrategias comunitarias para la atenci\u00f3n y prevenci\u00f3n de la violencia, con enfoque restaurativo y pol\u00edtico-criminal-diferenciado.<\/td><td style=\"width: 219pt\" width=\"292\">Cede\u00f1o Astudillo Luis Fernando<\/td><\/tr><tr style=\"height: 15.75pt\"><td style=\"height: 15.75pt;width: 219pt\" width=\"292\" height=\"21\">Ciencias Sociales, Derecho y Bienestar<\/td><td>Derecho<\/td><td style=\"width: 329pt\" width=\"438\">Observatorio Laboral Tipolog\u00eda del Proyecto de investigaci\u00f3n<\/td><td style=\"width: 219pt\" width=\"292\">Hidalgo \u00c1ngulo Heidi Mar\u00eda<\/td><\/tr><tr style=\"height: 31.5pt\"><td style=\"height: 31.5pt;width: 219pt\" width=\"292\" height=\"42\">Ciencias Sociales, Derecho y Bienestar<\/td><td>Econom\u00eda<\/td><td style=\"width: 329pt\" width=\"438\">Articulaci\u00f3n del Modelo de la Triple H\u00e9lice para el desarrollo regional.<\/td><td style=\"width: 219pt\" width=\"292\">Zambrano Y\u00e9pez Claudia Alexandra<\/td><\/tr><tr style=\"height: 78.75pt\"><td style=\"height: 78.75pt;width: 219pt\" width=\"292\" height=\"105\">Ciencias Sociales, Derecho y Bienestar<\/td><td>Econom\u00eda<\/td><td style=\"width: 329pt\" width=\"438\">Estudio socioecon\u00f3mico, productivo y ambiental del subsector pesquero<br \/>artesanal de la parroquia San Mateo, del cant\u00f3n Manta; y, del cant\u00f3n Jaramij\u00f3<br \/>de la provincia de Manab\u00ed.<\/td><td style=\"width: 219pt\" width=\"292\">Zambrano Y\u00e9pez Claudia Alexandra<\/td><\/tr><tr style=\"height: 78.75pt\"><td style=\"height: 78.75pt;width: 219pt\" width=\"292\" height=\"105\">Ciencias Sociales, Derecho y Bienestar<\/td><td>Econom\u00eda<\/td><td style=\"width: 329pt\" width=\"438\">Modelo de formaci\u00f3n de competencias<br \/>asociadas al sistema de comercio justo para el desarrollo econ\u00f3mico<br \/>sostenible en los pescadores artesanales de la zona rural del cant\u00f3n Manta<\/td><td style=\"width: 219pt\" width=\"292\">Moya Joniaux Carlos Augusto<\/td><\/tr><tr style=\"height: 15.75pt\"><td style=\"height: 15.75pt;width: 219pt\" width=\"292\" height=\"21\">Ciencias Sociales, Derecho y Bienestar<\/td><td>Econom\u00eda<\/td><td style=\"width: 329pt\" width=\"438\">Observatorio Social<\/td><td style=\"width: 219pt\" width=\"292\">Tomal\u00e1 Parrales Miguel \u00c1ngel<\/td><\/tr><tr style=\"height: 31.5pt\"><td style=\"height: 31.5pt;width: 219pt\" width=\"292\" height=\"42\">Ciencias Sociales, Derecho y Bienestar<\/td><td>Trabajo Social<\/td><td style=\"width: 329pt\" width=\"438\">El Trabajo Social en el Ecuador: Fundamentaci\u00f3n curricular y te\u00f3rica de la formaci\u00f3n profesional en su desarrollo hist\u00f3rico<\/td><td style=\"width: 219pt\" width=\"292\">\u00c1lvarez Santana Carmita Leonor<\/td><\/tr><tr style=\"height: 78.75pt\"><td style=\"height: 78.75pt;width: 219pt\" width=\"292\" height=\"105\">Ciencias Sociales, Derecho y Bienestar<\/td><td>Trabajo Social<\/td><td style=\"width: 329pt\" width=\"438\">Estudio comparativo de las medidas de protecci\u00f3n de los derechos de ni\u00f1os, ni\u00f1as y adolescentes en casos de violencia recurrente atendidos por las Juntas Cantonales de Protecci\u00f3n de Derechos en las provincias de Azuay y Manab\u00ed, en Ecuador, desde un enfoque interseccional. Periodo 2021-2024<\/td><td style=\"width: 219pt\" width=\"292\">Villacreses \u00c1lvarez Gerardo Vinicio<\/td><\/tr><tr style=\"height: 31.5pt\"><td style=\"height: 31.5pt;width: 219pt\" width=\"292\" height=\"42\">Ciencias Sociales, Derecho y Bienestar<\/td><td>Trabajo Social<\/td><td style=\"width: 329pt\" width=\"438\">La inseguridad social y el estancamiento en el emprendimiento de mujeres de las zonas rurales del Cant\u00f3n Manta, 2025-2027.<\/td><td style=\"width: 219pt\" width=\"292\">Rodr\u00edguez Andrade Richard Fabricio<\/td><\/tr><tr style=\"height: 31.5pt\"><td style=\"height: 31.5pt;width: 219pt\" width=\"292\" height=\"42\">Ciencias Sociales, Derecho y Bienestar<\/td><td>Trabajo Social<\/td><td style=\"width: 329pt\" width=\"438\">Percepci\u00f3n de riesgo sobre consumo de drogas en estudiantes de la Universidad Laica Eloy Alfaro de Manab\u00ed<\/td><td style=\"width: 219pt\" width=\"292\">Galarza Schoenfeld Andr\u00e9s Santiago<\/td><\/tr><tr style=\"height: 47.25pt\"><td style=\"height: 47.25pt;width: 219pt\" width=\"292\" height=\"63\">Ciencias Sociales, Derecho y Bienestar<\/td><td>Trabajo Social<\/td><td style=\"width: 329pt\" width=\"438\">Voces y miradas sobre el desarrollo local en Manab\u00ed. Perspectivas populares desde territorios, sectores y comunidades<\/td><td style=\"width: 219pt\" width=\"292\">Pibaque Tigua Mar\u00eda Consuelo<\/td><\/tr><tr style=\"height: 47.25pt\"><td style=\"height: 47.25pt;width: 219pt\" width=\"292\" height=\"63\">Educaci\u00f3n, Turismo, Artes y Humanidades<\/td><td>Artes Esc\u00e9nicas<\/td><td style=\"width: 329pt\" width=\"438\">La caja tambora y su incidencia en la innovaci\u00f3n ritmica organol\u00f3gica de la m\u00fasica manabita, dentro de los talleres de art\u00edsticos de la ULEAM 2025-2026<\/td><td style=\"width: 219pt\" width=\"292\">Palma Valencia Carmen Elizabeth<\/td><\/tr><tr style=\"height: 47.25pt\"><td style=\"height: 47.25pt;width: 219pt\" width=\"292\" height=\"63\">Educaci\u00f3n, Turismo, Artes y Humanidades<\/td><td>Artes Pl\u00e1sticas<\/td><td style=\"width: 329pt\" width=\"438\">Concepto de arte sensitivo a partir de la influencia del proyecto de vinculaci\u00f3n de cursos y talleres en los estudiantes de la carrera de Artes Pl\u00e1sticas metodolog\u00eda<\/td><td style=\"width: 219pt\" width=\"292\">\u00c1vila Sarate Kateryn Janira<\/td><\/tr><tr style=\"height: 31.5pt\"><td style=\"height: 31.5pt;width: 219pt\" width=\"292\" height=\"42\">Educaci\u00f3n, Turismo, Artes y Humanidades<\/td><td>Artes Pl\u00e1sticas<\/td><td style=\"width: 329pt\" width=\"438\">Did\u00e1ctica de los \u00f3rdenes cognitivos: Sistematizaci\u00f3n de experiencias en la creatividad del producto art\u00edstico<\/td><td style=\"width: 219pt\" width=\"292\">Bojorque Pazmi\u00f1o Jorge Erick<\/td><\/tr><tr style=\"height: 31.5pt\"><td style=\"height: 31.5pt;width: 219pt\" width=\"292\" height=\"42\">Educaci\u00f3n, Turismo, Artes y Humanidades<\/td><td>Artes Pl\u00e1sticas<\/td><td style=\"width: 329pt\" width=\"438\">Mecatr\u00f3nica de los aut\u00f3matas y su influencia en el arte sensitivo<\/td><td style=\"width: 219pt\" width=\"292\">Vivar Zabaleta Violeta del Roc\u00edo<\/td><\/tr><tr style=\"height: 47.25pt\"><td style=\"height: 47.25pt;width: 219pt\" width=\"292\" height=\"63\">Educaci\u00f3n, Turismo, Artes y Humanidades<\/td><td>Educaci\u00f3n B\u00e1sica<\/td><td style=\"width: 329pt\" width=\"438\">Ciencia viva: Transformando la ense\u00f1anza experimental mediante el enfoque STEAM y la Ciencia-Tecnolog\u00eda-Sociedad (CTS)<\/td><td style=\"width: 219pt\" width=\"292\">Ordo\u00f1ez Valencia Esther Ver\u00f3nica<\/td><\/tr><tr style=\"height: 47.25pt\"><td style=\"height: 47.25pt;width: 219pt\" width=\"292\" height=\"63\">Educaci\u00f3n, Turismo, Artes y Humanidades<\/td><td>Educaci\u00f3n B\u00e1sica<\/td><td style=\"width: 329pt\" width=\"438\">Competencias del profesorado para el desarrollo del marco curricular competencial de aprendizajes en la Unidad Educativa Pedro Balda Cucal\u00f3n del distrito 13D02<\/td><td style=\"width: 219pt\" width=\"292\">Mendoza Moreira Francisco Samuel<\/td><\/tr><tr style=\"height: 47.25pt\"><td style=\"height: 47.25pt;width: 219pt\" width=\"292\" height=\"63\">Educaci\u00f3n, Turismo, Artes y Humanidades<\/td><td>Educaci\u00f3n B\u00e1sica<\/td><td style=\"width: 329pt\" width=\"438\">Educaci\u00f3n ambiental con enfoque de g\u00e9nero e interculturalidad en instituciones educativas y sus familias del cant\u00f3n Jaramij\u00f3 de la Zona 4 de Ecuador<\/td><td style=\"width: 219pt\" width=\"292\">Sacoto Loor Rosa Jhesenia<\/td><\/tr><tr style=\"height: 15.75pt\"><td style=\"height: 15.75pt;width: 219pt\" width=\"292\" height=\"21\">Educaci\u00f3n, Turismo, Artes y Humanidades<\/td><td>Educaci\u00f3n B\u00e1sica<\/td><td style=\"width: 329pt\" width=\"438\">Educar en diversidad; Inclusi\u00f3n, G\u00e9nero y Culturas<\/td><td style=\"width: 219pt\" width=\"292\">Sacoto Loor Rosa Jhesenia<\/td><\/tr><tr style=\"height: 47.25pt\"><td style=\"height: 47.25pt;width: 219pt\" width=\"292\" height=\"63\">Educaci\u00f3n, Turismo, Artes y Humanidades<\/td><td>Educaci\u00f3n B\u00e1sica<\/td><td style=\"width: 329pt\" width=\"438\">Hacia una did\u00e1ctica cr\u00edtica para una educaci\u00f3n transformadora de vidas en instituciones p\u00fablicas de la ciudad de Manta, El Carmen y Tosagua<\/td><td style=\"width: 219pt\" width=\"292\">Mendoza Moreira Francisco Samuel<\/td><\/tr><tr style=\"height: 31.5pt\"><td style=\"height: 31.5pt;width: 219pt\" width=\"292\" height=\"42\">Educaci\u00f3n, Turismo, Artes y Humanidades<\/td><td>Educaci\u00f3n B\u00e1sica<\/td><td style=\"width: 329pt\" width=\"438\">Lectura en la comunidad: Fomento, promoci\u00f3n y animaci\u00f3n a la lectura en escuelas rurales del cant\u00f3n Manta<\/td><td style=\"width: 219pt\" width=\"292\">Mendoza Moreira Francisco Samuel<\/td><\/tr><tr style=\"height: 47.25pt\"><td style=\"height: 47.25pt\" height=\"63\">Educaci\u00f3n, Turismo, Artes y Humanidades<\/td><td>Educaci\u00f3n B\u00e1sica<\/td><td style=\"width: 329pt\" width=\"438\">Modelo de Formaci\u00f3n Docente STEAM-TIC: Desarrollo de Competencias Digitales Transversales con Enfoque Territorial, Intercultural y de G\u00e9nero STEAM<\/td><td style=\"width: 219pt\" width=\"292\">Mendoza Moreira Francisco Samuel<\/td><\/tr><tr style=\"height: 31.5pt\"><td style=\"height: 31.5pt;width: 219pt\" width=\"292\" height=\"42\">Educaci\u00f3n, Turismo, Artes y Humanidades<\/td><td>Educaci\u00f3n Especial<\/td><td style=\"width: 329pt\" width=\"438\">Inclusi\u00f3n y respuesta educativa a las necesidades educativas especiales en la zona 4 de Ecuador<\/td><td style=\"width: 219pt\" width=\"292\">Alc\u00edvar Pincay Gloria Annabel<\/td><\/tr><tr style=\"height: 63.0pt\"><td style=\"height: 63.0pt;width: 219pt\" width=\"292\" height=\"84\">Educaci\u00f3n, Turismo, Artes y Humanidades<\/td><td>Educaci\u00f3n Inicial<\/td><td style=\"width: 329pt\" width=\"438\">Estrategia metodol\u00f3gica dirigida a la preparaci\u00f3n del educador de Educaci\u00f3n Inicial para el desarrollo de las habilidades motrices b\u00e1sicas utilizando la expresi\u00f3n de la corporeidad y el juego como recurso<\/td><td style=\"width: 219pt\" width=\"292\">Boyes Fuller Elisabeth Susan<\/td><\/tr><tr style=\"height: 47.25pt\"><td style=\"height: 47.25pt;width: 219pt\" width=\"292\" height=\"63\">Educaci\u00f3n, Turismo, Artes y Humanidades<\/td><td>Educaci\u00f3n Inicial<\/td><td style=\"width: 329pt\" width=\"438\">Fortalecimiento de comunidades de aprendizaje en educaci\u00f3n inicial: Una estrategia colaborativa entre familia, escuela y comunidad<\/td><td style=\"width: 219pt\" width=\"292\">Boyes Fuller Elisabeth Susan<\/td><\/tr><tr style=\"height: 31.5pt\"><td style=\"height: 31.5pt;width: 219pt\" width=\"292\" height=\"42\">Educaci\u00f3n, Turismo, Artes y Humanidades<\/td><td>Gastronom\u00eda<\/td><td style=\"width: 329pt\" width=\"438\">Rescate y valorizaci\u00f3n de las t\u00e9cnicas culinarias ancestrales de Manab\u00ed en la gastronom\u00eda contempor\u00e1nea<\/td><td style=\"width: 219pt\" width=\"292\">Reyes Ch\u00e1vez Luis Reinaldo<\/td><\/tr><tr style=\"height: 78.75pt\"><td style=\"height: 78.75pt;width: 219pt\" width=\"292\" height=\"105\">Educaci\u00f3n, Turismo, Artes y Humanidades<\/td><td>Hospitalidad y Hoteler\u00eda<\/td><td style=\"width: 329pt\" width=\"438\">Bebidas milenarias tradicionales: Caso de estudio la chicha de ma\u00edz en la parroquia Sanc\u00e1n del cant\u00f3n Jipijapa, su relevancia para ser considerada como un valor del Patrimonio Cultural Intangible del Ecuador y estrategias para su comercializaci\u00f3n<\/td><td style=\"width: 219pt\" width=\"292\">Rodr\u00edguez Pincay Irene Rosario<\/td><\/tr><tr style=\"height: 31.5pt\"><td style=\"height: 31.5pt;width: 219pt\" width=\"292\" height=\"42\">Educaci\u00f3n, Turismo, Artes y Humanidades<\/td><td>Pedagog\u00eda de la Actividad Fisica y el Deporte<\/td><td style=\"width: 329pt\" width=\"438\">Estado nutricional y rendimiento deportivo en atletas de la Federaci\u00f3n Deportiva de Manab\u00ed<\/td><td style=\"width: 219pt\" width=\"292\">Hern\u00e1ndez Gallardo Damaris<\/td><\/tr><tr style=\"height: 15.75pt\"><td style=\"height: 15.75pt;width: 219pt\" width=\"292\" height=\"21\">Educaci\u00f3n, Turismo, Artes y Humanidades<\/td><td>Pedagog\u00eda de la Lengua y Literatura<\/td><td style=\"width: 329pt\" width=\"438\">Lengua y literatura para la academia y la cultura<\/td><td style=\"width: 219pt\" width=\"292\">Pin Carvajal Jacqueline del Roc\u00edo<\/td><\/tr><tr style=\"height: 31.5pt\"><td style=\"height: 31.5pt;width: 219pt\" width=\"292\" height=\"42\">Educaci\u00f3n, Turismo, Artes y Humanidades<\/td><td>Pedagog\u00eda de los Idiomas Nacionales y Extranjeros<\/td><td style=\"width: 329pt\" width=\"438\">Desarrollo de las habilidades linguisticas del idioma ingl\u00e9s en estudiantes de educaci\u00f3n superior en Ecuador<\/td><td style=\"width: 219pt\" width=\"292\">Carrera Moreno Germ\u00e1n Wenceslao<\/td><\/tr><tr style=\"height: 31.5pt\"><td style=\"height: 31.5pt;width: 219pt\" width=\"292\" height=\"42\">Educaci\u00f3n, Turismo, Artes y Humanidades<\/td><td>Pedagog\u00eda de los Idiomas Nacionales y Extranjeros<\/td><td style=\"width: 329pt\" width=\"438\">Desarrollo Humano y perfil profesional en la formaci\u00f3n de docentes: Mentor\u00eda y Aprendizaje Socioemocional<\/td><td style=\"width: 219pt\" width=\"292\">Ch\u00e1vez Zambrano Ver\u00f3nica Vanessa<\/td><\/tr><tr style=\"height: 47.25pt\"><td style=\"height: 47.25pt;width: 219pt\" width=\"292\" height=\"63\">Educaci\u00f3n, Turismo, Artes y Humanidades<\/td><td>Pedagog\u00eda de los Idiomas Nacionales y Extranjeros<\/td><td style=\"width: 329pt\" width=\"438\">Innovaciones pedag\u00f3gicas e internacionalizaci\u00f3n de la formaci\u00f3n de docentes para el desarrollo humano y sostenible<\/td><td style=\"width: 219pt\" width=\"292\">Villafuerte Holgu\u00edn Jhonny Saulo<\/td><\/tr><tr style=\"height: 47.25pt\"><td style=\"height: 47.25pt;width: 219pt\" width=\"292\" height=\"63\">Educaci\u00f3n, Turismo, Artes y Humanidades<\/td><td>Sociolog\u00eda<\/td><td style=\"width: 329pt\" width=\"438\">Laboratorio de desarrollo local y comunitario: El desarrollo local y su incidencia en el progreso social y humano en el Ecuador<\/td><td style=\"width: 219pt\" width=\"292\">Galarza Schoenfeld Andr\u00e9s Santiago<\/td><\/tr><tr style=\"height: 63.0pt\"><td style=\"height: 63.0pt;width: 219pt\" width=\"292\" height=\"84\">Educaci\u00f3n, Turismo, Artes y Humanidades<\/td><td>Sociolog\u00eda<\/td><td style=\"width: 329pt\" width=\"438\">Laboratorio de las juventudes: condiciones de derechos y oportunidades de desarrollo de las juventudes y su influencia en la consolidaci\u00f3n de su rol constitucional como actores estrat\u00e9gicos de desarrollo en Ecuador<\/td><td style=\"width: 219pt\" width=\"292\">Luz\u00f3n Cede\u00f1o Juan Francisco<\/td><\/tr><tr style=\"height: 47.25pt\"><td style=\"height: 47.25pt;width: 219pt\" width=\"292\" height=\"63\">Educaci\u00f3n, Turismo, Artes y Humanidades<\/td><td>Sociolog\u00eda<\/td><td style=\"width: 329pt\" width=\"438\">Laboratorio de mujeres y diversidades: Condiciones de vida, bienestar y acceso a derechos de las mujeres y diversidades en el Ecuador<\/td><td style=\"width: 219pt\" width=\"292\">Almeida Mac\u00edas Teresa Gertrudis<\/td><\/tr><tr style=\"height: 15.75pt\"><td style=\"height: 15.75pt;width: 219pt\" width=\"292\" height=\"21\">Educaci\u00f3n, Turismo, Artes y Humanidades<\/td><td>Sociolog\u00eda<\/td><td style=\"width: 329pt\" width=\"438\">Observatorio sociol\u00f3gico<\/td><td style=\"width: 219pt\" width=\"292\">Mendoza Mu\u00f1oz Bryan Abd\u00f3n<\/td><\/tr><tr style=\"height: 31.5pt\"><td style=\"height: 31.5pt;width: 219pt\" width=\"292\" height=\"42\">Educaci\u00f3n, Turismo, Artes y Humanidades<\/td><td>Turismo<\/td><td style=\"width: 329pt\" width=\"438\">Activaci\u00f3n del patrimonio comunitario para el desarrollo local tur\u00edstico sostenible<\/td><td style=\"width: 219pt\" width=\"292\">Font Aranda Mabel<\/td><\/tr><tr style=\"height: 15.75pt\"><td style=\"height: 15.75pt;width: 219pt\" width=\"292\" height=\"21\">Educaci\u00f3n, Turismo, Artes y Humanidades<\/td><td>Turismo<\/td><td style=\"width: 329pt\" width=\"438\">Planes maestros sectoriales de turismo sostenible<\/td><td style=\"width: 219pt\" width=\"292\">Guzm\u00e1n Vera Diego Emilio<\/td><\/tr><tr style=\"height: 31.5pt\"><td style=\"height: 31.5pt;width: 219pt\" width=\"292\" height=\"42\">Educaci\u00f3n, Turismo, Artes y Humanidades<\/td><td>Turismo<\/td><td style=\"width: 329pt\" width=\"438\">Sistema Inteligente de Turismo (SIT) de Manab\u00ed y Santo Domingo de los Ts\u00e1chilas<\/td><td style=\"width: 219pt\" width=\"292\">Cevallos Barber\u00e1n Leydy Mar\u00eda<\/td><\/tr><tr style=\"height: 63.0pt\"><td style=\"height: 63.0pt;width: 219pt\" width=\"292\" height=\"84\">Extensi\u00f3n Bah\u00eda de Car\u00e1quez<\/td><td style=\"width: 178pt\" width=\"237\">Turismo\u00a0\u00a0\u00a0\u00a0\u00a0\u00a0\u00a0\u00a0\u00a0\u00a0\u00a0\u00a0\u00a0\u00a0 <br \/>Hospitalidad y Hoteler\u00edaMercadotecnia Administraci\u00f3n de Empresas\u00a0<\/td><td style=\"width: 329pt\" width=\"438\">Aporte desde la tradici\u00f3n montubia al desarrollo socio cultural, econ\u00f3mico, agr\u00edcola, agropecuario, alimentario, hospitalario &#8211; tur\u00edstico de la mancomunidad Sucre &#8211; San Vicente y el cant\u00f3n Bol\u00edvar<\/td><td style=\"width: 219pt\" width=\"292\">Villac\u00eds Zambrano Lilia Moncerrate<\/td><\/tr><tr style=\"height: 78.75pt\"><td style=\"height: 78.75pt;width: 219pt\" width=\"292\" height=\"105\">Extensi\u00f3n Bah\u00eda de Car\u00e1quez<\/td><td style=\"width: 178pt\" width=\"237\">Turismo\u00a0\u00a0\u00a0\u00a0\u00a0\u00a0\u00a0\u00a0\u00a0\u00a0\u00a0\u00a0\u00a0\u00a0 <br \/>Hospitalidad y Hoteler\u00edaMercadotecnia Administraci\u00f3n de Empresas\u00a0<\/td><td style=\"width: 329pt\" width=\"438\">Capacitaci\u00f3n de los procesos productivos, ambientales, tur\u00edsticos y de servicios, artesanales y comerciales para el fortalecimiento organizacional vinculado a la comunidad desde el Centro de Investigaciones Chirije, zona norte de Manab\u00ed con alcance nacional e internacional<\/td><td style=\"width: 219pt\" width=\"292\">L\u00f3pez Pati\u00f1o Mar\u00eda Carmen<\/td><\/tr><tr style=\"height: 60.0pt\"><td style=\"height: 60.0pt;width: 219pt\" width=\"292\" height=\"80\">Extensi\u00f3n Bah\u00eda de Car\u00e1quez<\/td><td style=\"width: 178pt\" width=\"237\">Turismo\u00a0\u00a0\u00a0\u00a0\u00a0\u00a0\u00a0\u00a0\u00a0\u00a0\u00a0\u00a0\u00a0\u00a0 <br \/>Hospitalidad y Hoteler\u00edaMercadotecnia Administraci\u00f3n de Empresas\u00a0<\/td><td style=\"width: 329pt\" width=\"438\">Emprendimiento sostenible desde la pr\u00e1ctica educativa en los procesos de formaci\u00f3n para fomentar la actividad profesional y organizacional, ULEAM Sucre<\/td><td style=\"width: 219pt\" width=\"292\">Espinoza Arauz Mayra Yasmina<\/td><\/tr><tr style=\"height: 60.0pt\"><td style=\"height: 60.0pt;width: 219pt\" width=\"292\" height=\"80\">Extensi\u00f3n Bah\u00eda de Car\u00e1quez<\/td><td style=\"width: 178pt\" width=\"237\">Turismo\u00a0\u00a0\u00a0\u00a0\u00a0\u00a0\u00a0\u00a0\u00a0\u00a0\u00a0\u00a0\u00a0\u00a0 <br \/>Hospitalidad y Hoteler\u00edaMercadotecnia Administraci\u00f3n de Empresas\u00a0<\/td><td style=\"width: 329pt\" width=\"438\">Museo de historia, arqueolog\u00eda y paleontolog\u00eda como instrumento de desarrollo local: Casos Chirije y San Isidro<\/td><td style=\"width: 219pt\" width=\"292\">Meneses Pantoja William Ren\u00e1n<\/td><\/tr><tr style=\"height: 60.0pt\"><td style=\"height: 60.0pt;width: 219pt\" width=\"292\" height=\"80\">Extensi\u00f3n Bah\u00eda de Car\u00e1quez<\/td><td style=\"width: 178pt\" width=\"237\">Turismo\u00a0\u00a0\u00a0\u00a0\u00a0\u00a0\u00a0\u00a0\u00a0\u00a0\u00a0\u00a0\u00a0\u00a0 <br \/>Hospitalidad y Hoteler\u00edaMercadotecnia Administraci\u00f3n de Empresas\u00a0<\/td><td style=\"width: 329pt\" width=\"438\">Observatorio Tur\u00edstico de Manab\u00ed-Santo Domingo de los Ts\u00e1chilas.<\/td><td style=\"width: 219pt\" width=\"292\">Carvajal Zambrano Gema Viviana<\/td><\/tr><tr style=\"height: 60.0pt\"><td style=\"height: 60.0pt;width: 219pt\" width=\"292\" height=\"80\">Extensi\u00f3n Bah\u00eda de Car\u00e1quez<\/td><td style=\"width: 178pt\" width=\"237\">Turismo\u00a0\u00a0\u00a0\u00a0\u00a0\u00a0\u00a0\u00a0\u00a0\u00a0\u00a0\u00a0\u00a0\u00a0 <br \/>Hospitalidad y Hoteler\u00edaMercadotecnia Administraci\u00f3n de Empresas\u00a0<\/td><td style=\"width: 329pt\" width=\"438\">Vulnerabilidad socioambiental de la comunidad \u201cEl Pajonal\u201d del cant\u00f3n Sucre frente al cambio clim\u00e1tico<\/td><td style=\"width: 219pt\" width=\"292\">Nev\u00e1rez Barber\u00e1n V\u00edctor Hugo<\/td><\/tr><tr style=\"height: 47.25pt\"><td style=\"height: 47.25pt;width: 219pt\" width=\"292\" height=\"63\">Extensi\u00f3n Chone<\/td><td style=\"width: 178pt\" width=\"237\">Administraci\u00f3n de Empresas<\/td><td style=\"width: 329pt\" width=\"438\">An\u00e1lisis de la gesti\u00f3n administrativa con responsabilidad social empresarial en las\u00a0 MIPYMES del cant\u00f3n Chone de la\u00a0 provincia de Manab\u00ed &#8211; Ecuador<\/td><td style=\"width: 219pt\" width=\"292\">Zambrano Alc\u00edvar Katty Gisella<\/td><\/tr><tr style=\"height: 47.25pt\"><td style=\"height: 47.25pt;width: 219pt\" width=\"292\" height=\"63\">Extensi\u00f3n Chone<\/td><td style=\"width: 178pt\" width=\"237\">Administraci\u00f3n de Empresas<\/td><td style=\"width: 329pt\" width=\"438\">An\u00e1lisis jur\u00eddico de la tenencia de tierras y su impacto en la trazabilidad y competitividad de la cadena de valor del cacao en el cant\u00f3n Chone<\/td><td style=\"width: 219pt\" width=\"292\">Zambrano Mendieta Jos\u00e9 Eugenio<\/td><\/tr><tr style=\"height: 47.25pt\"><td style=\"height: 47.25pt;width: 219pt\" width=\"292\" height=\"63\">Extensi\u00f3n Chone<\/td><td style=\"width: 178pt\" width=\"237\">Administraci\u00f3n de Empresas<\/td><td style=\"width: 329pt\" width=\"438\">Estudio Socio Econ\u00f3mico de los Sectores Productivos del cant\u00f3n Chone: Un An\u00e1lisis para el Fortalecimiento del Desarrollo Econ\u00f3mico Local<\/td><td style=\"width: 219pt\" width=\"292\">Andrade Garc\u00eda Andr\u00e9s Gozoso<\/td><\/tr><tr style=\"height: 31.5pt\"><td style=\"height: 31.5pt;width: 219pt\" width=\"292\" height=\"42\">Extensi\u00f3n Chone<\/td><td style=\"width: 178pt\" width=\"237\">Artes Pl\u00e1sticas<\/td><td style=\"width: 329pt\" width=\"438\">Estrategias Pr\u00e1cticas para el Fortalecimiento y Promoci\u00f3n de la Cultura y el Arte Local Chonense<\/td><td style=\"width: 219pt\" width=\"292\">Alc\u00edvar Ferr\u00edn Juan Diego<\/td><\/tr><tr style=\"height: 47.25pt\"><td style=\"height: 47.25pt;width: 219pt\" width=\"292\" height=\"63\">Extensi\u00f3n Chone<\/td><td style=\"width: 178pt\" width=\"237\">Educaci\u00f3n B\u00e1sica<\/td><td style=\"width: 329pt\" width=\"438\">Uso de recursos did\u00e1cticos y tecnol\u00f3gicos en las extensiones y campus de la Universidad Laica Eloy Alfaro de Manab\u00ed, para la mejora de la calidad de la educaci\u00f3n superior<\/td><td style=\"width: 219pt\" width=\"292\">Mu\u00f1oz Ponce Holger Jos\u00e9<\/td><\/tr><tr style=\"height: 47.25pt\"><td style=\"height: 47.25pt;width: 219pt\" width=\"292\" height=\"63\">Extensi\u00f3n Chone<\/td><td style=\"width: 178pt\" width=\"237\">Educaci\u00f3n inicial\u00a0<\/td><td style=\"width: 329pt\" width=\"438\">An\u00e1lisis de la Evaluaci\u00f3n en el Proceso de Ense\u00f1anza Aprendizaje en la Educaci\u00f3n Inicial 2 en las Unidades Educativas de Chone y Tosagua<\/td><td style=\"width: 219pt\" width=\"292\">Reyes Meza Orley Benedicto<\/td><\/tr><tr style=\"height: 47.25pt\"><td style=\"height: 47.25pt;width: 219pt\" width=\"292\" height=\"63\">Extensi\u00f3n Chone<\/td><td style=\"width: 178pt\" width=\"237\">Educaci\u00f3n inicial\u00a0<\/td><td style=\"width: 329pt\" width=\"438\">Los ambientes de aprendizaje en la educaci\u00f3n integral en la primera infancia en la zona urbana marginal y rural del cant\u00f3n Chone<\/td><td style=\"width: 219pt\" width=\"292\">Bravo S\u00e1nchez Yerlis Biriannys<\/td><\/tr><tr style=\"height: 31.5pt\"><td style=\"height: 31.5pt;width: 219pt\" width=\"292\" height=\"42\">Extensi\u00f3n Chone<\/td><td style=\"width: 178pt\" width=\"237\">Enfermer\u00eda<\/td><td style=\"width: 329pt\" width=\"438\">An\u00e1lisis de la eficiencia en primeros auxilios en la comunidad rural: Un enfoque desde la enfermer\u00eda<\/td><td style=\"width: 219pt\" width=\"292\">Reyes \u00c1vila Jes\u00fas Orley<\/td><\/tr><tr style=\"height: 47.25pt\"><td style=\"height: 47.25pt;width: 219pt\" width=\"292\" height=\"63\">Extensi\u00f3n Chone<\/td><td style=\"width: 178pt\" width=\"237\">Enfermer\u00eda<\/td><td style=\"width: 329pt\" width=\"438\">Impacto de las pr\u00e1cticas de gesti\u00f3n de residuos dom\u00e9sticos en la salud p\u00fablica de la comunidad de Bachillero, en el cant\u00f3n Tosagua<\/td><td style=\"width: 219pt\" width=\"292\">\u00c1lvarez Reyes Ariana Lisbeth<\/td><\/tr><tr style=\"height: 31.5pt\"><td style=\"height: 31.5pt;width: 219pt\" width=\"292\" height=\"42\">Extensi\u00f3n Chone<\/td><td style=\"width: 178pt\" width=\"237\">Enfermer\u00eda<\/td><td style=\"width: 329pt\" width=\"438\">Perfil qu\u00edmico y microbiol\u00f3gico del agua en Chone: Un estudio exploratorio en el contexto de alta incidencia de EDA<\/td><td style=\"width: 219pt\" width=\"292\">Farf\u00e1n Astudillo Anoldo Nicol\u00e1s<\/td><\/tr><tr style=\"height: 15.75pt\"><td style=\"height: 15.75pt;width: 219pt\" width=\"292\" height=\"21\">Extensi\u00f3n Chone<\/td><td style=\"width: 178pt\" width=\"237\">Ingenier\u00eda Agropecuaria<\/td><td style=\"width: 329pt\" width=\"438\">Manejo y conservaci\u00f3n de pastos y forrajes<\/td><td style=\"width: 219pt\" width=\"292\">Schnabel Delgado Odil\u00f3n Estuardo<\/td><\/tr><tr style=\"height: 47.25pt\"><td style=\"height: 47.25pt;width: 219pt\" width=\"292\" height=\"63\">Extensi\u00f3n Chone<\/td><td style=\"width: 178pt\" width=\"237\">Ingenier\u00eda El\u00e9ctrica<\/td><td style=\"width: 329pt\" width=\"438\">Implementaci\u00f3n de un Sistema de Informaci\u00f3n para la Construcci\u00f3n (BIM) y realidad virtual, para el dise\u00f1o sostenible de edificios acad\u00e9micos.<\/td><td style=\"width: 219pt\" width=\"292\">Alc\u00edvar Intriago Andr\u00e9s Aladino<\/td><\/tr><tr style=\"height: 47.25pt\"><td style=\"height: 47.25pt;width: 219pt\" width=\"292\" height=\"63\">Extensi\u00f3n Chone<\/td><td style=\"width: 178pt\" width=\"237\">Ingenier\u00eda El\u00e9ctrica<\/td><td style=\"width: 329pt\" width=\"438\">Sistemas de medici\u00f3n de puestas a tierra y an\u00e1lisis predictivo de protecci\u00f3n de circuitos en infraestructuras de educaci\u00f3n superior.<\/td><td style=\"width: 219pt\" width=\"292\">Garc\u00eda Flores de V\u00e1lgaz Galo Roberto<\/td><\/tr><tr style=\"height: 47.25pt\"><td style=\"height: 47.25pt;width: 219pt\" width=\"292\" height=\"63\">Extensi\u00f3n Chone<\/td><td style=\"width: 178pt\" width=\"237\">Pedagog\u00eda de las Ciencias Experimentales en F\u00edsica y Matem\u00e1ticas<\/td><td style=\"width: 329pt\" width=\"438\">Aplicaci\u00f3n did\u00e1ctica pedag\u00f3gica en el aprendizaje de las matem\u00e1ticas y f\u00edsica del Bachillerato Unificado en las Unidades Educativas de Chone.<\/td><td style=\"width: 219pt\" width=\"292\">Alc\u00edvar Castro Eddie Jos\u00e9<\/td><\/tr><tr style=\"height: 47.25pt\"><td style=\"height: 47.25pt;width: 219pt\" width=\"292\" height=\"63\">Extensi\u00f3n Chone<\/td><td style=\"width: 178pt\" width=\"237\">Pedagog\u00eda de las Ciencias Experimentales en F\u00edsica y Matem\u00e1ticas<\/td><td style=\"width: 329pt\" width=\"438\">El rol de la mujer en la ciencia f\u00edsica como herramienta did\u00e1ctica para potenciar el proceso de ense\u00f1anza y aprendizaje en el contexto educativo del cant\u00f3n Chone<\/td><td style=\"width: 219pt\" width=\"292\">Tamayo Batista Maydelin<\/td><\/tr><tr style=\"height: 31.5pt\"><td style=\"height: 31.5pt;width: 219pt\" width=\"292\" height=\"42\">Extensi\u00f3n Chone<\/td><td style=\"width: 178pt\" width=\"237\">Pedagog\u00eda de los Idiomas Nacionales y Extranjeros<\/td><td style=\"width: 329pt\" width=\"438\">Estrategias metodol\u00f3gicas para favorecer la comunicaci\u00f3n oral en el idioma ingl\u00e9s atendiendo a la inclusi\u00f3n<\/td><td style=\"width: 219pt\" width=\"292\">Mac\u00edas Sera Raisa<\/td><\/tr><tr style=\"height: 63.0pt\"><td style=\"height: 63.0pt;width: 219pt\" width=\"292\" height=\"84\">Extensi\u00f3n Chone<\/td><td style=\"width: 178pt\" width=\"237\">Pedagog\u00eda de los Idiomas Nacionales y Extranjeros<\/td><td style=\"width: 329pt\" width=\"438\">Factores cognitivos mediados con soporte b\u2013learning para investigaci\u00f3n: la adquisici\u00f3n del ingl\u00e9s como lengua extranjera en la b\u00e1sica x unidad educativa San Cayetano de Chone<\/td><td style=\"width: 219pt\" width=\"292\">Zambrano Gallardo Genny Elizabeth<\/td><\/tr><tr style=\"height: 31.5pt\"><td style=\"height: 31.5pt;width: 219pt\" width=\"292\" height=\"42\">Extensi\u00f3n Chone<\/td><td style=\"width: 178pt\" width=\"237\">Pedagog\u00eda de los Idiomas Nacionales y Extranjeros<\/td><td style=\"width: 329pt\" width=\"438\">La aplicaci\u00f3n de los principios de la neurodid\u00e1ctica en unidades educativas para mejorar la pr\u00e1ctica docente<\/td><td style=\"width: 219pt\" width=\"292\">Jama Zambrano V\u00edctor Reinaldo<\/td><\/tr><tr style=\"height: 47.25pt\"><td style=\"height: 47.25pt;width: 219pt\" width=\"292\" height=\"63\">Extensi\u00f3n Chone<\/td><td style=\"width: 178pt\" width=\"237\">Pedagog\u00eda de los Idiomas Nacionales y Extranjeros<\/td><td style=\"width: 329pt\" width=\"438\">Metodologia basada en el SIT BEST TESOL PRACTICES para el desarrollo de las destrezas receptivas de los docentes de Ingl\u00e9s del distrito 13D07 Chone<\/td><td style=\"width: 219pt\" width=\"292\">Zambrano Mero Javier Antonio<\/td><\/tr><tr style=\"height: 63.0pt\"><td style=\"height: 63.0pt;width: 219pt\" width=\"292\" height=\"84\">Extensi\u00f3n Chone<\/td><td style=\"width: 178pt\" width=\"237\">Psicolog\u00eda Educativa<\/td><td style=\"width: 329pt\" width=\"438\">Los factores psicoemocionales en las relaciones interpersonales en los estudiantes de la carrera de Psicolog\u00eda Educativa de la Universidad Laica Eloy Alfaro de Manab\u00ed extensi\u00f3n Chone en el periodo 2024-2026<\/td><td style=\"width: 219pt\" width=\"292\">Aveiga Alc\u00edvar Cindy Lissette<\/td><\/tr><tr style=\"height: 47.25pt\"><td style=\"height: 47.25pt;width: 219pt\" width=\"292\" height=\"63\">Extensi\u00f3n Chone<\/td><td style=\"width: 178pt\" width=\"237\">Tecnolog\u00edas de la informaci\u00f3n<\/td><td style=\"width: 329pt\" width=\"438\">Influencia de los factores tecnol\u00f3gicos y sociales en la adopci\u00f3n de soluciones de telemedicina en comunidades rurales de Chone Tipolog\u00eda<\/td><td style=\"width: 219pt\" width=\"292\">Rivadeneira Zambrano Fabricio<\/td><\/tr><tr style=\"height: 31.5pt\"><td style=\"height: 31.5pt;width: 219pt\" width=\"292\" height=\"42\">Extensi\u00f3n Chone<\/td><td style=\"width: 178pt\" width=\"237\">Tecnolog\u00edas de la informaci\u00f3n<\/td><td style=\"width: 329pt\" width=\"438\">La gamificaci\u00f3n como estrategia para la fidelizaci\u00f3n de clientes de las PYMEs en el cant\u00f3n Chone<\/td><td style=\"width: 219pt\" width=\"292\">Rivadeneira Zambrano Fabricio<\/td><\/tr><tr style=\"height: 31.5pt\"><td style=\"height: 31.5pt;width: 219pt\" width=\"292\" height=\"42\">Extensi\u00f3n El Carmen<\/td><td style=\"width: 178pt\" width=\"237\">Administraci\u00f3n de Empresas<\/td><td style=\"width: 329pt\" width=\"438\">Soluciones integrales en el aprovechamiento y tratamiento de residuos, fertilizantes y vivero<\/td><td style=\"width: 219pt\" width=\"292\">Pinargote Pinargote Henrry Marcelino<\/td><\/tr><tr style=\"height: 31.5pt\"><td style=\"height: 31.5pt;width: 219pt\" width=\"292\" height=\"42\">Extensi\u00f3n El Carmen<\/td><td style=\"width: 178pt\" width=\"237\">Educaci\u00f3n B\u00e1sica<\/td><td style=\"width: 329pt\" width=\"438\">Inteligencia artificial en el proceso de ense\u00f1anza &#8211; aprendizaje en la Educaci\u00f3n Superior Ecuatoriana<\/td><td style=\"width: 219pt\" width=\"292\">Mendoza Mej\u00eda Jorge Luis<\/td><\/tr><tr style=\"height: 31.5pt\"><td style=\"height: 31.5pt;width: 219pt\" width=\"292\" height=\"42\">Extensi\u00f3n El Carmen<\/td><td style=\"width: 178pt\" width=\"237\">Educaci\u00f3n B\u00e1sica<\/td><td style=\"width: 329pt\" width=\"438\">La transpodid\u00e1ctica textual para el aprendizaje de lenguas y culturas: Aplicaci\u00f3n a un cuento ecuatoriano<\/td><td style=\"width: 219pt\" width=\"292\">D\u00edaz Troya Gonzalo Arturo<\/td><\/tr><tr style=\"height: 47.25pt\"><td style=\"height: 47.25pt;width: 219pt\" width=\"292\" height=\"63\">Extensi\u00f3n El Carmen<\/td><td style=\"width: 178pt\" width=\"237\">Ingenier\u00eda Agropecuaria<\/td><td style=\"width: 329pt\" width=\"438\">Efecto de la pollinaza como nitr\u00f3geno no proteico (NNP) en la ganancia de peso de toros de engorde de la carrera de agropecuaria de la Extensi\u00f3n El Carmen<\/td><td style=\"width: 219pt\" width=\"292\">Vera Bravo David Napole\u00f3n<\/td><\/tr><tr style=\"height: 31.5pt\"><td style=\"height: 31.5pt;width: 219pt\" width=\"292\" height=\"42\">Extensi\u00f3n El Carmen<\/td><td style=\"width: 178pt\" width=\"237\">Ingenier\u00eda Agropecuaria<\/td><td style=\"width: 329pt\" width=\"438\">Evaluaci\u00f3n de estimulantes de crecimiento en etapas productivas de cerdos de engorde<\/td><td style=\"width: 219pt\" width=\"292\">Mej\u00eda Chanaluisa Kl\u00e9ber Fernando<\/td><\/tr><tr style=\"height: 31.5pt\"><td style=\"height: 31.5pt;width: 219pt\" width=\"292\" height=\"42\">Extensi\u00f3n El Carmen<\/td><td style=\"width: 178pt\" width=\"237\">Ingenier\u00eda Agropecuaria<\/td><td style=\"width: 329pt\" width=\"438\">Manejo sostenible y seguridad alimentaria del cultivo de mus\u00e1ceas en Ecuador<\/td><td style=\"width: 219pt\" width=\"292\">Vivas Cede\u00f1o Jorge Sifrido<\/td><\/tr><tr style=\"height: 15.75pt\"><td style=\"height: 15.75pt;width: 219pt\" width=\"292\" height=\"21\">Extensi\u00f3n El Carmen<\/td><td style=\"width: 178pt\" width=\"237\">Ingenier\u00eda Agropecuaria<\/td><td style=\"width: 329pt\" width=\"438\">Proyecto educativo e investigativo de piscicultura<\/td><td style=\"width: 219pt\" width=\"292\">J\u00e1come G\u00f3mez Janeth Roc\u00edo<\/td><\/tr><tr style=\"height: 31.5pt\"><td style=\"height: 31.5pt;width: 219pt\" width=\"292\" height=\"42\">Extensi\u00f3n El Carmen<\/td><td style=\"width: 178pt\" width=\"237\">Ingenier\u00eda Agropecuaria<\/td><td style=\"width: 329pt\" width=\"438\">Proyecto formativo e investigativo en la producci\u00f3n y gesti\u00f3n sostenible de especies menores<\/td><td style=\"width: 219pt\" width=\"292\">J\u00e1come G\u00f3mez Janeth Roc\u00edo<\/td><\/tr><tr style=\"height: 47.25pt\"><td style=\"height: 47.25pt;width: 219pt\" width=\"292\" height=\"63\">Extensi\u00f3n El Carmen<\/td><td style=\"width: 178pt\" width=\"237\">Tecnolog\u00edas de la Informaci\u00f3n<\/td><td style=\"width: 329pt\" width=\"438\">Tecnolog\u00edas de la informaci\u00f3n y comunicaci\u00f3n para la gesti\u00f3n en los sectores econ\u00f3micos en la parte norte de la zona 4 y sus sectores de influencia<\/td><td style=\"width: 219pt\" width=\"292\">Mora Marcillo Alex Bladimir<\/td><\/tr><tr style=\"height: 47.25pt\"><td style=\"height: 47.25pt;width: 219pt\" width=\"292\" height=\"63\">Extensi\u00f3n Pedernales<\/td><td style=\"width: 178pt\" width=\"237\">Administraci\u00f3n de Empresas<\/td><td style=\"width: 329pt\" width=\"438\">Estudio de emprendimientos y negocios populares, como estrategia para fomentar el desarrollo sostenible en la zona 4, caso Pedernales<\/td><td style=\"width: 219pt\" width=\"292\">V\u00e9lez Falcones Ana Cecilia<\/td><\/tr><tr style=\"height: 47.25pt\"><td style=\"height: 47.25pt;width: 219pt\" width=\"292\" height=\"63\">Extensi\u00f3n Pedernales<\/td><td style=\"width: 178pt\" width=\"237\">Administraci\u00f3n de Empresas<\/td><td style=\"width: 329pt\" width=\"438\">Fortalecimiento de emprendimientos liderados por mujeres en el cant\u00f3n Pedernales y su impacto en el desarrollo econ\u00f3mico y social de la regi\u00f3n<\/td><td style=\"width: 219pt\" width=\"292\">Aguilar M\u00e9ndez Denisse Loreth<\/td><\/tr><tr style=\"height: 31.5pt\"><td style=\"height: 31.5pt;width: 219pt\" width=\"292\" height=\"42\">Extensi\u00f3n Pedernales<\/td><td style=\"width: 178pt\" width=\"237\">Arquitectura<\/td><td style=\"width: 329pt\" width=\"438\">Estrategias para la implementaci\u00f3n de la arquitectura y urbanismo sostenible en la costa norte de Ecuador.<\/td><td style=\"width: 219pt\" width=\"292\">Baque Sol\u00eds Byron Sim\u00f3n\u00a0<\/td><\/tr><tr style=\"height: 63.0pt\"><td style=\"height: 63.0pt;width: 219pt\" width=\"292\" height=\"84\">Extensi\u00f3n Pedernales<\/td><td style=\"width: 178pt\" width=\"237\">Arquitectura<\/td><td style=\"width: 329pt\" width=\"438\">Innovaci\u00f3n y Sostenibilidad: Aportes Antropol\u00f3gicos, Arquitect\u00f3nicos y Urban\u00edsticos para la Transformaci\u00f3n Participativa de comunidades en los cantones de Pedernales y Jama<\/td><td style=\"width: 219pt\" width=\"292\">Baque Sol\u00eds Byron Sim\u00f3n\u00a0<\/td><\/tr><tr style=\"height: 63.0pt\"><td style=\"height: 63.0pt;width: 219pt\" width=\"292\" height=\"84\">Extensi\u00f3n Pedernales<\/td><td style=\"width: 178pt\" width=\"237\">Arquitectura<\/td><td style=\"width: 329pt\" width=\"438\">Reforestaci\u00f3n y Bioconstrucci\u00f3n en<br \/>Cuencas: Estrategias para la Restauraci\u00f3n Ambiental y Desarrollo<br \/>Sostenible en Manab\u00ed<\/td><td style=\"width: 219pt\" width=\"292\">Baque Sol\u00eds Byron Sim\u00f3n\u00a0<\/td><\/tr><tr style=\"height: 31.5pt\"><td style=\"height: 31.5pt;width: 219pt\" width=\"292\" height=\"42\">Extensi\u00f3n Pedernales<\/td><td style=\"width: 178pt\" width=\"237\">Biolog\u00eda<\/td><td style=\"width: 329pt\" width=\"438\">Aviturismo en la l\u00ednea equinoccial, una estrategia para la conservaci\u00f3n y el desarrollo tur\u00edstico del cant\u00f3n Pedernales<\/td><td style=\"width: 219pt\" width=\"292\">Mera Bravo Eliana Pilar<\/td><\/tr><tr style=\"height: 31.5pt\"><td style=\"height: 31.5pt;width: 219pt\" width=\"292\" height=\"42\">Extensi\u00f3n Pedernales<\/td><td style=\"width: 178pt\" width=\"237\">Biolog\u00eda<\/td><td style=\"width: 329pt\" width=\"438\">Biodiversidad del sistema de parches coralinos en la zona norte de Manab\u00ed<\/td><td style=\"width: 219pt\" width=\"292\">Madrid Jim\u00e9nez Luis Alberto<\/td><\/tr><tr style=\"height: 31.5pt\"><td style=\"height: 31.5pt;width: 219pt\" width=\"292\" height=\"42\">Extensi\u00f3n Pedernales<\/td><td style=\"width: 178pt\" width=\"237\">Biolog\u00eda<\/td><td style=\"width: 329pt\" width=\"438\">Ecolog\u00eda del Capuchino blanco Ecuatoriano (Cebus aequatorialis) en la zona norte de Manab\u00ed.<\/td><td style=\"width: 219pt\" width=\"292\">Madrid Jim\u00e9nez Luis Alberto<\/td><\/tr><tr style=\"height: 47.25pt\"><td style=\"height: 47.25pt;width: 219pt\" width=\"292\" height=\"63\">Extensi\u00f3n Pedernales<\/td><td>Educaci\u00f3n B\u00e1sica<\/td><td style=\"width: 329pt\" width=\"438\">Estrategias metodol\u00f3gicas tecnol\u00f3gicas, pedag\u00f3gicas y andrag\u00f3gicas para estimular a estudiantes y formar docentes en educaci\u00f3n<\/td><td style=\"width: 219pt\" width=\"292\">Cobe\u00f1a Napa Miguel \u00c1ngel<\/td><\/tr><tr style=\"height: 47.25pt\"><td style=\"height: 47.25pt;width: 219pt\" width=\"292\" height=\"63\">Extensi\u00f3n Pedernales<\/td><td>Enfermer\u00eda<\/td><td style=\"width: 329pt\" width=\"438\">La salud como un factor determinante del rendimiento acad\u00e9mico y administrativo de la comunidad universitaria ULEAM, extensi\u00f3n Pedernales<\/td><td style=\"width: 219pt\" width=\"292\">Cobo Chica Jorge Andr\u00e9s<\/td><\/tr><tr style=\"height: 47.25pt\"><td style=\"height: 47.25pt;width: 219pt\" width=\"292\" height=\"63\">Extensi\u00f3n Pedernales<\/td><td style=\"width: 178pt\" width=\"237\">Ingenier\u00eda Agropecuaria<\/td><td style=\"width: 329pt\" width=\"438\">Desarrollo integral de cacao (Theobroma cacao L.) de dos variedades fino de aroma y CCN51 en la estaci\u00f3n experimental \u00a8Latitud 0\u00a8 parroquia Cojim\u00edes, cant\u00f3n Pedernales<\/td><td style=\"width: 219pt\" width=\"292\">Mac\u00edas Chila Ram\u00f3n Ra\u00fal<\/td><\/tr><tr style=\"height: 47.25pt\"><td style=\"height: 47.25pt;width: 219pt\" width=\"292\" height=\"63\">Extensi\u00f3n Pedernales<\/td><td style=\"width: 178pt\" width=\"237\">Ingenier\u00eda Agropecuaria<\/td><td style=\"width: 329pt\" width=\"438\">Evaluaci\u00f3n del comportamiento agron\u00f3mico de h\u00edbridos interespec\u00edficos de palma aceitera (Elaeis guineensis), en el bosque pie montano, tropical h\u00famedo.<\/td><td style=\"width: 219pt\" width=\"292\">Zamora Mac\u00edas Segundo Pablo<\/td><\/tr><tr style=\"height: 31.5pt\"><td style=\"height: 31.5pt;width: 219pt\" width=\"292\" height=\"42\">Extensi\u00f3n Pedernales<\/td><td style=\"width: 178pt\" width=\"237\">Turismo<\/td><td style=\"width: 329pt\" width=\"438\">El arqueoturismo como producto tur\u00edstico innovador para el desarrollo end\u00f3geno del cant\u00f3n Pedernales<\/td><td style=\"width: 219pt\" width=\"292\">Alc\u00edvar Vera Isidro Ignacio<\/td><\/tr><tr style=\"height: 15.75pt\"><td style=\"height: 15.75pt;width: 219pt\" width=\"292\" height=\"21\">Ingenieria, Industria y Arquitectura<\/td><td style=\"width: 178pt\" width=\"237\">Arquitectura<\/td><td style=\"width: 329pt\" width=\"438\">Desarrollo territorial y gesti\u00f3n urbana sostenible.<\/td><td style=\"width: 219pt\" width=\"292\">Cede\u00f1o Zambrano H\u00e9ctor Gonzalo<\/td><\/tr><tr style=\"height: 31.5pt\"><td style=\"height: 31.5pt;width: 219pt\" width=\"292\" height=\"42\">Ingenieria, Industria y Arquitectura<\/td><td style=\"width: 178pt\" width=\"237\">Arquitectura<\/td><td style=\"width: 329pt\" width=\"438\">Estudio bioclim\u00e1tico de las infraestructuras de uso p\u00fablico en la ciudad de Manta y Portoviejo.<\/td><td style=\"width: 219pt\" width=\"292\">Cede\u00f1o Zambrano H\u00e9ctor Gonzalo<\/td><\/tr><tr style=\"height: 47.25pt\"><td style=\"height: 47.25pt;width: 219pt\" width=\"292\" height=\"63\">Ingenieria, Industria y Arquitectura<\/td><td style=\"width: 178pt\" width=\"237\">Arquitectura<\/td><td style=\"width: 329pt\" width=\"438\">Paisaje urbano hist\u00f3rico: Aplicaci\u00f3n de la recomendaci\u00f3n del paisaje urbano hist\u00f3rico (PUH) en Manab\u00ed. Identidad y cultural<\/td><td style=\"width: 219pt\" width=\"292\">Mendoza Ch\u00e1vez Alejandro Javier<\/td><\/tr><tr style=\"height: 31.5pt\"><td style=\"height: 31.5pt;width: 219pt\" width=\"292\" height=\"42\">Ingenieria, Industria y Arquitectura<\/td><td style=\"width: 178pt\" width=\"237\">Arquitectura<\/td><td style=\"width: 329pt\" width=\"438\">Repensando el Territorio: Manab\u00ed. Comunidades sostenibles y resilientes.<\/td><td style=\"width: 219pt\" width=\"292\">Moreira Zambrano Valeria Alejandra<\/td><\/tr><tr style=\"height: 31.5pt\"><td style=\"height: 31.5pt;width: 219pt\" width=\"292\" height=\"42\">Ingenieria, Industria y Arquitectura<\/td><td style=\"width: 178pt\" width=\"237\">Arquitectura<\/td><td style=\"width: 329pt\" width=\"438\">Transformaci\u00f3n de la forma y funci\u00f3n de las especies de vivienda urbana Manabita.<\/td><td style=\"width: 219pt\" width=\"292\">Cede\u00f1o Villavicencio Janeth Augusta<\/td><\/tr><tr style=\"height: 31.5pt\"><td style=\"height: 31.5pt;width: 219pt\" width=\"292\" height=\"42\">Ingenieria, Industria y Arquitectura<\/td><td style=\"width: 178pt\" width=\"237\">Arquitectura<\/td><td style=\"width: 329pt\" width=\"438\">Uso e implementaci\u00f3n de sistemas constructivos sostenibles para el desarrollo de Ecocomunidades.<\/td><td style=\"width: 219pt\" width=\"292\">Cede\u00f1o Zambrano H\u00e9ctor Gonzalo<\/td><\/tr><tr style=\"height: 47.25pt\"><td style=\"height: 47.25pt;width: 219pt\" width=\"292\" height=\"63\">Ingenieria, Industria y Arquitectura<\/td><td style=\"width: 178pt\" width=\"237\">Ingenier\u00eda Civil<\/td><td style=\"width: 329pt\" width=\"438\">Correlaci\u00f3n entre el N-SPT y la velocidad de ondas de corte (Vs) para la determinaci\u00f3n de par\u00e1metros geot\u00e9cnicos. Caso de estudio: Predio de la Uleam<\/td><td style=\"width: 219pt\" width=\"292\">Oleas Escalante Marcelo Fabricio<\/td><\/tr><tr style=\"height: 63.0pt\"><td style=\"height: 63.0pt;width: 219pt\" width=\"292\" height=\"84\">Ingenieria, Industria y Arquitectura<\/td><td style=\"width: 178pt\" width=\"237\">Ingenier\u00eda Civil<\/td><td style=\"width: 329pt\" width=\"438\">Determinaci\u00f3n de niveles de desempe\u00f1o y caracterizaci\u00f3n de da\u00f1o en muros de mortero armados con malla electrosoldada para el reforzamiento de estructuras de H.A. de hasta 5 pisos<\/td><td style=\"width: 219pt\" width=\"292\">Rodr\u00edguez Andrade Yuri Mauricio<\/td><\/tr><tr style=\"height: 31.5pt\"><td style=\"height: 31.5pt;width: 219pt\" width=\"292\" height=\"42\">Ingenieria, Industria y Arquitectura<\/td><td style=\"width: 178pt\" width=\"237\">Ingenier\u00eda Civil<\/td><td style=\"width: 329pt\" width=\"438\">Diagn\u00f3stico y mejoramiento de la eficiencia de uso del agua en los sistemas de riego<\/td><td style=\"width: 219pt\" width=\"292\">P\u00e9rez Leira Ram\u00f3n<\/td><\/tr><tr style=\"height: 47.25pt\"><td style=\"height: 47.25pt;width: 219pt\" width=\"292\" height=\"63\">Ingenieria, Industria y Arquitectura<\/td><td style=\"width: 178pt\" width=\"237\">Ingenier\u00eda Civil<\/td><td style=\"width: 329pt\" width=\"438\">Energ\u00eda Undimotriz: Una soluci\u00f3n sostenible para la generaci\u00f3n el\u00e9ctrica en Ecuador. Proyecto interinstitucional CEDIA<\/td><td style=\"width: 219pt\" width=\"292\">Cabrera Estupi\u00f1an Eric\u00a0<\/td><\/tr><tr style=\"height: 15.75pt\"><td style=\"height: 15.75pt;width: 219pt\" width=\"292\" height=\"21\">Ingenieria, Industria y Arquitectura<\/td><td style=\"width: 178pt\" width=\"237\">Ingenier\u00eda Civil<\/td><td style=\"width: 329pt\" width=\"438\">Estudio de habitabilidad social en la provincia de Manab\u00ed<\/td><td style=\"width: 219pt\" width=\"292\">Dom\u00ednguez Guti\u00e9rrez Jacqueline<\/td><\/tr><tr style=\"height: 63.0pt\"><td style=\"height: 63.0pt;width: 219pt\" width=\"292\" height=\"84\">Ingenieria, Industria y Arquitectura<\/td><td style=\"width: 178pt\" width=\"237\">Ingenier\u00eda Civil<\/td><td style=\"width: 329pt\" width=\"438\">Extracci\u00f3n de nano-s\u00edlice y quitosano a partir de desechos agroindustriales como cascarilla de arroz, hoja de bamb\u00fa y caparazones de camar\u00f3n, para fabricaci\u00f3n de hormig\u00f3n Eco Amigable.<\/td><td style=\"width: 219pt\" width=\"292\">Mohammadfarid Alvansazyazdi<\/td><\/tr><tr style=\"height: 31.5pt\"><td style=\"height: 31.5pt;width: 219pt\" width=\"292\" height=\"42\">Ingenieria, Industria y Arquitectura<\/td><td style=\"width: 178pt\" width=\"237\">Ingenier\u00eda Civil<\/td><td style=\"width: 329pt\" width=\"438\">Observatorio de los ecosistemas para la sostenibilidad del recurso h\u00eddrico<\/td><td style=\"width: 219pt\" width=\"292\">Delgado Castro Carlos Geovanny<\/td><\/tr><tr style=\"height: 47.25pt\"><td style=\"height: 47.25pt;width: 219pt\" width=\"292\" height=\"63\">Ingenieria, Industria y Arquitectura<\/td><td style=\"width: 178pt\" width=\"237\">Ingenier\u00eda Civil<\/td><td style=\"width: 329pt\" width=\"438\">Tecnolog\u00edas de software integradoras enfocadas a la comunicaci\u00f3n acad\u00e9mica y cient\u00edfico \u2013 t\u00e9cnica, reproducible, automatizada y reutilizable.<\/td><td style=\"width: 219pt\" width=\"292\">Cabrera Estupi\u00f1an Eric<\/td><\/tr><tr style=\"height: 31.5pt\"><td style=\"height: 31.5pt;width: 219pt\" width=\"292\" height=\"42\">Ingenieria, Industria y Arquitectura<\/td><td style=\"width: 178pt\" width=\"237\">Ingenier\u00eda El\u00e9ctrica<\/td><td style=\"width: 329pt\" width=\"438\">An\u00e1lisis de la situaci\u00f3n actual y desarrollo de propuesta para implementaci\u00f3n de campus sustentable Uleam matriz.<\/td><td style=\"width: 219pt\" width=\"292\">Pazmi\u00f1o Ord\u00f3\u00f1ez Iv\u00e1n Patricio<\/td><\/tr><tr style=\"height: 47.25pt\"><td style=\"height: 47.25pt;width: 219pt\" width=\"292\" height=\"63\">Ingenieria, Industria y Arquitectura<\/td><td style=\"width: 178pt\" width=\"237\">Ingenier\u00eda El\u00e9ctrica<\/td><td style=\"width: 329pt\" width=\"438\">An\u00e1lisis de los recursos energ\u00e9ticos en los cantones de Manta, Montecristi y Jaramij\u00f3 con fines de generaci\u00f3n el\u00e9ctrica<\/td><td style=\"width: 219pt\" width=\"292\">Ponce Jara Marcos<\/td><\/tr><tr style=\"height: 31.5pt\"><td style=\"height: 31.5pt;width: 219pt\" width=\"292\" height=\"42\">Ingenieria, Industria y Arquitectura<\/td><td style=\"width: 178pt\" width=\"237\">Ingenier\u00eda El\u00e9ctrica<\/td><td style=\"width: 329pt\" width=\"438\">Evaluaci\u00f3n del desempe\u00f1o energ\u00e9tico en edificios de la ULEAM.<\/td><td style=\"width: 219pt\" width=\"292\">Rodr\u00edguez Olivera Juan Luis<\/td><\/tr><tr style=\"height: 15.75pt\"><td style=\"height: 15.75pt;width: 219pt\" width=\"292\" height=\"21\">Ingenieria, Industria y Arquitectura<\/td><td style=\"width: 178pt\" width=\"237\">Ingenier\u00eda El\u00e9ctrica<\/td><td style=\"width: 329pt\" width=\"438\">Observatorio de energ\u00eda y sostenibilidad<\/td><td style=\"width: 219pt\" width=\"292\">Ponce Jara Marcos<\/td><\/tr><tr style=\"height: 47.25pt\"><td style=\"height: 47.25pt;width: 219pt\" width=\"292\" height=\"63\">Ingenieria, Industria y Arquitectura<\/td><td style=\"width: 178pt\" width=\"237\">Ingenier\u00eda Industrial<\/td><td style=\"width: 329pt\" width=\"438\">Aplicaci\u00f3n de matem\u00e1tica neutros\u00f3fica en la toma de decisiones multicriterios en procesos claves de gesti\u00f3n en cadenas de suministros resilientes, sostenibles y circulares<\/td><td style=\"width: 219pt\" width=\"292\">Zavala Alc\u00edvar Antonio Xavier<\/td><\/tr><tr style=\"height: 31.5pt\"><td style=\"height: 31.5pt;width: 219pt\" width=\"292\" height=\"42\">Ingenieria, Industria y Arquitectura<\/td><td style=\"width: 178pt\" width=\"237\">Ingenier\u00eda Industrial<\/td><td style=\"width: 329pt\" width=\"438\">Estrategias de Sostenibilidad en econom\u00eda circular\u00a0 comunitaria para la industrializaci\u00f3n y el\u00a0 autoempleo<\/td><td style=\"width: 219pt\" width=\"292\">Zambrano Rold\u00e1n Karen Estefan\u00eda<\/td><\/tr><tr style=\"height: 47.25pt\"><td style=\"height: 47.25pt;width: 219pt\" width=\"292\" height=\"63\">Ingenieria, Industria y Arquitectura<\/td><td style=\"width: 178pt\" width=\"237\">Ingenier\u00eda Industrial<\/td><td style=\"width: 329pt\" width=\"438\">Exposici\u00f3n a mercurio de poblaciones vulnerables de Ecuador: an\u00e1lisis de factores de riesgo y propuestas para su reducci\u00f3n.\u00a0<\/td><td style=\"width: 219pt\" width=\"292\">Vera Mendoza Marcos Boanerge<\/td><\/tr><tr style=\"height: 31.5pt\"><td style=\"height: 31.5pt;width: 219pt\" width=\"292\" height=\"42\">Ingenieria, Industria y Arquitectura<\/td><td style=\"width: 178pt\" width=\"237\">Ingenier\u00eda Industrial<\/td><td style=\"width: 329pt\" width=\"438\">Teletrabajo, riesgos y oportunidades dentro de los sectores p\u00fablicos y privados en la zona 4 Ecuador<\/td><td style=\"width: 219pt\" width=\"292\">Bermeo Reyes Jos\u00e9 Tranquilino<\/td><\/tr><tr style=\"height: 47.25pt\"><td style=\"height: 47.25pt;width: 219pt\" width=\"292\" height=\"63\">Ingenieria, Industria y Arquitectura<\/td><td style=\"width: 178pt\" width=\"237\">Ingenier\u00eda Mar\u00edtima<\/td><td style=\"width: 329pt\" width=\"438\">Desarrollo y aplicaci\u00f3n de materiales compuestos sostenibles para la construcci\u00f3n de embarcaciones artesanales en el sector pesquero de Manab\u00ed.\u00a0<\/td><td style=\"width: 219pt\" width=\"292\">Paredes Mera Francisco Javier<\/td><\/tr><tr style=\"height: 47.25pt\"><td style=\"height: 47.25pt;width: 219pt\" width=\"292\" height=\"63\">Ingenieria, Industria y Arquitectura<\/td><td style=\"width: 178pt\" width=\"237\">Ingenier\u00eda Mar\u00edtima<\/td><td style=\"width: 329pt\" width=\"438\">Estudio, dise\u00f1o y construcci\u00f3n de un sistema de tratamiento de aguas oleosas para buques pesqueros entre 200 a 400 TRB<\/td><td style=\"width: 219pt\" width=\"292\">Alem\u00e1n Garc\u00eda Mercedes<\/td><\/tr><tr style=\"height: 45.0pt\"><td style=\"height: 45.0pt;width: 219pt\" width=\"292\" height=\"60\">Unidad Acad\u00e9mica de Formaci\u00f3n T\u00e9cnica y Tecnol\u00f3gica, Educaci\u00f3n Virtual y Otras Modalidades de Estudio<\/td><td style=\"width: 178pt\" width=\"237\">Tecnolog\u00eda Superior en Riego y Producci\u00f3n Agr\u00edcola<\/td><td style=\"width: 329pt\" width=\"438\">Aplicaci\u00f3n de tecnolog\u00edas en riego y producci\u00f3n agr\u00edcola de la zona norte de la provincia de Manab\u00ed<\/td><td style=\"width: 219pt\" width=\"292\">Medranda Vera Edison Fabi\u00e1n<\/td><\/tr><\/tbody><\/table>\t\t\t\t\t\t\t\t<\/div>\n\t\t\t\t<\/div>\n\t\t\t\t\t<\/div>\n\t\t<\/div>\n\t\t\t\t\t<\/div>\n\t\t<\/section>\n\t\t\t\t<section class=\"elementor-section elementor-top-section elementor-element elementor-element-e6cf808 elementor-section-boxed elementor-section-height-default elementor-section-height-default\" data-id=\"e6cf808\" data-element_type=\"section\">\n\t\t\t\t\t\t<div class=\"elementor-container elementor-column-gap-default\">\n\t\t\t\t\t<div class=\"elementor-column elementor-col-100 elementor-top-column elementor-element elementor-element-9515727\" data-id=\"9515727\" data-element_type=\"column\">\n\t\t\t<div class=\"elementor-widget-wrap\">\n\t\t\t\t\t\t\t<\/div>\n\t\t<\/div>\n\t\t\t\t\t<\/div>\n\t\t<\/section>\n\t\t\t\t<section class=\"elementor-section elementor-top-section elementor-element elementor-element-8972395 elementor-section-boxed elementor-section-height-default elementor-section-height-default\" data-id=\"8972395\" data-element_type=\"section\">\n\t\t\t\t\t\t<div class=\"elementor-container elementor-column-gap-default\">\n\t\t\t\t\t<div class=\"elementor-column elementor-col-100 elementor-top-column elementor-element elementor-element-6dd67d9\" data-id=\"6dd67d9\" data-element_type=\"column\">\n\t\t\t<div class=\"elementor-widget-wrap elementor-element-populated\">\n\t\t\t\t\t\t\t<\/div>\n\t\t<\/div>\n\t\t\t\t\t<\/div>\n\t\t<\/section>\n\t\t\t\t<\/div>\n\t\t","protected":false},"excerpt":{"rendered":"<p>FACULTAD CARRERA PROYECTO DIRECTOR DE PROYECTO Ciencias Administrativas, Contables y\u00a0 Comercio Administraci\u00f3n de Empresas \u00bfC\u00f3mo y para qu\u00e9 navegamos los latinoamericanos en Internet? Diferencias de acuerdo con los grupos generacionales en Latinoam\u00e9rica,<a class=\"moretag\" href=\"https:\/\/departamentos.uleam.edu.ec\/investigacion\/programas-y-proyectos\/\">Leer m\u00e1s&#8230;<\/a><\/p>\n","protected":false},"author":47,"featured_media":0,"parent":0,"menu_order":0,"comment_status":"closed","ping_status":"closed","template":"","meta":{"footnotes":"","_links_to":"","_links_to_target":""},"class_list":["post-445","page","type-page","status-publish","hentry"],"_links":{"self":[{"href":"https:\/\/departamentos.uleam.edu.ec\/investigacion\/wp-json\/wp\/v2\/pages\/445","targetHints":{"allow":["GET"]}}],"collection":[{"href":"https:\/\/departamentos.uleam.edu.ec\/investigacion\/wp-json\/wp\/v2\/pages"}],"about":[{"href":"https:\/\/departamentos.uleam.edu.ec\/investigacion\/wp-json\/wp\/v2\/types\/page"}],"author":[{"embeddable":true,"href":"https:\/\/departamentos.uleam.edu.ec\/investigacion\/wp-json\/wp\/v2\/users\/47"}],"replies":[{"embeddable":true,"href":"https:\/\/departamentos.uleam.edu.ec\/investigacion\/wp-json\/wp\/v2\/comments?post=445"}],"version-history":[{"count":156,"href":"https:\/\/departamentos.uleam.edu.ec\/investigacion\/wp-json\/wp\/v2\/pages\/445\/revisions"}],"predecessor-version":[{"id":4662,"href":"https:\/\/departamentos.uleam.edu.ec\/investigacion\/wp-json\/wp\/v2\/pages\/445\/revisions\/4662"}],"wp:attachment":[{"href":"https:\/\/departamentos.uleam.edu.ec\/investigacion\/wp-json\/wp\/v2\/media?parent=445"}],"curies":[{"name":"wp","href":"https:\/\/api.w.org\/{rel}","templated":true}]}}