{"id":2471,"date":"2018-08-30T16:42:45","date_gmt":"2018-08-30T16:42:45","guid":{"rendered":"http:\/\/departamentos.uleam.edu.ec\/vinculacion-colectividad\/?page_id=2471"},"modified":"2019-08-30T16:10:08","modified_gmt":"2019-08-30T21:10:08","slug":"proyectos-2016-2","status":"publish","type":"page","link":"https:\/\/departamentos.uleam.edu.ec\/vinculacion-colectividad\/proyectos-2016-2\/","title":{"rendered":"Proyectos de vinculaci\u00f3n (matriz) 2016"},"content":{"rendered":"<p style=\"text-align: center\"><span style=\"color: #000000\"><strong>Proyectos de Vinculaci\u00f3n (Matriz) 2016<\/strong><\/span><\/p>\n<table style=\"height: 129px\" width=\"695\">\n<tbody>\n<tr>\n<td width=\"34\"><span style=\"color: #000000\"><strong>N\u00b0<\/strong><\/span><\/td>\n<td width=\"486\"><span style=\"color: #000000\"><b>Proyecto<\/b><\/span><\/td>\n<td width=\"82\"><span style=\"color: #000000\"><b>Carrera<\/b><\/span><\/td>\n<\/tr>\n<tr>\n<td style=\"text-align: justify\" width=\"34\"><span style=\"color: #000000\"><strong>1<\/strong><\/span><\/td>\n<td style=\"text-align: justify\" width=\"486\"><span style=\"color: #000000\">Reinsertaci\u00f3n en el colectivo social a los pacientes usuarios de la comunidad terapeutica \u00bb Libres por Jesucristo\u00bb de la Ciudad de Manta, mediante capacitaci\u00f3n t\u00e9cnica interdisciplinaria .<\/span><\/td>\n<td style=\"text-align: justify\" width=\"82\"><span style=\"color: #000000\">Arquitectura<\/span><\/td>\n<\/tr>\n<tr style=\"text-align: justify\">\n<td width=\"34\"><span style=\"color: #000000\"><b>2<\/b><\/span><\/td>\n<td width=\"486\"><span style=\"color: #000000\">Mejoramiento de la calidad de vida de los pescadores artesanales y sus familias en San Mateo y Jaramij\u00f3 a trav\u00e9s del fortalecimiento de sus capacidades t\u00e9cnicas interdisciplinarias, habilidades y destrezas.<\/span><\/td>\n<td width=\"82\"><span style=\"color: #000000\">Arquitectura<\/span><\/td>\n<\/tr>\n<tr style=\"text-align: justify\">\n<td width=\"34\"><span style=\"color: #000000\"><b>3<\/b><\/span><\/td>\n<td width=\"486\"><span style=\"color: #000000\">Fortalecimiento de capacidades t\u00e9cnicas, habilidades y destrezas para maestros de construcci\u00f3n de edificaciones en la ciudad de Manta.<\/span><\/td>\n<td width=\"82\"><span style=\"color: #000000\">Arquitectura<\/span><\/td>\n<\/tr>\n<tr style=\"text-align: justify\">\n<td width=\"34\"><span style=\"color: #000000\"><b>4<\/b><\/span><\/td>\n<td width=\"486\"><span style=\"color: #000000\">Estrategias de Mraketing para la comercializaci\u00f3n de dulces artesanales en la Unidad de educaci\u00f3n especializada Ang\u00e9lica Flores Zambrano<\/span><\/td>\n<td width=\"82\"><span style=\"color: #000000\">Ciencias Administrativas<\/span><\/td>\n<\/tr>\n<tr style=\"text-align: justify\">\n<td width=\"34\"><span style=\"color: #000000\"><b>5<\/b><\/span><\/td>\n<td width=\"486\"><span style=\"color: #000000\">\u00a0Mejoramiento de las potencialidades em mercadotecnia, atenci\u00f3n y servicio al cliente con el sector artesanal y las Asociaciones de comerciantes de los cantones Manta, Jaramij\u00f3 y Montecristi de la Provincia de Manab\u00ed.<\/span><\/td>\n<td width=\"82\"><span style=\"color: #000000\">Ciencias Administrativas<\/span><\/td>\n<\/tr>\n<tr style=\"text-align: justify\">\n<td width=\"34\"><span style=\"color: #000000\"><b>6<\/b><\/span><\/td>\n<td width=\"486\"><span style=\"color: #000000\">Fortalecimiento socioecon\u00f3mico de los emprendimientos de artesanos y comerciantes formales del Cant\u00f3n Montecristi.<\/span><\/td>\n<td width=\"82\"><span style=\"color: #000000\">Ciencias Administrativas<\/span><\/td>\n<\/tr>\n<tr>\n<td style=\"text-align: justify\" width=\"34\"><span style=\"color: #000000\"><b>7<\/b><\/span><\/td>\n<td style=\"text-align: justify\" width=\"486\"><span style=\"color: #000000\">Creaci\u00f3n de la red Mi tienda junto a ti, para lograr el fortalecimiento de la situaci\u00f3n socioecon\u00f3mica de los due\u00f1os de tiendas del cant\u00f3n Manta con recuerdos de los productores y apoyo del Gad\u00a0 2015-2016<\/span><\/td>\n<td width=\"82\"><span style=\"color: #000000\">Ciencias Administrativas<\/span><\/td>\n<\/tr>\n<tr>\n<td style=\"text-align: justify\" width=\"34\"><span style=\"color: #000000\"><b>8<\/b><\/span><\/td>\n<td style=\"text-align: justify\" width=\"486\"><span style=\"color: #000000\">Fortalecimiento de las buenas pr\u00e1cticas de manufactura en la conservaci\u00f3n y valor agregado en productos derivados del mar y agr\u00edcola del sector artesanal de la parroquia San Mateo.\u00a0<\/span><\/td>\n<td style=\"text-align: justify\" width=\"82\"><span style=\"color: #000000\">Ciencias Agropecuarias<\/span><\/td>\n<\/tr>\n<tr style=\"text-align: justify\">\n<td width=\"34\"><span style=\"color: #000000\"><b>9<\/b><\/span><\/td>\n<td width=\"486\"><span style=\"color: #000000\">Producci\u00f3n e implementaci\u00f3n sostenibles de huertos org\u00e1nicos familiares como alternativa de desarrollo socioecon\u00f3mico, para los pescadores del puerto pesquero artesanal del cant\u00f3n Jaramij\u00f3, Provincia de Manab\u00ed.<\/span><\/td>\n<td width=\"82\"><span style=\"color: #000000\">Ciencias Agropecuarias<\/span><\/td>\n<\/tr>\n<tr>\n<td style=\"text-align: justify\" width=\"34\"><span style=\"color: #000000\"><b>10<\/b><\/span><\/td>\n<td style=\"text-align: justify\" width=\"486\"><span style=\"color: #000000\">Asesoramiento t\u00e9cnico y legislativo para la conservaci\u00f3n de los ecosistemas terrestres y marinos de la franja costera de los cantones Manta y Jaramij\u00f3.<\/span><\/td>\n<td width=\"82\"><span style=\"color: #000000\">Ciencias Agropecuarias<\/span><\/td>\n<\/tr>\n<tr>\n<td width=\"34\"><span style=\"color: #000000\"><b>11<\/b><\/span><\/td>\n<td width=\"486\"><span style=\"color: #000000\">Las herramientas comunicacionales y la econom\u00eda popular y solidaria de Manab\u00ed.\u00a0<\/span><\/td>\n<td width=\"82\"><span style=\"color: #000000\">Ciencias de la Comunicaci\u00f3n<\/span><\/td>\n<\/tr>\n<tr>\n<td width=\"34\"><span style=\"color: #000000\"><b>12<\/b><\/span><\/td>\n<td style=\"text-align: justify\" width=\"486\"><span style=\"color: #000000\">Desarrollo de las competencias laborales para propiciar la reducci\u00f3n de la cadena de valor en la comercializaci\u00f3n del sombrero de paja toquilla, en el sitio la solita, del cant\u00f3n Montecristi.<\/span><\/td>\n<td width=\"82\"><span style=\"color: #000000\">Ciencias Econ\u00f3micas<\/span><\/td>\n<\/tr>\n<tr>\n<td width=\"34\"><span style=\"color: #000000\"><b>13<\/b><\/span><\/td>\n<td style=\"text-align: justify\" width=\"486\"><span style=\"color: #000000\">Fortalecimiento de una cultura empresarial para el desarrollo comercial de los subsectores productivos de la Provincia de Manab\u00ed.<\/span><\/td>\n<td width=\"82\"><span style=\"color: #000000\">Ciencias Econ\u00f3micas<\/span><\/td>\n<\/tr>\n<tr>\n<td width=\"34\"><span style=\"color: #000000\"><b>14<\/b><\/span><\/td>\n<td style=\"text-align: justify\" width=\"486\"><span style=\"color: #000000\">Actividad f\u00edsica deportes y recreaci\u00f3n para la detenci\u00f3n de talentos deportivos en los ni\u00f1os\/as de la educaci\u00f3n b\u00e1sica general de las Escuelas de los cantones Manta, Montecristi y Jaramij\u00f3.<\/span><\/td>\n<td width=\"82\"><span style=\"color: #000000\">Ciencias de la Educaci\u00f3n<\/span><\/td>\n<\/tr>\n<tr>\n<td width=\"34\"><span style=\"color: #000000\"><b>15<\/b><\/span><\/td>\n<td width=\"486\"><span style=\"color: #000000\">Actividad f\u00edsica y recreativa en el adulto mayor del cant\u00f3n Manta.<\/span><\/td>\n<td width=\"82\"><span style=\"color: #000000\">Ciencias de la Educaci\u00f3n<\/span><\/td>\n<\/tr>\n<tr>\n<td width=\"34\"><span style=\"color: #000000\"><b>16<\/b><\/span><\/td>\n<td style=\"text-align: justify\" width=\"486\"><span style=\"color: #000000\">Desarrollo de pr\u00e1cticas innovadoras del aprendizaje en las \u00e1reas de matem\u00e1ticas, lengua y literatura en el centro de anexo a la Facultad e instituciones que laboran con la pr\u00e1ctica docente.<\/span><\/td>\n<td width=\"82\"><span style=\"color: #000000\">Ciencias de la Educaci\u00f3n<\/span><\/td>\n<\/tr>\n<tr>\n<td width=\"34\"><span style=\"color: #000000\"><b>17<\/b><\/span><\/td>\n<td width=\"486\"><span style=\"color: #000000\">Indagaci\u00f3n de problemas educativos y aprensi\u00f3n del nuevo curr\u00edculo de ingl\u00e9s en los docentes de los centros anexos y centros de pr\u00e1ctica docentes.<\/span><\/td>\n<td width=\"82\"><span style=\"color: #000000\">Ciencias de la Educaci\u00f3n<\/span><\/td>\n<\/tr>\n<tr>\n<td width=\"34\"><span style=\"color: #000000\"><b>18<\/b><\/span><\/td>\n<td width=\"486\"><span style=\"color: #000000\">\u00a0Arte por la vida.<\/span><\/td>\n<td width=\"82\"><span style=\"color: #000000\">Ciencias de la Educaci\u00f3n<\/span><\/td>\n<\/tr>\n<tr>\n<td width=\"34\"><span style=\"color: #000000\"><b>19<\/b><\/span><\/td>\n<td style=\"text-align: justify\" width=\"486\"><span style=\"color: #000000\">Asesoramiento t\u00e9cnico y legislativo para la conservaci\u00f3n de los ecosistemas terrestres y marinos de la franja costera de los cantones Manta y Jaramij\u00f3.<\/span><\/td>\n<td width=\"82\"><span style=\"color: #000000\">Ciencias del Mar<\/span><\/td>\n<\/tr>\n<tr>\n<td width=\"34\"><span style=\"color: #000000\"><b>20<\/b><\/span><\/td>\n<td width=\"486\"><span style=\"color: #000000\">Gesti\u00f3n de proyectos de sistema de comunicaci\u00f3n de datos y seguridad.<\/span><\/td>\n<td width=\"82\"><span style=\"color: #000000\">Ciencias Inform\u00e1ticas<\/span><\/td>\n<\/tr>\n<tr>\n<td width=\"34\"><span style=\"color: #000000\"><b>21<\/b><\/span><\/td>\n<td width=\"486\"><span style=\"color: #000000\">Gesti\u00f3n de proyectos en desarrollo de software.<\/span><\/td>\n<td width=\"82\"><span style=\"color: #000000\">Ciencias Inform\u00e1ticas<\/span><\/td>\n<\/tr>\n<tr>\n<td width=\"34\"><span style=\"color: #000000\"><b>22<\/b><\/span><\/td>\n<td width=\"486\"><span style=\"color: #000000\">Servicios de asistencia t\u00e9cnica de hardware y software.<\/span><\/td>\n<td width=\"82\"><span style=\"color: #000000\">Ciencias Inform\u00e1ticas<\/span><\/td>\n<\/tr>\n<tr>\n<td width=\"34\"><span style=\"color: #000000\"><b>23<\/b><\/span><\/td>\n<td style=\"text-align: justify\" width=\"486\"><span style=\"color: #000000\">Aplicaci\u00f3n de metodolog\u00edas para el mantenimiento de habilidades motrices, componentes y destrezas psicosociales en adultos mayores atendidos en los centros gerontol\u00f3gicos de Manta \u00abFUNTEMAN\u00bb 2015 &#8211; 2018<\/span><\/td>\n<td width=\"82\"><span style=\"color: #000000\">Ciencias M\u00e9dicas<\/span><\/td>\n<\/tr>\n<tr>\n<td width=\"34\"><span style=\"color: #000000\"><b>24<\/b><\/span><\/td>\n<td width=\"486\"><span style=\"color: #000000\">Control metab\u00f3lico y adherencia en el tratamiento de la diabetes tipo 2 en pacientes de la Fundaci\u00f3n Italiana \u201cOperaci\u00f3n mato grosso\u201d de la parroquia San mateo 2015-2016<\/span><\/td>\n<td width=\"82\"><span style=\"color: #000000\">Ciencias M\u00e9dicas<\/span><\/td>\n<\/tr>\n<tr>\n<td width=\"34\"><span style=\"color: #000000\"><b>25<\/b><\/span><\/td>\n<td width=\"486\"><span style=\"color: #000000\">Promoci\u00f3n de la salud y prevenci\u00f3n de enfermedades prevalentes en los cantones de Manta, Montecristi y Jaramij\u00f3, 2016-2020.<\/span><\/td>\n<td width=\"82\"><span style=\"color: #000000\">Ciencias M\u00e9dicas<\/span><\/td>\n<\/tr>\n<tr>\n<td width=\"34\"><span style=\"color: #000000\"><b>26<\/b><\/span><\/td>\n<td width=\"486\"><span style=\"color: #000000\">Seguridad alimentaria en los cantones, Manta, Montecristi y Jaramij\u00f3, a\u00f1o 2016-2020<\/span><\/td>\n<td width=\"82\"><span style=\"color: #000000\">Ciencias M\u00e9dicas<\/span><\/td>\n<\/tr>\n<tr>\n<td width=\"34\"><span style=\"color: #000000\"><b>27<\/b><\/span><\/td>\n<td style=\"text-align: justify\" width=\"486\"><span style=\"color: #000000\">Promoci\u00f3n ciudadana en el autocuidado de la salud durante el ciclo de vida, en el cant\u00f3n Manta, a\u00f1o\u00a0 2016-2020.<\/span><\/td>\n<td width=\"82\"><span style=\"color: #000000\">Ciencias M\u00e9dicas<\/span><\/td>\n<\/tr>\n<tr>\n<td width=\"34\"><span style=\"color: #000000\"><b>28<\/b><\/span><\/td>\n<td style=\"text-align: justify\" width=\"486\"><span style=\"color: #000000\">Manual para la aplicaci\u00f3n de financiamiento externo para micronegocios de los comerciantes de los mercados central y tarqui.<\/span><\/td>\n<td width=\"82\"><span style=\"color: #000000\">Contabilidad y Auditoria<\/span><\/td>\n<\/tr>\n<tr>\n<td width=\"34\"><span style=\"color: #000000\"><b>29<\/b><\/span><\/td>\n<td style=\"text-align: justify\" width=\"486\"><span style=\"color: #000000\">Manual para la aplicaci\u00f3n de normativa legal y buenas pr\u00e1cticas de manufactura para la operatividad de los negocios de los comerciantes de los mercados central y tarqui.<\/span><\/td>\n<td width=\"82\"><span style=\"color: #000000\">Contabilidad y Auditoria<\/span><\/td>\n<\/tr>\n<tr>\n<td width=\"34\"><span style=\"color: #000000\"><b>30<\/b><\/span><\/td>\n<td style=\"text-align: justify\" width=\"486\"><span style=\"color: #000000\">Indagaci\u00f3n de las necesidades de protecci\u00f3n y prevenci\u00f3n de los adultos mayores y la aplicaci\u00f3n de las pol\u00edticas del estado.<\/span><\/td>\n<td width=\"82\"><span style=\"color: #000000\">Derecho<\/span><\/td>\n<\/tr>\n<tr>\n<td width=\"34\"><span style=\"color: #000000\"><b>31<\/b><\/span><\/td>\n<td style=\"text-align: justify\" width=\"486\"><span style=\"color: #000000\">Mecanismo para adquirir el dominio de la pposesi\u00f3n sobre bienes mostrencos en el \u00e1rea urbana de Manta a\u00f1o 2016-2017, en coordinaci\u00f3n con el GAD de Manta.<\/span><\/td>\n<td width=\"82\"><span style=\"color: #000000\">Derecho<\/span><\/td>\n<\/tr>\n<tr>\n<td width=\"34\"><span style=\"color: #000000\"><b>32<\/b><\/span><\/td>\n<td width=\"486\"><span style=\"color: #000000\">Medidas de prevenci\u00f3n contra la violencia intrafamiliar.<\/span><\/td>\n<td width=\"82\"><span style=\"color: #000000\">Derecho<\/span><\/td>\n<\/tr>\n<tr>\n<td width=\"34\"><span style=\"color: #000000\"><b>33<\/b><\/span><\/td>\n<td style=\"text-align: justify\" width=\"486\"><span style=\"color: #000000\">Promoci\u00f3n ciudadana en el autocuidado de la salud, durante el ciclo de vida del Cant\u00f3n Manta 2016-2020<\/span><\/td>\n<td width=\"82\"><span style=\"color: #000000\">Enfermer\u00eda<\/span><\/td>\n<\/tr>\n<tr>\n<td width=\"34\"><span style=\"color: #000000\"><b>34<\/b><\/span><\/td>\n<td style=\"text-align: justify\" width=\"486\"><span style=\"color: #000000\">Desarrollo de competencias laborales en la gesti\u00f3n secretarial, dirigido a las organizaciones gremiales pesqueras de la zona centro sur y costera de la Provincia de Manab\u00ed.\u00a0<\/span><\/td>\n<td width=\"82\"><span style=\"color: #000000\">Gesti\u00f3n, Desarrollo y Secretariado Ejecutivo<\/span><\/td>\n<\/tr>\n<tr>\n<td width=\"34\"><span style=\"color: #000000\"><b>35<\/b><\/span><\/td>\n<td width=\"486\"><span style=\"color: #000000\">FORTALECIMIENTO DE LA IDENTIDAD, TRADICIONES, ARTE POPULAR Y SOCIAL PARA EL DESARROLLO DE LA COMUNIDAD Y SUS INSTITUCIONES EDUCATIVAS COMO APORTE FORMATIVO A LA CIUDAD DE MANTA<\/span><\/td>\n<td width=\"82\"><span style=\"color: #000000\">Hoteler\u00eda y Turismo<\/span><\/td>\n<\/tr>\n<tr>\n<td width=\"34\"><span style=\"color: #000000\"><b>36<\/b><\/span><\/td>\n<td width=\"486\"><span style=\"color: #000000\">DESARROLLO DEL ECOTURISMO EN LAS ZONAS DE ANIDACI\u00d3N Y ECLOSI\u00d3N DE TORTUGAS MARINAS EN LA PLAYA DE SAN LORENZO COMO APORTE TUR\u00cdSTICO Y EDUCATIVO PARA SU COMUNIDAD.<\/span><\/td>\n<td width=\"82\"><span style=\"color: #000000\">Hoteler\u00eda y Turismo<\/span><\/td>\n<\/tr>\n<tr>\n<td width=\"34\"><span style=\"color: #000000\"><b>37<\/b><\/span><\/td>\n<td width=\"486\"><span style=\"color: #000000\">REINSERTACI\u00d3N EN EL COLECTIVO SOCIAL A LOS PACIENTES USUARIOS DE LA COMUNIDAD TERAP\u00c9UTICA \u00abLIBRES POR JESUCRISTO\u00bb DE LA CIUDAD DE MANTA, MEDIANTE CAPACITACI\u00d3N T\u00c9CNICA INTERDISCIPLINARIA<\/span><\/td>\n<td width=\"82\"><span style=\"color: #000000\">Ingenier\u00eda<\/span><\/td>\n<\/tr>\n<tr>\n<td width=\"34\"><span style=\"color: #000000\"><b>38<\/b><\/span><\/td>\n<td width=\"486\"><span style=\"color: #000000\">MEJORAMIENTO DE LA CALIDAD DE VIDA DE LOS PESCADORES ARTESANALES Y SUS FAMILIAS EN SAN MATEO Y JARAMIJO A TRAV\u00c9S DEL FORTALECIMIENTO DE SUS CAPACIDADES T\u00c9CNICAS INTERDISCIPLINARIAS, HABILIDADES Y DESTREZAS<\/span><\/td>\n<td width=\"82\"><span style=\"color: #000000\">Ingenier\u00eda<\/span><\/td>\n<\/tr>\n<tr>\n<td width=\"34\"><span style=\"color: #000000\"><b>39<\/b><\/span><\/td>\n<td width=\"486\"><span style=\"color: #000000\">FORTALECIMIENTO DE CAPACIDADES T\u00c9CNICAS, HABILIDADES Y DESTREZAS PARA MAESTROS DE CONSTRUCCI\u00d3N DE EDIFICACIONES EN LA CIUDAD DE MANTA.<\/span><\/td>\n<td width=\"82\"><span style=\"color: #000000\">Ingenier\u00eda<\/span><\/td>\n<\/tr>\n<tr>\n<td width=\"34\"><span style=\"color: #000000\"><b>40<\/b><\/span><\/td>\n<td width=\"486\"><span style=\"color: #000000\">IMPLEMENTACI\u00d3N DE UNA VACA MEC\u00c1NICA PARA LA PRODUCCI\u00d3N DE LECHE DE SOYA PARA LA COMUNIDAD SAN JOSE DEL BARRIO 1 DE DICIEMBRE DE LA CIUDAD DE MANTA 2016-2018<\/span><\/td>\n<td width=\"82\"><span style=\"color: #000000\">Ingenier\u00eda Industrial<\/span><\/td>\n<\/tr>\n<tr>\n<td width=\"34\"><span style=\"color: #000000\"><b>41<\/b><\/span><\/td>\n<td width=\"486\"><span style=\"color: #000000\">ATENCI\u00d3N INTEGRAL ODONTOLOG\u00cdA A LOS ADULTOS MAYORES DE LA FUNDACI\u00d3N CORAZ\u00d3N DE MAR\u00cdA DE MANTA EN EL PERIODO LECTIVO 2015-2017<\/span><\/td>\n<td width=\"82\"><span style=\"color: #000000\">Odontolog\u00eda<\/span><\/td>\n<\/tr>\n<tr>\n<td width=\"34\"><span style=\"color: #000000\"><b>42<\/b><\/span><\/td>\n<td width=\"486\"><span style=\"color: #000000\">PROYECTO DE SALUD BUCAL EN CUATRO ESCUELA DE LA CIUDAD DE MANTA EN E PERIODO LECTIVO 2016-2017<\/span><\/td>\n<td width=\"82\"><span style=\"color: #000000\">Odontolog\u00eda<\/span><\/td>\n<\/tr>\n<tr>\n<td width=\"34\"><span style=\"color: #000000\"><b>43<\/b><\/span><\/td>\n<td width=\"486\"><span style=\"color: #000000\">FORTALECIMIENTO COMUNITARIO EN REFUGIOS ESPONT\u00c1NEOS DE LA PROVINCIA DE MANAB\u00cd<\/span><\/td>\n<td width=\"82\"><span style=\"color: #000000\">Psicolog\u00eda<\/span><\/td>\n<\/tr>\n<tr>\n<td width=\"34\"><span style=\"color: #000000\"><b>44<\/b><\/span><\/td>\n<td width=\"486\"><span style=\"color: #000000\">APOYO PSICOL\u00d3GICO A CENTROS PRO NI\u00d1O MANTA Y PORTOVIEJO<\/span><\/td>\n<td width=\"82\"><span style=\"color: #000000\">Psicolog\u00eda<\/span><\/td>\n<\/tr>\n<tr>\n<td width=\"34\"><span style=\"color: #000000\"><b>45<\/b><\/span><\/td>\n<td width=\"486\"><span style=\"color: #000000\">PROMOCI\u00d3N Y PREVENCI\u00d3N E INTERVENCI\u00d3N PSICOL\u00d3GICA EN LAS UNIDADES EDUCATIVAS FISCALES DE LA CIUDAD DE MANTA 2016<\/span><\/td>\n<td width=\"82\"><span style=\"color: #000000\">Psicolog\u00eda<\/span><\/td>\n<\/tr>\n<tr>\n<td width=\"34\"><span style=\"color: #000000\"><b>46<\/b><\/span><\/td>\n<td width=\"486\"><span style=\"color: #000000\">PREVENCI\u00d3N DE LA DROGADICCION EN J\u00d3VENES Y ADOLESCENTES DEL BARRIO LAS CUMBRES 2015-2017<\/span><\/td>\n<td width=\"82\"><span style=\"color: #000000\">Trabajo Social<\/span><\/td>\n<\/tr>\n<tr>\n<td width=\"34\"><span style=\"color: #000000\"><b>47<\/b><\/span><\/td>\n<td width=\"486\"><span style=\"color: #000000\">PREVENCI\u00d3N DE LA DROGADICCION EN NI\u00d1OS, NI\u00d1AS Y J\u00d3VENES DE LA COMUNA ELOY ALFARO DEL CANT\u00d3N MONTECRISTI DEL 2017-2020<\/span><\/td>\n<td width=\"82\"><span style=\"color: #000000\">Trabajo Social<\/span><\/td>\n<\/tr>\n<tr>\n<td width=\"34\"><span style=\"color: #000000\"><b>48<\/b><\/span><\/td>\n<td width=\"486\"><span style=\"color: #000000\">FORTALECIMIENTO DE LAS RELACIONES INTRAFAMILIARES DE LOS PESCADORES ARTESANALES DE JARAMIJ\u00d3, CANT\u00d3N JARAMIJ\u00d3, PROVINCIA DE MANAB\u00cd, 2015-2018<\/span><\/td>\n<td width=\"82\"><span style=\"color: #000000\">Trabajo Social<\/span><\/td>\n<\/tr>\n<tr>\n<td width=\"34\"><span style=\"color: #000000\"><b>49<\/b><\/span><\/td>\n<td width=\"486\"><span style=\"color: #000000\">DESARROLLO DE PRACTICAS INNOVADORAS PARA EL APRENDIZAJE E INTERVENCI\u00d3N SOCIAL<\/span><\/td>\n<td width=\"82\"><span style=\"color: #000000\">Trabajo Social<\/span><\/td>\n<\/tr>\n<\/tbody>\n<\/table>\n","protected":false},"excerpt":{"rendered":"<p>Proyectos de Vinculaci\u00f3n (Matriz) 2016 N\u00b0 Proyecto Carrera 1 Reinsertaci\u00f3n en el colectivo social a los pacientes usuarios de la comunidad terapeutica \u00bb Libres por Jesucristo\u00bb de la Ciudad de Manta, mediante<a class=\"moretag\" href=\"https:\/\/departamentos.uleam.edu.ec\/vinculacion-colectividad\/proyectos-2016-2\/\">Leer m\u00e1s&#8230;<\/a><\/p>\n","protected":false},"author":47,"featured_media":0,"parent":0,"menu_order":0,"comment_status":"closed","ping_status":"closed","template":"","meta":{"footnotes":"","_links_to":"","_links_to_target":""},"class_list":["post-2471","page","type-page","status-publish","hentry"],"_links":{"self":[{"href":"https:\/\/departamentos.uleam.edu.ec\/vinculacion-colectividad\/wp-json\/wp\/v2\/pages\/2471","targetHints":{"allow":["GET"]}}],"collection":[{"href":"https:\/\/departamentos.uleam.edu.ec\/vinculacion-colectividad\/wp-json\/wp\/v2\/pages"}],"about":[{"href":"https:\/\/departamentos.uleam.edu.ec\/vinculacion-colectividad\/wp-json\/wp\/v2\/types\/page"}],"author":[{"embeddable":true,"href":"https:\/\/departamentos.uleam.edu.ec\/vinculacion-colectividad\/wp-json\/wp\/v2\/users\/47"}],"replies":[{"embeddable":true,"href":"https:\/\/departamentos.uleam.edu.ec\/vinculacion-colectividad\/wp-json\/wp\/v2\/comments?post=2471"}],"version-history":[{"count":24,"href":"https:\/\/departamentos.uleam.edu.ec\/vinculacion-colectividad\/wp-json\/wp\/v2\/pages\/2471\/revisions"}],"predecessor-version":[{"id":3087,"href":"https:\/\/departamentos.uleam.edu.ec\/vinculacion-colectividad\/wp-json\/wp\/v2\/pages\/2471\/revisions\/3087"}],"wp:attachment":[{"href":"https:\/\/departamentos.uleam.edu.ec\/vinculacion-colectividad\/wp-json\/wp\/v2\/media?parent=2471"}],"curies":[{"name":"wp","href":"https:\/\/api.w.org\/{rel}","templated":true}]}}