{"id":3475,"date":"2021-09-14T12:07:28","date_gmt":"2021-09-14T17:07:28","guid":{"rendered":"https:\/\/departamentos.uleam.edu.ec\/vinculacion-colectividad\/?page_id=3475"},"modified":"2021-09-20T09:51:39","modified_gmt":"2021-09-20T14:51:39","slug":"ano-2020","status":"publish","type":"page","link":"https:\/\/departamentos.uleam.edu.ec\/vinculacion-colectividad\/ano-2020\/","title":{"rendered":"A\u00d1O 2020"},"content":{"rendered":"\n<p class=\"has-text-align-center\"><strong>Convenios suscritos<\/strong><\/p>\n\n\n\n<figure class=\"wp-block-table is-style-stripes\"><table><tbody><tr><td><strong>N\u00b0<\/strong><\/td><td><strong>Instituci\u00f3n<\/strong><\/td><td><strong>Fecha<\/strong><\/td><td><strong>Descargar (pdf)<\/strong><\/td><\/tr><tr><td><strong>1<\/strong><\/td><td>Convenio Marco de Cooperaci\u00f3n Interinstitucional entre la Asamblea Nacional del Ecuador y la Universidad Laica \u00abEloy Alfaro\u00bb de Manab\u00ed<\/td><td>Oct-29<\/td><td> <span style=\"color: #000000\"><a href=\"https:\/\/departamentos.uleam.edu.ec\/vinculacion-colectividad\/files\/2021\/09\/ASAMBLEA-NACIONAL-Y-ULEAM-marco-2020.pdf\" target=\"_blank\" rel=\"noreferrer noopener\"><img decoding=\"async\" width=\"55\" height=\"56\" class=\"alignnone wp-image-2218\" src=\"https:\/\/departamentos.uleam.edu.ec\/vinculacion-colectividad\/files\/2018\/02\/simbolodescarga.png\" alt=\"\" srcset=\"https:\/\/departamentos.uleam.edu.ec\/vinculacion-colectividad\/files\/2018\/02\/simbolodescarga.png 228w, https:\/\/departamentos.uleam.edu.ec\/vinculacion-colectividad\/files\/2018\/02\/simbolodescarga-150x150.png 150w, https:\/\/departamentos.uleam.edu.ec\/vinculacion-colectividad\/files\/2018\/02\/simbolodescarga-55x55.png 55w\" sizes=\"(max-width: 55px) 100vw, 55px\" \/><\/a><\/span> <\/td><\/tr><tr><td><strong>2<\/strong><\/td><td>Convenio Marco de Cooperaci\u00f3n Interinstitucional entre la Universidad Laica \u00abEloy Alfaro\u00bb de Manab\u00ed y el Instituto Internacional de Investigaci\u00f3n de Desarrollo Tecnol\u00f3gico Educativo INDECT C.A. <\/td><td>Oct-22<\/td><td> <span style=\"color: #000000\"><a href=\"https:\/\/departamentos.uleam.edu.ec\/vinculacion-colectividad\/files\/2021\/09\/INDTEC-CA-Y-ULEAM-1-marco-2020.pdf\" target=\"_blank\" rel=\"noreferrer noopener\"><img decoding=\"async\" width=\"55\" height=\"56\" class=\"alignnone wp-image-2218\" src=\"https:\/\/departamentos.uleam.edu.ec\/vinculacion-colectividad\/files\/2018\/02\/simbolodescarga.png\" alt=\"\" srcset=\"https:\/\/departamentos.uleam.edu.ec\/vinculacion-colectividad\/files\/2018\/02\/simbolodescarga.png 228w, https:\/\/departamentos.uleam.edu.ec\/vinculacion-colectividad\/files\/2018\/02\/simbolodescarga-150x150.png 150w, https:\/\/departamentos.uleam.edu.ec\/vinculacion-colectividad\/files\/2018\/02\/simbolodescarga-55x55.png 55w\" sizes=\"(max-width: 55px) 100vw, 55px\" \/><\/a><\/span>  <\/td><\/tr><tr><td><strong>3<\/strong><\/td><td>Convenio Marco de Cooperaci\u00f3n Interinstitucional Acad\u00e9mico entre la Universidad Laica \u00abEloy Alfaro\u00bb de Manab\u00ed y la Comuna Bajo de Afuera del cant\u00f3n Montecristi <\/td><td>Ene-16<\/td><td> <span style=\"color: #000000\"><a href=\"https:\/\/departamentos.uleam.edu.ec\/vinculacion-colectividad\/files\/2021\/09\/Uleam-y-Comuna-bajo-de-afuera-del-Canton-Montecristi-marco-2020.pdf\" target=\"_blank\" rel=\"noreferrer noopener\"><img decoding=\"async\" width=\"55\" height=\"56\" class=\"alignnone wp-image-2218\" src=\"https:\/\/departamentos.uleam.edu.ec\/vinculacion-colectividad\/files\/2018\/02\/simbolodescarga.png\" alt=\"\" srcset=\"https:\/\/departamentos.uleam.edu.ec\/vinculacion-colectividad\/files\/2018\/02\/simbolodescarga.png 228w, https:\/\/departamentos.uleam.edu.ec\/vinculacion-colectividad\/files\/2018\/02\/simbolodescarga-150x150.png 150w, https:\/\/departamentos.uleam.edu.ec\/vinculacion-colectividad\/files\/2018\/02\/simbolodescarga-55x55.png 55w\" sizes=\"(max-width: 55px) 100vw, 55px\" \/><\/a><\/span>  <\/td><\/tr><tr><td><strong>4<\/strong><\/td><td>Convenio Marco de Cooperaci\u00f3n Interinstitucional entre la Universidad Laica \u00abEloy Alfaro\u00bb de Manab\u00ed y la Federaci\u00f3n Sectorial de Barrios de la parroquia Tarqui del cant\u00f3n Manta<\/td><td>Dic-1<\/td><td> <span style=\"color: #000000\"><a href=\"https:\/\/departamentos.uleam.edu.ec\/vinculacion-colectividad\/files\/2021\/09\/ULEAM-Y-FEDERACIONSECTORIAL-DE-BARRIOS-PARROQUIA-TARQUI-marco-2020.pdf\" target=\"_blank\" rel=\"noreferrer noopener\"><img decoding=\"async\" width=\"55\" height=\"56\" class=\"alignnone wp-image-2218\" src=\"https:\/\/departamentos.uleam.edu.ec\/vinculacion-colectividad\/files\/2018\/02\/simbolodescarga.png\" alt=\"\" srcset=\"https:\/\/departamentos.uleam.edu.ec\/vinculacion-colectividad\/files\/2018\/02\/simbolodescarga.png 228w, https:\/\/departamentos.uleam.edu.ec\/vinculacion-colectividad\/files\/2018\/02\/simbolodescarga-150x150.png 150w, https:\/\/departamentos.uleam.edu.ec\/vinculacion-colectividad\/files\/2018\/02\/simbolodescarga-55x55.png 55w\" sizes=\"(max-width: 55px) 100vw, 55px\" \/><\/a><\/span>  <\/td><\/tr><tr><td><strong>5<\/strong><\/td><td>Convenio Marco de Cooperaci\u00f3n Interinstitucional entre la Universidad Laica \u00abEloy Alfaro\u00bb de Manab\u00ed y el Gobierno Aut\u00f3nomo Descentralizado del cant\u00f3n Montecristi<\/td><td>Ene-8<\/td><td> <span style=\"color: #000000\"><a href=\"https:\/\/departamentos.uleam.edu.ec\/vinculacion-colectividad\/files\/2021\/09\/ULEAM-Y-GAD-MONTECRISTI-marco-2020.pdf\" target=\"_blank\" rel=\"noreferrer noopener\"><img decoding=\"async\" width=\"55\" height=\"56\" class=\"alignnone wp-image-2218\" src=\"https:\/\/departamentos.uleam.edu.ec\/vinculacion-colectividad\/files\/2018\/02\/simbolodescarga.png\" alt=\"\" srcset=\"https:\/\/departamentos.uleam.edu.ec\/vinculacion-colectividad\/files\/2018\/02\/simbolodescarga.png 228w, https:\/\/departamentos.uleam.edu.ec\/vinculacion-colectividad\/files\/2018\/02\/simbolodescarga-150x150.png 150w, https:\/\/departamentos.uleam.edu.ec\/vinculacion-colectividad\/files\/2018\/02\/simbolodescarga-55x55.png 55w\" sizes=\"(max-width: 55px) 100vw, 55px\" \/><\/a><\/span>  <\/td><\/tr><tr><td><strong>6<\/strong><\/td><td>Convenio Marco de Cooperaci\u00f3n Interinstitucional Acad\u00e9mico entre la Universidad Laica \u00abEloy Alfaro\u00bb de Manab\u00ed y South America Gowth Project Foundation para la comunidad Liguiqui, perteneciente a la parroquia San Lorenzo del cant\u00f3n Manta<\/td><td>Nov-23<\/td><td> <span style=\"color: #000000\"><a href=\"https:\/\/departamentos.uleam.edu.ec\/vinculacion-colectividad\/files\/2021\/09\/ULEAM-Y-SOUTH-AMERICA-GOWRH-PROJECT-FOUNDATION-marco-2020.pdf\" target=\"_blank\" rel=\"noreferrer noopener\"><img decoding=\"async\" width=\"55\" height=\"56\" class=\"alignnone wp-image-2218\" src=\"https:\/\/departamentos.uleam.edu.ec\/vinculacion-colectividad\/files\/2018\/02\/simbolodescarga.png\" alt=\"\" srcset=\"https:\/\/departamentos.uleam.edu.ec\/vinculacion-colectividad\/files\/2018\/02\/simbolodescarga.png 228w, https:\/\/departamentos.uleam.edu.ec\/vinculacion-colectividad\/files\/2018\/02\/simbolodescarga-150x150.png 150w, https:\/\/departamentos.uleam.edu.ec\/vinculacion-colectividad\/files\/2018\/02\/simbolodescarga-55x55.png 55w\" sizes=\"(max-width: 55px) 100vw, 55px\" \/><\/a><\/span>  <\/td><\/tr><tr><td><strong>7<\/strong><\/td><td>Convenio Programa de Colaboraci\u00f3n Cultural entre la Asociaci\u00f3n Oro BIOVITASAIN apoya Europax (ASORBAEX) y la Universidad Laica \u00abEloy Alfaro\u00bb de Manab\u00ed  <\/td><td>Sin fecha<\/td><td> <span style=\"color: #000000\"><a href=\"https:\/\/departamentos.uleam.edu.ec\/vinculacion-colectividad\/files\/2021\/09\/ASORBAEX-Y-ULEAM-cooperacion-2020.pdf\" target=\"_blank\" rel=\"noreferrer noopener\"><img decoding=\"async\" width=\"55\" height=\"56\" class=\"alignnone wp-image-2218\" src=\"https:\/\/departamentos.uleam.edu.ec\/vinculacion-colectividad\/files\/2018\/02\/simbolodescarga.png\" alt=\"\" srcset=\"https:\/\/departamentos.uleam.edu.ec\/vinculacion-colectividad\/files\/2018\/02\/simbolodescarga.png 228w, https:\/\/departamentos.uleam.edu.ec\/vinculacion-colectividad\/files\/2018\/02\/simbolodescarga-150x150.png 150w, https:\/\/departamentos.uleam.edu.ec\/vinculacion-colectividad\/files\/2018\/02\/simbolodescarga-55x55.png 55w\" sizes=\"(max-width: 55px) 100vw, 55px\" \/><\/a><\/span>  <\/td><\/tr><tr><td><strong>8<\/strong><\/td><td>Convenio de Cooperaci\u00f3n Acad\u00e9mica Interinstitucional entre la Universidad Laica \u00abEloy Alfaro\u00bb de Manab\u00ed y el Gobierno Aut\u00f3nomo Descentralizado Municipal del cant\u00f3n Santo Domingo   <\/td><td>Nov-24<\/td><td> <span style=\"color: #000000\"><a href=\"https:\/\/departamentos.uleam.edu.ec\/vinculacion-colectividad\/files\/2021\/09\/GAD-SANTO-DOMINGO-Y-ULEAM-cooperacion-2020.pdf\" target=\"_blank\" rel=\"noreferrer noopener\"><img decoding=\"async\" width=\"55\" height=\"56\" class=\"alignnone wp-image-2218\" src=\"https:\/\/departamentos.uleam.edu.ec\/vinculacion-colectividad\/files\/2018\/02\/simbolodescarga.png\" alt=\"\" srcset=\"https:\/\/departamentos.uleam.edu.ec\/vinculacion-colectividad\/files\/2018\/02\/simbolodescarga.png 228w, https:\/\/departamentos.uleam.edu.ec\/vinculacion-colectividad\/files\/2018\/02\/simbolodescarga-150x150.png 150w, https:\/\/departamentos.uleam.edu.ec\/vinculacion-colectividad\/files\/2018\/02\/simbolodescarga-55x55.png 55w\" sizes=\"(max-width: 55px) 100vw, 55px\" \/><\/a><\/span>  <\/td><\/tr><tr><td><strong>9<\/strong><\/td><td>Convenio de Cooperaci\u00f3n Interinstitucional entre la Universidad Laica \u00abEloy Alfaro\u00bb de Manab\u00ed y la Empresa INDUATUN  <\/td><td>Marz-11<\/td><td> <span style=\"color: #000000\"><a href=\"https:\/\/departamentos.uleam.edu.ec\/vinculacion-colectividad\/files\/2021\/09\/INDUATUN-Y-ULEAM-cooperacion-2020.pdf\" target=\"_blank\" rel=\"noreferrer noopener\"><img decoding=\"async\" width=\"55\" height=\"56\" class=\"alignnone wp-image-2218\" src=\"https:\/\/departamentos.uleam.edu.ec\/vinculacion-colectividad\/files\/2018\/02\/simbolodescarga.png\" alt=\"\" srcset=\"https:\/\/departamentos.uleam.edu.ec\/vinculacion-colectividad\/files\/2018\/02\/simbolodescarga.png 228w, https:\/\/departamentos.uleam.edu.ec\/vinculacion-colectividad\/files\/2018\/02\/simbolodescarga-150x150.png 150w, https:\/\/departamentos.uleam.edu.ec\/vinculacion-colectividad\/files\/2018\/02\/simbolodescarga-55x55.png 55w\" sizes=\"(max-width: 55px) 100vw, 55px\" \/><\/a><\/span>  <\/td><\/tr><tr><td><strong>10<\/strong><\/td><td>Convenio de Cooperaci\u00f3n celebrado entre la Fundaci\u00f3n Fuegos y la Universidad Laica \u00abEloy Alfaro\u00bb de Manab\u00ed  <\/td><td>Jul-1<\/td><td> <span style=\"color: #000000\"><a href=\"https:\/\/departamentos.uleam.edu.ec\/vinculacion-colectividad\/files\/2021\/09\/ULEAM-Y-FUEGOS-cooperacion-2020.pdf\" target=\"_blank\" rel=\"noreferrer noopener\"><img decoding=\"async\" width=\"55\" height=\"56\" class=\"alignnone wp-image-2218\" src=\"https:\/\/departamentos.uleam.edu.ec\/vinculacion-colectividad\/files\/2018\/02\/simbolodescarga.png\" alt=\"\" srcset=\"https:\/\/departamentos.uleam.edu.ec\/vinculacion-colectividad\/files\/2018\/02\/simbolodescarga.png 228w, https:\/\/departamentos.uleam.edu.ec\/vinculacion-colectividad\/files\/2018\/02\/simbolodescarga-150x150.png 150w, https:\/\/departamentos.uleam.edu.ec\/vinculacion-colectividad\/files\/2018\/02\/simbolodescarga-55x55.png 55w\" sizes=\"(max-width: 55px) 100vw, 55px\" \/><\/a><\/span>  <\/td><\/tr><tr><td><strong>11<\/strong><\/td><td>Convenio de Cooperaci\u00f3n Interinstitucional entre el Ministerio de Desarrollo Urbano y Vivienda \u00abMIDUVI\u00bb y la Universidad Laica \u00abEloy Alfaro\u00bb de Manab\u00ed, en el Marco \u00abHUB Territorial Portoviejo &#8211; Zonal 4\u00bb para la mesa t\u00e9cnica 1 \u00abConstrucci\u00f3n de la Pol\u00edtica P\u00fablica de Vivienda\u00bb<\/td><td>Ago-24<\/td><td> <span style=\"color: #000000\"><a href=\"https:\/\/departamentos.uleam.edu.ec\/vinculacion-colectividad\/files\/2021\/09\/ULEAM-Y-MIDUVI-cooperacion-2020.pdf\" target=\"_blank\" rel=\"noreferrer noopener\"><img decoding=\"async\" width=\"55\" height=\"56\" class=\"alignnone wp-image-2218\" src=\"https:\/\/departamentos.uleam.edu.ec\/vinculacion-colectividad\/files\/2018\/02\/simbolodescarga.png\" alt=\"\" srcset=\"https:\/\/departamentos.uleam.edu.ec\/vinculacion-colectividad\/files\/2018\/02\/simbolodescarga.png 228w, https:\/\/departamentos.uleam.edu.ec\/vinculacion-colectividad\/files\/2018\/02\/simbolodescarga-150x150.png 150w, https:\/\/departamentos.uleam.edu.ec\/vinculacion-colectividad\/files\/2018\/02\/simbolodescarga-55x55.png 55w\" sizes=\"(max-width: 55px) 100vw, 55px\" \/><\/a><\/span>  <\/td><\/tr><tr><td><strong>12<\/strong><\/td><td>Convenio de Cooperaci\u00f3n Intercultural entre la Universidad Laica \u00abEloy Alfaro\u00bb de Manab\u00ed  y la Unidad Central del Valle del Cauca Colombia <\/td><td>Jul-28<\/td><td> <span style=\"color: #000000\"><a href=\"https:\/\/departamentos.uleam.edu.ec\/vinculacion-colectividad\/files\/2021\/09\/VALLE-DEL-CAUCA-COLOMBIA-Y-ULEAM-cooperacion-2020.pdf\" target=\"_blank\" rel=\"noreferrer noopener\"><img decoding=\"async\" width=\"55\" height=\"56\" class=\"alignnone wp-image-2218\" src=\"https:\/\/departamentos.uleam.edu.ec\/vinculacion-colectividad\/files\/2018\/02\/simbolodescarga.png\" alt=\"\" srcset=\"https:\/\/departamentos.uleam.edu.ec\/vinculacion-colectividad\/files\/2018\/02\/simbolodescarga.png 228w, https:\/\/departamentos.uleam.edu.ec\/vinculacion-colectividad\/files\/2018\/02\/simbolodescarga-150x150.png 150w, https:\/\/departamentos.uleam.edu.ec\/vinculacion-colectividad\/files\/2018\/02\/simbolodescarga-55x55.png 55w\" sizes=\"(max-width: 55px) 100vw, 55px\" \/><\/a><\/span>  <\/td><\/tr><tr><td><strong>13<\/strong><\/td><td>Contrato de Comodato celebrado entre la Universidad Laica \u00abEloy Alfaro\u00bb de Manab\u00ed y el Ministerio de Salud P\u00fablica (Coordinaci\u00f3n Zonal 4 de Salud) para el uso de las instalaciones del Policl\u00ednico Universitario<\/td><td>Jun-23<\/td><td> <span style=\"color: #000000\"><a href=\"https:\/\/departamentos.uleam.edu.ec\/vinculacion-colectividad\/files\/2021\/09\/COMODATO-INSTALACIONES-POLICLINICO-ULEAM-Y-MP-MINISTR-1-comodato-2020.pdf\" target=\"_blank\" rel=\"noreferrer noopener\"><img decoding=\"async\" width=\"55\" height=\"56\" class=\"alignnone wp-image-2218\" src=\"https:\/\/departamentos.uleam.edu.ec\/vinculacion-colectividad\/files\/2018\/02\/simbolodescarga.png\" alt=\"\" srcset=\"https:\/\/departamentos.uleam.edu.ec\/vinculacion-colectividad\/files\/2018\/02\/simbolodescarga.png 228w, https:\/\/departamentos.uleam.edu.ec\/vinculacion-colectividad\/files\/2018\/02\/simbolodescarga-150x150.png 150w, https:\/\/departamentos.uleam.edu.ec\/vinculacion-colectividad\/files\/2018\/02\/simbolodescarga-55x55.png 55w\" sizes=\"(max-width: 55px) 100vw, 55px\" \/><\/a><\/span>  <\/td><\/tr><tr><td><strong>14<\/strong><\/td><td>Acta de Compromiso entre el Gobierno Aut\u00f3nomo Descentralizado Municipal del cant\u00f3n Chone y la Universidad Laica \u00abEloy Alfaro\u00bb de Manab\u00ed <\/td><td>Sep-3<\/td><td> <span style=\"color: #000000\"><a href=\"https:\/\/departamentos.uleam.edu.ec\/vinculacion-colectividad\/files\/2021\/09\/COMODATO-TERRENO-CHONE-1-comodato-2020.pdf\" target=\"_blank\" rel=\"noreferrer noopener\"><img decoding=\"async\" width=\"55\" height=\"56\" class=\"alignnone wp-image-2218\" src=\"https:\/\/departamentos.uleam.edu.ec\/vinculacion-colectividad\/files\/2018\/02\/simbolodescarga.png\" alt=\"\" srcset=\"https:\/\/departamentos.uleam.edu.ec\/vinculacion-colectividad\/files\/2018\/02\/simbolodescarga.png 228w, https:\/\/departamentos.uleam.edu.ec\/vinculacion-colectividad\/files\/2018\/02\/simbolodescarga-150x150.png 150w, https:\/\/departamentos.uleam.edu.ec\/vinculacion-colectividad\/files\/2018\/02\/simbolodescarga-55x55.png 55w\" sizes=\"(max-width: 55px) 100vw, 55px\" \/><\/a><\/span>  <\/td><\/tr><tr><td><strong>15<\/strong><\/td><td>Acta de Entrega de Recepci\u00f3n de equipos y dispensario m\u00e9dico de la Universidad Laica \u00abEloy Alfaro\u00bb de Manab\u00ed #1<\/td><td>Abr-11<\/td><td> <span style=\"color: #000000\"><a href=\"https:\/\/departamentos.uleam.edu.ec\/vinculacion-colectividad\/files\/2021\/09\/RECEPCION-EQUIPOS-Y-DISPENSARIO-MEDICO-1-comodato-2020.pdf\" target=\"_blank\" rel=\"noreferrer noopener\"><img decoding=\"async\" width=\"55\" height=\"56\" class=\"alignnone wp-image-2218\" src=\"https:\/\/departamentos.uleam.edu.ec\/vinculacion-colectividad\/files\/2018\/02\/simbolodescarga.png\" alt=\"\" srcset=\"https:\/\/departamentos.uleam.edu.ec\/vinculacion-colectividad\/files\/2018\/02\/simbolodescarga.png 228w, https:\/\/departamentos.uleam.edu.ec\/vinculacion-colectividad\/files\/2018\/02\/simbolodescarga-150x150.png 150w, https:\/\/departamentos.uleam.edu.ec\/vinculacion-colectividad\/files\/2018\/02\/simbolodescarga-55x55.png 55w\" sizes=\"(max-width: 55px) 100vw, 55px\" \/><\/a><\/span>  <\/td><\/tr><tr><td><strong>16<\/strong><\/td><td>Acta de Entrega de Recepci\u00f3n de equipos y dispensario m\u00e9dico de la Universidad Laica \u00abEloy Alfaro\u00bb de Manab\u00ed #2<\/td><td>Abr-14 <\/td><td> <span style=\"color: #000000\"><a href=\"https:\/\/departamentos.uleam.edu.ec\/vinculacion-colectividad\/files\/2021\/09\/EQUIPOS-Y-DISPENSARIO-2-comodato-2020.pdf\" target=\"_blank\" rel=\"noreferrer noopener\"><img decoding=\"async\" width=\"55\" height=\"56\" class=\"alignnone wp-image-2218\" src=\"https:\/\/departamentos.uleam.edu.ec\/vinculacion-colectividad\/files\/2018\/02\/simbolodescarga.png\" alt=\"\" srcset=\"https:\/\/departamentos.uleam.edu.ec\/vinculacion-colectividad\/files\/2018\/02\/simbolodescarga.png 228w, https:\/\/departamentos.uleam.edu.ec\/vinculacion-colectividad\/files\/2018\/02\/simbolodescarga-150x150.png 150w, https:\/\/departamentos.uleam.edu.ec\/vinculacion-colectividad\/files\/2018\/02\/simbolodescarga-55x55.png 55w\" sizes=\"(max-width: 55px) 100vw, 55px\" \/><\/a><\/span>  <\/td><\/tr><tr><td><strong>17<\/strong><\/td><td>Convenio Espec\u00edfico de Cooperaci\u00f3n Interinstitucional entre la Universidad Laica \u00abEloy Alfaro\u00bb de Manab\u00ed y la Fundaci\u00f3n de Rescate Animal Callejeritos S.O.S.<\/td><td>Sep-3<\/td><td> <span style=\"color: #000000\"><a href=\"https:\/\/departamentos.uleam.edu.ec\/vinculacion-colectividad\/files\/2021\/09\/FUNDACION-RESCATE-ANIMAL-CALLEJERITOS-Y-ULEAM-especifico-2020.pdf\" target=\"_blank\" rel=\"noreferrer noopener\"><img decoding=\"async\" width=\"55\" height=\"56\" class=\"alignnone wp-image-2218\" src=\"https:\/\/departamentos.uleam.edu.ec\/vinculacion-colectividad\/files\/2018\/02\/simbolodescarga.png\" alt=\"\" srcset=\"https:\/\/departamentos.uleam.edu.ec\/vinculacion-colectividad\/files\/2018\/02\/simbolodescarga.png 228w, https:\/\/departamentos.uleam.edu.ec\/vinculacion-colectividad\/files\/2018\/02\/simbolodescarga-150x150.png 150w, https:\/\/departamentos.uleam.edu.ec\/vinculacion-colectividad\/files\/2018\/02\/simbolodescarga-55x55.png 55w\" sizes=\"(max-width: 55px) 100vw, 55px\" \/><\/a><\/span>  <\/td><\/tr><tr><td><strong>18<\/strong><\/td><td>Convenio Espec\u00edfico de Cooperaci\u00f3n Interinstitucional entre la Universidad Laica \u00abEloy Alfaro\u00bb de Manab\u00ed y el Gobierno Aut\u00f3nomo Descentralizado Municipal del cant\u00f3n Montecristi<\/td><td>Sep-1<\/td><td> <span style=\"color: #000000\"><a href=\"https:\/\/departamentos.uleam.edu.ec\/vinculacion-colectividad\/files\/2021\/09\/GAD-MONTECRISTI-Y-ULEAM-especifico-2020.pdf\" target=\"_blank\" rel=\"noreferrer noopener\"><img decoding=\"async\" width=\"55\" height=\"56\" class=\"alignnone wp-image-2218\" src=\"https:\/\/departamentos.uleam.edu.ec\/vinculacion-colectividad\/files\/2018\/02\/simbolodescarga.png\" alt=\"\" srcset=\"https:\/\/departamentos.uleam.edu.ec\/vinculacion-colectividad\/files\/2018\/02\/simbolodescarga.png 228w, https:\/\/departamentos.uleam.edu.ec\/vinculacion-colectividad\/files\/2018\/02\/simbolodescarga-150x150.png 150w, https:\/\/departamentos.uleam.edu.ec\/vinculacion-colectividad\/files\/2018\/02\/simbolodescarga-55x55.png 55w\" sizes=\"(max-width: 55px) 100vw, 55px\" \/><\/a><\/span>  <\/td><\/tr><tr><td><strong>19<\/strong><\/td><td>Convenio Espec\u00edfico de Cooperaci\u00f3n Interinstitucional en materia de adopciones entre el Ministerio de Inclusi\u00f3n Econ\u00f3mica Social y la Universidad Laica \u00abEloy Alfaro\u00bb de Manab\u00ed <\/td><td>Ago-24<\/td><td> <span style=\"color: #000000\"><a href=\"https:\/\/departamentos.uleam.edu.ec\/vinculacion-colectividad\/files\/2021\/09\/MIES-Y-ULEAM-especifico-2020.pdf\" target=\"_blank\" rel=\"noreferrer noopener\"><img decoding=\"async\" width=\"55\" height=\"56\" class=\"alignnone wp-image-2218\" src=\"https:\/\/departamentos.uleam.edu.ec\/vinculacion-colectividad\/files\/2018\/02\/simbolodescarga.png\" alt=\"\" srcset=\"https:\/\/departamentos.uleam.edu.ec\/vinculacion-colectividad\/files\/2018\/02\/simbolodescarga.png 228w, https:\/\/departamentos.uleam.edu.ec\/vinculacion-colectividad\/files\/2018\/02\/simbolodescarga-150x150.png 150w, https:\/\/departamentos.uleam.edu.ec\/vinculacion-colectividad\/files\/2018\/02\/simbolodescarga-55x55.png 55w\" sizes=\"(max-width: 55px) 100vw, 55px\" \/><\/a><\/span>  <\/td><\/tr><tr><td><strong>20<\/strong><\/td><td>Convenio Espec\u00edfico de Cooperaci\u00f3n Interinstitucional Acad\u00e9mico entre la Universidad Laica \u00abEloy Alfaro\u00bb de Manab\u00ed y la Empresa Compa\u00f1\u00eda Farmac\u00e9utica Vera S.A. COFARVE<\/td><td>Ene-1<\/td><td> <span style=\"color: #000000\"><a href=\"https:\/\/departamentos.uleam.edu.ec\/vinculacion-colectividad\/files\/2021\/09\/ULEAM-Y-COFARVE-especifico-2020.pdf\" target=\"_blank\" rel=\"noreferrer noopener\"><img decoding=\"async\" width=\"55\" height=\"56\" class=\"alignnone wp-image-2218\" src=\"https:\/\/departamentos.uleam.edu.ec\/vinculacion-colectividad\/files\/2018\/02\/simbolodescarga.png\" alt=\"\" srcset=\"https:\/\/departamentos.uleam.edu.ec\/vinculacion-colectividad\/files\/2018\/02\/simbolodescarga.png 228w, https:\/\/departamentos.uleam.edu.ec\/vinculacion-colectividad\/files\/2018\/02\/simbolodescarga-150x150.png 150w, https:\/\/departamentos.uleam.edu.ec\/vinculacion-colectividad\/files\/2018\/02\/simbolodescarga-55x55.png 55w\" sizes=\"(max-width: 55px) 100vw, 55px\" \/><\/a><\/span> <\/td><\/tr><tr><td><strong>21<\/strong><\/td><td>Convenio Espec\u00edfico de Cooperaci\u00f3n Interinstitucional Acad\u00e9mico entre la Universidad Laica \u00abEloy Alfaro\u00bb de Manab\u00ed y la Empresa Distribuidora Miraflores Jocay CIA. LTDA.<\/td><td>Ene-21<\/td><td> <span style=\"color: #000000\"><a href=\"https:\/\/departamentos.uleam.edu.ec\/vinculacion-colectividad\/files\/2021\/09\/ULEAM-Y-DISTRIBUIDORA-MIRAFLORES-especifico-2020.pdf\" target=\"_blank\" rel=\"noreferrer noopener\"><img decoding=\"async\" width=\"55\" height=\"56\" class=\"alignnone wp-image-2218\" src=\"https:\/\/departamentos.uleam.edu.ec\/vinculacion-colectividad\/files\/2018\/02\/simbolodescarga.png\" alt=\"\" srcset=\"https:\/\/departamentos.uleam.edu.ec\/vinculacion-colectividad\/files\/2018\/02\/simbolodescarga.png 228w, https:\/\/departamentos.uleam.edu.ec\/vinculacion-colectividad\/files\/2018\/02\/simbolodescarga-150x150.png 150w, https:\/\/departamentos.uleam.edu.ec\/vinculacion-colectividad\/files\/2018\/02\/simbolodescarga-55x55.png 55w\" sizes=\"(max-width: 55px) 100vw, 55px\" \/><\/a><\/span> <\/td><\/tr><tr><td><strong>22<\/strong><\/td><td>Convenio de Cooperaci\u00f3n Interinstitucional entre el Ministerio de Educaci\u00f3n Coordinaci\u00f3n Zonal 4 y la Universidad Laica \u00abEloy Alfaro\u00bb de Manab\u00ed  <\/td><td>Dic-17<\/td><td> <span style=\"color: #000000\"><a href=\"https:\/\/departamentos.uleam.edu.ec\/vinculacion-colectividad\/files\/2021\/09\/ULEAM-Y-MINISTERIO-EDUCACION-COORD.-ZONAL-4-interinstitucional-2020.pdf\" target=\"_blank\" rel=\"noreferrer noopener\"><img decoding=\"async\" width=\"55\" height=\"56\" class=\"alignnone wp-image-2218\" src=\"https:\/\/departamentos.uleam.edu.ec\/vinculacion-colectividad\/files\/2018\/02\/simbolodescarga.png\" alt=\"\" srcset=\"https:\/\/departamentos.uleam.edu.ec\/vinculacion-colectividad\/files\/2018\/02\/simbolodescarga.png 228w, https:\/\/departamentos.uleam.edu.ec\/vinculacion-colectividad\/files\/2018\/02\/simbolodescarga-150x150.png 150w, https:\/\/departamentos.uleam.edu.ec\/vinculacion-colectividad\/files\/2018\/02\/simbolodescarga-55x55.png 55w\" sizes=\"(max-width: 55px) 100vw, 55px\" \/><\/a><\/span>  <\/td><\/tr><tr><td><strong>23<\/strong><\/td><td>Andenum Modificatorio al Convenio Espec\u00edfico de Cooperaci\u00f3n Interinstitucional entre la Universidad Laica \u00abEloy Alfaro\u00bb de Manab\u00ed y la Universidad Particular de Especialidades Esp\u00edritu Santo  <\/td><td>Ene-27<\/td><td> <span style=\"color: #000000\"><a href=\"https:\/\/departamentos.uleam.edu.ec\/vinculacion-colectividad\/files\/2021\/09\/Adendum-Uleam-y-UEES-adendum-2020.pdf\" target=\"_blank\" rel=\"noreferrer noopener\"><img decoding=\"async\" width=\"55\" height=\"56\" class=\"alignnone wp-image-2218\" src=\"https:\/\/departamentos.uleam.edu.ec\/vinculacion-colectividad\/files\/2018\/02\/simbolodescarga.png\" alt=\"\" srcset=\"https:\/\/departamentos.uleam.edu.ec\/vinculacion-colectividad\/files\/2018\/02\/simbolodescarga.png 228w, https:\/\/departamentos.uleam.edu.ec\/vinculacion-colectividad\/files\/2018\/02\/simbolodescarga-150x150.png 150w, https:\/\/departamentos.uleam.edu.ec\/vinculacion-colectividad\/files\/2018\/02\/simbolodescarga-55x55.png 55w\" sizes=\"(max-width: 55px) 100vw, 55px\" \/><\/a><\/span>  <\/td><\/tr><\/tbody><\/table><\/figure>\n","protected":false},"excerpt":{"rendered":"<p>Convenios suscritos N\u00b0 Instituci\u00f3n Fecha Descargar (pdf) 1 Convenio Marco de Cooperaci\u00f3n Interinstitucional entre la Asamblea Nacional del Ecuador y la Universidad Laica \u00abEloy Alfaro\u00bb de Manab\u00ed Oct-29 2 Convenio Marco de<a class=\"moretag\" href=\"https:\/\/departamentos.uleam.edu.ec\/vinculacion-colectividad\/ano-2020\/\">Leer m\u00e1s&#8230;<\/a><\/p>\n","protected":false},"author":124,"featured_media":0,"parent":0,"menu_order":0,"comment_status":"closed","ping_status":"closed","template":"","meta":{"footnotes":"","_links_to":"","_links_to_target":""},"class_list":["post-3475","page","type-page","status-publish","hentry"],"_links":{"self":[{"href":"https:\/\/departamentos.uleam.edu.ec\/vinculacion-colectividad\/wp-json\/wp\/v2\/pages\/3475","targetHints":{"allow":["GET"]}}],"collection":[{"href":"https:\/\/departamentos.uleam.edu.ec\/vinculacion-colectividad\/wp-json\/wp\/v2\/pages"}],"about":[{"href":"https:\/\/departamentos.uleam.edu.ec\/vinculacion-colectividad\/wp-json\/wp\/v2\/types\/page"}],"author":[{"embeddable":true,"href":"https:\/\/departamentos.uleam.edu.ec\/vinculacion-colectividad\/wp-json\/wp\/v2\/users\/124"}],"replies":[{"embeddable":true,"href":"https:\/\/departamentos.uleam.edu.ec\/vinculacion-colectividad\/wp-json\/wp\/v2\/comments?post=3475"}],"version-history":[{"count":27,"href":"https:\/\/departamentos.uleam.edu.ec\/vinculacion-colectividad\/wp-json\/wp\/v2\/pages\/3475\/revisions"}],"predecessor-version":[{"id":3911,"href":"https:\/\/departamentos.uleam.edu.ec\/vinculacion-colectividad\/wp-json\/wp\/v2\/pages\/3475\/revisions\/3911"}],"wp:attachment":[{"href":"https:\/\/departamentos.uleam.edu.ec\/vinculacion-colectividad\/wp-json\/wp\/v2\/media?parent=3475"}],"curies":[{"name":"wp","href":"https:\/\/api.w.org\/{rel}","templated":true}]}}