{"id":4271,"date":"2022-08-05T08:40:25","date_gmt":"2022-08-05T13:40:25","guid":{"rendered":"https:\/\/departamentos.uleam.edu.ec\/vinculacion-colectividad\/?page_id=4271"},"modified":"2023-05-11T08:53:01","modified_gmt":"2023-05-11T13:53:01","slug":"plan-de-legalizacion-posesion-tenencia-y-titularidad-de-dominio-urbano-y-rural","status":"publish","type":"page","link":"https:\/\/departamentos.uleam.edu.ec\/vinculacion-colectividad\/plan-de-legalizacion-posesion-tenencia-y-titularidad-de-dominio-urbano-y-rural\/","title":{"rendered":"Plan para la legalizaci\u00f3n de la posesi\u00f3n, tenencia y titularidad de dominio urbano y rural en los principales cantones de la provincia de Manab\u00ed"},"content":{"rendered":"\n<p class=\"has-text-align-center\" style=\"font-size:24px\">PER\u00cdODO 2022 &#8211; 2025<\/p>\n\n\n\n<p style=\"font-size:18px\">Programa de Reactivaci\u00f3n Econ\u00f3mica, Asentamientos Humanos y Vivienda<\/p>\n\n\n\n<p style=\"font-size:18px\"><strong><em>L\u00cdNEA DE VINCULACI\u00d3N:<\/em><\/strong>&nbsp;\u201cEconom\u00eda y desarrollo territorial sustentable\u00bb.<\/p>\n\n\n\n<div style=\"height:70px\" aria-hidden=\"true\" class=\"wp-block-spacer\"><\/div>\n\n\n\n<figure class=\"wp-block-table is-style-regular\"><table><tbody><tr><td><strong>Equipo T\u00e9cnico:<\/strong><br>Dr. Marcos Zambrano Zambrano, PhD. <em>Rector Uleam<\/em><br>Dra. C. Lourdes Mora Pisco, <em>Directora de Vinculaci\u00f3n y Emprendimiento<\/em><br>Eco. Fabi\u00e1n S\u00e1nchez Ramos, PhD., <em>Decano Facultad de Ciencias Econ\u00f3micas<\/em><br>Ing. Carlos Geovanny Delgado Castro, Mag. Ambiental. <em>Decano Facultad de Ingenier\u00eda<\/em><br>Dr. Presley Loor Mu\u00f1oz, MBA. Mag. Dc., <em>Docente Facultad de Ciencias Econ\u00f3micas<\/em><\/td><\/tr><tr><\/tr><tr><\/tr><tr><\/tr><tr><\/tr><tr><\/tr><\/tbody><\/table><\/figure>\n\n\n\n<figure class=\"wp-block-table is-style-regular\"><table><tbody><tr><td><strong>Campos Amplios: <\/strong><br>Econ\u00f3mico, Social, Pol\u00edtico, Jur\u00eddico, de Ingenier\u00eda<\/td><td><strong>Campos Espec\u00edficos: <\/strong><br>Econom\u00eda, Derecho, e Ingenier\u00eda<\/td><td><strong>Campos Detallados: <\/strong><br>Ciencias Econ\u00f3micas, Sociales, Jur\u00eddico y de Ingenier\u00eda.<\/td><\/tr><tr><\/tr><tr><\/tr><tr><\/tr><tr><td><strong>L\u00ednea de Investigaci\u00f3n: <\/strong><br>Econom\u00eda y desarrollo territorial sustentable<\/td><td><strong>Estado del Proyecto:<\/strong> <br>En ejecuci\u00f3n<\/td><td><strong>C\u00f3digo de Proyecto: <\/strong><br>&#8212;&#8212;&#8212;-<\/td><\/tr><tr><\/tr><tr><\/tr><tr><\/tr><tr><td><strong>Fecha Inicio Planificado: <\/strong><br>Enero 2022<\/td><td><strong>Fecha de Fin Planeado: <\/strong><br>Octubre 2025<\/td><td><strong>Fecha de Fin Real:<\/strong> <br>Diciembre 2025<\/td><\/tr><tr><\/tr><tr><\/tr><\/tbody><\/table><\/figure>\n\n\n\n<figure class=\"wp-block-table is-style-regular\"><table><tbody><tr><td><strong>Convenio: <\/strong><br>AME-Manab\u00ed; AME- Santo Domingo de los Ts\u00e1chilas- Diversos GADs de Manab\u00ed: Manta, Jama, Pedernales, Montecristi, San Vicente, Sucre, Chone, El Carmen, Flavio Alfaro, Tosagua, Pichincha, Jipijapa, 24 de mayo, Santana; Subsecretaria de Tierras MAGAP.<\/td><\/tr><tr><\/tr><tr><\/tr><tr><\/tr><\/tbody><\/table><\/figure>\n\n\n\n<p><strong>FUENTES DE INFORMACI\u00d3N<\/strong><\/p>\n\n\n\n<figure class=\"wp-block-table is-style-regular\"><table><tbody><tr><td>Objetivos de Desarrollo Sostenibles 2020-2030<br>INEC Indicadores<br>Objetivos Nacionales de Desarrollo &#8211; Plan Nacional de Desarrollo 2036 \u2013 El Pa\u00eds del<br>Encuentro<br>Metas del Objetivos Nacionales de Desarrollo &#8211; Plan Nacional de Desarrollo 2036 \u2013 El<br>Pa\u00eds del Encuentro<br>Pol\u00edticas del Objetivos Nacionales de Desarrollo &#8211; Plan Nacional de Desarrollo 2036 \u2013<br>El Pa\u00eds del Encuentro<br>Agenda Zonal<br>Planes de Gobierno Local<br>Objetivos Estrat\u00e9gicos del PEDI<br>Estrategias T\u00e9cnica del PEDI<br>Diagn\u00f3stico de Proyectos Integradores<br>CENSOS diversos GADs<br>Investigaciones relacionadas al proyecto<\/td><\/tr><tr><\/tr><tr><\/tr><tr><\/tr><tr><\/tr><tr><\/tr><tr><\/tr><tr><\/tr><\/tbody><\/table><\/figure>\n\n\n\n<p><strong>COBERTURA Y LOCALIZACI\u00d3N<\/strong><\/p>\n\n\n\n<figure class=\"wp-block-table is-style-regular\"><table><tbody><tr><td><strong>Alcance territorial: <\/strong><br>Cantonal urbano y rural<\/td><td><strong>Provincia\/s:<\/strong><br>Manab\u00ed<\/td><\/tr><tr><\/tr><\/tbody><\/table><\/figure>\n\n\n\n<figure class=\"wp-block-table is-style-regular\"><table><tbody><tr><td><strong>Cant\u00f3n o Cantones: <\/strong><br>Jama y Pedernales<\/td><td><strong>Parroquia\/s: <\/strong><br>Todas<\/td><td><strong>Barrio\/s:<\/strong> <br>Todos<\/td><\/tr><tr><\/tr><\/tbody><\/table><\/figure>\n\n\n\n<p><strong>PRESUPUESTO<\/strong><\/p>\n\n\n\n<figure class=\"wp-block-table is-style-regular\"><table><tbody><tr><td><strong>Presupuesto financiar por la IES: <\/strong><br>$ 134.600,00<\/td><td><strong>Presupuesto total de aliados estrat\u00e9gicos:&nbsp;<\/strong> <br>$ 20.400,00<\/td><\/tr><tr><\/tr><\/tbody><\/table><\/figure>\n\n\n\n<div style=\"height:39px\" aria-hidden=\"true\" class=\"wp-block-spacer\"><\/div>\n\n\n\n<p><strong>OBJETIVO DEL PROYECTO<\/strong><\/p>\n\n\n\n<p class=\"has-text-align-center\"><strong><em>OBJETIVO GENERAL<\/em><\/strong><\/p>\n\n\n\n<figure class=\"wp-block-table is-style-regular\"><table><tbody><tr><td>Implementar la Ejecuci\u00f3n de un Plan de legalizaci\u00f3n de tierras urbanas y rurales para propender a un desarrollo econ\u00f3mico territorial inclusivo de los habitantes de los Cantones de Jama y Pedernales.<\/td><\/tr><tr><\/tr><tr><\/tr><\/tbody><\/table><\/figure>\n\n\n\n<p class=\"has-text-align-center\"><strong><em>OBJETIVOS ESPEC\u00cdFICOS<\/em><\/strong><\/p>\n\n\n\n<figure class=\"wp-block-table is-style-regular\"><table><tbody><tr><td><strong>O.E1:<\/strong> Crear y fortalecer un Plan de Ejecuci\u00f3n de la posesi\u00f3n y tenencia de la tierra para su legalizaci\u00f3n en los Cantones Jama y Pedernales.<br><br><strong>O.E2: <\/strong>Realizar promoci\u00f3n e intervenci\u00f3n social sobre la finalidad del Proyecto y su importancia en la legalizaci\u00f3n de la tierra y su vinculaci\u00f3n con el PDyOT<br><br><strong>O.E3: <\/strong>Brindar asesor\u00eda y capacitaci\u00f3n integral en los aspectos normativos, t\u00e9cnicos, pol\u00edticos, participativos e institucionales para facilitar la participaci\u00f3n y construcci\u00f3n ciudadana informada de la poblaci\u00f3n en la toma de decisiones de las autoridades con respecto al proyecto.<\/td><\/tr><tr><\/tr><tr><\/tr><tr><\/tr><tr><\/tr><tr><\/tr><\/tbody><\/table><\/figure>\n\n\n\n<div style=\"height:46px\" aria-hidden=\"true\" class=\"wp-block-spacer\"><\/div>\n\n\n\n<figure class=\"wp-block-gallery has-nested-images columns-default is-cropped wp-block-gallery-1 is-layout-flex wp-block-gallery-is-layout-flex\">\n<figure class=\"wp-block-image size-large\"><a href=\"https:\/\/departamentos.uleam.edu.ec\/vinculacion-colectividad\/files\/2022\/09\/WhatsApp-Image-2022-09-12-at-13.24.01-1.jpeg\"><img fetchpriority=\"high\" decoding=\"async\" width=\"1024\" height=\"768\" data-id=\"4964\" src=\"https:\/\/departamentos.uleam.edu.ec\/vinculacion-colectividad\/files\/2022\/09\/WhatsApp-Image-2022-09-12-at-13.24.01-1-1024x768.jpeg\" alt=\"\" class=\"wp-image-4964\" srcset=\"https:\/\/departamentos.uleam.edu.ec\/vinculacion-colectividad\/files\/2022\/09\/WhatsApp-Image-2022-09-12-at-13.24.01-1-1024x768.jpeg 1024w, https:\/\/departamentos.uleam.edu.ec\/vinculacion-colectividad\/files\/2022\/09\/WhatsApp-Image-2022-09-12-at-13.24.01-1-300x225.jpeg 300w, https:\/\/departamentos.uleam.edu.ec\/vinculacion-colectividad\/files\/2022\/09\/WhatsApp-Image-2022-09-12-at-13.24.01-1-768x576.jpeg 768w, https:\/\/departamentos.uleam.edu.ec\/vinculacion-colectividad\/files\/2022\/09\/WhatsApp-Image-2022-09-12-at-13.24.01-1.jpeg 1280w\" sizes=\"(max-width: 1024px) 100vw, 1024px\" \/><\/a><\/figure>\n\n\n\n<figure class=\"wp-block-image size-large\"><a href=\"https:\/\/departamentos.uleam.edu.ec\/vinculacion-colectividad\/files\/2022\/09\/WhatsApp-Image-2022-09-12-at-13.24.04.jpeg\"><img decoding=\"async\" width=\"1024\" height=\"768\" data-id=\"4963\" src=\"https:\/\/departamentos.uleam.edu.ec\/vinculacion-colectividad\/files\/2022\/09\/WhatsApp-Image-2022-09-12-at-13.24.04-1024x768.jpeg\" alt=\"\" class=\"wp-image-4963\" srcset=\"https:\/\/departamentos.uleam.edu.ec\/vinculacion-colectividad\/files\/2022\/09\/WhatsApp-Image-2022-09-12-at-13.24.04-1024x768.jpeg 1024w, https:\/\/departamentos.uleam.edu.ec\/vinculacion-colectividad\/files\/2022\/09\/WhatsApp-Image-2022-09-12-at-13.24.04-300x225.jpeg 300w, https:\/\/departamentos.uleam.edu.ec\/vinculacion-colectividad\/files\/2022\/09\/WhatsApp-Image-2022-09-12-at-13.24.04-768x576.jpeg 768w, https:\/\/departamentos.uleam.edu.ec\/vinculacion-colectividad\/files\/2022\/09\/WhatsApp-Image-2022-09-12-at-13.24.04.jpeg 1280w\" sizes=\"(max-width: 1024px) 100vw, 1024px\" \/><\/a><\/figure>\n\n\n\n<figure class=\"wp-block-image size-large\"><a href=\"https:\/\/departamentos.uleam.edu.ec\/vinculacion-colectividad\/files\/2022\/09\/WhatsApp-Image-2022-09-12-at-13.24.02.jpeg\"><img decoding=\"async\" width=\"1000\" height=\"473\" data-id=\"4966\" src=\"https:\/\/departamentos.uleam.edu.ec\/vinculacion-colectividad\/files\/2022\/09\/WhatsApp-Image-2022-09-12-at-13.24.02.jpeg\" alt=\"\" class=\"wp-image-4966\" srcset=\"https:\/\/departamentos.uleam.edu.ec\/vinculacion-colectividad\/files\/2022\/09\/WhatsApp-Image-2022-09-12-at-13.24.02.jpeg 1000w, https:\/\/departamentos.uleam.edu.ec\/vinculacion-colectividad\/files\/2022\/09\/WhatsApp-Image-2022-09-12-at-13.24.02-300x142.jpeg 300w, https:\/\/departamentos.uleam.edu.ec\/vinculacion-colectividad\/files\/2022\/09\/WhatsApp-Image-2022-09-12-at-13.24.02-768x363.jpeg 768w\" sizes=\"(max-width: 1000px) 100vw, 1000px\" \/><\/a><\/figure>\n\n\n\n<figure class=\"wp-block-image size-large\"><a href=\"https:\/\/departamentos.uleam.edu.ec\/vinculacion-colectividad\/files\/2022\/09\/WhatsApp-Image-2022-09-12-at-13.24.01.jpeg\"><img loading=\"lazy\" decoding=\"async\" width=\"960\" height=\"720\" data-id=\"4965\" src=\"https:\/\/departamentos.uleam.edu.ec\/vinculacion-colectividad\/files\/2022\/09\/WhatsApp-Image-2022-09-12-at-13.24.01.jpeg\" alt=\"\" class=\"wp-image-4965\" srcset=\"https:\/\/departamentos.uleam.edu.ec\/vinculacion-colectividad\/files\/2022\/09\/WhatsApp-Image-2022-09-12-at-13.24.01.jpeg 960w, https:\/\/departamentos.uleam.edu.ec\/vinculacion-colectividad\/files\/2022\/09\/WhatsApp-Image-2022-09-12-at-13.24.01-300x225.jpeg 300w, https:\/\/departamentos.uleam.edu.ec\/vinculacion-colectividad\/files\/2022\/09\/WhatsApp-Image-2022-09-12-at-13.24.01-768x576.jpeg 768w\" sizes=\"(max-width: 960px) 100vw, 960px\" \/><\/a><\/figure>\n\n\n\n<figure class=\"wp-block-image size-large\"><a href=\"https:\/\/departamentos.uleam.edu.ec\/vinculacion-colectividad\/files\/2022\/09\/WhatsApp-Image-2022-09-12-at-13.24.03.jpeg\"><img loading=\"lazy\" decoding=\"async\" width=\"1000\" height=\"473\" data-id=\"4967\" src=\"https:\/\/departamentos.uleam.edu.ec\/vinculacion-colectividad\/files\/2022\/09\/WhatsApp-Image-2022-09-12-at-13.24.03.jpeg\" alt=\"\" class=\"wp-image-4967\" srcset=\"https:\/\/departamentos.uleam.edu.ec\/vinculacion-colectividad\/files\/2022\/09\/WhatsApp-Image-2022-09-12-at-13.24.03.jpeg 1000w, https:\/\/departamentos.uleam.edu.ec\/vinculacion-colectividad\/files\/2022\/09\/WhatsApp-Image-2022-09-12-at-13.24.03-300x142.jpeg 300w, https:\/\/departamentos.uleam.edu.ec\/vinculacion-colectividad\/files\/2022\/09\/WhatsApp-Image-2022-09-12-at-13.24.03-768x363.jpeg 768w\" sizes=\"(max-width: 1000px) 100vw, 1000px\" \/><\/a><\/figure>\n<\/figure>\n\n\n\n<div style=\"height:39px\" aria-hidden=\"true\" class=\"wp-block-spacer\"><\/div>\n\n\n\n<div class=\"wp-block-file aligncenter\"><a href=\"https:\/\/departamentos.uleam.edu.ec\/vinculacion-colectividad\/files\/2022\/08\/PROYECTO-INTERDISCIPLINARIO-DE-VINCULACION-28-01-2022-2.pdf\" class=\"wp-block-file__button\" download>Descarga<\/a><\/div>\n","protected":false},"excerpt":{"rendered":"<p>PER\u00cdODO 2022 &#8211; 2025 Programa de Reactivaci\u00f3n Econ\u00f3mica, Asentamientos Humanos y Vivienda L\u00cdNEA DE VINCULACI\u00d3N:&nbsp;\u201cEconom\u00eda y desarrollo territorial sustentable\u00bb. Equipo T\u00e9cnico:Dr. Marcos Zambrano Zambrano, PhD. Rector UleamDra. C. Lourdes Mora Pisco, Directora<a class=\"moretag\" href=\"https:\/\/departamentos.uleam.edu.ec\/vinculacion-colectividad\/plan-de-legalizacion-posesion-tenencia-y-titularidad-de-dominio-urbano-y-rural\/\">Leer m\u00e1s&#8230;<\/a><\/p>\n","protected":false},"author":124,"featured_media":0,"parent":0,"menu_order":0,"comment_status":"closed","ping_status":"closed","template":"","meta":{"footnotes":"","_links_to":"","_links_to_target":""},"class_list":["post-4271","page","type-page","status-publish","hentry"],"_links":{"self":[{"href":"https:\/\/departamentos.uleam.edu.ec\/vinculacion-colectividad\/wp-json\/wp\/v2\/pages\/4271","targetHints":{"allow":["GET"]}}],"collection":[{"href":"https:\/\/departamentos.uleam.edu.ec\/vinculacion-colectividad\/wp-json\/wp\/v2\/pages"}],"about":[{"href":"https:\/\/departamentos.uleam.edu.ec\/vinculacion-colectividad\/wp-json\/wp\/v2\/types\/page"}],"author":[{"embeddable":true,"href":"https:\/\/departamentos.uleam.edu.ec\/vinculacion-colectividad\/wp-json\/wp\/v2\/users\/124"}],"replies":[{"embeddable":true,"href":"https:\/\/departamentos.uleam.edu.ec\/vinculacion-colectividad\/wp-json\/wp\/v2\/comments?post=4271"}],"version-history":[{"count":5,"href":"https:\/\/departamentos.uleam.edu.ec\/vinculacion-colectividad\/wp-json\/wp\/v2\/pages\/4271\/revisions"}],"predecessor-version":[{"id":5202,"href":"https:\/\/departamentos.uleam.edu.ec\/vinculacion-colectividad\/wp-json\/wp\/v2\/pages\/4271\/revisions\/5202"}],"wp:attachment":[{"href":"https:\/\/departamentos.uleam.edu.ec\/vinculacion-colectividad\/wp-json\/wp\/v2\/media?parent=4271"}],"curies":[{"name":"wp","href":"https:\/\/api.w.org\/{rel}","templated":true}]}}