{"id":4279,"date":"2022-08-05T08:47:42","date_gmt":"2022-08-05T13:47:42","guid":{"rendered":"https:\/\/departamentos.uleam.edu.ec\/vinculacion-colectividad\/?page_id=4279"},"modified":"2023-01-30T11:25:12","modified_gmt":"2023-01-30T16:25:12","slug":"https-departamentos-uleam-edu-ec-vinculacion-colectividad-proyectos2022-proyecto-para-la-prevencion-de-genero-en-la-universidad-laica-eloy-alfaro-de-manabi","status":"publish","type":"page","link":"https:\/\/departamentos.uleam.edu.ec\/vinculacion-colectividad\/https-departamentos-uleam-edu-ec-vinculacion-colectividad-proyectos2022-proyecto-para-la-prevencion-de-genero-en-la-universidad-laica-eloy-alfaro-de-manabi\/","title":{"rendered":"Proyecto para la prevenci\u00f3n de violencia de g\u00e9nero en la Universidad Laica Eloy Alfaro de Manab\u00ed"},"content":{"rendered":"\n<p class=\"has-text-align-center\" style=\"font-size:24px\">PER\u00cdODO&nbsp;2022 -2026<\/p>\n\n\n\n<p style=\"font-size:18px\">Programa Institucional para el Desarrollo Integral de la Mujer y la Familia<\/p>\n\n\n\n<p style=\"font-size:18px\"><strong><em>L\u00cdNEA DE VINCULACI\u00d3N:<\/em><\/strong>&nbsp;\u00abSalud, Cultura f\u00edsica, y Servicios Sociales\u00bb<\/p>\n\n\n\n<div style=\"height:70px\" aria-hidden=\"true\" class=\"wp-block-spacer\"><\/div>\n\n\n\n<figure class=\"wp-block-table is-style-regular\"><table><tbody><tr><td><strong>Equipo T\u00e9cnico:<\/strong><br>Dr. Marcos Zambrano Zambrano, Ph.D., <em>Rector Uleam<\/em><br>Dra. C. Lourdes Mora Pisco, <em>Directora de Vinculaci\u00f3n y Emprendimiento<\/em><br>Dra. C. Pahola D\u00edaz Rodr\u00edguez<br>Lic. Daysi Soto Calder\u00f3n, Ph. D.<br>Dr. Presley Loor Mu\u00f1oz, MBA. Mg.<br>Dr. Nakin V\u00e9liz Mero, Mg.<br>Lic. Lady Garc\u00eda Mej\u00eda. Mg.<\/td><\/tr><tr><\/tr><tr><\/tr><tr><\/tr><tr><\/tr><tr><\/tr><\/tbody><\/table><\/figure>\n\n\n\n<figure class=\"wp-block-table is-style-regular\"><table><tbody><tr><td><strong>Facultad o Unidad Acad\u00e9mica responsable:<\/strong><br>\u2022 Ciencias Administrativas, contables y comercio.<br>\u2022 Ciencias sociales, Derecho y Bienestar<br>\u2022 Ciencias de la salud<\/td><td><strong>Carrera: <\/strong><br>\u2022 Administraci\u00f3n de empresas<br>\u2022 Contabilidad y Auditor\u00eda<br>\u2022 Derecho<br>\u2022 Psicolog\u00eda Cl\u00ednica<br>\u2022 Econom\u00eda<br>\u2022 Trabajo Social<br>\u2022 Comunicaci\u00f3n<br>\u2022 Publicidad y Marketing<br>\u2022 Medicina<br>\u2022 Inform\u00e1tica<br>\u2022 Educaci\u00f3n<\/td><td><strong>Tipo de proyecto: <\/strong><br>Vinculaci\u00f3n con la sociedad y emprendimientos&nbsp;<\/td><\/tr><tr><\/tr><tr><\/tr><tr><\/tr><tr><td><strong>Dominio Acad\u00e9mico:<\/strong> <br>Salud y Bienestar Humano<\/td><td><strong>L\u00ednea de Vinculaci\u00f3n:<\/strong><br>Salud, Cultura f\u00edsica, y Servicios Sociales<\/td><td><strong>L\u00ednea de Investigaci\u00f3n:<\/strong><br>Salud, Cultura f\u00edsica, y Servicios Sociales<\/td><\/tr><tr><\/tr><tr><\/tr><tr><\/tr><tr><td><strong>\u00c1rea del conocimiento:<\/strong><br>Ciencias sociales,<br>educaci\u00f3n comercial y<br>derecho.<\/td><td><strong>Sub\u00e1rea del conocimiento: <\/strong><br>31 Ciencias sociales y del comportamiento.<\/td><td><strong>Sub\u00e1rea especifica:<\/strong> <br>Econom\u00eda, historia de la econom\u00eda, <br>ciencias pol\u00edticas, sociolog\u00eda, demograf\u00eda, <br>antropolog\u00eda (excepto antropolog\u00eda f\u00edsica), <br>etnolog\u00eda, futurolog\u00eda, psicolog\u00eda, geograf\u00eda <br>(excepto geograf\u00eda f\u00edsica), estudios sobre paz y <br>conflictos, derechos humanos<\/td><\/tr><tr><\/tr><tr><\/tr><tr><\/tr><\/tbody><\/table><\/figure>\n\n\n\n<figure class=\"wp-block-table is-style-regular\"><table><tbody><tr><td><strong>Fecha inicio:&nbsp;<\/strong> <br>2022 (2)<\/td><td><strong>Fecha de Fin Planeado: <\/strong><br>2026<\/td><\/tr><tr><\/tr><\/tbody><\/table><\/figure>\n\n\n\n<figure class=\"wp-block-table is-style-regular\"><table><tbody><tr><td><strong>Convenio:<\/strong><br>Carta de compromiso \u201cTu historia, mi historia\u201d<\/td><\/tr><tr><\/tr><tr><td><strong>Objetivos del Plan de creaci\u00f3n de oportunidades:<\/strong><br>El Plan establece las prioridades de Ecuador, en alineaci\u00f3n con el Plan de Gobierno 2021-2025 y la Agenda 2030 de Desarrollo Sostenible, corresponde al Eje Social (4 objetivos, 20 pol\u00edticas y 46 metas)<br>Este proyecto contribuir\u00e1 con el Objetivo 5: Proteger a las familias, garantizar sus derechos y servicios, erradicar la pobreza y promover la inclusi\u00f3n social.<\/td><\/tr><tr><\/tr><tr><\/tr><tr><\/tr><tr><\/tr><\/tbody><\/table><\/figure>\n\n\n\n<p><strong>COBERTURA Y LOCALIZACI\u00d3N<\/strong><\/p>\n\n\n\n<figure class=\"wp-block-table is-style-regular\"><table><tbody><tr><td><strong>Cobertura: <\/strong><br>Zona 4<\/td><td><strong>Zona de Planificaci\u00f3n:<\/strong> <br>Zona 4<\/td><td><strong>Provincia:<\/strong><br>&#8211; Manab\u00ed<br>&#8211; Santo Domingo<\/td><\/tr><tr><\/tr><tr><td><strong>Cant\u00f3n o Cantones:<\/strong> <br>&#8211; Manta<br>&#8211; Sucre<br>&#8211; El Carmen<br>&#8211; Chone<br>&#8211; Pedernales<br>&#8211; Tosagua<br>&#8211; Santo Domingo de los Ts\u00e1chilas<br>&#8211; Portoviejo<br>&#8211; Montecristi<br>&#8211; Jaramij\u00f3<br>&#8211; Pichincha<\/td><td><strong>Parroquia:<\/strong> <br>&#8211; Urbanas<br>&#8211; Rurales<\/td><td><strong>Barrio: <\/strong><br>Indeterminados<\/td><\/tr><tr><\/tr><\/tbody><\/table><\/figure>\n\n\n\n<p><strong>PRESUPUESTO<\/strong><\/p>\n\n\n\n<figure class=\"wp-block-table is-style-regular\"><table><tbody><tr><td><strong>Presupuesto aporte ULEAM: <\/strong><br>US$ 10.000,00<\/td><td><strong>Presupuesto entidad auspiciante\/beneficiaria:<\/strong> <br>$ 00,00<\/td><td><strong>Presupuesto Total:<\/strong> <br>US$ 10.000,00<\/td><\/tr><tr><\/tr><tr><\/tr><tr><\/tr><\/tbody><\/table><\/figure>\n\n\n\n<div style=\"height:37px\" aria-hidden=\"true\" class=\"wp-block-spacer\"><\/div>\n\n\n\n<p><strong>OBJETIVO DEL PROYECTO<\/strong><\/p>\n\n\n\n<p class=\"has-text-align-center\"><strong><em>OBJETIVO GENERAL<\/em><\/strong><\/p>\n\n\n\n<figure class=\"wp-block-table is-style-regular\"><table><tbody><tr><td>Implementar estrategias que desde la Universidad Laica Eloy Alfaro de Manab\u00ed que desde contribuyan a la prevenci\u00f3n de la violencia de g\u00e9nero<\/td><\/tr><tr><\/tr><tr><\/tr><\/tbody><\/table><\/figure>\n\n\n\n<p class=\"has-text-align-center\"><em><strong>OBJETIVOS ESPEC\u00cdFICOS<\/strong><\/em><\/p>\n\n\n\n<figure class=\"wp-block-table is-style-regular\"><table><tbody><tr><td><strong>O.E1: <\/strong>Identificar los tipos de violencia recurrentes en la comunidad que afectan a la mujer y la familia.<br><br><strong>O.E2: <\/strong>Sensibilizar a la comunidad respecto a sus derechos que le otorga la Constituci\u00f3n Nacional y otras normativas de car\u00e1cter supraconstitucional.<br><br><strong>O.E3:<\/strong> Brindar apoyo psicol\u00f3gico a la mujer y la familia afectada en casos de violencia de g\u00e9nero.<br><br><strong>O.E4:<\/strong> Crear v\u00ednculos con redes de apoyo para la atenci\u00f3n de casos de violencia y generaci\u00f3n de emprendimiento en la poblaci\u00f3n afectada.&nbsp;<\/td><\/tr><tr><\/tr><tr><\/tr><tr><\/tr><tr><\/tr><tr><\/tr><\/tbody><\/table><\/figure>\n\n\n\n<div style=\"height:80px\" aria-hidden=\"true\" class=\"wp-block-spacer\"><\/div>\n\n\n\n<figure class=\"wp-block-gallery has-nested-images columns-default is-cropped wp-block-gallery-1 is-layout-flex wp-block-gallery-is-layout-flex\">\n<figure class=\"wp-block-image size-large\"><a href=\"https:\/\/departamentos.uleam.edu.ec\/vinculacion-colectividad\/files\/2022\/08\/WhatsApp-Image-2022-08-22-at-09.55.59.jpeg\"><img fetchpriority=\"high\" decoding=\"async\" width=\"1024\" height=\"768\" data-id=\"4823\" src=\"https:\/\/departamentos.uleam.edu.ec\/vinculacion-colectividad\/files\/2022\/08\/WhatsApp-Image-2022-08-22-at-09.55.59-1024x768.jpeg\" alt=\"\" class=\"wp-image-4823\" srcset=\"https:\/\/departamentos.uleam.edu.ec\/vinculacion-colectividad\/files\/2022\/08\/WhatsApp-Image-2022-08-22-at-09.55.59-1024x768.jpeg 1024w, https:\/\/departamentos.uleam.edu.ec\/vinculacion-colectividad\/files\/2022\/08\/WhatsApp-Image-2022-08-22-at-09.55.59-300x225.jpeg 300w, https:\/\/departamentos.uleam.edu.ec\/vinculacion-colectividad\/files\/2022\/08\/WhatsApp-Image-2022-08-22-at-09.55.59-768x576.jpeg 768w, https:\/\/departamentos.uleam.edu.ec\/vinculacion-colectividad\/files\/2022\/08\/WhatsApp-Image-2022-08-22-at-09.55.59.jpeg 1080w\" sizes=\"(max-width: 1024px) 100vw, 1024px\" \/><\/a><\/figure>\n\n\n\n<figure class=\"wp-block-image size-large\"><a href=\"https:\/\/departamentos.uleam.edu.ec\/vinculacion-colectividad\/files\/2022\/08\/WhatsApp-Image-2022-08-22-at-09.56.00.jpeg\"><img decoding=\"async\" width=\"1024\" height=\"576\" data-id=\"4825\" src=\"https:\/\/departamentos.uleam.edu.ec\/vinculacion-colectividad\/files\/2022\/08\/WhatsApp-Image-2022-08-22-at-09.56.00-1024x576.jpeg\" alt=\"\" class=\"wp-image-4825\" srcset=\"https:\/\/departamentos.uleam.edu.ec\/vinculacion-colectividad\/files\/2022\/08\/WhatsApp-Image-2022-08-22-at-09.56.00-1024x576.jpeg 1024w, https:\/\/departamentos.uleam.edu.ec\/vinculacion-colectividad\/files\/2022\/08\/WhatsApp-Image-2022-08-22-at-09.56.00-300x169.jpeg 300w, https:\/\/departamentos.uleam.edu.ec\/vinculacion-colectividad\/files\/2022\/08\/WhatsApp-Image-2022-08-22-at-09.56.00-768x432.jpeg 768w, https:\/\/departamentos.uleam.edu.ec\/vinculacion-colectividad\/files\/2022\/08\/WhatsApp-Image-2022-08-22-at-09.56.00.jpeg 1080w\" sizes=\"(max-width: 1024px) 100vw, 1024px\" \/><\/a><\/figure>\n\n\n\n<figure class=\"wp-block-image size-large\"><a href=\"https:\/\/departamentos.uleam.edu.ec\/vinculacion-colectividad\/files\/2022\/08\/WhatsApp-Image-2022-08-22-at-09.56.01.jpeg\"><img decoding=\"async\" width=\"1024\" height=\"576\" data-id=\"4826\" src=\"https:\/\/departamentos.uleam.edu.ec\/vinculacion-colectividad\/files\/2022\/08\/WhatsApp-Image-2022-08-22-at-09.56.01-1024x576.jpeg\" alt=\"\" class=\"wp-image-4826\" srcset=\"https:\/\/departamentos.uleam.edu.ec\/vinculacion-colectividad\/files\/2022\/08\/WhatsApp-Image-2022-08-22-at-09.56.01-1024x576.jpeg 1024w, https:\/\/departamentos.uleam.edu.ec\/vinculacion-colectividad\/files\/2022\/08\/WhatsApp-Image-2022-08-22-at-09.56.01-300x169.jpeg 300w, https:\/\/departamentos.uleam.edu.ec\/vinculacion-colectividad\/files\/2022\/08\/WhatsApp-Image-2022-08-22-at-09.56.01-768x432.jpeg 768w, https:\/\/departamentos.uleam.edu.ec\/vinculacion-colectividad\/files\/2022\/08\/WhatsApp-Image-2022-08-22-at-09.56.01.jpeg 1080w\" sizes=\"(max-width: 1024px) 100vw, 1024px\" \/><\/a><\/figure>\n\n\n\n<figure class=\"wp-block-image size-large\"><a href=\"https:\/\/departamentos.uleam.edu.ec\/vinculacion-colectividad\/files\/2022\/08\/WhatsApp-Image-2022-08-22-at-09.56.01-1.jpeg\"><img loading=\"lazy\" decoding=\"async\" width=\"1024\" height=\"576\" data-id=\"4827\" src=\"https:\/\/departamentos.uleam.edu.ec\/vinculacion-colectividad\/files\/2022\/08\/WhatsApp-Image-2022-08-22-at-09.56.01-1-1024x576.jpeg\" alt=\"\" class=\"wp-image-4827\" srcset=\"https:\/\/departamentos.uleam.edu.ec\/vinculacion-colectividad\/files\/2022\/08\/WhatsApp-Image-2022-08-22-at-09.56.01-1-1024x576.jpeg 1024w, https:\/\/departamentos.uleam.edu.ec\/vinculacion-colectividad\/files\/2022\/08\/WhatsApp-Image-2022-08-22-at-09.56.01-1-300x169.jpeg 300w, https:\/\/departamentos.uleam.edu.ec\/vinculacion-colectividad\/files\/2022\/08\/WhatsApp-Image-2022-08-22-at-09.56.01-1-768x432.jpeg 768w, https:\/\/departamentos.uleam.edu.ec\/vinculacion-colectividad\/files\/2022\/08\/WhatsApp-Image-2022-08-22-at-09.56.01-1.jpeg 1080w\" sizes=\"(max-width: 1024px) 100vw, 1024px\" \/><\/a><\/figure>\n\n\n\n<figure class=\"wp-block-image size-large\"><a href=\"https:\/\/departamentos.uleam.edu.ec\/vinculacion-colectividad\/files\/2022\/08\/WhatsApp-Image-2022-08-22-at-09.56.18.jpeg\"><img loading=\"lazy\" decoding=\"async\" width=\"1024\" height=\"768\" data-id=\"4829\" src=\"https:\/\/departamentos.uleam.edu.ec\/vinculacion-colectividad\/files\/2022\/08\/WhatsApp-Image-2022-08-22-at-09.56.18-1024x768.jpeg\" alt=\"\" class=\"wp-image-4829\" srcset=\"https:\/\/departamentos.uleam.edu.ec\/vinculacion-colectividad\/files\/2022\/08\/WhatsApp-Image-2022-08-22-at-09.56.18-1024x768.jpeg 1024w, https:\/\/departamentos.uleam.edu.ec\/vinculacion-colectividad\/files\/2022\/08\/WhatsApp-Image-2022-08-22-at-09.56.18-300x225.jpeg 300w, https:\/\/departamentos.uleam.edu.ec\/vinculacion-colectividad\/files\/2022\/08\/WhatsApp-Image-2022-08-22-at-09.56.18-768x576.jpeg 768w, https:\/\/departamentos.uleam.edu.ec\/vinculacion-colectividad\/files\/2022\/08\/WhatsApp-Image-2022-08-22-at-09.56.18.jpeg 1080w\" sizes=\"(max-width: 1024px) 100vw, 1024px\" \/><\/a><\/figure>\n\n\n\n<figure class=\"wp-block-image size-large\"><a href=\"https:\/\/departamentos.uleam.edu.ec\/vinculacion-colectividad\/files\/2022\/08\/WhatsApp-Image-2022-08-22-at-09.56.02.jpeg\"><img loading=\"lazy\" decoding=\"async\" width=\"1024\" height=\"576\" data-id=\"4830\" src=\"https:\/\/departamentos.uleam.edu.ec\/vinculacion-colectividad\/files\/2022\/08\/WhatsApp-Image-2022-08-22-at-09.56.02-1024x576.jpeg\" alt=\"\" class=\"wp-image-4830\" srcset=\"https:\/\/departamentos.uleam.edu.ec\/vinculacion-colectividad\/files\/2022\/08\/WhatsApp-Image-2022-08-22-at-09.56.02-1024x576.jpeg 1024w, https:\/\/departamentos.uleam.edu.ec\/vinculacion-colectividad\/files\/2022\/08\/WhatsApp-Image-2022-08-22-at-09.56.02-300x169.jpeg 300w, https:\/\/departamentos.uleam.edu.ec\/vinculacion-colectividad\/files\/2022\/08\/WhatsApp-Image-2022-08-22-at-09.56.02-768x432.jpeg 768w, https:\/\/departamentos.uleam.edu.ec\/vinculacion-colectividad\/files\/2022\/08\/WhatsApp-Image-2022-08-22-at-09.56.02.jpeg 1080w\" sizes=\"(max-width: 1024px) 100vw, 1024px\" \/><\/a><\/figure>\n\n\n\n<figure class=\"wp-block-image size-large\"><a href=\"https:\/\/departamentos.uleam.edu.ec\/vinculacion-colectividad\/files\/2022\/08\/WhatsApp-Image-2022-08-22-at-09.56.17.jpeg\"><img loading=\"lazy\" decoding=\"async\" width=\"1024\" height=\"768\" data-id=\"4828\" src=\"https:\/\/departamentos.uleam.edu.ec\/vinculacion-colectividad\/files\/2022\/08\/WhatsApp-Image-2022-08-22-at-09.56.17-1024x768.jpeg\" alt=\"\" class=\"wp-image-4828\" srcset=\"https:\/\/departamentos.uleam.edu.ec\/vinculacion-colectividad\/files\/2022\/08\/WhatsApp-Image-2022-08-22-at-09.56.17-1024x768.jpeg 1024w, https:\/\/departamentos.uleam.edu.ec\/vinculacion-colectividad\/files\/2022\/08\/WhatsApp-Image-2022-08-22-at-09.56.17-300x225.jpeg 300w, https:\/\/departamentos.uleam.edu.ec\/vinculacion-colectividad\/files\/2022\/08\/WhatsApp-Image-2022-08-22-at-09.56.17-768x576.jpeg 768w, https:\/\/departamentos.uleam.edu.ec\/vinculacion-colectividad\/files\/2022\/08\/WhatsApp-Image-2022-08-22-at-09.56.17.jpeg 1080w\" sizes=\"(max-width: 1024px) 100vw, 1024px\" \/><\/a><\/figure>\n<\/figure>\n\n\n\n<figure class=\"wp-block-gallery has-nested-images columns-default is-cropped wp-block-gallery-2 is-layout-flex wp-block-gallery-is-layout-flex\">\n<figure class=\"wp-block-image size-large\"><a href=\"https:\/\/departamentos.uleam.edu.ec\/vinculacion-colectividad\/files\/2023\/01\/WhatsApp-Image-2022-11-22-at-3.26.53-PM.jpeg\"><img loading=\"lazy\" decoding=\"async\" width=\"1024\" height=\"682\" data-id=\"5163\" src=\"https:\/\/departamentos.uleam.edu.ec\/vinculacion-colectividad\/files\/2023\/01\/WhatsApp-Image-2022-11-22-at-3.26.53-PM-1024x682.jpeg\" alt=\"\" class=\"wp-image-5163\" srcset=\"https:\/\/departamentos.uleam.edu.ec\/vinculacion-colectividad\/files\/2023\/01\/WhatsApp-Image-2022-11-22-at-3.26.53-PM-1024x682.jpeg 1024w, https:\/\/departamentos.uleam.edu.ec\/vinculacion-colectividad\/files\/2023\/01\/WhatsApp-Image-2022-11-22-at-3.26.53-PM-300x200.jpeg 300w, https:\/\/departamentos.uleam.edu.ec\/vinculacion-colectividad\/files\/2023\/01\/WhatsApp-Image-2022-11-22-at-3.26.53-PM-768x512.jpeg 768w, https:\/\/departamentos.uleam.edu.ec\/vinculacion-colectividad\/files\/2023\/01\/WhatsApp-Image-2022-11-22-at-3.26.53-PM.jpeg 1280w\" sizes=\"(max-width: 1024px) 100vw, 1024px\" \/><\/a><\/figure>\n\n\n\n<figure class=\"wp-block-image size-large\"><a href=\"https:\/\/departamentos.uleam.edu.ec\/vinculacion-colectividad\/files\/2023\/01\/WhatsApp-Image-2022-11-22-at-3.28.25-PM.jpeg\"><img loading=\"lazy\" decoding=\"async\" width=\"1024\" height=\"682\" data-id=\"5167\" src=\"https:\/\/departamentos.uleam.edu.ec\/vinculacion-colectividad\/files\/2023\/01\/WhatsApp-Image-2022-11-22-at-3.28.25-PM-1024x682.jpeg\" alt=\"\" class=\"wp-image-5167\" srcset=\"https:\/\/departamentos.uleam.edu.ec\/vinculacion-colectividad\/files\/2023\/01\/WhatsApp-Image-2022-11-22-at-3.28.25-PM-1024x682.jpeg 1024w, https:\/\/departamentos.uleam.edu.ec\/vinculacion-colectividad\/files\/2023\/01\/WhatsApp-Image-2022-11-22-at-3.28.25-PM-300x200.jpeg 300w, https:\/\/departamentos.uleam.edu.ec\/vinculacion-colectividad\/files\/2023\/01\/WhatsApp-Image-2022-11-22-at-3.28.25-PM-768x512.jpeg 768w, https:\/\/departamentos.uleam.edu.ec\/vinculacion-colectividad\/files\/2023\/01\/WhatsApp-Image-2022-11-22-at-3.28.25-PM.jpeg 1280w\" sizes=\"(max-width: 1024px) 100vw, 1024px\" \/><\/a><\/figure>\n\n\n\n<figure class=\"wp-block-image size-large\"><a href=\"https:\/\/departamentos.uleam.edu.ec\/vinculacion-colectividad\/files\/2023\/01\/WhatsApp-Image-2022-11-22-at-3.28.26-PM.jpeg\"><img loading=\"lazy\" decoding=\"async\" width=\"1024\" height=\"682\" data-id=\"5166\" src=\"https:\/\/departamentos.uleam.edu.ec\/vinculacion-colectividad\/files\/2023\/01\/WhatsApp-Image-2022-11-22-at-3.28.26-PM-1024x682.jpeg\" alt=\"\" class=\"wp-image-5166\" srcset=\"https:\/\/departamentos.uleam.edu.ec\/vinculacion-colectividad\/files\/2023\/01\/WhatsApp-Image-2022-11-22-at-3.28.26-PM-1024x682.jpeg 1024w, https:\/\/departamentos.uleam.edu.ec\/vinculacion-colectividad\/files\/2023\/01\/WhatsApp-Image-2022-11-22-at-3.28.26-PM-300x200.jpeg 300w, https:\/\/departamentos.uleam.edu.ec\/vinculacion-colectividad\/files\/2023\/01\/WhatsApp-Image-2022-11-22-at-3.28.26-PM-768x512.jpeg 768w, https:\/\/departamentos.uleam.edu.ec\/vinculacion-colectividad\/files\/2023\/01\/WhatsApp-Image-2022-11-22-at-3.28.26-PM.jpeg 1280w\" sizes=\"(max-width: 1024px) 100vw, 1024px\" \/><\/a><\/figure>\n\n\n\n<figure class=\"wp-block-image size-large\"><a href=\"https:\/\/departamentos.uleam.edu.ec\/vinculacion-colectividad\/files\/2023\/01\/WhatsApp-Image-2022-11-22-at-3.28.27-PM.jpeg\"><img loading=\"lazy\" decoding=\"async\" width=\"1024\" height=\"682\" data-id=\"5164\" src=\"https:\/\/departamentos.uleam.edu.ec\/vinculacion-colectividad\/files\/2023\/01\/WhatsApp-Image-2022-11-22-at-3.28.27-PM-1024x682.jpeg\" alt=\"\" class=\"wp-image-5164\" srcset=\"https:\/\/departamentos.uleam.edu.ec\/vinculacion-colectividad\/files\/2023\/01\/WhatsApp-Image-2022-11-22-at-3.28.27-PM-1024x682.jpeg 1024w, https:\/\/departamentos.uleam.edu.ec\/vinculacion-colectividad\/files\/2023\/01\/WhatsApp-Image-2022-11-22-at-3.28.27-PM-300x200.jpeg 300w, https:\/\/departamentos.uleam.edu.ec\/vinculacion-colectividad\/files\/2023\/01\/WhatsApp-Image-2022-11-22-at-3.28.27-PM-768x512.jpeg 768w, https:\/\/departamentos.uleam.edu.ec\/vinculacion-colectividad\/files\/2023\/01\/WhatsApp-Image-2022-11-22-at-3.28.27-PM.jpeg 1280w\" sizes=\"(max-width: 1024px) 100vw, 1024px\" \/><\/a><\/figure>\n\n\n\n<figure class=\"wp-block-image size-large\"><a href=\"https:\/\/departamentos.uleam.edu.ec\/vinculacion-colectividad\/files\/2023\/01\/WhatsApp-Image-2022-11-22-at-3.28.28-PM.jpeg\"><img loading=\"lazy\" decoding=\"async\" width=\"1024\" height=\"682\" data-id=\"5168\" src=\"https:\/\/departamentos.uleam.edu.ec\/vinculacion-colectividad\/files\/2023\/01\/WhatsApp-Image-2022-11-22-at-3.28.28-PM-1024x682.jpeg\" alt=\"\" class=\"wp-image-5168\" srcset=\"https:\/\/departamentos.uleam.edu.ec\/vinculacion-colectividad\/files\/2023\/01\/WhatsApp-Image-2022-11-22-at-3.28.28-PM-1024x682.jpeg 1024w, https:\/\/departamentos.uleam.edu.ec\/vinculacion-colectividad\/files\/2023\/01\/WhatsApp-Image-2022-11-22-at-3.28.28-PM-300x200.jpeg 300w, https:\/\/departamentos.uleam.edu.ec\/vinculacion-colectividad\/files\/2023\/01\/WhatsApp-Image-2022-11-22-at-3.28.28-PM-768x512.jpeg 768w, https:\/\/departamentos.uleam.edu.ec\/vinculacion-colectividad\/files\/2023\/01\/WhatsApp-Image-2022-11-22-at-3.28.28-PM.jpeg 1280w\" sizes=\"(max-width: 1024px) 100vw, 1024px\" \/><\/a><\/figure>\n\n\n\n<figure class=\"wp-block-image size-large\"><a href=\"https:\/\/departamentos.uleam.edu.ec\/vinculacion-colectividad\/files\/2023\/01\/WhatsApp-Image-2022-11-22-at-3.28.30-PM.jpeg\"><img loading=\"lazy\" decoding=\"async\" width=\"1024\" height=\"682\" data-id=\"5165\" src=\"https:\/\/departamentos.uleam.edu.ec\/vinculacion-colectividad\/files\/2023\/01\/WhatsApp-Image-2022-11-22-at-3.28.30-PM-1024x682.jpeg\" alt=\"\" class=\"wp-image-5165\" srcset=\"https:\/\/departamentos.uleam.edu.ec\/vinculacion-colectividad\/files\/2023\/01\/WhatsApp-Image-2022-11-22-at-3.28.30-PM-1024x682.jpeg 1024w, https:\/\/departamentos.uleam.edu.ec\/vinculacion-colectividad\/files\/2023\/01\/WhatsApp-Image-2022-11-22-at-3.28.30-PM-300x200.jpeg 300w, https:\/\/departamentos.uleam.edu.ec\/vinculacion-colectividad\/files\/2023\/01\/WhatsApp-Image-2022-11-22-at-3.28.30-PM-768x512.jpeg 768w, https:\/\/departamentos.uleam.edu.ec\/vinculacion-colectividad\/files\/2023\/01\/WhatsApp-Image-2022-11-22-at-3.28.30-PM.jpeg 1280w\" sizes=\"(max-width: 1024px) 100vw, 1024px\" \/><\/a><\/figure>\n<\/figure>\n\n\n\n<figure class=\"wp-block-gallery has-nested-images columns-default is-cropped wp-block-gallery-3 is-layout-flex wp-block-gallery-is-layout-flex\">\n<figure class=\"wp-block-image size-large\"><a href=\"https:\/\/departamentos.uleam.edu.ec\/vinculacion-colectividad\/files\/2023\/01\/WhatsApp-Image-2022-11-22-at-3.26.50-PM.jpeg\"><img loading=\"lazy\" decoding=\"async\" width=\"1024\" height=\"682\" data-id=\"5169\" src=\"https:\/\/departamentos.uleam.edu.ec\/vinculacion-colectividad\/files\/2023\/01\/WhatsApp-Image-2022-11-22-at-3.26.50-PM-1024x682.jpeg\" alt=\"\" class=\"wp-image-5169\" srcset=\"https:\/\/departamentos.uleam.edu.ec\/vinculacion-colectividad\/files\/2023\/01\/WhatsApp-Image-2022-11-22-at-3.26.50-PM-1024x682.jpeg 1024w, https:\/\/departamentos.uleam.edu.ec\/vinculacion-colectividad\/files\/2023\/01\/WhatsApp-Image-2022-11-22-at-3.26.50-PM-300x200.jpeg 300w, https:\/\/departamentos.uleam.edu.ec\/vinculacion-colectividad\/files\/2023\/01\/WhatsApp-Image-2022-11-22-at-3.26.50-PM-768x512.jpeg 768w, https:\/\/departamentos.uleam.edu.ec\/vinculacion-colectividad\/files\/2023\/01\/WhatsApp-Image-2022-11-22-at-3.26.50-PM.jpeg 1280w\" sizes=\"(max-width: 1024px) 100vw, 1024px\" \/><\/a><\/figure>\n<\/figure>\n\n\n\n<div style=\"height:38px\" aria-hidden=\"true\" class=\"wp-block-spacer\"><\/div>\n\n\n\n<div class=\"wp-block-file aligncenter\"><a href=\"https:\/\/departamentos.uleam.edu.ec\/vinculacion-colectividad\/files\/2022\/11\/Proyecto-Institucional-Periodo-Academico-GENERO2022-\u2013-2026.pdf\" class=\"wp-block-file__button\" download>Descarga<\/a><\/div>\n","protected":false},"excerpt":{"rendered":"<p>PER\u00cdODO&nbsp;2022 -2026 Programa Institucional para el Desarrollo Integral de la Mujer y la Familia L\u00cdNEA DE VINCULACI\u00d3N:&nbsp;\u00abSalud, Cultura f\u00edsica, y Servicios Sociales\u00bb Equipo T\u00e9cnico:Dr. Marcos Zambrano Zambrano, Ph.D., Rector UleamDra. C. Lourdes<a class=\"moretag\" href=\"https:\/\/departamentos.uleam.edu.ec\/vinculacion-colectividad\/https-departamentos-uleam-edu-ec-vinculacion-colectividad-proyectos2022-proyecto-para-la-prevencion-de-genero-en-la-universidad-laica-eloy-alfaro-de-manabi\/\">Leer m\u00e1s&#8230;<\/a><\/p>\n","protected":false},"author":124,"featured_media":0,"parent":0,"menu_order":0,"comment_status":"closed","ping_status":"closed","template":"","meta":{"footnotes":"","_links_to":"","_links_to_target":""},"class_list":["post-4279","page","type-page","status-publish","hentry"],"_links":{"self":[{"href":"https:\/\/departamentos.uleam.edu.ec\/vinculacion-colectividad\/wp-json\/wp\/v2\/pages\/4279","targetHints":{"allow":["GET"]}}],"collection":[{"href":"https:\/\/departamentos.uleam.edu.ec\/vinculacion-colectividad\/wp-json\/wp\/v2\/pages"}],"about":[{"href":"https:\/\/departamentos.uleam.edu.ec\/vinculacion-colectividad\/wp-json\/wp\/v2\/types\/page"}],"author":[{"embeddable":true,"href":"https:\/\/departamentos.uleam.edu.ec\/vinculacion-colectividad\/wp-json\/wp\/v2\/users\/124"}],"replies":[{"embeddable":true,"href":"https:\/\/departamentos.uleam.edu.ec\/vinculacion-colectividad\/wp-json\/wp\/v2\/comments?post=4279"}],"version-history":[{"count":10,"href":"https:\/\/departamentos.uleam.edu.ec\/vinculacion-colectividad\/wp-json\/wp\/v2\/pages\/4279\/revisions"}],"predecessor-version":[{"id":5159,"href":"https:\/\/departamentos.uleam.edu.ec\/vinculacion-colectividad\/wp-json\/wp\/v2\/pages\/4279\/revisions\/5159"}],"wp:attachment":[{"href":"https:\/\/departamentos.uleam.edu.ec\/vinculacion-colectividad\/wp-json\/wp\/v2\/media?parent=4279"}],"curies":[{"name":"wp","href":"https:\/\/api.w.org\/{rel}","templated":true}]}}