{"id":4282,"date":"2022-08-05T08:49:29","date_gmt":"2022-08-05T13:49:29","guid":{"rendered":"https:\/\/departamentos.uleam.edu.ec\/vinculacion-colectividad\/?page_id=4282"},"modified":"2022-08-23T12:19:39","modified_gmt":"2022-08-23T17:19:39","slug":"https-departamentos-uleam-edu-ec-vinculacion-colectividad-proyectos2022-habitat-saludable-y-diagnostico-de-apoyo-logistico-territorial-en-periodo-de-contingencia","status":"publish","type":"page","link":"https:\/\/departamentos.uleam.edu.ec\/vinculacion-colectividad\/https-departamentos-uleam-edu-ec-vinculacion-colectividad-proyectos2022-habitat-saludable-y-diagnostico-de-apoyo-logistico-territorial-en-periodo-de-contingencia\/","title":{"rendered":"H\u00e1bitat saludable y diagn\u00f3stico de apoyo log\u00edstico territorial en per\u00edodo de contingencia."},"content":{"rendered":"\n<p class=\"has-text-align-center\" style=\"font-size:24px\">PER\u00cdODO DURACI\u00d3N 2020-2025<\/p>\n\n\n\n<p style=\"font-size:18px\"><strong><em>PROGRAMA:<\/em><\/strong> \u201cServicio t\u00e9cnicos y transferencia de tecnolog\u00eda con componente de investigaci\u00f3n, vinculaci\u00f3n y pr\u00e1cticas\u00bb.<\/p>\n\n\n\n<p style=\"font-size:18px\"><strong><em>L\u00cdNEA DE VINCULACI\u00d3N:<\/em><\/strong> \u201cInfraestructura, crecimiento sustentable y desarrollo industrial\u00bb.<\/p>\n\n\n\n<div style=\"height:50px\" aria-hidden=\"true\" class=\"wp-block-spacer\"><\/div>\n\n\n\n<figure class=\"wp-block-table is-style-regular\"><table><tbody><tr><td><strong>Autores:&nbsp;<\/strong> &nbsp;&nbsp;&nbsp;&nbsp;&nbsp;&nbsp;&nbsp;&nbsp;&nbsp;&nbsp;&nbsp;&nbsp;&nbsp;&nbsp;&nbsp;&nbsp;&nbsp;&nbsp;&nbsp;&nbsp;&nbsp;&nbsp;&nbsp;&nbsp;&nbsp;&nbsp;&nbsp;&nbsp;&nbsp;&nbsp;&nbsp;&nbsp;&nbsp;&nbsp;&nbsp;&nbsp;&nbsp;&nbsp;&nbsp;&nbsp;&nbsp;&nbsp;&nbsp;&nbsp;&nbsp;&nbsp;&nbsp;&nbsp;&nbsp;&nbsp;&nbsp;&nbsp;&nbsp;&nbsp;&nbsp;&nbsp;&nbsp;&nbsp;&nbsp;&nbsp;&nbsp;&nbsp;&nbsp;&nbsp;&nbsp;&nbsp;&nbsp;&nbsp;&nbsp;&nbsp;&nbsp;&nbsp;&nbsp;&nbsp;&nbsp;&nbsp;&nbsp;&nbsp;&nbsp;&nbsp;&nbsp;&nbsp;&nbsp;&nbsp;&nbsp;&nbsp;&nbsp;&nbsp;&nbsp;&nbsp;&nbsp;&nbsp;&nbsp;&nbsp;&nbsp;&nbsp;&nbsp;&nbsp;&nbsp;&nbsp;&nbsp;&nbsp;&nbsp;&nbsp;&nbsp;&nbsp;&nbsp;&nbsp;&nbsp;&nbsp;&nbsp;&nbsp;&nbsp;&nbsp;&nbsp;&nbsp;&nbsp;&nbsp;&nbsp;&nbsp;&nbsp;&nbsp;&nbsp;&nbsp;&nbsp;&nbsp;&nbsp;&nbsp;&nbsp;&nbsp;&nbsp;&nbsp;<br>Ing. Alfredo C\u00e9sar S\u00e1nchez Ca\u00f1arte, PhD&nbsp;&nbsp;&nbsp;&nbsp;&nbsp;&nbsp;&nbsp;&nbsp;&nbsp;&nbsp;&nbsp;&nbsp;&nbsp;&nbsp;&nbsp;&nbsp;&nbsp;&nbsp;&nbsp;&nbsp;&nbsp;&nbsp;&nbsp;&nbsp;&nbsp;&nbsp;&nbsp;&nbsp;&nbsp;&nbsp;&nbsp;&nbsp;&nbsp;&nbsp;&nbsp;&nbsp;&nbsp;&nbsp;&nbsp;&nbsp;&nbsp;&nbsp;&nbsp;&nbsp;&nbsp;&nbsp;&nbsp;&nbsp;&nbsp;&nbsp;&nbsp;&nbsp;&nbsp;&nbsp;&nbsp;&nbsp;&nbsp;&nbsp;&nbsp;&nbsp;&nbsp;&nbsp;&nbsp;&nbsp;&nbsp;&nbsp;&nbsp;&nbsp;&nbsp;&nbsp;&nbsp;&nbsp;&nbsp;&nbsp;&nbsp;&nbsp;&nbsp;&nbsp;&nbsp;&nbsp;&nbsp;&nbsp;<br>Arq. Jos\u00e9 Luis Castro Mero, Mg.<\/td><\/tr><tr><\/tr><tr><\/tr><tr><\/tr><tr><td><strong>Colaboradores:&nbsp;<\/strong> &nbsp;&nbsp;&nbsp;&nbsp;&nbsp;&nbsp;&nbsp;&nbsp;&nbsp;&nbsp;&nbsp;&nbsp;&nbsp;&nbsp;&nbsp;&nbsp;&nbsp;&nbsp;&nbsp;&nbsp;&nbsp;&nbsp;&nbsp;&nbsp;&nbsp;&nbsp;&nbsp;&nbsp;&nbsp;&nbsp;&nbsp;&nbsp;&nbsp;&nbsp;&nbsp;&nbsp;&nbsp;&nbsp;&nbsp;&nbsp;&nbsp;&nbsp;&nbsp;&nbsp;&nbsp;&nbsp;&nbsp;&nbsp;&nbsp;&nbsp;&nbsp;&nbsp;&nbsp;&nbsp;&nbsp;&nbsp;&nbsp;&nbsp;&nbsp;&nbsp;&nbsp;&nbsp;&nbsp;&nbsp;&nbsp;&nbsp;&nbsp;&nbsp;&nbsp;&nbsp;&nbsp;&nbsp;&nbsp;&nbsp;&nbsp;&nbsp;&nbsp;&nbsp;&nbsp;&nbsp;&nbsp;&nbsp;&nbsp;&nbsp;&nbsp;&nbsp;&nbsp;&nbsp;&nbsp;&nbsp;&nbsp;&nbsp;&nbsp;&nbsp;&nbsp;&nbsp;&nbsp;&nbsp;&nbsp;&nbsp;&nbsp;&nbsp;&nbsp;&nbsp;&nbsp;&nbsp;&nbsp;&nbsp;&nbsp;&nbsp;&nbsp;&nbsp;&nbsp;&nbsp;&nbsp;&nbsp;&nbsp;&nbsp;&nbsp;&nbsp;&nbsp;&nbsp;&nbsp;&nbsp;&nbsp;&nbsp;&nbsp;&nbsp;&nbsp;&nbsp;&nbsp;&nbsp;&nbsp;<br>Arq. F\u00e1tima Cevallos Aguayo, Mg.<\/td><\/tr><tr><\/tr><tr><td><strong>Entidad ejecutora:<\/strong>&nbsp;&nbsp;&nbsp;&nbsp;&nbsp;&nbsp;&nbsp;&nbsp;&nbsp;&nbsp;&nbsp;&nbsp;&nbsp;&nbsp;&nbsp;&nbsp;&nbsp;&nbsp;&nbsp;&nbsp;&nbsp;&nbsp;&nbsp;&nbsp;&nbsp;&nbsp;&nbsp;&nbsp;&nbsp;&nbsp;&nbsp;&nbsp;&nbsp;&nbsp;&nbsp;&nbsp;&nbsp;&nbsp;&nbsp;&nbsp;&nbsp;&nbsp;&nbsp;&nbsp;&nbsp;&nbsp;&nbsp;&nbsp;&nbsp;&nbsp;&nbsp;&nbsp;&nbsp;&nbsp;&nbsp;&nbsp;&nbsp;&nbsp;&nbsp;&nbsp;&nbsp;&nbsp;&nbsp;&nbsp;&nbsp;&nbsp;&nbsp;&nbsp;&nbsp;&nbsp;&nbsp;&nbsp;&nbsp;&nbsp;&nbsp;&nbsp;&nbsp;&nbsp;&nbsp;&nbsp;&nbsp;&nbsp;&nbsp;&nbsp;&nbsp;&nbsp;&nbsp;&nbsp;&nbsp; &nbsp;<br>Facultad de Arquitectura de la Universidad Laica Eloy Alfaro de Manab\u00ed<\/td><\/tr><tr><\/tr><\/tbody><\/table><\/figure>\n\n\n\n<p><strong>INVOLUCRADOS:<\/strong><\/p>\n\n\n\n<figure class=\"wp-block-table is-style-regular\"><table><tbody><tr><td><strong>Tutores:<\/strong> <br>En este periodo, luego de la redistribuci\u00f3n de trabajo, se&nbsp; asign\u00f3 seis docentes, m\u00e1s los tres miembros de la comisi\u00f3n de vinculaci\u00f3n, siendo un total de 9 docentes horas asignadas&nbsp; a&nbsp; proyectos&nbsp; de vinculaci\u00f3n.<\/td><td><strong>Gestores:<\/strong> <br>Comisi\u00f3n&nbsp;de Vinculaci\u00f3n con la sociedad Facultad&nbsp;de Arquitectura.&nbsp;En&nbsp;este periodo 2021-1 se registra en la planificaci\u00f3n, nueve docentes tutores y estudiantes egresado, de d\u00e9cimos, novenos y octavos semestres.<\/td><td><strong>Beneficiarios:<\/strong> <br>Los beneficiarios son los conglomerados sociales y&nbsp; barriales&nbsp; de los&nbsp;cantones; Manta, Montecristi,&nbsp;Jaramij\u00f3, Jipijapa,&nbsp;&nbsp;&nbsp; Santa&nbsp;Ana, Olmedo, 24&nbsp; de mayo, Chone, Portoviejo, Crucita y Pedernales.<\/td><\/tr><tr><\/tr><tr><\/tr><tr><\/tr><tr><\/tr><tr><\/tr><tr><\/tr><tr><\/tr><tr><\/tr><tr><\/tr><tr><\/tr><tr><td><strong>Campos Amplio: <\/strong><br>Espacialidad Territorial<\/td><td><strong>Campo Espec\u00edfico: <\/strong><br>Arquitectura y Construcci\u00f3n<\/td><td><strong>Campo Detallado:<\/strong> <br>Vivienda y Espacio Urbano<\/td><\/tr><tr><\/tr><tr><\/tr><tr><td><strong>L\u00ednea de Vinculaci\u00f3n: <\/strong><br>Infraestructura, Crecimiento Sustentable y Desarrollo Industrial<\/td><td><strong>Estado del Proyecto:<\/strong> <br>Proyecto en ejecuci\u00f3n.<\/td><td><strong>C\u00f3digo de Proyecto:&nbsp;<\/strong>&nbsp;&nbsp;&nbsp;&nbsp; <br>P-VIN-1003702-2020<\/td><\/tr><tr><\/tr><tr><\/tr><tr><\/tr><\/tbody><\/table><\/figure>\n\n\n\n<figure class=\"wp-block-table\"><table><tbody><tr><td><strong>L\u00ednea de Investigaci\u00f3n:&nbsp;&nbsp;&nbsp;&nbsp;<\/strong>&nbsp;&nbsp;&nbsp;&nbsp;&nbsp;&nbsp;&nbsp;&nbsp;&nbsp;&nbsp;&nbsp;&nbsp;&nbsp;&nbsp;&nbsp;&nbsp;&nbsp;&nbsp;&nbsp;&nbsp;&nbsp;&nbsp;&nbsp;&nbsp;&nbsp;&nbsp;&nbsp;&nbsp;&nbsp;&nbsp;&nbsp;&nbsp;&nbsp;&nbsp;&nbsp;&nbsp;&nbsp;&nbsp;&nbsp;&nbsp;&nbsp;&nbsp;&nbsp;&nbsp;&nbsp;&nbsp;&nbsp;&nbsp;&nbsp;&nbsp;&nbsp;&nbsp;&nbsp;&nbsp;&nbsp;&nbsp;&nbsp;&nbsp;&nbsp;&nbsp;&nbsp;&nbsp;&nbsp;&nbsp;&nbsp;&nbsp;&nbsp;&nbsp;&nbsp;&nbsp;&nbsp;&nbsp;&nbsp;&nbsp; &nbsp;&nbsp;&nbsp;&nbsp;&nbsp;<br>Ingenier\u00eda, Industria y Construcci\u00f3n<\/td><\/tr><tr><\/tr><tr><td><strong>Fecha Inicio Planificada:&nbsp;<\/strong>&nbsp;&nbsp;&nbsp;&nbsp;&nbsp;&nbsp;&nbsp;&nbsp;&nbsp;&nbsp;&nbsp;&nbsp;&nbsp;&nbsp;&nbsp;&nbsp;&nbsp;&nbsp;&nbsp;&nbsp;&nbsp;&nbsp;&nbsp;&nbsp;&nbsp;&nbsp;&nbsp;&nbsp;&nbsp;&nbsp;&nbsp;&nbsp;&nbsp;&nbsp;&nbsp;&nbsp;&nbsp;&nbsp;&nbsp;&nbsp;&nbsp;&nbsp;&nbsp;&nbsp;&nbsp;&nbsp;&nbsp;&nbsp;&nbsp;&nbsp;&nbsp;&nbsp;&nbsp;&nbsp;&nbsp;&nbsp;&nbsp;&nbsp;&nbsp;&nbsp;&nbsp;&nbsp;&nbsp;&nbsp;&nbsp;&nbsp;&nbsp;&nbsp;&nbsp;&nbsp;&nbsp;&nbsp;&nbsp;&nbsp;&nbsp;&nbsp;&nbsp;&nbsp;&nbsp;&nbsp;&nbsp;&nbsp;&nbsp; &nbsp;&nbsp;&nbsp;&nbsp;<br>25 de mayo de 2020<\/td><\/tr><tr><\/tr><tr><td><strong>Fecha de finalizaci\u00f3n de proyecto:<\/strong>&nbsp;&nbsp;&nbsp;&nbsp; &nbsp;&nbsp;&nbsp;&nbsp;&nbsp;&nbsp;&nbsp;&nbsp;&nbsp;&nbsp;&nbsp;&nbsp;&nbsp;&nbsp;&nbsp;&nbsp;&nbsp;&nbsp;&nbsp;&nbsp;&nbsp;&nbsp;&nbsp;&nbsp;&nbsp;&nbsp;&nbsp;&nbsp;&nbsp;&nbsp;&nbsp;&nbsp;&nbsp;&nbsp;&nbsp;&nbsp;&nbsp;&nbsp;&nbsp;&nbsp;&nbsp;&nbsp;&nbsp;&nbsp;&nbsp;&nbsp;&nbsp;&nbsp;&nbsp;&nbsp;&nbsp;&nbsp;&nbsp;&nbsp;&nbsp;&nbsp;&nbsp;&nbsp;&nbsp;&nbsp;&nbsp;&nbsp;&nbsp;&nbsp;<br>La vida \u00fatil de este proyecto estar\u00e1&nbsp; en&nbsp; funci\u00f3n&nbsp; de&nbsp; las&nbsp; restricciones&nbsp; de movilidad que&nbsp; nos&nbsp; imponga&nbsp; la&nbsp; pandemia del coronavirus&nbsp; a nivel global y&nbsp;en&nbsp; especial&nbsp; las condiciones de control sanitario en el pa\u00eds, en todo caso se estima como fecha de finalizaci\u00f3n del proyecto: el 26 de febrero de 2025<\/td><\/tr><tr><\/tr><tr><\/tr><tr><\/tr><tr><\/tr><tr><td><strong>Convenios:&nbsp;&nbsp;<\/strong>&nbsp;&nbsp;&nbsp;&nbsp;&nbsp;&nbsp;&nbsp;&nbsp;&nbsp;&nbsp;&nbsp;&nbsp;&nbsp;&nbsp;&nbsp;&nbsp;&nbsp;&nbsp;&nbsp;&nbsp;&nbsp;&nbsp;&nbsp;&nbsp;&nbsp;&nbsp;&nbsp;&nbsp;&nbsp;&nbsp;&nbsp;&nbsp;&nbsp;&nbsp;&nbsp;&nbsp;&nbsp;&nbsp;&nbsp;&nbsp;&nbsp;&nbsp;&nbsp;&nbsp;&nbsp;&nbsp;&nbsp;&nbsp;&nbsp;&nbsp;&nbsp;&nbsp;&nbsp;&nbsp;&nbsp;&nbsp;&nbsp;&nbsp;&nbsp;&nbsp;&nbsp;&nbsp;&nbsp;&nbsp;&nbsp;&nbsp;&nbsp;&nbsp;&nbsp;&nbsp;&nbsp;&nbsp;&nbsp;&nbsp;&nbsp;&nbsp;&nbsp;&nbsp;&nbsp;&nbsp;&nbsp;&nbsp;&nbsp;&nbsp;&nbsp;&nbsp;&nbsp;&nbsp;&nbsp;&nbsp;&nbsp;&nbsp;&nbsp;&nbsp;&nbsp;&nbsp;&nbsp;&nbsp;&nbsp;&nbsp;&nbsp;&nbsp;&nbsp;<br>Gad Municipal del Cant\u00f3n Manta.&nbsp;&nbsp;&nbsp;&nbsp;&nbsp;&nbsp;&nbsp;&nbsp;&nbsp;&nbsp;&nbsp;&nbsp;&nbsp;&nbsp;&nbsp;&nbsp;&nbsp;&nbsp;&nbsp;&nbsp;&nbsp;&nbsp;&nbsp;&nbsp;&nbsp;&nbsp;&nbsp;&nbsp;&nbsp;&nbsp;&nbsp;&nbsp;&nbsp;&nbsp;&nbsp;&nbsp;&nbsp;&nbsp;&nbsp;&nbsp;&nbsp;&nbsp;&nbsp;&nbsp;&nbsp;&nbsp;&nbsp;&nbsp;&nbsp;&nbsp;&nbsp;&nbsp;&nbsp;&nbsp;&nbsp;&nbsp;&nbsp;&nbsp;&nbsp;&nbsp;&nbsp;&nbsp;&nbsp;&nbsp;&nbsp;&nbsp;&nbsp; <br>Solicitudes de intervenci\u00f3n por parte de los beneficiarios de los sectores a intervenir.&nbsp;&nbsp;&nbsp;&nbsp;&nbsp;&nbsp;&nbsp;&nbsp;&nbsp;&nbsp;&nbsp;&nbsp;&nbsp;&nbsp;&nbsp;&nbsp;&nbsp;&nbsp;&nbsp;&nbsp;&nbsp;&nbsp;&nbsp;&nbsp;&nbsp;&nbsp;&nbsp;&nbsp;&nbsp;&nbsp;&nbsp;&nbsp;&nbsp;&nbsp;&nbsp;&nbsp;&nbsp;&nbsp;&nbsp;&nbsp;&nbsp;&nbsp;&nbsp;&nbsp;&nbsp;&nbsp;&nbsp;&nbsp;&nbsp;&nbsp;&nbsp;&nbsp;&nbsp;&nbsp;&nbsp;&nbsp;&nbsp;&nbsp;&nbsp;&nbsp;&nbsp;&nbsp;&nbsp;&nbsp;&nbsp;&nbsp;&nbsp;&nbsp;&nbsp;&nbsp;&nbsp;&nbsp;&nbsp;&nbsp;&nbsp;&nbsp;&nbsp;&nbsp;&nbsp;&nbsp;&nbsp;&nbsp;&nbsp;&nbsp;&nbsp;&nbsp;&nbsp;&nbsp;&nbsp;&nbsp;&nbsp;&nbsp;&nbsp;&nbsp;&nbsp;&nbsp;&nbsp;&nbsp; <br>Solicitudes de trabajo conjunto por parte del Observatorio Territorial Multidisciplinario Uleam y grupo iniciativa META.<\/td><\/tr><tr><\/tr><tr><\/tr><tr><\/tr><tr><\/tr><tr><\/tr><tr><td><strong>Beneficiarios:&nbsp; <\/strong>&nbsp;&nbsp;&nbsp;&nbsp;&nbsp;&nbsp;&nbsp;&nbsp;&nbsp;&nbsp;&nbsp;&nbsp;&nbsp;&nbsp;&nbsp;&nbsp;&nbsp;&nbsp;&nbsp;&nbsp;&nbsp;&nbsp;&nbsp;&nbsp;&nbsp;&nbsp;&nbsp;&nbsp;&nbsp;&nbsp;&nbsp;&nbsp;&nbsp;&nbsp;&nbsp;&nbsp;&nbsp;&nbsp;&nbsp;&nbsp;&nbsp;&nbsp;&nbsp;&nbsp;&nbsp;&nbsp;&nbsp;&nbsp;&nbsp;&nbsp;&nbsp;&nbsp;&nbsp;&nbsp;&nbsp;&nbsp;&nbsp;&nbsp;&nbsp;&nbsp;&nbsp;&nbsp;&nbsp;&nbsp;&nbsp;&nbsp;&nbsp;&nbsp;&nbsp;&nbsp;&nbsp;&nbsp;&nbsp;&nbsp;&nbsp;&nbsp;&nbsp;&nbsp;&nbsp;&nbsp;&nbsp;&nbsp;&nbsp;&nbsp;&nbsp;&nbsp;&nbsp;<br>Conglomerados sociales y&nbsp;barriales de los&nbsp;cantones: Manta, Montecristi, Jaramij\u00f3, Jipijapa, Santa Ana, Olmedo, 24 de mayo, Chone, Portoviejo, Crucita y Pedernales.<\/td><\/tr><tr><\/tr><tr><\/tr><tr><\/tr><tr><\/tr><\/tbody><\/table><\/figure>\n\n\n\n<p class=\"has-normal-font-size\"><strong>FUENTES DE INFORMACI\u00d3N <\/strong><\/p>\n\n\n\n<figure class=\"wp-block-table\"><table><tbody><tr><td>Plan Nacional de Desarrollo 2017-2021 -Toda una Vida Agenda Zonal 4&nbsp;&nbsp;&nbsp;&nbsp;&nbsp;&nbsp; <br>Plan Estrat\u00e9gico de Desarrollo Institucional ULEAM 2016-2020 L\u00edneas de Investigaci\u00f3n y L\u00edneas de Vinculaci\u00f3n ULEAM&nbsp;&nbsp;&nbsp;&nbsp;&nbsp;&nbsp;&nbsp;&nbsp;&nbsp;&nbsp;&nbsp;&nbsp;&nbsp;&nbsp;&nbsp;&nbsp;&nbsp;&nbsp;&nbsp;&nbsp;&nbsp;&nbsp;&nbsp;&nbsp;&nbsp;&nbsp;&nbsp;&nbsp;&nbsp;&nbsp;&nbsp;&nbsp;&nbsp;&nbsp;&nbsp;&nbsp;&nbsp;&nbsp;&nbsp;&nbsp;&nbsp;&nbsp;&nbsp;&nbsp;&nbsp;&nbsp;&nbsp;<br>Plan de reactivaci\u00f3n econ\u00f3mica para Manta. 2020&nbsp;&nbsp;&nbsp;&nbsp;&nbsp;&nbsp;&nbsp;&nbsp;&nbsp;&nbsp;&nbsp;&nbsp;&nbsp;&nbsp;&nbsp;&nbsp;&nbsp;&nbsp;&nbsp;&nbsp;&nbsp;&nbsp;&nbsp;&nbsp;&nbsp;&nbsp;&nbsp;&nbsp;&nbsp;&nbsp;&nbsp;&nbsp;&nbsp;&nbsp;&nbsp;&nbsp;&nbsp;&nbsp;&nbsp;&nbsp;&nbsp;&nbsp;&nbsp; <br>Elgin, Columbia University et. al. (10-04-2020).&nbsp;&nbsp;&nbsp;&nbsp;&nbsp;&nbsp;&nbsp;&nbsp;&nbsp;&nbsp;&nbsp;&nbsp;&nbsp;&nbsp;&nbsp;&nbsp;&nbsp;&nbsp;&nbsp;&nbsp;&nbsp;&nbsp;&nbsp;&nbsp;&nbsp;&nbsp;&nbsp;&nbsp;&nbsp;&nbsp;&nbsp;&nbsp;&nbsp;&nbsp;&nbsp;&nbsp;&nbsp;&nbsp;&nbsp;&nbsp;&nbsp;&nbsp;&nbsp;&nbsp;&nbsp;&nbsp; <br>Decisiones econ\u00f3micas ante el impacto del covid19, l\u00edneas argumentales (19-04-2020)<\/td><\/tr><tr><\/tr><tr><\/tr><tr><\/tr><tr><\/tr><tr><\/tr><tr><\/tr><\/tbody><\/table><\/figure>\n\n\n\n<p class=\"has-normal-font-size\"><strong>COBERTURA Y LOCALIZACI\u00d3N <\/strong><\/p>\n\n\n\n<figure class=\"wp-block-table\"><table><tbody><tr><td><strong>Alcance territorial: &nbsp;<\/strong>&nbsp;&nbsp;&nbsp;&nbsp;&nbsp;&nbsp;&nbsp;&nbsp;&nbsp;&nbsp;&nbsp;&nbsp;&nbsp;&nbsp;&nbsp;&nbsp;&nbsp;&nbsp;&nbsp;&nbsp;&nbsp;&nbsp;&nbsp;&nbsp;&nbsp;&nbsp;&nbsp;&nbsp;<br>Provincial<\/td><td><strong>Provincia\/s:&nbsp;<\/strong>&nbsp;&nbsp;&nbsp;&nbsp;&nbsp;&nbsp;&nbsp;&nbsp;&nbsp;&nbsp;&nbsp;&nbsp;&nbsp;&nbsp;&nbsp;&nbsp;&nbsp;&nbsp;&nbsp;&nbsp;&nbsp;&nbsp;&nbsp;&nbsp;&nbsp;&nbsp;&nbsp;&nbsp;&nbsp;&nbsp;&nbsp;&nbsp;&nbsp;&nbsp;&nbsp;&nbsp;&nbsp;&nbsp;&nbsp;&nbsp;&nbsp;&nbsp;<br>Manab\u00ed<\/td><\/tr><tr><\/tr><\/tbody><\/table><\/figure>\n\n\n\n<figure class=\"wp-block-table\"><table><tbody><tr><td><strong>Cant\u00f3n o Cantones: <\/strong><br>Manta, Montecristi, Jaramij\u00f3, Portoviejo, Jipijapa, Santa Ana, Olmedo, 24&nbsp;&nbsp; de mayo, Chone, Portoviejo, Crucita y Pedernales.<\/td><td><strong>Parroquia\/s:&nbsp;&nbsp;<\/strong>&nbsp;&nbsp;&nbsp;&nbsp;&nbsp;&nbsp;&nbsp;&nbsp;&nbsp;&nbsp;&nbsp;&nbsp;&nbsp;&nbsp;&nbsp; <br>Todas las parroquias de los cantones a intervenir.<\/td><td><strong>Barrio\/s:&nbsp;<\/strong>&nbsp;&nbsp;&nbsp;&nbsp;&nbsp;&nbsp;&nbsp;&nbsp;&nbsp;&nbsp;&nbsp;&nbsp;&nbsp;&nbsp;&nbsp;&nbsp;&nbsp;&nbsp;&nbsp;&nbsp;&nbsp;&nbsp;&nbsp;&nbsp;&nbsp; <br>-Ciudadela Universitaria -Manta.&nbsp;&nbsp;&nbsp;&nbsp;&nbsp;&nbsp;&nbsp;&nbsp;&nbsp;&nbsp;&nbsp;&nbsp;&nbsp;&nbsp;&nbsp;&nbsp;&nbsp;&nbsp;&nbsp;&nbsp;&nbsp;&nbsp;&nbsp;&nbsp;&nbsp;&nbsp;&nbsp;<br>-Abd\u00f3n Calder\u00f3n &#8211; Manta.&nbsp;&nbsp;&nbsp;&nbsp;&nbsp;&nbsp;&nbsp;&nbsp;&nbsp;&nbsp;&nbsp;&nbsp;&nbsp;&nbsp;&nbsp;&nbsp;&nbsp;&nbsp;&nbsp;&nbsp;&nbsp;&nbsp;&nbsp;&nbsp;&nbsp;&nbsp;&nbsp;<br>-Ciudadela Barbasquillo.&nbsp;&nbsp;&nbsp;&nbsp;&nbsp;&nbsp;&nbsp;&nbsp;&nbsp;&nbsp;&nbsp;&nbsp;&nbsp;&nbsp;&nbsp;&nbsp;&nbsp;&nbsp;&nbsp; <br>-Barrio 8 de Enero.&nbsp;&nbsp;&nbsp;&nbsp;&nbsp;&nbsp;&nbsp;&nbsp;&nbsp;&nbsp;&nbsp;&nbsp;&nbsp;&nbsp;&nbsp;&nbsp;&nbsp;&nbsp;&nbsp;&nbsp;&nbsp;&nbsp;&nbsp;&nbsp;&nbsp;&nbsp;&nbsp;&nbsp; <br>-Barrio Bellavista<\/td><\/tr><tr><\/tr><tr><\/tr><tr><\/tr><tr><\/tr><tr><\/tr><tr><\/tr><tr><\/tr><tr><\/tr><tr><\/tr><tr><\/tr><\/tbody><\/table><\/figure>\n\n\n\n<p class=\"has-normal-font-size\"><strong>FINANCIAMIENTO <\/strong><\/p>\n\n\n\n<figure class=\"wp-block-table\"><table><tbody><tr><td>Presupuesto financiar por la IES: TOTAL=$8683,20 Detalle: $2539,40 (Aporte a nivel de conocimiento-docentes) +6143,80 (requerimientos equipos de construcci\u00f3n y de seguridad).<\/td><\/tr><tr><\/tr><tr><\/tr><tr><\/tr><\/tbody><\/table><\/figure>\n\n\n\n<div style=\"height:25px\" aria-hidden=\"true\" class=\"wp-block-spacer\"><\/div>\n\n\n\n<p class=\"has-normal-font-size\"><strong>OBJETIVO DEL PROYECTO<\/strong><\/p>\n\n\n\n<p class=\"has-text-align-center\"><strong><em>OBJETIVO GENERAL<\/em><\/strong><\/p>\n\n\n\n<figure class=\"wp-block-table is-style-regular\"><table><tbody><tr><td>Contribuir al mejoramiento de la nueva cultura en la calidad de vida&nbsp; de&nbsp; los residentes&nbsp; de los conglomerados sociales y barriales vulnerables delos&nbsp; cantones; Manta,&nbsp; Montecristi,&nbsp; Jaramij\u00f3,&nbsp; Jipijapa, Santa Ana, Olmedo,24 de mayo, Chone, Portoviejo y Pedernales, en el \u00e1rea de la arquitectura y urbanismo, que aporten a la mejora de las condiciones de la habitabilidad saludable.<\/td><\/tr><tr><\/tr><tr><\/tr><tr><\/tr><tr><\/tr><tr><\/tr><\/tbody><\/table><\/figure>\n\n\n\n<p class=\"has-text-align-center has-normal-font-size\"><strong><em>OBJETIVOS ESPEC\u00cdFICOS <\/em><\/strong><\/p>\n\n\n\n<figure class=\"wp-block-table is-style-regular\"><table><tbody><tr><td><strong>O.E1:<\/strong> Transferir&nbsp; conocimientos&nbsp; a&nbsp; trav\u00e9s&nbsp; de la&nbsp; capacitaci\u00f3n a&nbsp; grupos meta&nbsp; para&nbsp; mitigar&nbsp; las&nbsp; condiciones&nbsp; de riesgos&nbsp; de&nbsp; insalubridad&nbsp; del territorio&nbsp; habitable,&nbsp; en&nbsp; \u00e1mbitos arquitect\u00f3nico y del&nbsp; espacio&nbsp; p\u00fablico, sustentabilidad y gesti\u00f3n de riesgos, funcionalidad, forma, flexibilidad, progresividad,&nbsp; sostenibilidad,&nbsp; aprovechamiento&nbsp; de&nbsp; las&nbsp; condiciones clim\u00e1ticas.<br><br><strong>O.E2:<\/strong> Dotar&nbsp; de&nbsp; un&nbsp; levantamiento de&nbsp; informaci\u00f3n en&nbsp; mapeo&nbsp; geo referenciado&nbsp;&nbsp; territorial&nbsp;&nbsp; de&nbsp;&nbsp; puntos&nbsp;&nbsp; de&nbsp;&nbsp; abastecimiento&nbsp;&nbsp; de&nbsp;&nbsp; v\u00edveres, centros de&nbsp; atenci\u00f3n&nbsp; de salud&nbsp; y&nbsp; farmacias, que&nbsp; permita&nbsp; disponer&nbsp; de informaci\u00f3n&nbsp; b\u00e1sica&nbsp; a&nbsp; los potenciales&nbsp; usuarios de los cantones: Manta,&nbsp; Montecristi,&nbsp; Jaramij\u00f3,&nbsp; Jipijapa, Santa&nbsp; Ana,&nbsp; Olmedo, 24&nbsp; de Mayo, Chone,&nbsp; Portoviejo,&nbsp; Crucita, y promover&nbsp; la&nbsp; dinamizaci\u00f3n&nbsp; del peque\u00f1o y mediano comercio.<br><br><strong>O.E.3:<\/strong> Desarrollar un proyecto arquitect\u00f3nico-urbano de car\u00e1cter comunitario, basado en principios de urbanismo t\u00e1ctico y estrategias de planificaci\u00f3n participativa con un enfoque que integre a diferentes actores territoriales en los procesos de planificaci\u00f3n a partir de un conjunto de m\u00e9todos y herramientas que conjuren y contrarresten las maneras de la urbanizaci\u00f3n tradicional y sus espacios p\u00fablicos constituyentes. <br><br><strong>O.E4:<\/strong> Transferir conocimientos te\u00f3ricos pr\u00e1cticos sobre instalaciones el\u00e9ctricas&nbsp; de&nbsp; baja&nbsp; tensi\u00f3n,&nbsp; evaluaci\u00f3n&nbsp; y mantenimiento; dise\u00f1o de proyectos con energ\u00edas renovables; construcci\u00f3n de paneles solares y&nbsp; todo&nbsp; lo relativo&nbsp; al&nbsp; perfil&nbsp; del&nbsp; ingeniero el\u00e9ctrico.&nbsp; (Responsabilidad vinculaci\u00f3n carrera Ingenier\u00eda el\u00e9ctrica)<br><br><strong>O.E5:<\/strong> Dotar de un mapeo sobre ordenamiento de servicios tur\u00edsticos en las playas de Manta en el objetivo de reactivar este rengl\u00f3n de la econom\u00eda.<br><br><strong>O.E.6:<\/strong> Desarrollar&nbsp; un&nbsp; an\u00e1lisis&nbsp; estructural&nbsp; del&nbsp; Peaje&nbsp; Ecol\u00f3gico&nbsp; Mixto (Responsabilidad vinculaci\u00f3n&nbsp;carrera&nbsp; de Ingenier\u00eda civil), bas\u00e1ndose en el proyecto arquitect\u00f3nico presentado&nbsp;&nbsp; por&nbsp;&nbsp; la&nbsp;&nbsp; Facultad&nbsp;&nbsp; de Arquitectura desarrollado bajo objetivo espec\u00edfico 1. <br><br><strong>O.E.7:<\/strong> Incentivar&nbsp; la&nbsp; lecto-escritura,&nbsp; a trav\u00e9s&nbsp; de&nbsp; la&nbsp; elaboraci\u00f3n&nbsp; de Ensayos y\/o sistematizaci\u00f3n&nbsp; de&nbsp; experiencias&nbsp; en&nbsp; las&nbsp; investigaciones generadas desde la vinculaci\u00f3n.<\/td><\/tr><tr><\/tr><tr><\/tr><tr><\/tr><tr><\/tr><tr><\/tr><tr><\/tr><tr><\/tr><tr><\/tr><tr><\/tr><tr><\/tr><tr><\/tr><tr><\/tr><tr><\/tr><tr><\/tr><tr><\/tr><tr><\/tr><tr><\/tr><tr><\/tr><tr><\/tr><tr><\/tr><tr><\/tr><tr><\/tr><tr><\/tr><tr><\/tr><tr><\/tr><tr><\/tr><tr><\/tr><tr><\/tr><tr><\/tr><tr><\/tr><tr><\/tr><tr><\/tr><tr><\/tr><tr><\/tr><\/tbody><\/table><\/figure>\n\n\n\n<div style=\"height:63px\" aria-hidden=\"true\" class=\"wp-block-spacer\"><\/div>\n\n\n\n<div class=\"wp-block-file aligncenter\"><a href=\"https:\/\/departamentos.uleam.edu.ec\/vinculacion-colectividad\/files\/2022\/08\/1-EMERGING-PROJECT-VINC-2021-1-ACTUALIZACIONES-APROBADO-2.pdf\" class=\"wp-block-file__button\" download>Descarga<\/a><\/div>\n\n\n\n<p><\/p>\n","protected":false},"excerpt":{"rendered":"<p>PER\u00cdODO DURACI\u00d3N 2020-2025 PROGRAMA: \u201cServicio t\u00e9cnicos y transferencia de tecnolog\u00eda con componente de investigaci\u00f3n, vinculaci\u00f3n y pr\u00e1cticas\u00bb. L\u00cdNEA DE VINCULACI\u00d3N: \u201cInfraestructura, crecimiento sustentable y desarrollo industrial\u00bb. Autores:&nbsp; &nbsp;&nbsp;&nbsp;&nbsp;&nbsp;&nbsp;&nbsp;&nbsp;&nbsp;&nbsp;&nbsp;&nbsp;&nbsp;&nbsp;&nbsp;&nbsp;&nbsp;&nbsp;&nbsp;&nbsp;&nbsp;&nbsp;&nbsp;&nbsp;&nbsp;&nbsp;&nbsp;&nbsp;&nbsp;&nbsp;&nbsp;&nbsp;&nbsp;&nbsp;&nbsp;&nbsp;&nbsp;&nbsp;&nbsp;&nbsp;&nbsp;&nbsp;&nbsp;&nbsp;&nbsp;&nbsp;&nbsp;&nbsp;&nbsp;&nbsp;&nbsp;&nbsp;&nbsp;&nbsp;&nbsp;&nbsp;&nbsp;&nbsp;&nbsp;&nbsp;&nbsp;&nbsp;&nbsp;&nbsp;&nbsp;&nbsp;&nbsp;&nbsp;&nbsp;&nbsp;&nbsp;&nbsp;&nbsp;&nbsp;&nbsp;&nbsp;&nbsp;&nbsp;&nbsp;&nbsp;&nbsp;&nbsp;&nbsp;&nbsp;&nbsp;&nbsp;&nbsp;&nbsp;&nbsp;&nbsp;&nbsp;&nbsp;&nbsp;&nbsp;&nbsp;&nbsp;&nbsp;&nbsp;&nbsp;&nbsp;&nbsp;&nbsp;&nbsp;&nbsp;&nbsp;&nbsp;&nbsp;&nbsp;&nbsp;&nbsp;&nbsp;&nbsp;&nbsp;&nbsp;&nbsp;&nbsp;&nbsp;&nbsp;&nbsp;&nbsp;&nbsp;&nbsp;&nbsp;&nbsp;&nbsp;&nbsp;&nbsp;&nbsp;&nbsp;&nbsp;&nbsp;&nbsp;Ing. Alfredo C\u00e9sar S\u00e1nchez Ca\u00f1arte,<a class=\"moretag\" href=\"https:\/\/departamentos.uleam.edu.ec\/vinculacion-colectividad\/https-departamentos-uleam-edu-ec-vinculacion-colectividad-proyectos2022-habitat-saludable-y-diagnostico-de-apoyo-logistico-territorial-en-periodo-de-contingencia\/\">Leer m\u00e1s&#8230;<\/a><\/p>\n","protected":false},"author":124,"featured_media":0,"parent":0,"menu_order":0,"comment_status":"closed","ping_status":"closed","template":"","meta":{"footnotes":"","_links_to":"","_links_to_target":""},"class_list":["post-4282","page","type-page","status-publish","hentry"],"_links":{"self":[{"href":"https:\/\/departamentos.uleam.edu.ec\/vinculacion-colectividad\/wp-json\/wp\/v2\/pages\/4282","targetHints":{"allow":["GET"]}}],"collection":[{"href":"https:\/\/departamentos.uleam.edu.ec\/vinculacion-colectividad\/wp-json\/wp\/v2\/pages"}],"about":[{"href":"https:\/\/departamentos.uleam.edu.ec\/vinculacion-colectividad\/wp-json\/wp\/v2\/types\/page"}],"author":[{"embeddable":true,"href":"https:\/\/departamentos.uleam.edu.ec\/vinculacion-colectividad\/wp-json\/wp\/v2\/users\/124"}],"replies":[{"embeddable":true,"href":"https:\/\/departamentos.uleam.edu.ec\/vinculacion-colectividad\/wp-json\/wp\/v2\/comments?post=4282"}],"version-history":[{"count":18,"href":"https:\/\/departamentos.uleam.edu.ec\/vinculacion-colectividad\/wp-json\/wp\/v2\/pages\/4282\/revisions"}],"predecessor-version":[{"id":4895,"href":"https:\/\/departamentos.uleam.edu.ec\/vinculacion-colectividad\/wp-json\/wp\/v2\/pages\/4282\/revisions\/4895"}],"wp:attachment":[{"href":"https:\/\/departamentos.uleam.edu.ec\/vinculacion-colectividad\/wp-json\/wp\/v2\/media?parent=4282"}],"curies":[{"name":"wp","href":"https:\/\/api.w.org\/{rel}","templated":true}]}}