{"id":4285,"date":"2022-08-05T08:51:16","date_gmt":"2022-08-05T13:51:16","guid":{"rendered":"https:\/\/departamentos.uleam.edu.ec\/vinculacion-colectividad\/?page_id=4285"},"modified":"2022-08-22T13:27:33","modified_gmt":"2022-08-22T18:27:33","slug":"https-departamentos-uleam-edu-ec-vinculacion-colectividad-proyectos2022-proyecto-de-transferencia-social-del-conocimiento-programa-de-cursos-y-talleres-de-pedagogia-y-andragogia-del-arte-en-espanol-e","status":"publish","type":"page","link":"https:\/\/departamentos.uleam.edu.ec\/vinculacion-colectividad\/https-departamentos-uleam-edu-ec-vinculacion-colectividad-proyectos2022-proyecto-de-transferencia-social-del-conocimiento-programa-de-cursos-y-talleres-de-pedagogia-y-andragogia-del-arte-en-espanol-e\/","title":{"rendered":"Expo Subasta de Arte en el desarrollo del mercado del arte en la ciudad de Manta"},"content":{"rendered":"\n<p class=\"has-text-align-center\" style=\"font-size:24px\">PER\u00cdODO ACAD\u00c9MICO 2022 &#8211; 2024<\/p>\n\n\n\n<p style=\"font-size:18px\">Proyecto de Vinculaci\u00f3n con la Sociedad<\/p>\n\n\n\n<p style=\"font-size:18px\"><strong><em>L\u00cdNEA DE VINCULACI\u00d3N:<\/em><\/strong>&nbsp;\u201cDesarrollo Social, Cultural y Promoci\u00f3n Deportiva\u00bb<\/p>\n\n\n\n<div style=\"height:70px\" aria-hidden=\"true\" class=\"wp-block-spacer\"><\/div>\n\n\n\n<figure class=\"wp-block-table is-style-regular\"><table><tbody><tr><td><strong>Autor: <\/strong><br>Lic. Roberto Rodr\u00edguez Mg.<\/td><\/tr><tr><\/tr><tr><\/tr><tr><\/tr><tr><\/tr><tr><\/tr><\/tbody><\/table><\/figure>\n\n\n\n<figure class=\"wp-block-table is-style-regular\"><table><tbody><tr><td><strong>Campos Amplios: <\/strong><br>Artes y humanidades<\/td><td><strong>Campos Espec\u00edficos: <\/strong><br>Artes<\/td><td><strong>Campos Detallados: <\/strong><br>Mercado del arte<\/td><\/tr><tr><\/tr><tr><\/tr><tr><\/tr><tr><td><strong>L\u00ednea de Vinculaci\u00f3n: <\/strong><br>Desarrollo Social, Cultural y Promoci\u00f3n Deportiva.<\/td><td><strong>Estado del Proyecto:<\/strong> <br>En aprobaci\u00f3n<\/td><td><strong>C\u00f3digo de Proyecto:&nbsp;<\/strong><\/td><\/tr><tr><\/tr><tr><\/tr><tr><\/tr><\/tbody><\/table><\/figure>\n\n\n\n<figure class=\"wp-block-table is-style-regular\"><table><tbody><tr><td><strong>L\u00ednea de Investigaci\u00f3n: <\/strong><br>Formativa<\/td><\/tr><tr><\/tr><tr><\/tr><tr><\/tr><\/tbody><\/table><\/figure>\n\n\n\n<figure class=\"wp-block-table is-style-regular\"><table><tbody><tr><td><strong>Fecha Inicio Planificado: <\/strong><br>Julio, 2022<\/td><td><strong>Fecha de Fin Planeado:<\/strong> <br>Junio, 2024<\/td><\/tr><tr><\/tr><tr><\/tr><\/tbody><\/table><\/figure>\n\n\n\n<figure class=\"wp-block-table is-style-regular\"><table><tbody><tr><td><strong>Convenio: <\/strong><br>Direcci\u00f3n ejecutiva de la Corporaci\u00f3n Ciudad Alfaro, Manab\u00ed.<\/td><\/tr><tr><\/tr><tr><\/tr><tr><\/tr><tr><td><strong>Beneficiarios: <\/strong><br>Artistas locales, Comunidad estudiantil y comunidad en general de la provincia de<br>Manab\u00ed<\/td><\/tr><tr><\/tr><tr><\/tr><tr><\/tr><\/tbody><\/table><\/figure>\n\n\n\n<p><strong>FUENTES DE INFORMACI\u00d3N<\/strong><\/p>\n\n\n\n<figure class=\"wp-block-table is-style-regular\"><table><tbody><tr><td>Indicadores INEC<br>Planes de Gobiernos Locales o Provinciales<\/td><\/tr><tr><\/tr><tr><\/tr><tr><\/tr><tr><\/tr><tr><\/tr><tr><\/tr><tr><\/tr><\/tbody><\/table><\/figure>\n\n\n\n<p><strong>COBERTURA Y LOCALIZACI\u00d3N<\/strong><\/p>\n\n\n\n<figure class=\"wp-block-table is-style-regular\"><table><tbody><tr><td><strong>Alcance territorial: <\/strong><br><strong><em>Zona 4:<\/em><\/strong> Manab\u00ed, Santo Domingo de los Ts\u00e1chilas.<\/td><td><strong>Provincia\/s:<\/strong><br>Manab\u00ed<\/td><\/tr><tr><\/tr><\/tbody><\/table><\/figure>\n\n\n\n<figure class=\"wp-block-table is-style-regular\"><table><tbody><tr><td><strong>Cant\u00f3n o Cantones:<\/strong> <br>Manta<\/td><td><strong>Parroquia\/s: <\/strong><br>Todos<\/td><td><strong>Barrio\/s:\u00a0<\/strong><\/td><\/tr><tr><\/tr><\/tbody><\/table><\/figure>\n\n\n\n<p><strong>PRESUPUESTO<\/strong><\/p>\n\n\n\n<figure class=\"wp-block-table is-style-regular\"><table><tbody><tr><td><strong>Presupuesto financiar por la IES: <\/strong><br>$\u00a0 4.500.00<\/td><td><strong>Presupuesto total de aliados estrat\u00e9gicos:\u00a0<\/strong> <br>$ 00,00<\/td><\/tr><tr><\/tr><\/tbody><\/table><\/figure>\n\n\n\n<div style=\"height:38px\" aria-hidden=\"true\" class=\"wp-block-spacer\"><\/div>\n\n\n\n<p class=\"has-normal-font-size\"><strong>OBJETIVO DEL PROYECTO<\/strong><\/p>\n\n\n\n<p class=\"has-text-align-center\"><strong><em>OBJETIVO GENERAL<\/em><\/strong><\/p>\n\n\n\n<figure class=\"wp-block-table is-style-regular\"><table><tbody><tr><td>Fomentar la competencia reflexiva y comercial del arte a trav\u00e9s de Expo subastas de arte en el medio educativo de la carrera de artes pl\u00e1sticas de la ULEAM, contribuyendo en el desarrollo cultural de la ciudad de Manta<\/td><\/tr><tr><\/tr><tr><\/tr><\/tbody><\/table><\/figure>\n\n\n\n<p class=\"has-text-align-center\"><strong><em> <strong><em>OBJETIVOS ESPEC\u00cdFICOS<\/em><\/strong> <\/em><\/strong><\/p>\n\n\n\n<figure class=\"wp-block-table is-style-regular\"><table><tbody><tr><td><strong>O.E1:<\/strong> Desarrollar en los estudiantes competencias de planificaci\u00f3n y producci\u00f3n art\u00edstica de obras para la subasta de arte en el medio educativo.<br><br><strong>O.E2:<\/strong> Realizar la Expo subasta de arte promoviendo pr\u00e1cticas art\u00edsticas y emprendimientos culturales. <br><br><strong>O.E3: <\/strong>Realizar talleres pr\u00e1cticos sobre el mercado del arte, dirigidos a artistas, estudiantes y personas en general, que contribuyan a elevar el conocimiento y la valoraci\u00f3n sobre el arte en la ciudad de Manta.<\/td><\/tr><tr><\/tr><tr><\/tr><tr><\/tr><tr><\/tr><tr><\/tr><\/tbody><\/table><\/figure>\n\n\n\n<div style=\"height:39px\" aria-hidden=\"true\" class=\"wp-block-spacer\"><\/div>\n\n\n\n<div class=\"wp-block-file aligncenter\"><a href=\"https:\/\/departamentos.uleam.edu.ec\/vinculacion-colectividad\/files\/2022\/08\/PROYECTO-EXPO-SUBASTA-DE-ARTE-2022-FINAL.pdf\" class=\"wp-block-file__button\" download>Descarga<\/a><\/div>\n","protected":false},"excerpt":{"rendered":"<p>PER\u00cdODO ACAD\u00c9MICO 2022 &#8211; 2024 Proyecto de Vinculaci\u00f3n con la Sociedad L\u00cdNEA DE VINCULACI\u00d3N:&nbsp;\u201cDesarrollo Social, Cultural y Promoci\u00f3n Deportiva\u00bb Autor: Lic. Roberto Rodr\u00edguez Mg. Campos Amplios: Artes y humanidades Campos Espec\u00edficos: Artes<a class=\"moretag\" href=\"https:\/\/departamentos.uleam.edu.ec\/vinculacion-colectividad\/https-departamentos-uleam-edu-ec-vinculacion-colectividad-proyectos2022-proyecto-de-transferencia-social-del-conocimiento-programa-de-cursos-y-talleres-de-pedagogia-y-andragogia-del-arte-en-espanol-e\/\">Leer m\u00e1s&#8230;<\/a><\/p>\n","protected":false},"author":124,"featured_media":0,"parent":0,"menu_order":0,"comment_status":"closed","ping_status":"closed","template":"","meta":{"footnotes":"","_links_to":"","_links_to_target":""},"class_list":["post-4285","page","type-page","status-publish","hentry"],"_links":{"self":[{"href":"https:\/\/departamentos.uleam.edu.ec\/vinculacion-colectividad\/wp-json\/wp\/v2\/pages\/4285","targetHints":{"allow":["GET"]}}],"collection":[{"href":"https:\/\/departamentos.uleam.edu.ec\/vinculacion-colectividad\/wp-json\/wp\/v2\/pages"}],"about":[{"href":"https:\/\/departamentos.uleam.edu.ec\/vinculacion-colectividad\/wp-json\/wp\/v2\/types\/page"}],"author":[{"embeddable":true,"href":"https:\/\/departamentos.uleam.edu.ec\/vinculacion-colectividad\/wp-json\/wp\/v2\/users\/124"}],"replies":[{"embeddable":true,"href":"https:\/\/departamentos.uleam.edu.ec\/vinculacion-colectividad\/wp-json\/wp\/v2\/comments?post=4285"}],"version-history":[{"count":5,"href":"https:\/\/departamentos.uleam.edu.ec\/vinculacion-colectividad\/wp-json\/wp\/v2\/pages\/4285\/revisions"}],"predecessor-version":[{"id":4859,"href":"https:\/\/departamentos.uleam.edu.ec\/vinculacion-colectividad\/wp-json\/wp\/v2\/pages\/4285\/revisions\/4859"}],"wp:attachment":[{"href":"https:\/\/departamentos.uleam.edu.ec\/vinculacion-colectividad\/wp-json\/wp\/v2\/media?parent=4285"}],"curies":[{"name":"wp","href":"https:\/\/api.w.org\/{rel}","templated":true}]}}