{"id":4294,"date":"2022-08-05T08:57:48","date_gmt":"2022-08-05T13:57:48","guid":{"rendered":"https:\/\/departamentos.uleam.edu.ec\/vinculacion-colectividad\/?page_id=4294"},"modified":"2022-09-13T11:24:44","modified_gmt":"2022-09-13T16:24:44","slug":"https-departamentos-uleam-edu-ec-vinculacion-colectividad-proyectos2022-fortalece-tu-mi-pyme","status":"publish","type":"page","link":"https:\/\/departamentos.uleam.edu.ec\/vinculacion-colectividad\/https-departamentos-uleam-edu-ec-vinculacion-colectividad-proyectos2022-fortalece-tu-mi-pyme\/","title":{"rendered":"Fortalece tu Mi Pyme"},"content":{"rendered":"\n<p class=\"has-text-align-center\" style=\"font-size:24px\"> PER\u00cdODO ACAD\u00c9MICO 2021-2024<\/p>\n\n\n\n<p class=\"has-text-align-center has-normal-font-size\">Facultad de Administraci\u00f3n &#8211; Manta <\/p>\n\n\n\n<p class=\"has-text-align-center has-normal-font-size\">Extensi\u00f3n Chone &#8211; Carrera de Administraci\u00f3n <\/p>\n\n\n\n<p style=\"font-size:18px\">Proyecto Multidisciplinario de Vinculaci\u00f3n y Emprendimiento <\/p>\n\n\n\n<p style=\"font-size:18px\"><em><strong>L\u00cdNEA DE VINCULACI<em>\u00d3N<\/em>: <\/strong><\/em>\u00abDesarrollo econ\u00f3mico y sostenible empresarial\u00bb <\/p>\n\n\n\n<div style=\"height:59px\" aria-hidden=\"true\" class=\"wp-block-spacer\"><\/div>\n\n\n\n<figure class=\"wp-block-table is-style-regular\"><table><tbody><tr><td><strong>Autores:<\/strong> <br>Ing. Jos\u00e9 Luis Morante Galarza <br>Ing. Jos\u00e9 Alexander Moreira Pacha <br>Ing. Andrea Zambrano Barcia<\/td><\/tr><tr><\/tr><tr><\/tr><tr><\/tr><tr><\/tr><tr><\/tr><tr><td><strong>Colaboradores:<\/strong><br>Ing. Jos\u00e9 Luis Morante&nbsp; <br>Ing. Andrea Zambrano&nbsp; <br>Eco. Lenin Hidalgo<\/td><\/tr><tr><\/tr><tr><\/tr><tr><\/tr><tr><\/tr><tr><\/tr><\/tbody><\/table><\/figure>\n\n\n\n<figure class=\"wp-block-table is-style-regular\"><table><tbody><tr><td><strong>Campos Amplios:&nbsp; <\/strong><br>1-Administraci\u00f3n<\/td><td><strong>Campos Espec\u00edficos:<\/strong>&nbsp; <br>Educaci\u00f3n comercial y Administraci\u00f3n<\/td><td><strong>Campos Detallados:<\/strong> <br>Administraci\u00f3n institucional, gesti\u00f3n, contabilidad, comercializaci\u00f3n, ventas, comercio al por menor.<\/td><\/tr><tr><\/tr><tr><\/tr><tr><\/tr><tr><td><strong>L\u00ednea de Vinculaci\u00f3n: <\/strong><br>Desarrollo econ\u00f3mico y sostenible empresarial.<\/td><td><strong>Estado del Proyecto:<\/strong><br>Nuevo<\/td><td><strong>C\u00f3digo de Proyecto: <\/strong><br>P-VIN-1005971-2021<\/td><\/tr><tr><\/tr><tr><\/tr><tr><\/tr><\/tbody><\/table><\/figure>\n\n\n\n<figure class=\"wp-block-table is-style-regular\"><table><tbody><tr><td><strong>L\u00ednea de Investigaci\u00f3n:<\/strong> Econom\u00eda y Desarrollo sustentable<\/td><\/tr><tr><\/tr><\/tbody><\/table><\/figure>\n\n\n\n<figure class=\"wp-block-table is-style-regular\"><table><tbody><tr><td><strong>Fecha Inicio Planificado: <\/strong><br>Junio 2021<\/td><td><strong>Fecha de Fin Planeado: <\/strong><br>Marzo 2024<\/td><td><strong>Fecha de Fin Real: <\/strong><br>Junio 2024<\/td><\/tr><tr><\/tr><tr><\/tr><\/tbody><\/table><\/figure>\n\n\n\n<figure class=\"wp-block-table is-style-regular\"><table><tbody><tr><td><strong>Convenios:<\/strong><br>Gobierno Aut\u00f3nomo Descentralizado de Manta<\/td><\/tr><tr><\/tr><tr><td><strong>Beneficiarios:<\/strong> <br>Empresarios de micro, peque\u00f1as y medianas empresas de Manab\u00ed&nbsp;<\/td><\/tr><tr><\/tr><tr><\/tr><tr><\/tr><\/tbody><\/table><\/figure>\n\n\n\n<p> <strong>FUENTES DE INFORMACI\u00d3N<\/strong><\/p>\n\n\n\n<figure class=\"wp-block-table is-style-regular\"><table><tbody><tr><td>INEC, Variables e Indicadores. <br>Plan Nacional de Desarrollo 2017-2021 &#8211; Toda una Vida. <br>Agenda Zonal 4. <br>Plan Estrat\u00e9gico de Desarrollo Institucional ULEAM 2016-2020. <br>L\u00edneas de Investigaci\u00f3n y L\u00edneas de Vinculaci\u00f3n ULEAM. <br>Diagnostico de Proyectos Integradores. Proyecto de investigaci\u00f3n: Factores determinantes de competitividad de las pymes de la provincia de Manab\u00ed. <br>Base de datos de empresas de la Superintendencia de Compa\u00f1\u00edas.<\/td><\/tr><tr><\/tr><tr><\/tr><tr><\/tr><tr><\/tr><tr><\/tr><\/tbody><\/table><\/figure>\n\n\n\n<p> <strong>COBERTURA Y LOCALIZACI\u00d3N<\/strong>   <\/p>\n\n\n\n<figure class=\"wp-block-table is-style-regular\"><table><tbody><tr><td><strong>Alcance territorial:<\/strong><br>Provincial<\/td><td><strong>Provincia\/s:<\/strong><br>Manab\u00ed<\/td><\/tr><tr><\/tr><\/tbody><\/table><\/figure>\n\n\n\n<figure class=\"wp-block-table is-style-regular\"><table><tbody><tr><td><strong>Cant\u00f3n o Cantones:<\/strong><br>Bol\u00edvar, Chone, Jaramij\u00f3, Jipijapa, Jun\u00edn, Manta, Montecristi, Pedernales, Portoviejo, Rocafuerte y Sucre<\/td><td><strong>Parroquia\/s: <\/strong><br>Urbanas y rurales<\/td><td><strong>Barrio\/s: <\/strong><br>Donde se ubiquen las empresas<\/td><\/tr><tr><\/tr><tr><\/tr><tr><\/tr><tr><\/tr><tr><\/tr><tr><\/tr><\/tbody><\/table><\/figure>\n\n\n\n<p> <strong>PRESUPUESTO<\/strong> <\/p>\n\n\n\n<figure class=\"wp-block-table is-style-regular\"><table><tbody><tr><td><strong>Presupuesto financiar por la IES: <\/strong><br>$ 7200,00<\/td><td><strong>Presupuesto total de aliados estrat\u00e9gicos:&nbsp; <\/strong><br>$ 800,00<\/td><\/tr><tr><\/tr><\/tbody><\/table><\/figure>\n\n\n\n<div style=\"height:29px\" aria-hidden=\"true\" class=\"wp-block-spacer\"><\/div>\n\n\n\n<p class=\"has-normal-font-size\"><strong>OBJETIVO DEL PROYECTO<\/strong><\/p>\n\n\n\n<p class=\"has-text-align-center has-normal-font-size\"><strong><em>OBJETIVO GENERAL<\/em><\/strong><\/p>\n\n\n\n<figure class=\"wp-block-table is-style-regular\"><table><tbody><tr><td>Fortalecer las capacidades empresariales y administrativas de los micro, peque\u00f1os y medianos empresarios de la provincia de Manab\u00ed, para mejorar su posici\u00f3n competitiva en el mercado industrial.<\/td><\/tr><tr><\/tr><tr><\/tr><\/tbody><\/table><\/figure>\n\n\n\n<p class=\"has-text-align-center has-normal-font-size\"> <strong><em>OBJETIVOS ESPEC\u00cdFICOS <\/em><\/strong> <\/p>\n\n\n\n<figure class=\"wp-block-table is-style-regular\"><table><tbody><tr><td><strong>O.E1:<\/strong> Capacitar a empresarios de micro, peque\u00f1as y medianas empresas en temas de planeaci\u00f3n estrat\u00e9gica, aprovisionamiento, aseguramiento de la calidad, comercializaci\u00f3n, contabilidad y finanzas, recursos humanos, gestion ambiental y sistemas de informaci\u00f3n. <br><br><strong>O.E2:<\/strong> Reactivar zonas comerciales del cant\u00f3n Manta.<\/td><\/tr><tr><\/tr><tr><\/tr><tr><\/tr><tr><\/tr><tr><\/tr><\/tbody><\/table><\/figure>\n\n\n\n<div style=\"height:46px\" aria-hidden=\"true\" class=\"wp-block-spacer\"><\/div>\n\n\n\n<figure class=\"wp-block-gallery columns-3 is-cropped wp-block-gallery-1 is-layout-flex wp-block-gallery-is-layout-flex\"><ul class=\"blocks-gallery-grid\"><li class=\"blocks-gallery-item\"><figure><a href=\"https:\/\/departamentos.uleam.edu.ec\/vinculacion-colectividad\/files\/2022\/09\/Imagen18.jpg\"><img fetchpriority=\"high\" decoding=\"async\" width=\"954\" height=\"429\" src=\"https:\/\/departamentos.uleam.edu.ec\/vinculacion-colectividad\/files\/2022\/09\/Imagen18.jpg\" alt=\"\" data-id=\"4991\" data-link=\"https:\/\/departamentos.uleam.edu.ec\/vinculacion-colectividad\/https-departamentos-uleam-edu-ec-vinculacion-colectividad-proyectos2022-fortalece-tu-mi-pyme\/imagen18\/\" class=\"wp-image-4991\" srcset=\"https:\/\/departamentos.uleam.edu.ec\/vinculacion-colectividad\/files\/2022\/09\/Imagen18.jpg 954w, https:\/\/departamentos.uleam.edu.ec\/vinculacion-colectividad\/files\/2022\/09\/Imagen18-300x135.jpg 300w, https:\/\/departamentos.uleam.edu.ec\/vinculacion-colectividad\/files\/2022\/09\/Imagen18-768x345.jpg 768w\" sizes=\"(max-width: 954px) 100vw, 954px\" \/><\/a><\/figure><\/li><li class=\"blocks-gallery-item\"><figure><a href=\"https:\/\/departamentos.uleam.edu.ec\/vinculacion-colectividad\/files\/2022\/09\/Imagen21.jpg\"><img decoding=\"async\" width=\"955\" height=\"430\" src=\"https:\/\/departamentos.uleam.edu.ec\/vinculacion-colectividad\/files\/2022\/09\/Imagen21.jpg\" alt=\"\" data-id=\"4993\" data-link=\"https:\/\/departamentos.uleam.edu.ec\/vinculacion-colectividad\/https-departamentos-uleam-edu-ec-vinculacion-colectividad-proyectos2022-fortalece-tu-mi-pyme\/imagen21\/\" class=\"wp-image-4993\" srcset=\"https:\/\/departamentos.uleam.edu.ec\/vinculacion-colectividad\/files\/2022\/09\/Imagen21.jpg 955w, https:\/\/departamentos.uleam.edu.ec\/vinculacion-colectividad\/files\/2022\/09\/Imagen21-300x135.jpg 300w, https:\/\/departamentos.uleam.edu.ec\/vinculacion-colectividad\/files\/2022\/09\/Imagen21-768x346.jpg 768w\" sizes=\"(max-width: 955px) 100vw, 955px\" \/><\/a><\/figure><\/li><li class=\"blocks-gallery-item\"><figure><a href=\"https:\/\/departamentos.uleam.edu.ec\/vinculacion-colectividad\/files\/2022\/09\/Imagen22.jpg\"><img decoding=\"async\" width=\"954\" height=\"430\" src=\"https:\/\/departamentos.uleam.edu.ec\/vinculacion-colectividad\/files\/2022\/09\/Imagen22.jpg\" alt=\"\" data-id=\"4994\" data-link=\"https:\/\/departamentos.uleam.edu.ec\/vinculacion-colectividad\/https-departamentos-uleam-edu-ec-vinculacion-colectividad-proyectos2022-fortalece-tu-mi-pyme\/imagen22\/\" class=\"wp-image-4994\" srcset=\"https:\/\/departamentos.uleam.edu.ec\/vinculacion-colectividad\/files\/2022\/09\/Imagen22.jpg 954w, https:\/\/departamentos.uleam.edu.ec\/vinculacion-colectividad\/files\/2022\/09\/Imagen22-300x135.jpg 300w, https:\/\/departamentos.uleam.edu.ec\/vinculacion-colectividad\/files\/2022\/09\/Imagen22-768x346.jpg 768w\" sizes=\"(max-width: 954px) 100vw, 954px\" \/><\/a><\/figure><\/li><li class=\"blocks-gallery-item\"><figure><a href=\"https:\/\/departamentos.uleam.edu.ec\/vinculacion-colectividad\/files\/2022\/09\/Imagen23.jpg\"><img loading=\"lazy\" decoding=\"async\" width=\"416\" height=\"187\" src=\"https:\/\/departamentos.uleam.edu.ec\/vinculacion-colectividad\/files\/2022\/09\/Imagen23.jpg\" alt=\"\" data-id=\"4995\" data-link=\"https:\/\/departamentos.uleam.edu.ec\/vinculacion-colectividad\/https-departamentos-uleam-edu-ec-vinculacion-colectividad-proyectos2022-fortalece-tu-mi-pyme\/imagen23\/\" class=\"wp-image-4995\" srcset=\"https:\/\/departamentos.uleam.edu.ec\/vinculacion-colectividad\/files\/2022\/09\/Imagen23.jpg 416w, https:\/\/departamentos.uleam.edu.ec\/vinculacion-colectividad\/files\/2022\/09\/Imagen23-300x135.jpg 300w\" sizes=\"(max-width: 416px) 100vw, 416px\" \/><\/a><\/figure><\/li><li class=\"blocks-gallery-item\"><figure><a href=\"https:\/\/departamentos.uleam.edu.ec\/vinculacion-colectividad\/files\/2022\/09\/Imagen24.jpg\"><img loading=\"lazy\" decoding=\"async\" width=\"954\" height=\"429\" src=\"https:\/\/departamentos.uleam.edu.ec\/vinculacion-colectividad\/files\/2022\/09\/Imagen24.jpg\" alt=\"\" data-id=\"4996\" data-full-url=\"https:\/\/departamentos.uleam.edu.ec\/vinculacion-colectividad\/files\/2022\/09\/Imagen24.jpg\" data-link=\"https:\/\/departamentos.uleam.edu.ec\/vinculacion-colectividad\/https-departamentos-uleam-edu-ec-vinculacion-colectividad-proyectos2022-fortalece-tu-mi-pyme\/imagen24\/\" class=\"wp-image-4996\" srcset=\"https:\/\/departamentos.uleam.edu.ec\/vinculacion-colectividad\/files\/2022\/09\/Imagen24.jpg 954w, https:\/\/departamentos.uleam.edu.ec\/vinculacion-colectividad\/files\/2022\/09\/Imagen24-300x135.jpg 300w, https:\/\/departamentos.uleam.edu.ec\/vinculacion-colectividad\/files\/2022\/09\/Imagen24-768x345.jpg 768w\" sizes=\"(max-width: 954px) 100vw, 954px\" \/><\/a><\/figure><\/li><\/ul><\/figure>\n\n\n\n<div style=\"height:40px\" aria-hidden=\"true\" class=\"wp-block-spacer\"><\/div>\n\n\n\n<div class=\"wp-block-file aligncenter\"><a href=\"https:\/\/departamentos.uleam.edu.ec\/vinculacion-colectividad\/files\/2022\/08\/PROYECTO-VINCULACION-FORTALECE-TU-MIPYME-1.pdf\" class=\"wp-block-file__button\" download>Descarga<\/a><\/div>\n","protected":false},"excerpt":{"rendered":"<p>PER\u00cdODO ACAD\u00c9MICO 2021-2024 Facultad de Administraci\u00f3n &#8211; Manta Extensi\u00f3n Chone &#8211; Carrera de Administraci\u00f3n Proyecto Multidisciplinario de Vinculaci\u00f3n y Emprendimiento L\u00cdNEA DE VINCULACI\u00d3N: \u00abDesarrollo econ\u00f3mico y sostenible empresarial\u00bb Autores: Ing. Jos\u00e9 Luis<a class=\"moretag\" href=\"https:\/\/departamentos.uleam.edu.ec\/vinculacion-colectividad\/https-departamentos-uleam-edu-ec-vinculacion-colectividad-proyectos2022-fortalece-tu-mi-pyme\/\">Leer m\u00e1s&#8230;<\/a><\/p>\n","protected":false},"author":124,"featured_media":0,"parent":0,"menu_order":0,"comment_status":"closed","ping_status":"closed","template":"","meta":{"footnotes":"","_links_to":"","_links_to_target":""},"class_list":["post-4294","page","type-page","status-publish","hentry"],"_links":{"self":[{"href":"https:\/\/departamentos.uleam.edu.ec\/vinculacion-colectividad\/wp-json\/wp\/v2\/pages\/4294","targetHints":{"allow":["GET"]}}],"collection":[{"href":"https:\/\/departamentos.uleam.edu.ec\/vinculacion-colectividad\/wp-json\/wp\/v2\/pages"}],"about":[{"href":"https:\/\/departamentos.uleam.edu.ec\/vinculacion-colectividad\/wp-json\/wp\/v2\/types\/page"}],"author":[{"embeddable":true,"href":"https:\/\/departamentos.uleam.edu.ec\/vinculacion-colectividad\/wp-json\/wp\/v2\/users\/124"}],"replies":[{"embeddable":true,"href":"https:\/\/departamentos.uleam.edu.ec\/vinculacion-colectividad\/wp-json\/wp\/v2\/comments?post=4294"}],"version-history":[{"count":12,"href":"https:\/\/departamentos.uleam.edu.ec\/vinculacion-colectividad\/wp-json\/wp\/v2\/pages\/4294\/revisions"}],"predecessor-version":[{"id":4997,"href":"https:\/\/departamentos.uleam.edu.ec\/vinculacion-colectividad\/wp-json\/wp\/v2\/pages\/4294\/revisions\/4997"}],"wp:attachment":[{"href":"https:\/\/departamentos.uleam.edu.ec\/vinculacion-colectividad\/wp-json\/wp\/v2\/media?parent=4294"}],"curies":[{"name":"wp","href":"https:\/\/api.w.org\/{rel}","templated":true}]}}