{"id":4300,"date":"2022-08-05T09:01:21","date_gmt":"2022-08-05T14:01:21","guid":{"rendered":"https:\/\/departamentos.uleam.edu.ec\/vinculacion-colectividad\/?page_id=4300"},"modified":"2022-08-18T11:04:51","modified_gmt":"2022-08-18T16:04:51","slug":"https-departamentos-uleam-edu-ec-vinculacion-colectividad-proyectos2022-asistencia-tecnica-a-productores-agropecuarios-para-fortalecer-los-sistemas-de-produccion-avicola-del-canton-montecristi","status":"publish","type":"page","link":"https:\/\/departamentos.uleam.edu.ec\/vinculacion-colectividad\/https-departamentos-uleam-edu-ec-vinculacion-colectividad-proyectos2022-asistencia-tecnica-a-productores-agropecuarios-para-fortalecer-los-sistemas-de-produccion-avicola-del-canton-montecristi\/","title":{"rendered":"Asistencia t\u00e9cnica a productores agropecuarios para fortalecer los sistemas de producci\u00f3n Av\u00edcola del cant\u00f3n Montecristi."},"content":{"rendered":"\n<p class=\"has-text-align-center\" style=\"font-size:24px\">PER\u00cdODO 2021 &#8211; 2022<\/p>\n\n\n\n<p style=\"font-size:18px\">Proyecto de Vinculaci\u00f3n con la Sociedad <\/p>\n\n\n\n<p style=\"font-size:18px\"><em><strong>L\u00cdNEA DE VINCULACI<em>\u00d3N<\/em>:\u00a0<\/strong><\/em>\u00abProducci\u00f3n y Conservaci\u00f3n Ambiental\u00bb<\/p>\n\n\n\n<div style=\"height:73px\" aria-hidden=\"true\" class=\"wp-block-spacer\"><\/div>\n\n\n\n<figure class=\"wp-block-table is-style-regular\"><table><tbody><tr><td><strong>Decano:<\/strong><br>Ing. George Garc\u00eda Mera Mg<br><strong>Directora de Carrera:<\/strong><br>Ing. Paulina Espinoza Mg.<br><strong>Presidente de la comisi\u00f3n de vinculaci\u00f3n <\/strong><br>Ing. Orley Ca\u00f1arte Mg. <\/td><\/tr><tr><\/tr><tr><\/tr><tr><\/tr><tr><\/tr><tr><\/tr><tr><td><strong>Miembro de la comisi\u00f3n de vinculaci\u00f3n <\/strong><br>Dr. Exequiel C\u00e1rdenas Mg. <br>Ing. Churchill Aveiga Mg. <br>Dr. Ram\u00f3n Molina Mg. <br>Ing. Paola Alc\u00edvar Vaca Mg.<\/td><\/tr><tr><\/tr><tr><\/tr><tr><\/tr><tr><\/tr><tr><\/tr><\/tbody><\/table><\/figure>\n\n\n\n<figure class=\"wp-block-table is-style-regular\"><table><tbody><tr><td><strong>Nombre de la Facultad o Unidad Acad\u00e9mica Responsable:<\/strong><br>Ciencias Agropecuarias<\/td><td><strong>Carrera:<\/strong><br>Ingenier\u00eda Agroindustrial<\/td><td><strong>Convenio:<\/strong> <br>Convenio marco de cooperaci\u00f3n institucional entre la Universidad Laica \u201cEloy Alfaro de Manab\u00ed\u201d y el Gad Municipal de Montecristi<\/td><\/tr><tr><\/tr><tr><\/tr><tr><\/tr><tr><td><strong>\u00c1rea del conocimiento:<\/strong><br>Agricultura<\/td><td><strong>Sub\u00e1rea del conocimiento:<\/strong><br>Agricultura, silvicultura y pesca<\/td><td><strong>Sub\u00e1rea espec\u00edfica: <\/strong><br>Produccion pecuaria<\/td><\/tr><tr><\/tr><tr><\/tr><tr><\/tr><\/tbody><\/table><\/figure>\n\n\n\n<figure class=\"wp-block-table is-style-regular\"><table><tbody><tr><td><strong>L\u00ednea de Vinculaci\u00f3n: <\/strong><br>Producci\u00f3n y conservaci\u00f3n ambiental<\/td><td><strong>Tipo Proyecto:<\/strong><br>Vinculaci\u00f3n<\/td><\/tr><tr><\/tr><tr><td><strong>Campo Amplio:<\/strong><br>Agricultura, silvicultura, pesca y veterinaria<\/td><td><strong>Campo espec\u00edfico: <\/strong><br>Producci\u00f3n pecuaria<\/td><\/tr><tr><\/tr><\/tbody><\/table><\/figure>\n\n\n\n<figure class=\"wp-block-table is-style-regular\"><table><tbody><tr><td><strong>Fecha Inicio Planificado: <\/strong><br>Mayo 2021<\/td><td><strong>Fecha de Fin Planeado:<\/strong> <br>Septiembre 2022<\/td><td><strong>Fecha de Fin Real:<\/strong> <br>Octubre 2022<\/td><\/tr><tr><\/tr><tr><\/tr><\/tbody><\/table><\/figure>\n\n\n\n<p class=\"has-normal-font-size\"><strong>COBERTURA Y LOCALIZACI\u00d3N<\/strong><\/p>\n\n\n\n<figure class=\"wp-block-table is-style-regular\"><table><tbody><tr><td><strong>Cobertura: <\/strong><br>Provincial&nbsp;<\/td><td><strong>Zona de Planificaci\u00f3n:<\/strong><br><strong><em>Zona 4:<\/em><\/strong> Manab\u00ed, Santo Domingo de los Ts\u00e1chilas.<\/td><\/tr><tr><\/tr><\/tbody><\/table><\/figure>\n\n\n\n<figure class=\"wp-block-table is-style-regular\"><table><tbody><tr><td><strong>Provincia:<\/strong><br>Manab\u00ed<\/td><td><strong>Cant\u00f3n:<\/strong> <br>Montecristi&nbsp;<\/td><td><strong>Parroquia: <\/strong><br>Rurales<\/td><\/tr><tr><\/tr><\/tbody><\/table><\/figure>\n\n\n\n<figure class=\"wp-block-table is-style-regular\"><table><tbody><tr><td><strong>Objetivos del Plan Nacional del Buen Vivir:<\/strong><br>10. Impulsar la transformaci\u00f3n de la matriz productiva.<\/td><\/tr><tr><\/tr><tr><\/tr><\/tbody><\/table><\/figure>\n\n\n\n<p class=\"has-normal-font-size\"><strong>PRESUPUESTO<\/strong><\/p>\n\n\n\n<figure class=\"wp-block-table is-style-regular\"><table><tbody><tr><td><strong>Presupuesto aporte ULEAM:<\/strong><br>US$ 3517<\/td><td><strong>Presupuesto Total: <\/strong><br>US$ 3517<\/td><\/tr><tr><\/tr><tr><\/tr><tr><\/tr><\/tbody><\/table><\/figure>\n\n\n\n<div style=\"height:46px\" aria-hidden=\"true\" class=\"wp-block-spacer\"><\/div>\n\n\n\n<p><strong>OBJETIVO DEL PROYECTO<\/strong><\/p>\n\n\n\n<p class=\"has-text-align-center\"><strong><em>OBJETIVO GENERAL<\/em><\/strong><\/p>\n\n\n\n<figure class=\"wp-block-table is-style-regular\"><table><tbody><tr><td>Promover la participaci\u00f3n ciudadana en adecuadas pr\u00e1cticas t\u00e9cnicas en el manejo de los sistemas de&nbsp;producci\u00f3n&nbsp;&nbsp; av\u00edcola para mejorar su productividad como alternativa alimentaria y econ\u00f3mica en la zona rural del cant\u00f3n Montecristi.<\/td><\/tr><tr><\/tr><tr><\/tr><tr><\/tr><tr><\/tr><\/tbody><\/table><\/figure>\n\n\n\n<p class=\"has-text-align-center\"><strong><em>OBJETIVOS ESPEC\u00cdFICO<\/em>S<\/strong><\/p>\n\n\n\n<figure class=\"wp-block-table is-style-regular\"><table><tbody><tr><td><strong>O.E1:<\/strong> Diagnosticar&nbsp; la situaci\u00f3n&nbsp; actual&nbsp; de&nbsp; los&nbsp; productores,&nbsp; organizaciones&nbsp; gremiales, comunales&nbsp; y&nbsp; familiares&nbsp; con&nbsp; relaci\u00f3n&nbsp; al&nbsp; \u00edndice&nbsp; de&nbsp; producci\u00f3n&nbsp; av\u00edcola&nbsp; de&nbsp; la&nbsp; zona rural del cant\u00f3n Montecristi. <br><br><strong>O.E2:<\/strong> Promover nuevas alternativas de manejo t\u00e9cnico con el uso de productos naturales en los sistemas de producci\u00f3n av\u00edcola de la zona rural del cant\u00f3n Montecristi.&nbsp;<\/td><\/tr><tr><\/tr><tr><\/tr><tr><\/tr><tr><\/tr><tr><\/tr><tr><\/tr><tr><\/tr><tr><\/tr><tr><\/tr><tr><\/tr><\/tbody><\/table><\/figure>\n\n\n\n<div style=\"height:33px\" aria-hidden=\"true\" class=\"wp-block-spacer\"><\/div>\n\n\n\n<div class=\"wp-block-file aligncenter\"><a href=\"https:\/\/departamentos.uleam.edu.ec\/vinculacion-colectividad\/files\/2022\/08\/Proyecto-de-Vinculacion-con-la-colectividad-Agropecuaria.pdf\" class=\"wp-block-file__button\" download>Descarga<\/a><\/div>\n\n\n\n<p><\/p>\n","protected":false},"excerpt":{"rendered":"<p>PER\u00cdODO 2021 &#8211; 2022 Proyecto de Vinculaci\u00f3n con la Sociedad L\u00cdNEA DE VINCULACI\u00d3N:\u00a0\u00abProducci\u00f3n y Conservaci\u00f3n Ambiental\u00bb Decano:Ing. George Garc\u00eda Mera MgDirectora de Carrera:Ing. Paulina Espinoza Mg.Presidente de la comisi\u00f3n de vinculaci\u00f3n Ing.<a class=\"moretag\" href=\"https:\/\/departamentos.uleam.edu.ec\/vinculacion-colectividad\/https-departamentos-uleam-edu-ec-vinculacion-colectividad-proyectos2022-asistencia-tecnica-a-productores-agropecuarios-para-fortalecer-los-sistemas-de-produccion-avicola-del-canton-montecristi\/\">Leer m\u00e1s&#8230;<\/a><\/p>\n","protected":false},"author":124,"featured_media":0,"parent":0,"menu_order":0,"comment_status":"closed","ping_status":"closed","template":"","meta":{"footnotes":"","_links_to":"","_links_to_target":""},"class_list":["post-4300","page","type-page","status-publish","hentry"],"_links":{"self":[{"href":"https:\/\/departamentos.uleam.edu.ec\/vinculacion-colectividad\/wp-json\/wp\/v2\/pages\/4300","targetHints":{"allow":["GET"]}}],"collection":[{"href":"https:\/\/departamentos.uleam.edu.ec\/vinculacion-colectividad\/wp-json\/wp\/v2\/pages"}],"about":[{"href":"https:\/\/departamentos.uleam.edu.ec\/vinculacion-colectividad\/wp-json\/wp\/v2\/types\/page"}],"author":[{"embeddable":true,"href":"https:\/\/departamentos.uleam.edu.ec\/vinculacion-colectividad\/wp-json\/wp\/v2\/users\/124"}],"replies":[{"embeddable":true,"href":"https:\/\/departamentos.uleam.edu.ec\/vinculacion-colectividad\/wp-json\/wp\/v2\/comments?post=4300"}],"version-history":[{"count":6,"href":"https:\/\/departamentos.uleam.edu.ec\/vinculacion-colectividad\/wp-json\/wp\/v2\/pages\/4300\/revisions"}],"predecessor-version":[{"id":4750,"href":"https:\/\/departamentos.uleam.edu.ec\/vinculacion-colectividad\/wp-json\/wp\/v2\/pages\/4300\/revisions\/4750"}],"wp:attachment":[{"href":"https:\/\/departamentos.uleam.edu.ec\/vinculacion-colectividad\/wp-json\/wp\/v2\/media?parent=4300"}],"curies":[{"name":"wp","href":"https:\/\/api.w.org\/{rel}","templated":true}]}}