{"id":4304,"date":"2022-08-05T09:02:23","date_gmt":"2022-08-05T14:02:23","guid":{"rendered":"https:\/\/departamentos.uleam.edu.ec\/vinculacion-colectividad\/?page_id=4304"},"modified":"2022-10-25T10:01:29","modified_gmt":"2022-10-25T15:01:29","slug":"https-departamentos-uleam-edu-ec-vinculacion-colectividad-proyectos2022-asistencia-tecnica-sobre-huertos-urbanos-y-rurales-en-el-canton-manta","status":"publish","type":"page","link":"https:\/\/departamentos.uleam.edu.ec\/vinculacion-colectividad\/https-departamentos-uleam-edu-ec-vinculacion-colectividad-proyectos2022-asistencia-tecnica-sobre-huertos-urbanos-y-rurales-en-el-canton-manta\/","title":{"rendered":"Asistencia t\u00e9cnica sobre huertos urbanos en el cant\u00f3n Manta"},"content":{"rendered":"\n<p class=\"has-text-align-center\" style=\"font-size:24px\">PER\u00cdODO  2021-2023<\/p>\n\n\n\n<p style=\"font-size:18px\">Proyecto de Vinculaci\u00f3n y Emprendimiento <\/p>\n\n\n\n<p style=\"font-size:18px\"><em><strong>L\u00cdNEA DE VINCULACI<em>\u00d3N<\/em>:<\/strong><\/em>&nbsp;\u201cProducci\u00f3n y conservaci\u00f3n ambiental\u00bb<\/p>\n\n\n\n<div style=\"height:40px\" aria-hidden=\"true\" class=\"wp-block-spacer\"><\/div>\n\n\n\n<p class=\"has-text-align-center\" style=\"font-size:18px\"><strong>I FASE DE INVESTIGACI\u00d3N<br><\/strong>DIAGN\u00d3STICO SITUACIONAL DE LOS HUERTOS<br>URBANOS EN EL CANT\u00d3N MANTA<\/p>\n\n\n\n<div style=\"height:70px\" aria-hidden=\"true\" class=\"wp-block-spacer\"><\/div>\n\n\n\n<figure class=\"wp-block-table is-style-regular\"><table><tbody><tr><td><strong>Decano:<\/strong><br>Ing. George Garc\u00eda Mera, Mg.<br><strong>Directora de Carrera:<\/strong><br>Ing. Paulina Espinoza, Mg.<br><strong>Presidente de la comisi\u00f3n de vinculaci\u00f3n:<\/strong><br>Ing. Paola Alc\u00edvar Vaca, Mg.<br><strong>Miembros del proyecto:<\/strong><br>Ing. Diego Nev\u00e1rez, Mg.<br>Ing. Paola Alc\u00edvar Vaca, Mg. <br>Ing. Orley Ca\u00f1arte, Mg.<\/td><\/tr><tr><\/tr><tr><\/tr><tr><\/tr><tr><\/tr><tr><\/tr><\/tbody><\/table><\/figure>\n\n\n\n<figure class=\"wp-block-table is-style-regular\"><table><tbody><tr><td><strong>Nombre de la Facultad o Unidad Acad\u00e9mica Responsable: <\/strong><br>Ciencias Agropecuarias<\/td><td><strong>Carrera:<\/strong> <br>Ingenier\u00eda Agropecuaria<\/td><td><strong>Convenio:<\/strong><br>Convenio marco de cooperaci\u00f3n institucional entre la Universidad Laica \u201cEloy Alfaro de Manab\u00ed\u201d y el Gad Municipal de Manta<\/td><\/tr><tr><\/tr><tr><\/tr><tr><\/tr><tr><td><strong>\u00c1rea del conocimiento:<\/strong><br>Agricultura<\/td><td><strong>Sub\u00e1rea del conocimiento:<\/strong><br>Agricultura,<br>silvicultura y pesca<\/td><td><strong>Sub\u00e1rea espec\u00edfica:<\/strong> <br>Producci\u00f3n agr\u00edcola<\/td><\/tr><tr><\/tr><tr><\/tr><tr><\/tr><\/tbody><\/table><\/figure>\n\n\n\n<figure class=\"wp-block-table is-style-regular\"><table><tbody><tr><td><strong>L\u00ednea de investigaci\u00f3n:<\/strong><br>Producci\u00f3n y conservaci\u00f3n<br>ambiental<\/td><td><strong>Tipo Proyecto:<\/strong><br>Vinculaci\u00f3n<\/td><\/tr><tr><\/tr><tr><td><strong>Campo amplio: <\/strong><br>Agricultura,<br>silvicultura, pesca y veterinaria<\/td><td><strong>Campo espec\u00edfico: <\/strong><br>Producci\u00f3n agr\u00edcola<\/td><\/tr><tr><\/tr><\/tbody><\/table><\/figure>\n\n\n\n<figure class=\"wp-block-table is-style-regular\"><table><tbody><tr><td><strong>Fecha Inicio Planificado: <\/strong><br>Octubre 2021<\/td><td><strong>Fecha de Fin Planeado:<\/strong> <br>Septiembre 2023<\/td><td><strong>Fecha de Fin Real: <\/strong><br>Octubre 2023<\/td><\/tr><tr><\/tr><tr><\/tr><\/tbody><\/table><\/figure>\n\n\n\n<p><strong>COBERTURA Y LOCALIZACI\u00d3N<\/strong><\/p>\n\n\n\n<figure class=\"wp-block-table is-style-regular\"><table><tbody><tr><td><strong>Cobertura: <\/strong><br>Cantonal<\/td><td><strong>Zona de Planificaci\u00f3n:<\/strong> <br>Zona 4: Manab\u00ed, Santo Domingo de los Ts\u00e1chilas.<\/td><\/tr><tr><\/tr><\/tbody><\/table><\/figure>\n\n\n\n<figure class=\"wp-block-table is-style-regular\"><table><tbody><tr><td><strong>Provincia:<\/strong><br>Manab\u00ed<\/td><td><strong>Cant\u00f3n: <\/strong><br>Manta<\/td><td><strong>Parroquia: <\/strong><br>Urbanas<\/td><\/tr><tr><\/tr><\/tbody><\/table><\/figure>\n\n\n\n<figure class=\"wp-block-table is-style-regular\"><table><tbody><tr><td><strong>Objetivos del Plan Nacional del Buen Vivir:<\/strong><br>10. Impulsar la transformaci\u00f3n de la matriz productiva<\/td><\/tr><tr><\/tr><tr><\/tr><\/tbody><\/table><\/figure>\n\n\n\n<p><strong>PRESUPUESTO<\/strong><\/p>\n\n\n\n<figure class=\"wp-block-table is-style-regular\"><table><tbody><tr><td><strong>Presupuesto aporte ULEAM:<\/strong> <br>US$ 6872,5<\/td><td><strong>Presupuesto entidad auspiciante\/beneficiaria: <\/strong><br>$ 00,00<\/td><td><strong>Presupuesto Total:<\/strong> <br>US$ 6872,5<\/td><\/tr><tr><\/tr><tr><\/tr><tr><\/tr><\/tbody><\/table><\/figure>\n\n\n\n<div style=\"height:38px\" aria-hidden=\"true\" class=\"wp-block-spacer\"><\/div>\n\n\n\n<p><strong>OBJETIVO DEL PROYECTO<\/strong><\/p>\n\n\n\n<p class=\"has-text-align-center\"><strong><em>OBJETIVO GENERAL<\/em><\/strong><\/p>\n\n\n\n<figure class=\"wp-block-table is-style-regular\"><table><tbody><tr><td>Implementar huertos urbanos a trav\u00e9s de una planificaci\u00f3n y participaci\u00f3n ciudadana con adecuadas pr\u00e1cticas y t\u00e9cnicas como alternativa alimentaria y econ\u00f3mica en el Cant\u00f3n Manta.<\/td><\/tr><tr><\/tr><tr><\/tr><tr><\/tr><tr><\/tr><\/tbody><\/table><\/figure>\n\n\n\n<p class=\"has-text-align-center\"><strong><em>OBJETIVOS ESPEC\u00cdFICOS<\/em><\/strong><\/p>\n\n\n\n<figure class=\"wp-block-table is-style-regular\"><table><tbody><tr><td><strong>O.E1: <\/strong>Diagnosticar la situaci\u00f3n actual sobre la producci\u00f3n e implementaci\u00f3n de huertos urbanos en el Cant\u00f3n Manta.<br><br><strong>O.E2: <\/strong>Capacitar mediante charlas y pr\u00e1ctica a la poblaci\u00f3n urbana y rural en la implementaci\u00f3n, manejo de huertos urbanos en el Cant\u00f3n Manta.<br><br><strong>O.E3:<\/strong> Implementar huertos urbanos innovadores en las principales zonas del Cant\u00f3n Manta&nbsp;<\/td><\/tr><tr><\/tr><tr><\/tr><tr><\/tr><tr><\/tr><tr><\/tr><tr><\/tr><tr><\/tr><tr><\/tr><tr><\/tr><tr><\/tr><\/tbody><\/table><\/figure>\n\n\n\n<div style=\"height:38px\" aria-hidden=\"true\" class=\"wp-block-spacer\"><\/div>\n\n\n\n<div class=\"wp-block-file aligncenter\"><a href=\"https:\/\/departamentos.uleam.edu.ec\/vinculacion-colectividad\/files\/2022\/08\/Proyecto-Actualizado-Vinculacion-Huertos-Urbanos_24112021-1.pdf\" class=\"wp-block-file__button\" download>Descarga<\/a><\/div>\n","protected":false},"excerpt":{"rendered":"<p>PER\u00cdODO 2021-2023 Proyecto de Vinculaci\u00f3n y Emprendimiento L\u00cdNEA DE VINCULACI\u00d3N:&nbsp;\u201cProducci\u00f3n y conservaci\u00f3n ambiental\u00bb I FASE DE INVESTIGACI\u00d3NDIAGN\u00d3STICO SITUACIONAL DE LOS HUERTOSURBANOS EN EL CANT\u00d3N MANTA Decano:Ing. George Garc\u00eda Mera, Mg.Directora de Carrera:Ing.<a class=\"moretag\" href=\"https:\/\/departamentos.uleam.edu.ec\/vinculacion-colectividad\/https-departamentos-uleam-edu-ec-vinculacion-colectividad-proyectos2022-asistencia-tecnica-sobre-huertos-urbanos-y-rurales-en-el-canton-manta\/\">Leer m\u00e1s&#8230;<\/a><\/p>\n","protected":false},"author":124,"featured_media":0,"parent":0,"menu_order":0,"comment_status":"closed","ping_status":"closed","template":"","meta":{"footnotes":"","_links_to":"","_links_to_target":""},"class_list":["post-4304","page","type-page","status-publish","hentry"],"_links":{"self":[{"href":"https:\/\/departamentos.uleam.edu.ec\/vinculacion-colectividad\/wp-json\/wp\/v2\/pages\/4304","targetHints":{"allow":["GET"]}}],"collection":[{"href":"https:\/\/departamentos.uleam.edu.ec\/vinculacion-colectividad\/wp-json\/wp\/v2\/pages"}],"about":[{"href":"https:\/\/departamentos.uleam.edu.ec\/vinculacion-colectividad\/wp-json\/wp\/v2\/types\/page"}],"author":[{"embeddable":true,"href":"https:\/\/departamentos.uleam.edu.ec\/vinculacion-colectividad\/wp-json\/wp\/v2\/users\/124"}],"replies":[{"embeddable":true,"href":"https:\/\/departamentos.uleam.edu.ec\/vinculacion-colectividad\/wp-json\/wp\/v2\/comments?post=4304"}],"version-history":[{"count":5,"href":"https:\/\/departamentos.uleam.edu.ec\/vinculacion-colectividad\/wp-json\/wp\/v2\/pages\/4304\/revisions"}],"predecessor-version":[{"id":5134,"href":"https:\/\/departamentos.uleam.edu.ec\/vinculacion-colectividad\/wp-json\/wp\/v2\/pages\/4304\/revisions\/5134"}],"wp:attachment":[{"href":"https:\/\/departamentos.uleam.edu.ec\/vinculacion-colectividad\/wp-json\/wp\/v2\/media?parent=4304"}],"curies":[{"name":"wp","href":"https:\/\/api.w.org\/{rel}","templated":true}]}}