{"id":4322,"date":"2022-08-05T09:10:00","date_gmt":"2022-08-05T14:10:00","guid":{"rendered":"https:\/\/departamentos.uleam.edu.ec\/vinculacion-colectividad\/?page_id=4322"},"modified":"2022-08-23T11:44:47","modified_gmt":"2022-08-23T16:44:47","slug":"https-departamentos-uleam-edu-ec-vinculacion-colectividad-proyectos2022-proyecto-de-fisica-deportes-y-recreacion-para-deteccion-de-talentos-deportivos-en-ninos-as-de-educacion-general-basica-de-manta","status":"publish","type":"page","link":"https:\/\/departamentos.uleam.edu.ec\/vinculacion-colectividad\/https-departamentos-uleam-edu-ec-vinculacion-colectividad-proyectos2022-proyecto-de-fisica-deportes-y-recreacion-para-deteccion-de-talentos-deportivos-en-ninos-as-de-educacion-general-basica-de-manta\/","title":{"rendered":"Actividad F\u00edsica, Deportes y Recreaci\u00f3n para detecci\u00f3n de talentos deportivos en ni\u00f1os\/as de educaci\u00f3n general b\u00e1sica de Manta, Montecristi y Jaramij\u00f3"},"content":{"rendered":"\n<p class=\"has-text-align-center\" style=\"font-size:24px\">PER\u00cdODO ACAD\u00c9MICO 2022-2024<\/p>\n\n\n\n<p style=\"font-size:18px\">Proyecto de Vinculaci\u00f3n y Emprendimiento<\/p>\n\n\n\n<p style=\"font-size:18px\"><em><strong>L\u00cdNEA DE VINCULACI<em>\u00d3N<\/em>:<\/strong><\/em>&nbsp;\u201cEducaci\u00f3n, Formaci\u00f3n de profesionales\u00bb<\/p>\n\n\n\n<div style=\"height:70px\" aria-hidden=\"true\" class=\"wp-block-spacer\"><\/div>\n\n\n\n<figure class=\"wp-block-table is-style-regular\"><table><tbody><tr><td><strong>Decana:<\/strong><br>Dra. Beatr\u00edz Moreira Mac\u00edas Phd.<br><strong>L\u00edder del Proyecto:<\/strong><br>Lic. Luis Quezada Fajardo, Mg.<\/td><\/tr><tr><\/tr><tr><\/tr><tr><\/tr><tr><\/tr><tr><\/tr><\/tbody><\/table><\/figure>\n\n\n\n<figure class=\"wp-block-table is-style-regular\"><table><tbody><tr><td><strong>Nombre de la Facultad o Unidad Acad\u00e9mica Responsable: <\/strong><br>Ciencias de la Educaci\u00f3n<\/td><td><strong>Carrera:<\/strong> <br>Pedagog\u00eda de la Actividad F\u00edsica y Deporte<\/td><td><strong>Tipo de proyecto: <\/strong><br>Proyecto de Vinculaci\u00f3n<\/td><\/tr><tr><\/tr><tr><\/tr><tr><\/tr><tr><td><strong>Dominio Acad\u00e9mico: <\/strong><br>Educaci\u00f3n<\/td><td><strong>L\u00ednea de Investigaci\u00f3n: <\/strong><br>Educaci\u00f3n, Formaci\u00f3n de profesionales<\/td><td><strong>Convenio: <\/strong><br>Convenio de cooperaci\u00f3n interinstitucional <br>con la Coordinaci\u00f3n Zonal 4 del Ministerio del Deporte\u00a0<\/td><\/tr><tr><\/tr><tr><\/tr><tr><\/tr><tr><td><strong>\u00c1rea del conocimiento: <\/strong><br>Educaci\u00f3n&nbsp;<\/td><td><strong>Sub\u00e1rea del conocimiento:<\/strong><br>Educaci\u00f3n&nbsp;<\/td><td><strong>Sub\u00e1rea espec\u00edfica:<\/strong> <br>Ciencia de la Educaci\u00f3n<\/td><\/tr><tr><\/tr><tr><\/tr><tr><\/tr><\/tbody><\/table><\/figure>\n\n\n\n<figure class=\"wp-block-table is-style-regular\"><table><tbody><tr><td><strong>Fecha inicio: <\/strong><br>Abril 2022<\/td><td><strong>Fecha de Fin Planeado: <\/strong><br>Febrero 2024<\/td><\/tr><tr><\/tr><\/tbody><\/table><\/figure>\n\n\n\n<p><strong>COBERTURA Y LOCALIZACI\u00d3N<\/strong><\/p>\n\n\n\n<figure class=\"wp-block-table is-style-regular\"><table><tbody><tr><td><strong>Cobertura:<\/strong><br>Cantonal<\/td><td><strong>Zona de Planificaci\u00f3n:<\/strong><br>Manta y Montecristi<\/td><td><strong>Provincia:<\/strong> <br>Manab\u00ed&nbsp;<\/td><\/tr><tr><\/tr><tr><td><strong>Cant\u00f3n:<\/strong> Manta<br>Montecristi<\/td><td><strong>Parroquia: <\/strong><br>Manta<br>Los Bajos de Montecristi<\/td><td><strong>Barrios:<\/strong> <br>Santa Marianita, San Juan, Urbirrios 2, El Aromo, <br>La Revancha, Si Vivienda, Plaza del Mar, Barrio Cuba, <br>Ni\u00f1o Jes\u00fas, Abd\u00f3n Calder\u00f3n,\u00a0La C\u00e1rcel, Los Bajos<\/td><\/tr><tr><\/tr><\/tbody><\/table><\/figure>\n\n\n\n<p><strong>PRESUPUESTO <\/strong><\/p>\n\n\n\n<figure class=\"wp-block-table is-style-regular\"><table><tbody><tr><td><strong>Presupuesto aporte ULEAM: <\/strong><br>US$ 500,00<\/td><td><strong>Presupuesto entidad auspiciante\/beneficiaria: <\/strong><br>$ 00,00<\/td><td><strong>Presupuesto Total: <\/strong><br>US$ 500,00<\/td><\/tr><tr><\/tr><tr><\/tr><tr><\/tr><\/tbody><\/table><\/figure>\n\n\n\n<div style=\"height:38px\" aria-hidden=\"true\" class=\"wp-block-spacer\"><\/div>\n\n\n\n<p><strong>OBJETIVO DEL PROYECTO<\/strong><\/p>\n\n\n\n<p class=\"has-text-align-center\"><strong><em>OBJETIVO GENERAL<\/em><\/strong><\/p>\n\n\n\n<figure class=\"wp-block-table is-style-regular\"><table><tbody><tr><td>Diagnosticar la actividad f\u00edsica, el deporte y la recreaci\u00f3n para la detecci\u00f3n de talentos deportivos y mejorar la calidad de vida de los ni\u00f1os\/as; a trav\u00e9s de las actividades t\u00e9cnicas de los deportes en los sectores vulnerables de la ciudad de Manta y Montecristi<\/td><\/tr><tr><\/tr><tr><\/tr><\/tbody><\/table><\/figure>\n\n\n\n<p class=\"has-text-align-center\"><strong><em>OBJETIVOS ESPEC\u00cdFICOS<\/em><\/strong><\/p>\n\n\n\n<figure class=\"wp-block-table is-style-regular\"><table><tbody><tr><td><strong>O.E1:<\/strong> Promover el aprovechamiento \u00f3ptimo del tiempo libre de los ni\u00f1os\/as a trav\u00e9s de actividades f\u00edsicas, deportivas y recreativas en los sectores vulnerables de la ciudad de Manta y Montecristi<br><br><strong>O.E2:<\/strong> Desarrollar las capacidades condicionales, habilidades t\u00e9cnicas de los deportes planificados en los ni\u00f1os\/as en los sectores vulnerables de la ciudad de Manta y Montecristi.<\/td><\/tr><tr><\/tr><tr><\/tr><tr><\/tr><tr><\/tr><tr><\/tr><\/tbody><\/table><\/figure>\n\n\n\n<div style=\"height:38px\" aria-hidden=\"true\" class=\"wp-block-spacer\"><\/div>\n\n\n\n<div class=\"wp-block-file aligncenter\"><a href=\"https:\/\/departamentos.uleam.edu.ec\/vinculacion-colectividad\/files\/2022\/08\/FINAL-PVV-01-F-001-Formato-de-Proyecto-.pdf\" class=\"wp-block-file__button\" download>Descarga<\/a><\/div>\n","protected":false},"excerpt":{"rendered":"<p>PER\u00cdODO ACAD\u00c9MICO 2022-2024 Proyecto de Vinculaci\u00f3n y Emprendimiento L\u00cdNEA DE VINCULACI\u00d3N:&nbsp;\u201cEducaci\u00f3n, Formaci\u00f3n de profesionales\u00bb Decana:Dra. Beatr\u00edz Moreira Mac\u00edas Phd.L\u00edder del Proyecto:Lic. Luis Quezada Fajardo, Mg. Nombre de la Facultad o Unidad Acad\u00e9mica<a class=\"moretag\" href=\"https:\/\/departamentos.uleam.edu.ec\/vinculacion-colectividad\/https-departamentos-uleam-edu-ec-vinculacion-colectividad-proyectos2022-proyecto-de-fisica-deportes-y-recreacion-para-deteccion-de-talentos-deportivos-en-ninos-as-de-educacion-general-basica-de-manta\/\">Leer m\u00e1s&#8230;<\/a><\/p>\n","protected":false},"author":124,"featured_media":0,"parent":0,"menu_order":0,"comment_status":"closed","ping_status":"closed","template":"","meta":{"footnotes":"","_links_to":"","_links_to_target":""},"class_list":["post-4322","page","type-page","status-publish","hentry"],"_links":{"self":[{"href":"https:\/\/departamentos.uleam.edu.ec\/vinculacion-colectividad\/wp-json\/wp\/v2\/pages\/4322","targetHints":{"allow":["GET"]}}],"collection":[{"href":"https:\/\/departamentos.uleam.edu.ec\/vinculacion-colectividad\/wp-json\/wp\/v2\/pages"}],"about":[{"href":"https:\/\/departamentos.uleam.edu.ec\/vinculacion-colectividad\/wp-json\/wp\/v2\/types\/page"}],"author":[{"embeddable":true,"href":"https:\/\/departamentos.uleam.edu.ec\/vinculacion-colectividad\/wp-json\/wp\/v2\/users\/124"}],"replies":[{"embeddable":true,"href":"https:\/\/departamentos.uleam.edu.ec\/vinculacion-colectividad\/wp-json\/wp\/v2\/comments?post=4322"}],"version-history":[{"count":7,"href":"https:\/\/departamentos.uleam.edu.ec\/vinculacion-colectividad\/wp-json\/wp\/v2\/pages\/4322\/revisions"}],"predecessor-version":[{"id":4886,"href":"https:\/\/departamentos.uleam.edu.ec\/vinculacion-colectividad\/wp-json\/wp\/v2\/pages\/4322\/revisions\/4886"}],"wp:attachment":[{"href":"https:\/\/departamentos.uleam.edu.ec\/vinculacion-colectividad\/wp-json\/wp\/v2\/media?parent=4322"}],"curies":[{"name":"wp","href":"https:\/\/api.w.org\/{rel}","templated":true}]}}