{"id":4353,"date":"2022-08-05T09:29:28","date_gmt":"2022-08-05T14:29:28","guid":{"rendered":"https:\/\/departamentos.uleam.edu.ec\/vinculacion-colectividad\/?page_id=4353"},"modified":"2022-08-18T11:15:17","modified_gmt":"2022-08-18T16:15:17","slug":"https-departamentos-uleam-edu-ec-vinculacion-colectividad-proyectos2022-fortalecimiento-de-las-actividades-economicas-y-comerciales-de-los-centros-de-desarrollo-comunitarios-de-las-parroquias-tarqui-l","status":"publish","type":"page","link":"https:\/\/departamentos.uleam.edu.ec\/vinculacion-colectividad\/https-departamentos-uleam-edu-ec-vinculacion-colectividad-proyectos2022-fortalecimiento-de-las-actividades-economicas-y-comerciales-de-los-centros-de-desarrollo-comunitarios-de-las-parroquias-tarqui-l\/","title":{"rendered":"Fortalecimiento de las actividades econ\u00f3micas y comerciales de los centros de desarrollo comunitarios de las parroquias Tarqui, Los Esteros y Eloy Alfaro"},"content":{"rendered":"\n<p class=\"has-text-align-center\" style=\"font-size:24px\">PER\u00cdODO 2021-2023<\/p>\n\n\n\n<p style=\"font-size:18px\">Proyecto de Vinculaci\u00f3n con la Sociedad<\/p>\n\n\n\n<p style=\"font-size:18px\"><em><strong>L\u00cdNEA DE VINCULACI<em>\u00d3N<\/em>:<\/strong><\/em> \u00abEconom\u00eda y Desarrollo Sostenible\u00bb<\/p>\n\n\n\n<div style=\"height:70px\" aria-hidden=\"true\" class=\"wp-block-spacer\"><\/div>\n\n\n\n<figure class=\"wp-block-table is-style-regular\"><table><tbody><tr><td><strong>Autores: <\/strong><br>Ing. Erick Antonio Calderero Villag\u00f3mez, Mg. <br>Ing. Tania Jacqueline Loor Mieles, Mg.<br>Ing. Aida del Roc\u00edo Quinche Chuqui, Mg<\/td><\/tr><tr><\/tr><tr><\/tr><tr><\/tr><tr><\/tr><tr><\/tr><\/tbody><\/table><\/figure>\n\n\n\n<figure class=\"wp-block-table is-style-regular\"><table><tbody><tr><td><strong>Campos Amplios: <\/strong><br>Ciencias Administrativas<\/td><td><strong>Campos Espec\u00edficos: <\/strong><br>Facultad Contabilidad y Auditoria<br>Facultad de Econom\u00eda<\/td><td><strong>Campos Detallados: <\/strong><br>Contabilidad y Auditoria<br>Comercio Exterior<\/td><\/tr><tr><\/tr><tr><\/tr><tr><\/tr><tr><td><strong>L\u00ednea de Vinculaci\u00f3n: <\/strong><br>Econom\u00eda y Desarrollo Sostenible<\/td><td><strong>Estado del Proyecto:<\/strong> <br>Nuevo<\/td><td><strong>C\u00f3digo de Proyecto:<\/strong> <br>Por asignar<\/td><\/tr><tr><\/tr><tr><\/tr><tr><\/tr><\/tbody><\/table><\/figure>\n\n\n\n<figure class=\"wp-block-table is-style-regular\"><table><tbody><tr><td><strong>L\u00ednea de Investigaci\u00f3n:<\/strong><br>Econom\u00eda y Desarrollo Sostenible<\/td><\/tr><tr><\/tr><tr><\/tr><tr><\/tr><\/tbody><\/table><\/figure>\n\n\n\n<figure class=\"wp-block-table is-style-regular\"><table><tbody><tr><td><strong>Fecha Inicio Planificado: <\/strong><br>Octubre-2021<\/td><td><strong>Fecha de Fin Planeado: <\/strong><br>Diciembre 2023<\/td><\/tr><tr><\/tr><tr><\/tr><\/tbody><\/table><\/figure>\n\n\n\n<figure class=\"wp-block-table is-style-regular\"><table><tbody><tr><td><strong>Convenio: <\/strong><br>Gobierno Aut\u00f3nomo Descentralizado de Manta<\/td><\/tr><tr><\/tr><tr><\/tr><tr><\/tr><tr><td><strong>Beneficiarios: <\/strong><br>95 comerciantes que conforman los CDC de Manta<\/td><\/tr><tr><\/tr><tr><\/tr><tr><\/tr><\/tbody><\/table><\/figure>\n\n\n\n<p><strong>FUENTES DE INFORMACI\u00d3N<\/strong><\/p>\n\n\n\n<figure class=\"wp-block-table is-style-regular\"><table><tbody><tr><td>Reglamento de la Vinculaci\u00f3n con la sociedad Uleam<br>&#8211; PEDI Facultad de Contabilidad y Auditor\u00eda<br>&#8211; PEDI Facultad Econom\u00eda<br>&#8211; Constituci\u00f3n de la Rep\u00fablica del Ecuador<br>&#8211; Plan Nacional de Desarrollo, Toda una vida (2017-2021)<br>&#8211; C\u00f3digos y Leyes vigentes<br>&#8211; Objetivos Estrat\u00e9gicos del PEDI<br>&#8211; Objetivos de Desarrollo Sostenible<br>&#8211; Plan emergente Intercantonal de Seguridad 13D02<\/td><\/tr><tr><\/tr><tr><\/tr><tr><\/tr><tr><\/tr><tr><\/tr><tr><\/tr><tr><\/tr><\/tbody><\/table><\/figure>\n\n\n\n<p><strong>COBERTURA Y LOCALIZACI\u00d3N<\/strong><\/p>\n\n\n\n<figure class=\"wp-block-table is-style-regular\"><table><tbody><tr><td><strong>Alcance territorial: <\/strong><br>Parroquial<\/td><td><strong>Provincia\/s:<\/strong><br>Manab\u00ed<\/td><\/tr><tr><\/tr><\/tbody><\/table><\/figure>\n\n\n\n<figure class=\"wp-block-table is-style-regular\"><table><tbody><tr><td><strong>Cant\u00f3n o Cantones: <\/strong><br>Manta<\/td><td><strong>Parroquia\/s:<\/strong> <br>\u2022 Manta<br>\u2022 Tarqui<br>\u2022 Los Esteros <br>\u2022 Eloy Alfaro<\/td><td><strong>Barrio\/s: <\/strong><br>\u2022 Los Esteros<br>\u2022 20 de Mayo<br>\u2022 Santa Clara<br>\u2022 Ni\u00f1o Jes\u00fas<br>\u2022 Barrios Unidos<br>\u2022 Las Colinas<\/td><\/tr><tr><\/tr><\/tbody><\/table><\/figure>\n\n\n\n<p><strong>PRESUPUESTO<\/strong><\/p>\n\n\n\n<figure class=\"wp-block-table is-style-regular\"><table><tbody><tr><td><strong>Presupuesto financiar por la IES:<\/strong> <br>$&nbsp; 2.000.00<\/td><td><strong>Presupuesto total de aliados estrat\u00e9gicos:&nbsp; <\/strong><br>$ 00,00<\/td><\/tr><tr><\/tr><\/tbody><\/table><\/figure>\n\n\n\n<div style=\"height:38px\" aria-hidden=\"true\" class=\"wp-block-spacer\"><\/div>\n\n\n\n<p><strong>OBJETIVO DEL PROYECTO<\/strong><\/p>\n\n\n\n<p class=\"has-text-align-center\"><strong><em>OBJETIVO GENERAL<\/em><\/strong><\/p>\n\n\n\n<figure class=\"wp-block-table is-style-regular\"><table><tbody><tr><td>Fortalecer las actividades econ\u00f3micas y comerciales de los Centros de Desarrollo Comunitarios, con el prop\u00f3sito de impulsar el desarrollo sostenible de la comunidad en las parroquias, Tarqui, Los Esteros y Eloy Alfaro, en el periodo 2021-2023.<\/td><\/tr><tr><\/tr><tr><\/tr><\/tbody><\/table><\/figure>\n\n\n\n<p class=\"has-text-align-center\"><strong><em>OBJETIVOS ESPEC\u00cdFICOS<\/em><\/strong><\/p>\n\n\n\n<figure class=\"wp-block-table is-style-regular\"><table><tbody><tr><td><strong>O.E1: <\/strong>Dise\u00f1ar un plan de capacitaci\u00f3n continua en temas contables y tributarios que permita el cumplimiento de los deberes formales de los emprendedores seg\u00fan su actividad econom\u00eda.<br><br><strong>O.E2: <\/strong>Fortalecer las habilidades comerciales de los emprendedores de los Centros de Desarrollo Comunitario de la ciudad de Manta precisando la oferta del producto en el mercado a trav\u00e9s de un modelo que permita el uso de estrategias para el aumento de sus ventas.<br><br><strong>O.E3:<\/strong> Cuantificar los resultados de aplicaci\u00f3n del Plan de capacitaci\u00f3n continua, con el prop\u00f3sito de realizar mejoras al proceso de vinculaci\u00f3n.<\/td><\/tr><tr><\/tr><tr><\/tr><tr><\/tr><tr><\/tr><tr><\/tr><\/tbody><\/table><\/figure>\n\n\n\n<div style=\"height:60px\" aria-hidden=\"true\" class=\"wp-block-spacer\"><\/div>\n\n\n\n<figure class=\"wp-block-gallery columns-3 is-cropped wp-block-gallery-1 is-layout-flex wp-block-gallery-is-layout-flex\"><ul class=\"blocks-gallery-grid\"><li class=\"blocks-gallery-item\"><figure><a href=\"https:\/\/departamentos.uleam.edu.ec\/vinculacion-colectividad\/files\/2022\/08\/IMG-20220714-WA0089-1024x768.jpg\"><img fetchpriority=\"high\" decoding=\"async\" width=\"1024\" height=\"768\" src=\"https:\/\/departamentos.uleam.edu.ec\/vinculacion-colectividad\/files\/2022\/08\/IMG-20220714-WA0089-1024x768.jpg\" alt=\"\" data-id=\"4718\" data-link=\"https:\/\/departamentos.uleam.edu.ec\/vinculacion-colectividad\/https-departamentos-uleam-edu-ec-vinculacion-colectividad-proyectos2022-fortalecimiento-de-las-actividades-economicas-y-comerciales-de-los-centros-de-desarrollo-comunitarios-de-las-parroquias-tarqui-l\/img-20220714-wa0089\/\" class=\"wp-image-4718\" srcset=\"https:\/\/departamentos.uleam.edu.ec\/vinculacion-colectividad\/files\/2022\/08\/IMG-20220714-WA0089-1024x768.jpg 1024w, https:\/\/departamentos.uleam.edu.ec\/vinculacion-colectividad\/files\/2022\/08\/IMG-20220714-WA0089-300x225.jpg 300w, https:\/\/departamentos.uleam.edu.ec\/vinculacion-colectividad\/files\/2022\/08\/IMG-20220714-WA0089-768x576.jpg 768w, https:\/\/departamentos.uleam.edu.ec\/vinculacion-colectividad\/files\/2022\/08\/IMG-20220714-WA0089-1536x1152.jpg 1536w, https:\/\/departamentos.uleam.edu.ec\/vinculacion-colectividad\/files\/2022\/08\/IMG-20220714-WA0089.jpg 1600w\" sizes=\"(max-width: 1024px) 100vw, 1024px\" \/><\/a><\/figure><\/li><li class=\"blocks-gallery-item\"><figure><a href=\"https:\/\/departamentos.uleam.edu.ec\/vinculacion-colectividad\/files\/2022\/08\/IMG-20220714-WA0093-768x1024.jpg\"><img decoding=\"async\" width=\"768\" height=\"1024\" src=\"https:\/\/departamentos.uleam.edu.ec\/vinculacion-colectividad\/files\/2022\/08\/IMG-20220714-WA0093-768x1024.jpg\" alt=\"\" data-id=\"4719\" data-link=\"https:\/\/departamentos.uleam.edu.ec\/vinculacion-colectividad\/https-departamentos-uleam-edu-ec-vinculacion-colectividad-proyectos2022-fortalecimiento-de-las-actividades-economicas-y-comerciales-de-los-centros-de-desarrollo-comunitarios-de-las-parroquias-tarqui-l\/img-20220714-wa0093\/\" class=\"wp-image-4719\" srcset=\"https:\/\/departamentos.uleam.edu.ec\/vinculacion-colectividad\/files\/2022\/08\/IMG-20220714-WA0093-768x1024.jpg 768w, https:\/\/departamentos.uleam.edu.ec\/vinculacion-colectividad\/files\/2022\/08\/IMG-20220714-WA0093-225x300.jpg 225w, https:\/\/departamentos.uleam.edu.ec\/vinculacion-colectividad\/files\/2022\/08\/IMG-20220714-WA0093-1152x1536.jpg 1152w, https:\/\/departamentos.uleam.edu.ec\/vinculacion-colectividad\/files\/2022\/08\/IMG-20220714-WA0093.jpg 1200w\" sizes=\"(max-width: 768px) 100vw, 768px\" \/><\/a><\/figure><\/li><li class=\"blocks-gallery-item\"><figure><a href=\"https:\/\/departamentos.uleam.edu.ec\/vinculacion-colectividad\/files\/2022\/08\/IMG-20220714-WA0088-1024x768.jpg\"><img decoding=\"async\" width=\"1024\" height=\"768\" src=\"https:\/\/departamentos.uleam.edu.ec\/vinculacion-colectividad\/files\/2022\/08\/IMG-20220714-WA0088-1024x768.jpg\" alt=\"\" data-id=\"4723\" data-link=\"https:\/\/departamentos.uleam.edu.ec\/vinculacion-colectividad\/https-departamentos-uleam-edu-ec-vinculacion-colectividad-proyectos2022-fortalecimiento-de-las-actividades-economicas-y-comerciales-de-los-centros-de-desarrollo-comunitarios-de-las-parroquias-tarqui-l\/img-20220714-wa0088\/\" class=\"wp-image-4723\" srcset=\"https:\/\/departamentos.uleam.edu.ec\/vinculacion-colectividad\/files\/2022\/08\/IMG-20220714-WA0088-1024x768.jpg 1024w, https:\/\/departamentos.uleam.edu.ec\/vinculacion-colectividad\/files\/2022\/08\/IMG-20220714-WA0088-300x225.jpg 300w, https:\/\/departamentos.uleam.edu.ec\/vinculacion-colectividad\/files\/2022\/08\/IMG-20220714-WA0088-768x576.jpg 768w, https:\/\/departamentos.uleam.edu.ec\/vinculacion-colectividad\/files\/2022\/08\/IMG-20220714-WA0088-1536x1152.jpg 1536w, https:\/\/departamentos.uleam.edu.ec\/vinculacion-colectividad\/files\/2022\/08\/IMG-20220714-WA0088.jpg 1600w\" sizes=\"(max-width: 1024px) 100vw, 1024px\" \/><\/a><\/figure><\/li><li class=\"blocks-gallery-item\"><figure><a href=\"https:\/\/departamentos.uleam.edu.ec\/vinculacion-colectividad\/files\/2022\/08\/WhatsApp-Image-2022-08-18-at-08.36.35-1024x467.jpeg\"><img loading=\"lazy\" decoding=\"async\" width=\"1024\" height=\"467\" src=\"https:\/\/departamentos.uleam.edu.ec\/vinculacion-colectividad\/files\/2022\/08\/WhatsApp-Image-2022-08-18-at-08.36.35-1024x467.jpeg\" alt=\"\" data-id=\"4722\" data-link=\"https:\/\/departamentos.uleam.edu.ec\/vinculacion-colectividad\/https-departamentos-uleam-edu-ec-vinculacion-colectividad-proyectos2022-fortalecimiento-de-las-actividades-economicas-y-comerciales-de-los-centros-de-desarrollo-comunitarios-de-las-parroquias-tarqui-l\/whatsapp-image-2022-08-18-at-08-36-35\/\" class=\"wp-image-4722\" srcset=\"https:\/\/departamentos.uleam.edu.ec\/vinculacion-colectividad\/files\/2022\/08\/WhatsApp-Image-2022-08-18-at-08.36.35-1024x467.jpeg 1024w, https:\/\/departamentos.uleam.edu.ec\/vinculacion-colectividad\/files\/2022\/08\/WhatsApp-Image-2022-08-18-at-08.36.35-300x137.jpeg 300w, https:\/\/departamentos.uleam.edu.ec\/vinculacion-colectividad\/files\/2022\/08\/WhatsApp-Image-2022-08-18-at-08.36.35-768x350.jpeg 768w, https:\/\/departamentos.uleam.edu.ec\/vinculacion-colectividad\/files\/2022\/08\/WhatsApp-Image-2022-08-18-at-08.36.35.jpeg 1272w\" sizes=\"(max-width: 1024px) 100vw, 1024px\" \/><\/a><\/figure><\/li><\/ul><\/figure>\n\n\n\n<div style=\"height:38px\" aria-hidden=\"true\" class=\"wp-block-spacer\"><\/div>\n\n\n\n<div class=\"wp-block-file aligncenter\"><a href=\"https:\/\/departamentos.uleam.edu.ec\/vinculacion-colectividad\/files\/2022\/08\/Proyecto-Comerciantes-CDC-Manta-13-09-21-Corregido.pdf\" class=\"wp-block-file__button\" download>Descarga<\/a><\/div>\n","protected":false},"excerpt":{"rendered":"<p>PER\u00cdODO 2021-2023 Proyecto de Vinculaci\u00f3n con la Sociedad L\u00cdNEA DE VINCULACI\u00d3N: \u00abEconom\u00eda y Desarrollo Sostenible\u00bb Autores: Ing. Erick Antonio Calderero Villag\u00f3mez, Mg. Ing. Tania Jacqueline Loor Mieles, Mg.Ing. Aida del Roc\u00edo Quinche<a class=\"moretag\" href=\"https:\/\/departamentos.uleam.edu.ec\/vinculacion-colectividad\/https-departamentos-uleam-edu-ec-vinculacion-colectividad-proyectos2022-fortalecimiento-de-las-actividades-economicas-y-comerciales-de-los-centros-de-desarrollo-comunitarios-de-las-parroquias-tarqui-l\/\">Leer m\u00e1s&#8230;<\/a><\/p>\n","protected":false},"author":124,"featured_media":0,"parent":0,"menu_order":0,"comment_status":"closed","ping_status":"closed","template":"","meta":{"footnotes":"","_links_to":"","_links_to_target":""},"class_list":["post-4353","page","type-page","status-publish","hentry"],"_links":{"self":[{"href":"https:\/\/departamentos.uleam.edu.ec\/vinculacion-colectividad\/wp-json\/wp\/v2\/pages\/4353","targetHints":{"allow":["GET"]}}],"collection":[{"href":"https:\/\/departamentos.uleam.edu.ec\/vinculacion-colectividad\/wp-json\/wp\/v2\/pages"}],"about":[{"href":"https:\/\/departamentos.uleam.edu.ec\/vinculacion-colectividad\/wp-json\/wp\/v2\/types\/page"}],"author":[{"embeddable":true,"href":"https:\/\/departamentos.uleam.edu.ec\/vinculacion-colectividad\/wp-json\/wp\/v2\/users\/124"}],"replies":[{"embeddable":true,"href":"https:\/\/departamentos.uleam.edu.ec\/vinculacion-colectividad\/wp-json\/wp\/v2\/comments?post=4353"}],"version-history":[{"count":3,"href":"https:\/\/departamentos.uleam.edu.ec\/vinculacion-colectividad\/wp-json\/wp\/v2\/pages\/4353\/revisions"}],"predecessor-version":[{"id":4762,"href":"https:\/\/departamentos.uleam.edu.ec\/vinculacion-colectividad\/wp-json\/wp\/v2\/pages\/4353\/revisions\/4762"}],"wp:attachment":[{"href":"https:\/\/departamentos.uleam.edu.ec\/vinculacion-colectividad\/wp-json\/wp\/v2\/media?parent=4353"}],"curies":[{"name":"wp","href":"https:\/\/api.w.org\/{rel}","templated":true}]}}