{"id":4357,"date":"2022-08-05T09:32:06","date_gmt":"2022-08-05T14:32:06","guid":{"rendered":"https:\/\/departamentos.uleam.edu.ec\/vinculacion-colectividad\/?page_id=4357"},"modified":"2022-08-18T11:16:15","modified_gmt":"2022-08-18T16:16:15","slug":"https-departamentos-uleam-edu-ec-vinculacion-colectividad-proyectos2022-fortalecimiento-las-habilidades-sociales-cognitivas-fisicas-psicosociales-y-economicas-de-los-miembros-de-la-asociacion-de-perso","status":"publish","type":"page","link":"https:\/\/departamentos.uleam.edu.ec\/vinculacion-colectividad\/https-departamentos-uleam-edu-ec-vinculacion-colectividad-proyectos2022-fortalecimiento-las-habilidades-sociales-cognitivas-fisicas-psicosociales-y-economicas-de-los-miembros-de-la-asociacion-de-perso\/","title":{"rendered":"Fortalecimiento las Habilidades Sociales, Cognitivas, F\u00edsicas, Psicosociales y Econ\u00f3micas de los Miembros de la Asociaci\u00f3n de Personas con Discapacidad de Manta y Montecristi"},"content":{"rendered":"\n<p class=\"has-text-align-center\" style=\"font-size:24px\">PER\u00cdODO 2022-2024<\/p>\n\n\n\n<p style=\"font-size:18px\">Proyecto de Vinculaci\u00f3n y Emprendimiento<\/p>\n\n\n\n<p style=\"font-size:18px\"><strong><em>L\u00cdNEA DE VINCULACI\u00d3N:<\/em><\/strong>&nbsp;\u201cEconom\u00eda y Desarrollo Sostenible\u201d<\/p>\n\n\n\n<div style=\"height:70px\" aria-hidden=\"true\" class=\"wp-block-spacer\"><\/div>\n\n\n\n<figure class=\"wp-block-table is-style-regular\"><table><tbody><tr><td><strong>Decano:<\/strong><br>Ing. Mar\u00eda Irasema Delgado Ch\u00e1vez, Mg.<br><strong>L\u00edder del proyecto:<\/strong><br>Ing. Beatriz Isabel Alc\u00edvar Cede\u00f1o, Mg.<\/td><\/tr><tr><\/tr><tr><\/tr><tr><\/tr><tr><\/tr><tr><\/tr><\/tbody><\/table><\/figure>\n\n\n\n<figure class=\"wp-block-table is-style-regular\"><table><tbody><tr><td><strong>Nombre de la Facultad o Unidad Acad\u00e9mica Responsable: <\/strong><br>&#8211; Carrera de Contabilidad y Auditor\u00eda<br>&#8211; Carrera de Educaci\u00f3n Especial<br>&#8211; Carrera de Licenciatura en Psicolog\u00eda.<\/td><td><strong>Carrera: <\/strong><br>&#8211; Facultad de Contabilidad y Auditor\u00eda<br>&#8211; Facultad de Ciencias de la Educaci\u00f3n<br>&#8211; Facultad de Psicolog\u00eda<\/td><td><strong>Tipo Proyecto:<\/strong><br>Proyecto de Vinculaci\u00f3n y<br>Emprendimiento<\/td><\/tr><tr><\/tr><tr><\/tr><tr><\/tr><tr><td><strong>Dominio Acad\u00e9mico:<\/strong><br>Ciencias Administrativas,<br>Educaci\u00f3n y Psicolog\u00eda<\/td><td><strong>L\u00ednea de Investigaci\u00f3n:<\/strong><br>Econom\u00eda y Desarrollo<br>Sostenible.<\/td><td><strong>Convenio:<\/strong><br>Convenio Marco: ULEAM y la ADMM<br><strong><em>Convenio Espec\u00edfico:<\/em><\/strong> Facultad<br>de Contabilidad y Auditor\u00eda y la ADMM.&nbsp;<\/td><\/tr><tr><\/tr><tr><\/tr><tr><\/tr><tr><td><strong>\u00c1rea del conocimiento: <\/strong><br>Ciencias Administrativas<\/td><td><strong>Sub\u00e1rea del conocimiento:<\/strong> <br>Facultad de Contabilidad y Auditor\u00eda.<br>Facultad de Psicolog\u00eda.<br>Facultad de Educaci\u00f3n<\/td><td><strong>Sub\u00e1rea especifica: <\/strong><br>Contabilidad y Auditor\u00eda.<br>Educaci\u00f3n Especial.<br>Psicolog\u00eda.<\/td><\/tr><tr><\/tr><tr><\/tr><tr><\/tr><\/tbody><\/table><\/figure>\n\n\n\n<figure class=\"wp-block-table is-style-regular\"><table><tbody><tr><td><strong>Fecha Inicio:<\/strong><br>Septiembre &#8211; 2022<\/td><td><strong>Fecha de Fin Planeado:<\/strong><br>Agosto &#8211; 2024.<\/td><\/tr><tr><\/tr><tr><\/tr><tr><\/tr><\/tbody><\/table><\/figure>\n\n\n\n<p><strong>COBERTURA Y LOCALIZACI\u00d3N<\/strong><\/p>\n\n\n\n<figure class=\"wp-block-table is-style-regular\"><table><tbody><tr><td><strong>Cobertura:<\/strong><br><strong><em>Pa\u00eds: <\/em><\/strong>Ecuador.<br><strong><em>Regi\u00f3n:<\/em><\/strong> Costa<\/td><td><strong>Zona de Planificaci\u00f3n:<\/strong><br>Manab\u00ed- Manta- Santa M\u00f3nica.<\/td><td><strong>Provincia:<\/strong><br>Manab\u00ed.<\/td><\/tr><tr><\/tr><tr><td><strong>Cant\u00f3n:<\/strong><br>Manta.<br>Montecristi.<\/td><td><strong>Parroquia:<\/strong><br>Manta<\/td><td><strong>Barrios:<\/strong><br>Santa M\u00f3nica<\/td><\/tr><tr><\/tr><\/tbody><\/table><\/figure>\n\n\n\n<p><strong>PRESUPUESTO<\/strong><\/p>\n\n\n\n<figure class=\"wp-block-table is-style-regular\"><table><tbody><tr><td><strong>Presupuesto aporte ULEAM: <\/strong><br><strong><em>Fiscales: <\/em><\/strong>$2.000,00<br><strong><em>Auto Gesti\u00f3n:<\/em><\/strong> $500,00<\/td><td><strong>Presupuesto entidad auspiciante\/beneficiaria: <\/strong><br>ADMM: $1.000, 00<\/td><td><strong>Presupuesto Total: <\/strong><br>US $ 3500,00<\/td><\/tr><tr><\/tr><tr><\/tr><tr><\/tr><\/tbody><\/table><\/figure>\n\n\n\n<div style=\"height:38px\" aria-hidden=\"true\" class=\"wp-block-spacer\"><\/div>\n\n\n\n<p><strong>OBJETIVO DEL PROYECTO<\/strong><\/p>\n\n\n\n<p class=\"has-text-align-center\"><strong><em>OBJETIVO GENERAL<\/em><\/strong><\/p>\n\n\n\n<figure class=\"wp-block-table is-style-regular\"><table><tbody><tr><td>Fortalecer las habilidades sociales, cognitivas, f\u00edsicas, psicosociales y econ\u00f3micas de los miembros de la Asociaci\u00f3n de personas con discapacidad de Manta y Montecristi, periodo 2022- 2024<\/td><\/tr><tr><\/tr><tr><\/tr><\/tbody><\/table><\/figure>\n\n\n\n<p class=\"has-text-align-center\"><strong><em>OBJETIVOS ESPEC\u00cdFICOS<\/em><\/strong><\/p>\n\n\n\n<figure class=\"wp-block-table is-style-regular\"><table><tbody><tr><td><strong>O.E1:<\/strong> Dise\u00f1ar un plan de capacitaci\u00f3n continua en temas contables y tributarios que permita el cumplimiento de los deberes formales de los miembros, seg\u00fan su actividad econom\u00eda.<br><br><strong>O.E2:<\/strong> Cuantificar los resultados de aplicaci\u00f3n del Plan de capacitaci\u00f3n continua, con el prop\u00f3sito de realizar mejoras al proceso de vinculaci\u00f3n.<br><br><strong>O.E3:<\/strong> Desarrollar habilidades para las actividades de la vida diaria; en ni\u00f1os, ni\u00f1as y adolescentes con discapacidad.<br><br><strong>O.E4:<\/strong> Fomentar la calidad de vida y salud mental mediante la promoci\u00f3n, prevenci\u00f3n e intervenci\u00f3n en la poblaci\u00f3n beneficiaria.<\/td><\/tr><tr><\/tr><tr><\/tr><tr><\/tr><tr><\/tr><tr><\/tr><\/tbody><\/table><\/figure>\n\n\n\n<div style=\"height:90px\" aria-hidden=\"true\" class=\"wp-block-spacer\"><\/div>\n\n\n\n<figure class=\"wp-block-gallery columns-3 is-cropped wp-block-gallery-1 is-layout-flex wp-block-gallery-is-layout-flex\"><ul class=\"blocks-gallery-grid\"><li class=\"blocks-gallery-item\"><figure><a href=\"https:\/\/departamentos.uleam.edu.ec\/vinculacion-colectividad\/files\/2022\/08\/WhatsApp-Image-2022-08-16-at-08.03.27-1024x1024.jpeg\"><img fetchpriority=\"high\" decoding=\"async\" width=\"1024\" height=\"1024\" src=\"https:\/\/departamentos.uleam.edu.ec\/vinculacion-colectividad\/files\/2022\/08\/WhatsApp-Image-2022-08-16-at-08.03.27-1024x1024.jpeg\" alt=\"\" data-id=\"4650\" data-link=\"https:\/\/departamentos.uleam.edu.ec\/vinculacion-colectividad\/https-departamentos-uleam-edu-ec-vinculacion-colectividad-proyectos2022-fortalecimiento-las-habilidades-sociales-cognitivas-fisicas-psicosociales-y-economicas-de-los-miembros-de-la-asociacion-de-perso\/whatsapp-image-2022-08-16-at-08-03-27\/\" class=\"wp-image-4650\" srcset=\"https:\/\/departamentos.uleam.edu.ec\/vinculacion-colectividad\/files\/2022\/08\/WhatsApp-Image-2022-08-16-at-08.03.27-1024x1024.jpeg 1024w, https:\/\/departamentos.uleam.edu.ec\/vinculacion-colectividad\/files\/2022\/08\/WhatsApp-Image-2022-08-16-at-08.03.27-300x300.jpeg 300w, https:\/\/departamentos.uleam.edu.ec\/vinculacion-colectividad\/files\/2022\/08\/WhatsApp-Image-2022-08-16-at-08.03.27-150x150.jpeg 150w, https:\/\/departamentos.uleam.edu.ec\/vinculacion-colectividad\/files\/2022\/08\/WhatsApp-Image-2022-08-16-at-08.03.27-768x768.jpeg 768w, https:\/\/departamentos.uleam.edu.ec\/vinculacion-colectividad\/files\/2022\/08\/WhatsApp-Image-2022-08-16-at-08.03.27-100x100.jpeg 100w, https:\/\/departamentos.uleam.edu.ec\/vinculacion-colectividad\/files\/2022\/08\/WhatsApp-Image-2022-08-16-at-08.03.27.jpeg 1280w\" sizes=\"(max-width: 1024px) 100vw, 1024px\" \/><\/a><\/figure><\/li><li class=\"blocks-gallery-item\"><figure><a href=\"https:\/\/departamentos.uleam.edu.ec\/vinculacion-colectividad\/files\/2022\/08\/WhatsApp-Image-2022-08-16-at-08.03.27-1-1024x1024.jpeg\"><img decoding=\"async\" width=\"1024\" height=\"1024\" src=\"https:\/\/departamentos.uleam.edu.ec\/vinculacion-colectividad\/files\/2022\/08\/WhatsApp-Image-2022-08-16-at-08.03.27-1-1024x1024.jpeg\" alt=\"\" data-id=\"4651\" data-link=\"https:\/\/departamentos.uleam.edu.ec\/vinculacion-colectividad\/https-departamentos-uleam-edu-ec-vinculacion-colectividad-proyectos2022-fortalecimiento-las-habilidades-sociales-cognitivas-fisicas-psicosociales-y-economicas-de-los-miembros-de-la-asociacion-de-perso\/whatsapp-image-2022-08-16-at-08-03-27-1\/\" class=\"wp-image-4651\" srcset=\"https:\/\/departamentos.uleam.edu.ec\/vinculacion-colectividad\/files\/2022\/08\/WhatsApp-Image-2022-08-16-at-08.03.27-1-1024x1024.jpeg 1024w, https:\/\/departamentos.uleam.edu.ec\/vinculacion-colectividad\/files\/2022\/08\/WhatsApp-Image-2022-08-16-at-08.03.27-1-300x300.jpeg 300w, https:\/\/departamentos.uleam.edu.ec\/vinculacion-colectividad\/files\/2022\/08\/WhatsApp-Image-2022-08-16-at-08.03.27-1-150x150.jpeg 150w, https:\/\/departamentos.uleam.edu.ec\/vinculacion-colectividad\/files\/2022\/08\/WhatsApp-Image-2022-08-16-at-08.03.27-1-768x768.jpeg 768w, https:\/\/departamentos.uleam.edu.ec\/vinculacion-colectividad\/files\/2022\/08\/WhatsApp-Image-2022-08-16-at-08.03.27-1-100x100.jpeg 100w, https:\/\/departamentos.uleam.edu.ec\/vinculacion-colectividad\/files\/2022\/08\/WhatsApp-Image-2022-08-16-at-08.03.27-1.jpeg 1280w\" sizes=\"(max-width: 1024px) 100vw, 1024px\" \/><\/a><\/figure><\/li><li class=\"blocks-gallery-item\"><figure><a href=\"https:\/\/departamentos.uleam.edu.ec\/vinculacion-colectividad\/files\/2022\/08\/WhatsApp-Image-2022-08-16-at-08.03.28-1024x1024.jpeg\"><img decoding=\"async\" width=\"1024\" height=\"1024\" src=\"https:\/\/departamentos.uleam.edu.ec\/vinculacion-colectividad\/files\/2022\/08\/WhatsApp-Image-2022-08-16-at-08.03.28-1024x1024.jpeg\" alt=\"\" data-id=\"4652\" data-link=\"https:\/\/departamentos.uleam.edu.ec\/vinculacion-colectividad\/https-departamentos-uleam-edu-ec-vinculacion-colectividad-proyectos2022-fortalecimiento-las-habilidades-sociales-cognitivas-fisicas-psicosociales-y-economicas-de-los-miembros-de-la-asociacion-de-perso\/whatsapp-image-2022-08-16-at-08-03-28\/\" class=\"wp-image-4652\" srcset=\"https:\/\/departamentos.uleam.edu.ec\/vinculacion-colectividad\/files\/2022\/08\/WhatsApp-Image-2022-08-16-at-08.03.28-1024x1024.jpeg 1024w, https:\/\/departamentos.uleam.edu.ec\/vinculacion-colectividad\/files\/2022\/08\/WhatsApp-Image-2022-08-16-at-08.03.28-300x300.jpeg 300w, https:\/\/departamentos.uleam.edu.ec\/vinculacion-colectividad\/files\/2022\/08\/WhatsApp-Image-2022-08-16-at-08.03.28-150x150.jpeg 150w, https:\/\/departamentos.uleam.edu.ec\/vinculacion-colectividad\/files\/2022\/08\/WhatsApp-Image-2022-08-16-at-08.03.28-768x768.jpeg 768w, https:\/\/departamentos.uleam.edu.ec\/vinculacion-colectividad\/files\/2022\/08\/WhatsApp-Image-2022-08-16-at-08.03.28-100x100.jpeg 100w, https:\/\/departamentos.uleam.edu.ec\/vinculacion-colectividad\/files\/2022\/08\/WhatsApp-Image-2022-08-16-at-08.03.28.jpeg 1224w\" sizes=\"(max-width: 1024px) 100vw, 1024px\" \/><\/a><\/figure><\/li><li class=\"blocks-gallery-item\"><figure><a href=\"https:\/\/departamentos.uleam.edu.ec\/vinculacion-colectividad\/files\/2022\/08\/WhatsApp-Image-2022-08-16-at-08.03.27-2-1024x1024.jpeg\"><img loading=\"lazy\" decoding=\"async\" width=\"1024\" height=\"1024\" src=\"https:\/\/departamentos.uleam.edu.ec\/vinculacion-colectividad\/files\/2022\/08\/WhatsApp-Image-2022-08-16-at-08.03.27-2-1024x1024.jpeg\" alt=\"\" data-id=\"4653\" data-link=\"https:\/\/departamentos.uleam.edu.ec\/vinculacion-colectividad\/https-departamentos-uleam-edu-ec-vinculacion-colectividad-proyectos2022-fortalecimiento-las-habilidades-sociales-cognitivas-fisicas-psicosociales-y-economicas-de-los-miembros-de-la-asociacion-de-perso\/whatsapp-image-2022-08-16-at-08-03-27-2\/\" class=\"wp-image-4653\" srcset=\"https:\/\/departamentos.uleam.edu.ec\/vinculacion-colectividad\/files\/2022\/08\/WhatsApp-Image-2022-08-16-at-08.03.27-2-1024x1024.jpeg 1024w, https:\/\/departamentos.uleam.edu.ec\/vinculacion-colectividad\/files\/2022\/08\/WhatsApp-Image-2022-08-16-at-08.03.27-2-300x300.jpeg 300w, https:\/\/departamentos.uleam.edu.ec\/vinculacion-colectividad\/files\/2022\/08\/WhatsApp-Image-2022-08-16-at-08.03.27-2-150x150.jpeg 150w, https:\/\/departamentos.uleam.edu.ec\/vinculacion-colectividad\/files\/2022\/08\/WhatsApp-Image-2022-08-16-at-08.03.27-2-768x768.jpeg 768w, https:\/\/departamentos.uleam.edu.ec\/vinculacion-colectividad\/files\/2022\/08\/WhatsApp-Image-2022-08-16-at-08.03.27-2-100x100.jpeg 100w, https:\/\/departamentos.uleam.edu.ec\/vinculacion-colectividad\/files\/2022\/08\/WhatsApp-Image-2022-08-16-at-08.03.27-2.jpeg 1280w\" sizes=\"(max-width: 1024px) 100vw, 1024px\" \/><\/a><\/figure><\/li><li class=\"blocks-gallery-item\"><figure><a href=\"https:\/\/departamentos.uleam.edu.ec\/vinculacion-colectividad\/files\/2022\/08\/WhatsApp-Image-2022-08-16-at-08.03.28-1.jpeg\"><img loading=\"lazy\" decoding=\"async\" width=\"1024\" height=\"1024\" src=\"https:\/\/departamentos.uleam.edu.ec\/vinculacion-colectividad\/files\/2022\/08\/WhatsApp-Image-2022-08-16-at-08.03.28-1-1024x1024.jpeg\" alt=\"\" data-id=\"4655\" data-full-url=\"https:\/\/departamentos.uleam.edu.ec\/vinculacion-colectividad\/files\/2022\/08\/WhatsApp-Image-2022-08-16-at-08.03.28-1.jpeg\" data-link=\"https:\/\/departamentos.uleam.edu.ec\/vinculacion-colectividad\/https-departamentos-uleam-edu-ec-vinculacion-colectividad-proyectos2022-fortalecimiento-las-habilidades-sociales-cognitivas-fisicas-psicosociales-y-economicas-de-los-miembros-de-la-asociacion-de-perso\/whatsapp-image-2022-08-16-at-08-03-28-1\/\" class=\"wp-image-4655\" srcset=\"https:\/\/departamentos.uleam.edu.ec\/vinculacion-colectividad\/files\/2022\/08\/WhatsApp-Image-2022-08-16-at-08.03.28-1-1024x1024.jpeg 1024w, https:\/\/departamentos.uleam.edu.ec\/vinculacion-colectividad\/files\/2022\/08\/WhatsApp-Image-2022-08-16-at-08.03.28-1-300x300.jpeg 300w, https:\/\/departamentos.uleam.edu.ec\/vinculacion-colectividad\/files\/2022\/08\/WhatsApp-Image-2022-08-16-at-08.03.28-1-150x150.jpeg 150w, https:\/\/departamentos.uleam.edu.ec\/vinculacion-colectividad\/files\/2022\/08\/WhatsApp-Image-2022-08-16-at-08.03.28-1-768x768.jpeg 768w, https:\/\/departamentos.uleam.edu.ec\/vinculacion-colectividad\/files\/2022\/08\/WhatsApp-Image-2022-08-16-at-08.03.28-1-100x100.jpeg 100w, https:\/\/departamentos.uleam.edu.ec\/vinculacion-colectividad\/files\/2022\/08\/WhatsApp-Image-2022-08-16-at-08.03.28-1.jpeg 1224w\" sizes=\"(max-width: 1024px) 100vw, 1024px\" \/><\/a><\/figure><\/li><\/ul><\/figure>\n\n\n\n<div style=\"height:39px\" aria-hidden=\"true\" class=\"wp-block-spacer\"><\/div>\n\n\n\n<div class=\"wp-block-file aligncenter\"><a href=\"https:\/\/departamentos.uleam.edu.ec\/vinculacion-colectividad\/files\/2022\/08\/PVV-01-F-001-Formato-de-Proyecto-VIGENTE-VERSIO\u0301N-6.pdf\" class=\"wp-block-file__button\" download>Descarga<\/a><\/div>\n","protected":false},"excerpt":{"rendered":"<p>PER\u00cdODO 2022-2024 Proyecto de Vinculaci\u00f3n y Emprendimiento L\u00cdNEA DE VINCULACI\u00d3N:&nbsp;\u201cEconom\u00eda y Desarrollo Sostenible\u201d Decano:Ing. Mar\u00eda Irasema Delgado Ch\u00e1vez, Mg.L\u00edder del proyecto:Ing. Beatriz Isabel Alc\u00edvar Cede\u00f1o, Mg. Nombre de la Facultad o Unidad<a class=\"moretag\" href=\"https:\/\/departamentos.uleam.edu.ec\/vinculacion-colectividad\/https-departamentos-uleam-edu-ec-vinculacion-colectividad-proyectos2022-fortalecimiento-las-habilidades-sociales-cognitivas-fisicas-psicosociales-y-economicas-de-los-miembros-de-la-asociacion-de-perso\/\">Leer m\u00e1s&#8230;<\/a><\/p>\n","protected":false},"author":124,"featured_media":0,"parent":0,"menu_order":0,"comment_status":"closed","ping_status":"closed","template":"","meta":{"footnotes":"","_links_to":"","_links_to_target":""},"class_list":["post-4357","page","type-page","status-publish","hentry"],"_links":{"self":[{"href":"https:\/\/departamentos.uleam.edu.ec\/vinculacion-colectividad\/wp-json\/wp\/v2\/pages\/4357","targetHints":{"allow":["GET"]}}],"collection":[{"href":"https:\/\/departamentos.uleam.edu.ec\/vinculacion-colectividad\/wp-json\/wp\/v2\/pages"}],"about":[{"href":"https:\/\/departamentos.uleam.edu.ec\/vinculacion-colectividad\/wp-json\/wp\/v2\/types\/page"}],"author":[{"embeddable":true,"href":"https:\/\/departamentos.uleam.edu.ec\/vinculacion-colectividad\/wp-json\/wp\/v2\/users\/124"}],"replies":[{"embeddable":true,"href":"https:\/\/departamentos.uleam.edu.ec\/vinculacion-colectividad\/wp-json\/wp\/v2\/comments?post=4357"}],"version-history":[{"count":4,"href":"https:\/\/departamentos.uleam.edu.ec\/vinculacion-colectividad\/wp-json\/wp\/v2\/pages\/4357\/revisions"}],"predecessor-version":[{"id":4763,"href":"https:\/\/departamentos.uleam.edu.ec\/vinculacion-colectividad\/wp-json\/wp\/v2\/pages\/4357\/revisions\/4763"}],"wp:attachment":[{"href":"https:\/\/departamentos.uleam.edu.ec\/vinculacion-colectividad\/wp-json\/wp\/v2\/media?parent=4357"}],"curies":[{"name":"wp","href":"https:\/\/api.w.org\/{rel}","templated":true}]}}