{"id":4360,"date":"2022-08-05T09:33:36","date_gmt":"2022-08-05T14:33:36","guid":{"rendered":"https:\/\/departamentos.uleam.edu.ec\/vinculacion-colectividad\/?page_id=4360"},"modified":"2022-09-12T09:45:27","modified_gmt":"2022-09-12T14:45:27","slug":"https-departamentos-uleam-edu-ec-vinculacion-colectividad-proyectos2022-fortalecimiento-de-la-equidad-y-lucha-contra-la-violencia-de-genero","status":"publish","type":"page","link":"https:\/\/departamentos.uleam.edu.ec\/vinculacion-colectividad\/https-departamentos-uleam-edu-ec-vinculacion-colectividad-proyectos2022-fortalecimiento-de-la-equidad-y-lucha-contra-la-violencia-de-genero\/","title":{"rendered":"Fortalecimiento de la equidad y lucha contra la violencia de g\u00e9nero de las mujeres de la provincia de Manab\u00ed, a trav\u00e9s del derecho a la informaci\u00f3n"},"content":{"rendered":"\n<p class=\"has-text-align-center\" style=\"font-size:24px\"><strong>PER\u00cdODO 2020 -2022<\/strong><\/p>\n\n\n\n<p style=\"font-size:18px\">Proyecto de Vinculaci\u00f3n con la Sociedad<\/p>\n\n\n\n<p style=\"font-size:18px\"><strong><em>L\u00cdNEA DE VINCULACI\u00d3N:<\/em><\/strong> \u00abDesarrollo Social, Cultural y Promoci\u00f3n Deportiva\u00bb.<\/p>\n\n\n\n<div style=\"height:66px\" aria-hidden=\"true\" class=\"wp-block-spacer\"><\/div>\n\n\n\n<figure class=\"wp-block-table is-style-regular\"><table><tbody><tr><td><strong>Autores:<\/strong><br>Ab. Walter Benjam\u00edn Rivera Coria, Mg<br>Ab. Heidi Mar\u00eda Hidalgo Angulo, Mg<br>Dr. C\u00e9sar Oswaldo Le\u00f3n Cuzme, Mg<br>Ing. Denny Lourdes Zambrano Quiroz, Mg<\/td><\/tr><tr><\/tr><tr><\/tr><tr><\/tr><tr><\/tr><tr><\/tr><\/tbody><\/table><\/figure>\n\n\n\n<figure class=\"wp-block-table is-style-regular\"><table><tbody><tr><td><strong>Campos Amplios: <\/strong><br>Ciencias sociales, periodismo, informaci\u00f3n y derecho<\/td><td><strong>Campos Espec\u00edficos:<\/strong> <br>Econom\u00eda, Derecho, Trabajo Social, Psicolog\u00eda<\/td><td><strong>Campos Detallados: <\/strong><br>Ciencias sociales, periodismo, informaci\u00f3n y derecho, Ciencias administrativas.&nbsp;<\/td><\/tr><tr><\/tr><tr><\/tr><tr><\/tr><tr><td><strong>L\u00ednea de Vinculaci\u00f3n: <\/strong><br>Salud, cultura F\u00edsica y servicio social&nbsp;<\/td><td><strong>Estado del Proyecto:<\/strong> <br>Nuevo<\/td><td><strong>C\u00f3digo de Proyecto:<\/strong>&nbsp;<\/td><\/tr><tr><\/tr><tr><\/tr><tr><\/tr><tr><td><strong>Fecha Inicio Planificado:<\/strong> <br>25 Mayo de 2020<\/td><td><strong>Fecha de Fin Planeado:<\/strong> <br>28 de Febrero 2022<\/td><td><strong>Fecha de Fin Real: <\/strong><br>28 de Febrero 2022<\/td><\/tr><tr><\/tr><tr><\/tr><\/tbody><\/table><\/figure>\n\n\n\n<figure class=\"wp-block-table is-style-regular\"><table><tbody><tr><td><strong>Convenio:<\/strong> <br>Gobierno Aut\u00f3nomo Descentralizado de San Pablo de Manta<\/td><\/tr><tr><\/tr><tr><\/tr><tr><\/tr><\/tbody><\/table><\/figure>\n\n\n\n<p class=\"has-normal-font-size\"><strong>FUENTE DE INFORMACI\u00d3N<\/strong><\/p>\n\n\n\n<figure class=\"wp-block-table is-style-regular\"><table><tbody><tr><td>Objetivos de Desarrollo Sostenibles <br>INEC Indicadores<br>Pol\u00edticas y Objetivos Nacionales del Plan Nacional de Desarrollo 2017-2021 -Toda una Vida<br>Agenda Zonal 4<br>Planes de Gobierno Local de Manta <br>Objetivos Estrat\u00e9gicos del PEDI<br>Estrategias T\u00e9cnica del PEDI<\/td><\/tr><tr><\/tr><tr><\/tr><tr><\/tr><tr><\/tr><tr><\/tr><\/tbody><\/table><\/figure>\n\n\n\n<p class=\"has-normal-font-size\"><strong>COBERTURA Y LOCALIZACI\u00d3N<\/strong> <\/p>\n\n\n\n<figure class=\"wp-block-table is-style-regular\"><table><tbody><tr><td><strong>Alcance territorial: <\/strong><br>Provincial&nbsp;<\/td><td><strong>Provincia\/s:<\/strong><br>Manab\u00ed<\/td><\/tr><tr><\/tr><\/tbody><\/table><\/figure>\n\n\n\n<figure class=\"wp-block-table is-style-regular\"><table><tbody><tr><td><strong>Cant\u00f3n o Cantones:<\/strong><br>Manta<\/td><td><strong>Parroquia\/s: <\/strong><br>Manta<\/td><td><strong>Barrio\/s:<\/strong>&nbsp;<\/td><\/tr><tr><\/tr><\/tbody><\/table><\/figure>\n\n\n\n<figure class=\"wp-block-table is-style-regular\"><table><tbody><tr><td><strong>L\u00ednea de vinculaci\u00f3n:<\/strong><br>Desarrollo Social, Cultural y Promoci\u00f3n Deportiva<\/td><td><strong>Beneficiarios: <\/strong><br>480<\/td><\/tr><tr><\/tr><\/tbody><\/table><\/figure>\n\n\n\n<p class=\"has-normal-font-size\"><strong>PRESUPUESTO<\/strong><\/p>\n\n\n\n<figure class=\"wp-block-table is-style-regular\"><table><tbody><tr><td><strong>Presupuesto financiar por la IES: <\/strong><br>$ 00,00<\/td><td><strong>Presupuesto total de aliados estrat\u00e9gicos:&nbsp;<\/strong> <br>$ 00,00<\/td><\/tr><tr><\/tr><\/tbody><\/table><\/figure>\n\n\n\n<div style=\"height:41px\" aria-hidden=\"true\" class=\"wp-block-spacer\"><\/div>\n\n\n\n<p><strong>OBJETIVO DEL PROYECTO<\/strong><\/p>\n\n\n\n<p class=\"has-text-align-center\"><strong><em>OBJETIVO GENERAL<\/em><\/strong><\/p>\n\n\n\n<figure class=\"wp-block-table is-style-regular\"><table><tbody><tr><td>Contribuir en la erradicaci\u00f3n de la violencia de g\u00e9nero en la provincia de Manab\u00ed, durante y despu\u00e9s de la emergencia sanitaria.<\/td><\/tr><tr><\/tr><tr><\/tr><tr><\/tr><tr><\/tr><\/tbody><\/table><\/figure>\n\n\n\n<p class=\"has-text-align-center\"><strong><em>OBJETIVOS ESPEC\u00cdFICOS<\/em><\/strong><\/p>\n\n\n\n<figure class=\"wp-block-table is-style-regular\"><table><tbody><tr><td><strong>O.E1:<\/strong> Mejorar&nbsp; la&nbsp; calidad&nbsp; y&nbsp; posibilidades&nbsp; de&nbsp; acceso&nbsp; a&nbsp; la&nbsp; informaci\u00f3n&nbsp; referida&nbsp; a violencia y brechas de g\u00e9nero de las mujeres de la Provincia de Manab\u00ed, para el ejercicio de su derecho a la participaci\u00f3n ciudadana informada. <br><br><strong>O.E2:<\/strong> Analizar la percepci\u00f3n de riesgo sobre violencia de g\u00e9nero y promover la salud mental en una muestra de mujeres de la Provincia de Manab\u00ed.<\/td><\/tr><tr><\/tr><tr><\/tr><tr><\/tr><tr><\/tr><tr><\/tr><tr><\/tr><tr><\/tr><tr><\/tr><tr><\/tr><tr><\/tr><\/tbody><\/table><\/figure>\n\n\n\n<div style=\"height:46px\" aria-hidden=\"true\" class=\"wp-block-spacer\"><\/div>\n\n\n\n<figure class=\"wp-block-gallery columns-3 is-cropped wp-block-gallery-1 is-layout-flex wp-block-gallery-is-layout-flex\"><ul class=\"blocks-gallery-grid\"><li class=\"blocks-gallery-item\"><figure><a href=\"https:\/\/departamentos.uleam.edu.ec\/vinculacion-colectividad\/files\/2022\/09\/WhatsApp-Image-2022-09-12-at-09.35.01-768x1024.jpeg\"><img fetchpriority=\"high\" decoding=\"async\" width=\"768\" height=\"1024\" src=\"https:\/\/departamentos.uleam.edu.ec\/vinculacion-colectividad\/files\/2022\/09\/WhatsApp-Image-2022-09-12-at-09.35.01-768x1024.jpeg\" alt=\"\" data-id=\"4914\" data-link=\"https:\/\/departamentos.uleam.edu.ec\/vinculacion-colectividad\/https-departamentos-uleam-edu-ec-vinculacion-colectividad-proyectos2022-fortalecimiento-de-la-equidad-y-lucha-contra-la-violencia-de-genero\/whatsapp-image-2022-09-12-at-09-35-01\/\" class=\"wp-image-4914\" srcset=\"https:\/\/departamentos.uleam.edu.ec\/vinculacion-colectividad\/files\/2022\/09\/WhatsApp-Image-2022-09-12-at-09.35.01-768x1024.jpeg 768w, https:\/\/departamentos.uleam.edu.ec\/vinculacion-colectividad\/files\/2022\/09\/WhatsApp-Image-2022-09-12-at-09.35.01-225x300.jpeg 225w, https:\/\/departamentos.uleam.edu.ec\/vinculacion-colectividad\/files\/2022\/09\/WhatsApp-Image-2022-09-12-at-09.35.01-1152x1536.jpeg 1152w, https:\/\/departamentos.uleam.edu.ec\/vinculacion-colectividad\/files\/2022\/09\/WhatsApp-Image-2022-09-12-at-09.35.01.jpeg 1200w\" sizes=\"(max-width: 768px) 100vw, 768px\" \/><\/a><\/figure><\/li><li class=\"blocks-gallery-item\"><figure><a href=\"https:\/\/departamentos.uleam.edu.ec\/vinculacion-colectividad\/files\/2022\/09\/WhatsApp-Image-2022-09-12-at-09.35.04.jpeg\"><img decoding=\"async\" width=\"960\" height=\"720\" src=\"https:\/\/departamentos.uleam.edu.ec\/vinculacion-colectividad\/files\/2022\/09\/WhatsApp-Image-2022-09-12-at-09.35.04.jpeg\" alt=\"\" data-id=\"4917\" data-link=\"https:\/\/departamentos.uleam.edu.ec\/vinculacion-colectividad\/https-departamentos-uleam-edu-ec-vinculacion-colectividad-proyectos2022-fortalecimiento-de-la-equidad-y-lucha-contra-la-violencia-de-genero\/whatsapp-image-2022-09-12-at-09-35-04\/\" class=\"wp-image-4917\" srcset=\"https:\/\/departamentos.uleam.edu.ec\/vinculacion-colectividad\/files\/2022\/09\/WhatsApp-Image-2022-09-12-at-09.35.04.jpeg 960w, https:\/\/departamentos.uleam.edu.ec\/vinculacion-colectividad\/files\/2022\/09\/WhatsApp-Image-2022-09-12-at-09.35.04-300x225.jpeg 300w, https:\/\/departamentos.uleam.edu.ec\/vinculacion-colectividad\/files\/2022\/09\/WhatsApp-Image-2022-09-12-at-09.35.04-768x576.jpeg 768w\" sizes=\"(max-width: 960px) 100vw, 960px\" \/><\/a><\/figure><\/li><li class=\"blocks-gallery-item\"><figure><a href=\"https:\/\/departamentos.uleam.edu.ec\/vinculacion-colectividad\/files\/2022\/09\/WhatsApp-Image-2022-09-12-at-09.35.04-2.jpeg\"><img decoding=\"async\" width=\"960\" height=\"720\" src=\"https:\/\/departamentos.uleam.edu.ec\/vinculacion-colectividad\/files\/2022\/09\/WhatsApp-Image-2022-09-12-at-09.35.04-2.jpeg\" alt=\"\" data-id=\"4919\" data-full-url=\"https:\/\/departamentos.uleam.edu.ec\/vinculacion-colectividad\/files\/2022\/09\/WhatsApp-Image-2022-09-12-at-09.35.04-2.jpeg\" data-link=\"https:\/\/departamentos.uleam.edu.ec\/vinculacion-colectividad\/https-departamentos-uleam-edu-ec-vinculacion-colectividad-proyectos2022-fortalecimiento-de-la-equidad-y-lucha-contra-la-violencia-de-genero\/whatsapp-image-2022-09-12-at-09-35-04-2\/\" class=\"wp-image-4919\" srcset=\"https:\/\/departamentos.uleam.edu.ec\/vinculacion-colectividad\/files\/2022\/09\/WhatsApp-Image-2022-09-12-at-09.35.04-2.jpeg 960w, https:\/\/departamentos.uleam.edu.ec\/vinculacion-colectividad\/files\/2022\/09\/WhatsApp-Image-2022-09-12-at-09.35.04-2-300x225.jpeg 300w, https:\/\/departamentos.uleam.edu.ec\/vinculacion-colectividad\/files\/2022\/09\/WhatsApp-Image-2022-09-12-at-09.35.04-2-768x576.jpeg 768w\" sizes=\"(max-width: 960px) 100vw, 960px\" \/><\/a><\/figure><\/li><li class=\"blocks-gallery-item\"><figure><a href=\"https:\/\/departamentos.uleam.edu.ec\/vinculacion-colectividad\/files\/2022\/09\/WhatsApp-Image-2022-09-12-at-09.34.09-1024x768.jpeg\"><img loading=\"lazy\" decoding=\"async\" width=\"1024\" height=\"768\" src=\"https:\/\/departamentos.uleam.edu.ec\/vinculacion-colectividad\/files\/2022\/09\/WhatsApp-Image-2022-09-12-at-09.34.09-1024x768.jpeg\" alt=\"\" data-id=\"4913\" data-link=\"https:\/\/departamentos.uleam.edu.ec\/vinculacion-colectividad\/https-departamentos-uleam-edu-ec-vinculacion-colectividad-proyectos2022-fortalecimiento-de-la-equidad-y-lucha-contra-la-violencia-de-genero\/whatsapp-image-2022-09-12-at-09-34-09\/\" class=\"wp-image-4913\" srcset=\"https:\/\/departamentos.uleam.edu.ec\/vinculacion-colectividad\/files\/2022\/09\/WhatsApp-Image-2022-09-12-at-09.34.09-1024x768.jpeg 1024w, https:\/\/departamentos.uleam.edu.ec\/vinculacion-colectividad\/files\/2022\/09\/WhatsApp-Image-2022-09-12-at-09.34.09-300x225.jpeg 300w, https:\/\/departamentos.uleam.edu.ec\/vinculacion-colectividad\/files\/2022\/09\/WhatsApp-Image-2022-09-12-at-09.34.09-768x576.jpeg 768w, https:\/\/departamentos.uleam.edu.ec\/vinculacion-colectividad\/files\/2022\/09\/WhatsApp-Image-2022-09-12-at-09.34.09-1536x1153.jpeg 1536w, https:\/\/departamentos.uleam.edu.ec\/vinculacion-colectividad\/files\/2022\/09\/WhatsApp-Image-2022-09-12-at-09.34.09.jpeg 1599w\" sizes=\"(max-width: 1024px) 100vw, 1024px\" \/><\/a><\/figure><\/li><li class=\"blocks-gallery-item\"><figure><a href=\"https:\/\/departamentos.uleam.edu.ec\/vinculacion-colectividad\/files\/2022\/09\/WhatsApp-Image-2022-09-12-at-09.35.04-1.jpeg\"><img loading=\"lazy\" decoding=\"async\" width=\"960\" height=\"720\" src=\"https:\/\/departamentos.uleam.edu.ec\/vinculacion-colectividad\/files\/2022\/09\/WhatsApp-Image-2022-09-12-at-09.35.04-1.jpeg\" alt=\"\" data-id=\"4918\" data-link=\"https:\/\/departamentos.uleam.edu.ec\/vinculacion-colectividad\/https-departamentos-uleam-edu-ec-vinculacion-colectividad-proyectos2022-fortalecimiento-de-la-equidad-y-lucha-contra-la-violencia-de-genero\/whatsapp-image-2022-09-12-at-09-35-04-1\/\" class=\"wp-image-4918\" srcset=\"https:\/\/departamentos.uleam.edu.ec\/vinculacion-colectividad\/files\/2022\/09\/WhatsApp-Image-2022-09-12-at-09.35.04-1.jpeg 960w, https:\/\/departamentos.uleam.edu.ec\/vinculacion-colectividad\/files\/2022\/09\/WhatsApp-Image-2022-09-12-at-09.35.04-1-300x225.jpeg 300w, https:\/\/departamentos.uleam.edu.ec\/vinculacion-colectividad\/files\/2022\/09\/WhatsApp-Image-2022-09-12-at-09.35.04-1-768x576.jpeg 768w\" sizes=\"(max-width: 960px) 100vw, 960px\" \/><\/a><\/figure><\/li><li class=\"blocks-gallery-item\"><figure><a href=\"https:\/\/departamentos.uleam.edu.ec\/vinculacion-colectividad\/files\/2022\/09\/WhatsApp-Image-2022-09-12-at-09.35.03-1.jpeg\"><img loading=\"lazy\" decoding=\"async\" width=\"960\" height=\"720\" src=\"https:\/\/departamentos.uleam.edu.ec\/vinculacion-colectividad\/files\/2022\/09\/WhatsApp-Image-2022-09-12-at-09.35.03-1.jpeg\" alt=\"\" data-id=\"4916\" data-link=\"https:\/\/departamentos.uleam.edu.ec\/vinculacion-colectividad\/https-departamentos-uleam-edu-ec-vinculacion-colectividad-proyectos2022-fortalecimiento-de-la-equidad-y-lucha-contra-la-violencia-de-genero\/whatsapp-image-2022-09-12-at-09-35-03-1\/\" class=\"wp-image-4916\" srcset=\"https:\/\/departamentos.uleam.edu.ec\/vinculacion-colectividad\/files\/2022\/09\/WhatsApp-Image-2022-09-12-at-09.35.03-1.jpeg 960w, https:\/\/departamentos.uleam.edu.ec\/vinculacion-colectividad\/files\/2022\/09\/WhatsApp-Image-2022-09-12-at-09.35.03-1-300x225.jpeg 300w, https:\/\/departamentos.uleam.edu.ec\/vinculacion-colectividad\/files\/2022\/09\/WhatsApp-Image-2022-09-12-at-09.35.03-1-768x576.jpeg 768w\" sizes=\"(max-width: 960px) 100vw, 960px\" \/><\/a><\/figure><\/li><li class=\"blocks-gallery-item\"><figure><a href=\"https:\/\/departamentos.uleam.edu.ec\/vinculacion-colectividad\/files\/2022\/09\/WhatsApp-Image-2022-09-12-at-09.35.03-1024x917.jpeg\"><img loading=\"lazy\" decoding=\"async\" width=\"1024\" height=\"917\" src=\"https:\/\/departamentos.uleam.edu.ec\/vinculacion-colectividad\/files\/2022\/09\/WhatsApp-Image-2022-09-12-at-09.35.03-1024x917.jpeg\" alt=\"\" data-id=\"4915\" data-link=\"https:\/\/departamentos.uleam.edu.ec\/vinculacion-colectividad\/https-departamentos-uleam-edu-ec-vinculacion-colectividad-proyectos2022-fortalecimiento-de-la-equidad-y-lucha-contra-la-violencia-de-genero\/whatsapp-image-2022-09-12-at-09-35-03\/\" class=\"wp-image-4915\" srcset=\"https:\/\/departamentos.uleam.edu.ec\/vinculacion-colectividad\/files\/2022\/09\/WhatsApp-Image-2022-09-12-at-09.35.03-1024x917.jpeg 1024w, https:\/\/departamentos.uleam.edu.ec\/vinculacion-colectividad\/files\/2022\/09\/WhatsApp-Image-2022-09-12-at-09.35.03-300x269.jpeg 300w, https:\/\/departamentos.uleam.edu.ec\/vinculacion-colectividad\/files\/2022\/09\/WhatsApp-Image-2022-09-12-at-09.35.03-768x687.jpeg 768w, https:\/\/departamentos.uleam.edu.ec\/vinculacion-colectividad\/files\/2022\/09\/WhatsApp-Image-2022-09-12-at-09.35.03.jpeg 1078w\" sizes=\"(max-width: 1024px) 100vw, 1024px\" \/><\/a><\/figure><\/li><\/ul><\/figure>\n\n\n\n<div style=\"height:41px\" aria-hidden=\"true\" class=\"wp-block-spacer\"><\/div>\n\n\n\n<p class=\"has-text-align-center\"><strong><em> <\/em><\/strong><\/p>\n\n\n\n<div class=\"wp-block-file aligncenter\"><a href=\"https:\/\/departamentos.uleam.edu.ec\/vinculacion-colectividad\/files\/2022\/08\/PROYECTO-VINCULACION-2022-DERECHO-y-PSICOLOGIA.pdf\" class=\"wp-block-file__button\" download>Descarga<\/a><\/div>\n\n\n\n<p><\/p>\n","protected":false},"excerpt":{"rendered":"<p>PER\u00cdODO 2020 -2022 Proyecto de Vinculaci\u00f3n con la Sociedad L\u00cdNEA DE VINCULACI\u00d3N: \u00abDesarrollo Social, Cultural y Promoci\u00f3n Deportiva\u00bb. Autores:Ab. Walter Benjam\u00edn Rivera Coria, MgAb. Heidi Mar\u00eda Hidalgo Angulo, MgDr. C\u00e9sar Oswaldo Le\u00f3n<a class=\"moretag\" href=\"https:\/\/departamentos.uleam.edu.ec\/vinculacion-colectividad\/https-departamentos-uleam-edu-ec-vinculacion-colectividad-proyectos2022-fortalecimiento-de-la-equidad-y-lucha-contra-la-violencia-de-genero\/\">Leer m\u00e1s&#8230;<\/a><\/p>\n","protected":false},"author":124,"featured_media":0,"parent":0,"menu_order":0,"comment_status":"closed","ping_status":"closed","template":"","meta":{"footnotes":"","_links_to":"","_links_to_target":""},"class_list":["post-4360","page","type-page","status-publish","hentry"],"_links":{"self":[{"href":"https:\/\/departamentos.uleam.edu.ec\/vinculacion-colectividad\/wp-json\/wp\/v2\/pages\/4360","targetHints":{"allow":["GET"]}}],"collection":[{"href":"https:\/\/departamentos.uleam.edu.ec\/vinculacion-colectividad\/wp-json\/wp\/v2\/pages"}],"about":[{"href":"https:\/\/departamentos.uleam.edu.ec\/vinculacion-colectividad\/wp-json\/wp\/v2\/types\/page"}],"author":[{"embeddable":true,"href":"https:\/\/departamentos.uleam.edu.ec\/vinculacion-colectividad\/wp-json\/wp\/v2\/users\/124"}],"replies":[{"embeddable":true,"href":"https:\/\/departamentos.uleam.edu.ec\/vinculacion-colectividad\/wp-json\/wp\/v2\/comments?post=4360"}],"version-history":[{"count":8,"href":"https:\/\/departamentos.uleam.edu.ec\/vinculacion-colectividad\/wp-json\/wp\/v2\/pages\/4360\/revisions"}],"predecessor-version":[{"id":4912,"href":"https:\/\/departamentos.uleam.edu.ec\/vinculacion-colectividad\/wp-json\/wp\/v2\/pages\/4360\/revisions\/4912"}],"wp:attachment":[{"href":"https:\/\/departamentos.uleam.edu.ec\/vinculacion-colectividad\/wp-json\/wp\/v2\/media?parent=4360"}],"curies":[{"name":"wp","href":"https:\/\/api.w.org\/{rel}","templated":true}]}}