{"id":4366,"date":"2022-08-05T09:37:07","date_gmt":"2022-08-05T14:37:07","guid":{"rendered":"https:\/\/departamentos.uleam.edu.ec\/vinculacion-colectividad\/?page_id=4366"},"modified":"2022-10-25T09:56:18","modified_gmt":"2022-10-25T14:56:18","slug":"https-departamentos-uleam-edu-ec-vinculacion-colectividad-proyectos2022-promocion-de-la-salud-y-prevencion-de-enfermedades-en-la-comunidad-uleam","status":"publish","type":"page","link":"https:\/\/departamentos.uleam.edu.ec\/vinculacion-colectividad\/https-departamentos-uleam-edu-ec-vinculacion-colectividad-proyectos2022-promocion-de-la-salud-y-prevencion-de-enfermedades-en-la-comunidad-uleam\/","title":{"rendered":"Promoci\u00f3n de la salud y Prevenci\u00f3n de Enfermedades en la Comunidad Uleam"},"content":{"rendered":"\n<p class=\"has-text-align-center\" style=\"font-size:24px\">PER\u00cdODO 2022<\/p>\n\n\n\n<p style=\"font-size:18px\">Proyecto de Vinculaci\u00f3n con la Sociedad<\/p>\n\n\n\n<p style=\"font-size:18px\"><strong><em>L\u00cdNEA DE VINCULACI\u00d3N:<\/em><\/strong> \u00abResponsabilidad Social en Acciones Primarias de Salud en la Comunidad ULEAM\u00bb<\/p>\n\n\n\n<div style=\"height:61px\" aria-hidden=\"true\" class=\"wp-block-spacer\"><\/div>\n\n\n\n<figure class=\"wp-block-table is-style-regular\"><table><tbody><tr><td><strong>Decana: <\/strong><br>Lic. Mirian Santos \u00c1lvarez Mg.<\/td><\/tr><tr><\/tr><tr><\/tr><tr><\/tr><tr><\/tr><tr><\/tr><tr><td><strong>L\u00edder del proyecto: <\/strong><br>Lic. Fatima Figueroa Ca\u00f1arte Mg.<\/td><\/tr><tr><\/tr><tr><\/tr><\/tbody><\/table><\/figure>\n\n\n\n<figure class=\"wp-block-table is-style-regular\"><table><tbody><tr><td><strong>Nombre de la Facultad o Unidad Acad\u00e9mica Responsable: <\/strong><br>Enfermer\u00eda<\/td><td><strong>Carrera:<\/strong> <br>Enfermer\u00eda<\/td><td><strong>Tipo proyecto:<\/strong> <br>Vinculaci\u00f3n&nbsp;<\/td><\/tr><tr><\/tr><tr><\/tr><tr><\/tr><tr><td><strong>Dominio Acad\u00e9mico:<\/strong> <br>Salud y Bienestar humano <br>Inclusi\u00f3n, desarrollo y educabilidad<\/td><td><strong>Sub\u00e1rea del conocimiento: <\/strong><br>72 Medicina<\/td><td><strong>Sub\u00e1rea espec\u00edfica: <\/strong><br>Medicina: anatom\u00eda, epidemiolog\u00eda, citolog\u00eda, tisiolog\u00eda, inmunolog\u00eda e inmunohematolog\u00eda, patolog\u00eda, anestesiolog\u00eda, pediatr\u00eda, obstetricia y ginecolog\u00eda, medicina interna, cirug\u00eda, neurolog\u00eda, psiquiatr\u00eda, radiolog\u00eda, oftalmolog\u00eda. <br>Servicios m\u00e9dicos: servicios de salud p\u00fablica, higiene, farmacia, farmacolog\u00eda, terap\u00e9utica, rehabilitaci\u00f3n, pr\u00f3tesis, optometr\u00eda, nutrici\u00f3n. <br>Enfermer\u00eda: enfermer\u00eda b\u00e1sica, parter\u00eda; servicios dentales: auxiliar de odontolog\u00eda, higienista dental, t\u00e9cnico de laboratorio dental, odontolog\u00eda.<\/td><\/tr><tr><\/tr><tr><\/tr><tr><\/tr><\/tbody><\/table><\/figure>\n\n\n\n<figure class=\"wp-block-table is-style-regular\"><table><tbody><tr><td><strong>Fecha inicio: <\/strong><br>Abril 2022<\/td><td><strong>Fecha de Fin Planeado: <\/strong><br>Diciembre 2024<\/td><\/tr><tr><\/tr><\/tbody><\/table><\/figure>\n\n\n\n<figure class=\"wp-block-table is-style-regular\"><table><tbody><tr><td><strong>Objetivos del Plan Nacional del Buen Vivir: <\/strong><br>Objetivo 3: Mejorar la calidad de la poblaci\u00f3n.<\/td><\/tr><tr><\/tr><\/tbody><\/table><\/figure>\n\n\n\n<p class=\"has-normal-font-size\"><strong>COBERTURA Y LOCALIZACI\u00d3N<\/strong><\/p>\n\n\n\n<figure class=\"wp-block-table is-style-regular\"><table><tbody><tr><td><strong>Cobertura: <\/strong><br>Regional<\/td><td><strong>Zona de Planificaci\u00f3n:<\/strong> <br>Zona 4<\/td><td><strong>Provincia:<\/strong> <br>Manab\u00ed<\/td><\/tr><tr><\/tr><tr><td><strong>Cant\u00f3n: <\/strong><br>Manta<\/td><td><strong>Parroquia: <\/strong><br>Manta<\/td><td><strong>Barrios: <\/strong><br>Predios ULEAM<\/td><\/tr><tr><\/tr><\/tbody><\/table><\/figure>\n\n\n\n<p class=\"has-normal-font-size\"><strong>PRESUPUESTO<\/strong><\/p>\n\n\n\n<figure class=\"wp-block-table is-style-regular\"><table><tbody><tr><td><strong>Presupuesto aporte ULEAM:<\/strong> <br>US$ 1996<\/td><td><strong>Presupuesto entidad auspiciante\/beneficiaria:<\/strong><\/td><td><strong>Presupuesto Total: <\/strong><br>US$ 1996<\/td><\/tr><tr><\/tr><tr><\/tr><tr><\/tr><\/tbody><\/table><\/figure>\n\n\n\n<div style=\"height:36px\" aria-hidden=\"true\" class=\"wp-block-spacer\"><\/div>\n\n\n\n<p><strong>OBJETIVO DEL PROYECTO<\/strong><\/p>\n\n\n\n<p class=\"has-text-align-center\"><strong><em>OBJETIVO GENERAL<\/em><\/strong><\/p>\n\n\n\n<figure class=\"wp-block-table is-style-regular\"><table><tbody><tr><td>Dise\u00f1ar una estrategia de intervenci\u00f3n para docentes, personal administrativo y de servicio que promueva la mejora de indicadores de salud y la calidad de vida en comunidad ULEAM<\/td><\/tr><tr><\/tr><tr><\/tr><tr><\/tr><tr><\/tr><\/tbody><\/table><\/figure>\n\n\n\n<p class=\"has-text-align-center\"><strong><em>OBJETIVOS ESPEC\u00cdFICOS<\/em><\/strong><\/p>\n\n\n\n<figure class=\"wp-block-table is-style-regular\"><table><tbody><tr><td><strong>OE1:<\/strong> Realizar plan retorno que fortalecer\u00e1 mantener medidas de prevenci\u00f3n de enfermedades en la comunidad universitaria. <br><br><strong>O.E2:<\/strong> Diagnosticar los indicadores de salud mediante la aplicaci\u00f3n de encuesta. <br><br><strong>O.E3:<\/strong> Caracterizar la situaci\u00f3n actual de salud de los involucrados. <br><br><strong>O.E4:<\/strong> Delimitar estructuras y contenidos de la estrategia de intervenci\u00f3n de enfermer\u00eda. <br><br><strong>O.E5:<\/strong> Aplicar estrategia de intervenci\u00f3n de enfermer\u00eda al personal docente, personal administrativo y de servicio. <br><br><strong>O.E6:<\/strong> Evaluar el impacto de la estrategia de intervenci\u00f3n de enfermer\u00eda.<\/td><\/tr><tr><\/tr><tr><\/tr><tr><\/tr><tr><\/tr><tr><\/tr><tr><\/tr><tr><\/tr><tr><\/tr><tr><\/tr><tr><\/tr><\/tbody><\/table><\/figure>\n\n\n\n<div style=\"height:36px\" aria-hidden=\"true\" class=\"wp-block-spacer\"><\/div>\n\n\n\n<div class=\"wp-block-file aligncenter\"><a href=\"https:\/\/departamentos.uleam.edu.ec\/vinculacion-colectividad\/files\/2022\/08\/PROYECTO-DE-VINCULACION-2022-2024.pdf\" class=\"wp-block-file__button\" download>Descarga<\/a><\/div>\n","protected":false},"excerpt":{"rendered":"<p>PER\u00cdODO 2022 Proyecto de Vinculaci\u00f3n con la Sociedad L\u00cdNEA DE VINCULACI\u00d3N: \u00abResponsabilidad Social en Acciones Primarias de Salud en la Comunidad ULEAM\u00bb Decana: Lic. Mirian Santos \u00c1lvarez Mg. L\u00edder del proyecto: Lic.<a class=\"moretag\" href=\"https:\/\/departamentos.uleam.edu.ec\/vinculacion-colectividad\/https-departamentos-uleam-edu-ec-vinculacion-colectividad-proyectos2022-promocion-de-la-salud-y-prevencion-de-enfermedades-en-la-comunidad-uleam\/\">Leer m\u00e1s&#8230;<\/a><\/p>\n","protected":false},"author":124,"featured_media":0,"parent":0,"menu_order":0,"comment_status":"closed","ping_status":"closed","template":"","meta":{"footnotes":"","_links_to":"","_links_to_target":""},"class_list":["post-4366","page","type-page","status-publish","hentry"],"_links":{"self":[{"href":"https:\/\/departamentos.uleam.edu.ec\/vinculacion-colectividad\/wp-json\/wp\/v2\/pages\/4366","targetHints":{"allow":["GET"]}}],"collection":[{"href":"https:\/\/departamentos.uleam.edu.ec\/vinculacion-colectividad\/wp-json\/wp\/v2\/pages"}],"about":[{"href":"https:\/\/departamentos.uleam.edu.ec\/vinculacion-colectividad\/wp-json\/wp\/v2\/types\/page"}],"author":[{"embeddable":true,"href":"https:\/\/departamentos.uleam.edu.ec\/vinculacion-colectividad\/wp-json\/wp\/v2\/users\/124"}],"replies":[{"embeddable":true,"href":"https:\/\/departamentos.uleam.edu.ec\/vinculacion-colectividad\/wp-json\/wp\/v2\/comments?post=4366"}],"version-history":[{"count":5,"href":"https:\/\/departamentos.uleam.edu.ec\/vinculacion-colectividad\/wp-json\/wp\/v2\/pages\/4366\/revisions"}],"predecessor-version":[{"id":5130,"href":"https:\/\/departamentos.uleam.edu.ec\/vinculacion-colectividad\/wp-json\/wp\/v2\/pages\/4366\/revisions\/5130"}],"wp:attachment":[{"href":"https:\/\/departamentos.uleam.edu.ec\/vinculacion-colectividad\/wp-json\/wp\/v2\/media?parent=4366"}],"curies":[{"name":"wp","href":"https:\/\/api.w.org\/{rel}","templated":true}]}}