{"id":4372,"date":"2022-08-05T09:41:08","date_gmt":"2022-08-05T14:41:08","guid":{"rendered":"https:\/\/departamentos.uleam.edu.ec\/vinculacion-colectividad\/?page_id=4372"},"modified":"2022-09-13T11:20:25","modified_gmt":"2022-09-13T16:20:25","slug":"https-departamentos-uleam-edu-ec-vinculacion-colectividad-proyectos2022-el-pensamiento-computacional-y-la-ensenanza-del-idioma-ingles-para-el-desarrollo-de-competencias-en-los-estudiantes-de-la-educac","status":"publish","type":"page","link":"https:\/\/departamentos.uleam.edu.ec\/vinculacion-colectividad\/https-departamentos-uleam-edu-ec-vinculacion-colectividad-proyectos2022-el-pensamiento-computacional-y-la-ensenanza-del-idioma-ingles-para-el-desarrollo-de-competencias-en-los-estudiantes-de-la-educac\/","title":{"rendered":"El pensamiento computacional y la ense\u00f1anza del idioma ingl\u00e9s para el desarrollo de competencias en los estudiantes de la educaci\u00f3n b\u00e1sica media en las unidades educativas de Chone"},"content":{"rendered":"\n<p class=\"has-text-align-center\" style=\"font-size:24px\">PER\u00cdODO ACAD\u00c9MICO 2020-2021<\/p>\n\n\n\n<p style=\"font-size:18px\">Proyecto Interdisciplinario de Vinculaci\u00f3n y Emprendimiento<\/p>\n\n\n\n<p style=\"font-size:18px\"><em><strong>L\u00cdNEA DE VINCULACI<em>\u00d3N<\/em>:<\/strong><\/em>&nbsp;\u00abInform\u00e1tica y tecnolog\u00edas de la informaci\u00f3n y la comunicaci\u00f3n; Educaci\u00f3n y formaci\u00f3n de profesionales\u00bb<\/p>\n\n\n\n<div style=\"height:70px\" aria-hidden=\"true\" class=\"wp-block-spacer\"><\/div>\n\n\n\n<figure class=\"wp-block-table is-style-regular\"><table><tbody><tr><td><strong>Autores: <\/strong><br>Lic. Eli\u00e9cer Castillo Bravo<br>Lic. Lorena Saltos Due\u00f1as<br>Lic. V\u00edctor Alc\u00edvar Calder\u00f3n<br>Ing. Frank Cornejo Moreira<br>Lic. Cintya Zambrano Zambrano<\/td><\/tr><tr><\/tr><tr><\/tr><tr><\/tr><tr><\/tr><tr><\/tr><\/tbody><\/table><\/figure>\n\n\n\n<figure class=\"wp-block-table is-style-regular\"><table><tbody><tr><td><strong>Campos Amplios: <\/strong><br>02. Artes y humanidades; 06. Tecnolog\u00eda de la informaci\u00f3n y la comunicaci\u00f3n<\/td><td><strong>Campo espec\u00edfico: <\/strong><br>0231. Adquisici\u00f3n del lenguaje 0232. Literatura y Ling\u00fc\u00edstica; 061. TIC<\/td><td><strong>Campos detallados:<\/strong><br>Adquisici\u00f3n de la lengua y TIC<\/td><\/tr><tr><\/tr><tr><\/tr><tr><\/tr><\/tbody><\/table><\/figure>\n\n\n\n<figure class=\"wp-block-table is-style-regular\"><table><tbody><tr><td><strong>L\u00ednea de Vinculaci\u00f3n:<\/strong><br>Inform\u00e1tica y tecnolog\u00edas de la informaci\u00f3n y la comunicaci\u00f3n; Educaci\u00f3n y formaci\u00f3n de profesionales<\/td><td><strong>Estado del proyecto: <\/strong><br>Planificaci\u00f3n<\/td><\/tr><tr><\/tr><tr><\/tr><tr><\/tr><tr><td><strong>L\u00ednea de Investigaci\u00f3n:<\/strong> Inform\u00e1tica&nbsp;&nbsp; y&nbsp;&nbsp; tecnolog\u00edas&nbsp;&nbsp; de&nbsp;&nbsp; la&nbsp;&nbsp; informaci\u00f3n&nbsp;&nbsp; y&nbsp;&nbsp; la comunicaci\u00f3n; Educaci\u00f3n y formaci\u00f3n de profesionales<\/td><td><strong>Objetivos de desarrollo sostenible:<\/strong><br>4.-Garantizar una educaci\u00f3n de calidad inclusiva y equitativa, y promover las oportunidades de aprendizaje permanente para todos.<\/td><\/tr><tr><\/tr><tr><\/tr><tr><\/tr><tr><td><strong>Fecha inicio: <\/strong><br>Noviembre 2020<\/td><td><strong>Fecha de Fin Planeado: <\/strong><br>Febrero 2023<\/td><\/tr><tr><\/tr><\/tbody><\/table><\/figure>\n\n\n\n<figure class=\"wp-block-table is-style-regular\"><table><tbody><tr><td><strong>Convenio: <\/strong><br>Distrito de Educaci\u00f3n 13D07 Chone \u2013Flavio Alfaro<\/td><\/tr><tr><\/tr><tr><\/tr><tr><\/tr><tr><td><strong>Beneficiarios: <\/strong><br>Estudiantes y docentes delas unidades educativas del cant\u00f3n Chone.<\/td><\/tr><tr><\/tr><tr><\/tr><tr><\/tr><\/tbody><\/table><\/figure>\n\n\n\n<p><strong>FUENTE DE INFORMACI\u00d3N<\/strong><\/p>\n\n\n\n<figure class=\"wp-block-table is-style-regular\"><table><tbody><tr><td>Plan Nacional de Desarrollo 2017-2021 -Toda una Vida <br>INEC, Variables e Indicadores. <br>Plan de estrategias para la reactivaci\u00f3n econ\u00f3mica del cant\u00f3n Chone -Uleam<br>Plan de Desarrollo y Ordenamiento Territorial 2014-2019<br>Plan Estrat\u00e9gico de Desarrollo Institucional ULEAM 2016-2020 <br>L\u00edneas de Investigaci\u00f3n y L\u00edneas de Vinculaci\u00f3n ULEAM<\/td><\/tr><tr><\/tr><tr><\/tr><tr><\/tr><tr><\/tr><tr><\/tr><tr><\/tr><tr><\/tr><\/tbody><\/table><\/figure>\n\n\n\n<p><strong>COBERTURA Y LOCALIZACI\u00d3N<\/strong><\/p>\n\n\n\n<figure class=\"wp-block-table is-style-regular\"><table><tbody><tr><td><strong>Alcance territorial: <\/strong><br>Cantonal<\/td><td><strong>Provincia\/s:<\/strong><br>Manab\u00ed<\/td><\/tr><tr><\/tr><\/tbody><\/table><\/figure>\n\n\n\n<figure class=\"wp-block-table is-style-regular\"><table><tbody><tr><td><strong>Cant\u00f3n o Cantones: <\/strong><br>Chone<\/td><td><strong>Parroquia\/s: <\/strong><br>9 parroquias del cant\u00f3n<\/td><td><strong>Barrio\/s: <\/strong><br>Urbano y rurales<\/td><\/tr><tr><\/tr><\/tbody><\/table><\/figure>\n\n\n\n<p><strong>PRESUPUESTO<\/strong><\/p>\n\n\n\n<figure class=\"wp-block-table is-style-regular\"><table><tbody><tr><td><strong>Presupuesto financiar por la IES: <\/strong><br>$ 3.859,16<\/td><td><strong>Presupuesto total de aliados estrat\u00e9gicos:<\/strong>&nbsp; <br>$ 3.859,16<\/td><\/tr><tr><\/tr><\/tbody><\/table><\/figure>\n\n\n\n<div style=\"height:39px\" aria-hidden=\"true\" class=\"wp-block-spacer\"><\/div>\n\n\n\n<p><strong>OBJETIVO DEL PROYECTO<\/strong><\/p>\n\n\n\n<p class=\"has-text-align-center\"><strong><em>OBJETIVO GENERAL<\/em><\/strong><\/p>\n\n\n\n<figure class=\"wp-block-table is-style-regular\"><table><tbody><tr><td>Generar un ecosistema de aprendizaje que integre el pensamiento computacional y el idioma&nbsp; Ingl\u00e9s para&nbsp; el&nbsp; desarrollo&nbsp; de&nbsp; competencias&nbsp; en&nbsp; los&nbsp; estudiantes&nbsp; de&nbsp; la&nbsp; educaci\u00f3n b\u00e1sica&nbsp; media&nbsp; en&nbsp; las&nbsp; unidades&nbsp; educativas&nbsp; urbanas&nbsp; y&nbsp; rurales&nbsp; del&nbsp; cant\u00f3n&nbsp; Chone&nbsp; en&nbsp; el periodo lectivo 2020-2023.<\/td><\/tr><tr><\/tr><tr><\/tr><\/tbody><\/table><\/figure>\n\n\n\n<p class=\"has-text-align-center\"><strong><em>OBJETIVOS ESPEC\u00cdFICOS<\/em><\/strong><\/p>\n\n\n\n<figure class=\"wp-block-table is-style-regular\"><table><tbody><tr><td><strong>O.E1:&nbsp;<\/strong>Integrar&nbsp;&nbsp; a&nbsp;&nbsp; la&nbsp;&nbsp; comunidad&nbsp;&nbsp; universitaria&nbsp;&nbsp; para el&nbsp;&nbsp; empoderamiento de&nbsp;&nbsp; la metodolog\u00eda del proyecto de vinculaci\u00f3n. <br><br><strong>O.E2:<\/strong> Establecer&nbsp; las&nbsp; competencias, contenidos y&nbsp; actividades a&nbsp; desarrollar&nbsp; para integrarlos en la programaci\u00f3n del software educativo. <br><br><strong>O.E3:<\/strong> Fortalecer las competencias de la poblaci\u00f3n intervenida mediante actividades interdisciplinarias de programaci\u00f3n en Scratch y ense\u00f1anza del idioma Ingl\u00e9s. <br><br><strong>O.E4:<\/strong> Sistematizar el&nbsp; ecosistema&nbsp; de&nbsp; aprendizaje generado&nbsp; en la&nbsp; adquisici\u00f3n&nbsp; de competencias (digitales y ling\u00fc\u00edsticas) en la poblaci\u00f3n intervenida.<\/td><\/tr><tr><\/tr><tr><\/tr><tr><\/tr><tr><\/tr><tr><\/tr><\/tbody><\/table><\/figure>\n\n\n\n<div style=\"height:46px\" aria-hidden=\"true\" class=\"wp-block-spacer\"><\/div>\n\n\n\n<figure class=\"wp-block-gallery columns-3 is-cropped wp-block-gallery-1 is-layout-flex wp-block-gallery-is-layout-flex\"><ul class=\"blocks-gallery-grid\"><li class=\"blocks-gallery-item\"><figure><a href=\"https:\/\/departamentos.uleam.edu.ec\/vinculacion-colectividad\/files\/2022\/09\/Imagen14.png\"><img fetchpriority=\"high\" decoding=\"async\" width=\"489\" height=\"347\" src=\"https:\/\/departamentos.uleam.edu.ec\/vinculacion-colectividad\/files\/2022\/09\/Imagen14.png\" alt=\"\" data-id=\"4984\" data-link=\"https:\/\/departamentos.uleam.edu.ec\/vinculacion-colectividad\/https-departamentos-uleam-edu-ec-vinculacion-colectividad-proyectos2022-el-pensamiento-computacional-y-la-ensenanza-del-idioma-ingles-para-el-desarrollo-de-competencias-en-los-estudiantes-de-la-educac\/imagen14\/\" class=\"wp-image-4984\" srcset=\"https:\/\/departamentos.uleam.edu.ec\/vinculacion-colectividad\/files\/2022\/09\/Imagen14.png 489w, https:\/\/departamentos.uleam.edu.ec\/vinculacion-colectividad\/files\/2022\/09\/Imagen14-300x213.png 300w\" sizes=\"(max-width: 489px) 100vw, 489px\" \/><\/a><\/figure><\/li><li class=\"blocks-gallery-item\"><figure><a href=\"https:\/\/departamentos.uleam.edu.ec\/vinculacion-colectividad\/files\/2022\/09\/Imagen16.jpg\"><img decoding=\"async\" width=\"305\" height=\"240\" src=\"https:\/\/departamentos.uleam.edu.ec\/vinculacion-colectividad\/files\/2022\/09\/Imagen16.jpg\" alt=\"\" data-id=\"4987\" data-link=\"https:\/\/departamentos.uleam.edu.ec\/vinculacion-colectividad\/https-departamentos-uleam-edu-ec-vinculacion-colectividad-proyectos2022-el-pensamiento-computacional-y-la-ensenanza-del-idioma-ingles-para-el-desarrollo-de-competencias-en-los-estudiantes-de-la-educac\/imagen16\/\" class=\"wp-image-4987\" srcset=\"https:\/\/departamentos.uleam.edu.ec\/vinculacion-colectividad\/files\/2022\/09\/Imagen16.jpg 305w, https:\/\/departamentos.uleam.edu.ec\/vinculacion-colectividad\/files\/2022\/09\/Imagen16-300x236.jpg 300w\" sizes=\"(max-width: 305px) 100vw, 305px\" \/><\/a><\/figure><\/li><li class=\"blocks-gallery-item\"><figure><a href=\"https:\/\/departamentos.uleam.edu.ec\/vinculacion-colectividad\/files\/2022\/09\/Imagen17.jpg\"><img decoding=\"async\" width=\"277\" height=\"238\" src=\"https:\/\/departamentos.uleam.edu.ec\/vinculacion-colectividad\/files\/2022\/09\/Imagen17.jpg\" alt=\"\" data-id=\"4988\" data-link=\"https:\/\/departamentos.uleam.edu.ec\/vinculacion-colectividad\/https-departamentos-uleam-edu-ec-vinculacion-colectividad-proyectos2022-el-pensamiento-computacional-y-la-ensenanza-del-idioma-ingles-para-el-desarrollo-de-competencias-en-los-estudiantes-de-la-educac\/imagen17\/\" class=\"wp-image-4988\" \/><\/a><\/figure><\/li><li class=\"blocks-gallery-item\"><figure><a href=\"https:\/\/departamentos.uleam.edu.ec\/vinculacion-colectividad\/files\/2022\/09\/Imagen15.png\"><img loading=\"lazy\" decoding=\"async\" width=\"413\" height=\"355\" src=\"https:\/\/departamentos.uleam.edu.ec\/vinculacion-colectividad\/files\/2022\/09\/Imagen15.png\" alt=\"\" data-id=\"4985\" data-link=\"https:\/\/departamentos.uleam.edu.ec\/vinculacion-colectividad\/https-departamentos-uleam-edu-ec-vinculacion-colectividad-proyectos2022-el-pensamiento-computacional-y-la-ensenanza-del-idioma-ingles-para-el-desarrollo-de-competencias-en-los-estudiantes-de-la-educac\/imagen15\/\" class=\"wp-image-4985\" srcset=\"https:\/\/departamentos.uleam.edu.ec\/vinculacion-colectividad\/files\/2022\/09\/Imagen15.png 413w, https:\/\/departamentos.uleam.edu.ec\/vinculacion-colectividad\/files\/2022\/09\/Imagen15-300x258.png 300w\" sizes=\"(max-width: 413px) 100vw, 413px\" \/><\/a><\/figure><\/li><li class=\"blocks-gallery-item\"><figure><a href=\"https:\/\/departamentos.uleam.edu.ec\/vinculacion-colectividad\/files\/2022\/09\/Imagen20.jpg\"><img loading=\"lazy\" decoding=\"async\" width=\"659\" height=\"431\" src=\"https:\/\/departamentos.uleam.edu.ec\/vinculacion-colectividad\/files\/2022\/09\/Imagen20.jpg\" alt=\"\" data-id=\"4989\" data-full-url=\"https:\/\/departamentos.uleam.edu.ec\/vinculacion-colectividad\/files\/2022\/09\/Imagen20.jpg\" data-link=\"https:\/\/departamentos.uleam.edu.ec\/vinculacion-colectividad\/https-departamentos-uleam-edu-ec-vinculacion-colectividad-proyectos2022-el-pensamiento-computacional-y-la-ensenanza-del-idioma-ingles-para-el-desarrollo-de-competencias-en-los-estudiantes-de-la-educac\/imagen20\/\" class=\"wp-image-4989\" srcset=\"https:\/\/departamentos.uleam.edu.ec\/vinculacion-colectividad\/files\/2022\/09\/Imagen20.jpg 659w, https:\/\/departamentos.uleam.edu.ec\/vinculacion-colectividad\/files\/2022\/09\/Imagen20-300x196.jpg 300w\" sizes=\"(max-width: 659px) 100vw, 659px\" \/><\/a><\/figure><\/li><\/ul><\/figure>\n\n\n\n<div style=\"height:39px\" aria-hidden=\"true\" class=\"wp-block-spacer\"><\/div>\n\n\n\n<div class=\"wp-block-file aligncenter\"><a href=\"https:\/\/departamentos.uleam.edu.ec\/vinculacion-colectividad\/files\/2022\/08\/1_Proyecto-Pensamiento-computacional-2020_2-v2.pdf\" class=\"wp-block-file__button\" download>Descarga<\/a><\/div>\n","protected":false},"excerpt":{"rendered":"<p>PER\u00cdODO ACAD\u00c9MICO 2020-2021 Proyecto Interdisciplinario de Vinculaci\u00f3n y Emprendimiento L\u00cdNEA DE VINCULACI\u00d3N:&nbsp;\u00abInform\u00e1tica y tecnolog\u00edas de la informaci\u00f3n y la comunicaci\u00f3n; Educaci\u00f3n y formaci\u00f3n de profesionales\u00bb Autores: Lic. Eli\u00e9cer Castillo BravoLic. Lorena Saltos<a class=\"moretag\" href=\"https:\/\/departamentos.uleam.edu.ec\/vinculacion-colectividad\/https-departamentos-uleam-edu-ec-vinculacion-colectividad-proyectos2022-el-pensamiento-computacional-y-la-ensenanza-del-idioma-ingles-para-el-desarrollo-de-competencias-en-los-estudiantes-de-la-educac\/\">Leer m\u00e1s&#8230;<\/a><\/p>\n","protected":false},"author":124,"featured_media":0,"parent":0,"menu_order":0,"comment_status":"closed","ping_status":"closed","template":"","meta":{"footnotes":"","_links_to":"","_links_to_target":""},"class_list":["post-4372","page","type-page","status-publish","hentry"],"_links":{"self":[{"href":"https:\/\/departamentos.uleam.edu.ec\/vinculacion-colectividad\/wp-json\/wp\/v2\/pages\/4372","targetHints":{"allow":["GET"]}}],"collection":[{"href":"https:\/\/departamentos.uleam.edu.ec\/vinculacion-colectividad\/wp-json\/wp\/v2\/pages"}],"about":[{"href":"https:\/\/departamentos.uleam.edu.ec\/vinculacion-colectividad\/wp-json\/wp\/v2\/types\/page"}],"author":[{"embeddable":true,"href":"https:\/\/departamentos.uleam.edu.ec\/vinculacion-colectividad\/wp-json\/wp\/v2\/users\/124"}],"replies":[{"embeddable":true,"href":"https:\/\/departamentos.uleam.edu.ec\/vinculacion-colectividad\/wp-json\/wp\/v2\/comments?post=4372"}],"version-history":[{"count":5,"href":"https:\/\/departamentos.uleam.edu.ec\/vinculacion-colectividad\/wp-json\/wp\/v2\/pages\/4372\/revisions"}],"predecessor-version":[{"id":4990,"href":"https:\/\/departamentos.uleam.edu.ec\/vinculacion-colectividad\/wp-json\/wp\/v2\/pages\/4372\/revisions\/4990"}],"wp:attachment":[{"href":"https:\/\/departamentos.uleam.edu.ec\/vinculacion-colectividad\/wp-json\/wp\/v2\/media?parent=4372"}],"curies":[{"name":"wp","href":"https:\/\/api.w.org\/{rel}","templated":true}]}}