{"id":4375,"date":"2022-08-05T09:42:33","date_gmt":"2022-08-05T14:42:33","guid":{"rendered":"https:\/\/departamentos.uleam.edu.ec\/vinculacion-colectividad\/?page_id=4375"},"modified":"2022-10-25T10:17:36","modified_gmt":"2022-10-25T15:17:36","slug":"https-departamentos-uleam-edu-ec-vinculacion-colectividad-proyectos2022-build-mathematics-acompanamiento-pedagogico-aplicando-tics-para-el-desarrollo-del-pensamiento-matematico-en-estudiantes-de-terce","status":"publish","type":"page","link":"https:\/\/departamentos.uleam.edu.ec\/vinculacion-colectividad\/https-departamentos-uleam-edu-ec-vinculacion-colectividad-proyectos2022-build-mathematics-acompanamiento-pedagogico-aplicando-tics-para-el-desarrollo-del-pensamiento-matematico-en-estudiantes-de-terce\/","title":{"rendered":"Build Mathematics: acompa\u00f1amiento pedag\u00f3gico aplicando TICs para el desarrollo del pensamiento matem\u00e1tico en estudiantes de tercero bachillerato del cant\u00f3n Chone"},"content":{"rendered":"\n<p class=\"has-text-align-center\" style=\"font-size:24px\">PER\u00cdODO ACAD\u00c9MICO 2021-2023<\/p>\n\n\n\n<p style=\"font-size:18px\">Proyecto Interdisciplinario de Vinculaci\u00f3n y Emprendimiento<\/p>\n\n\n\n<p style=\"font-size:18px\"><em><strong>L\u00cdNEA DE VINCULACI<em>\u00d3N<\/em>:<\/strong><\/em>&nbsp;\u201cInform\u00e1tica y tecnolog\u00edas de la informaci\u00f3n y la comunicaci\u00f3n; Educaci\u00f3n y formaci\u00f3n de profesionales\u201d<\/p>\n\n\n\n<div style=\"height:70px\" aria-hidden=\"true\" class=\"wp-block-spacer\"><\/div>\n\n\n\n<figure class=\"wp-block-table is-style-regular\"><table><tbody><tr><td><strong>Autores:<\/strong> <br>Ab. Carmen Andrade Zambrano <br>Lic. Eli\u00e9cer Castillo Bravo <br>Dr. Fredy Zambrano Vel\u00e1squez <br>Dra. Ximena Balde\u00f3n Zambrano<\/td><\/tr><tr><\/tr><tr><\/tr><tr><\/tr><tr><\/tr><tr><\/tr><\/tbody><\/table><\/figure>\n\n\n\n<figure class=\"wp-block-table is-style-regular\"><table><tbody><tr><td><strong>Campos Amplios: <\/strong><br>Educaci\u00f3n; 06. Tecnolog\u00eda de la informaci\u00f3n y la comunicaci\u00f3n<\/td><td><strong>Campo espec\u00edfico:<\/strong> <br>011. Educaci\u00f3n; 061. TIC<\/td><td><strong>Campos detallados:<\/strong><br>Formaci\u00f3n para docentes con asignatura de especializaci\u00f3n. Desarrollo y analisis de software y aplicaciones<\/td><\/tr><tr><\/tr><tr><\/tr><tr><\/tr><\/tbody><\/table><\/figure>\n\n\n\n<figure class=\"wp-block-table is-style-regular\"><table><tbody><tr><td><strong>L\u00ednea de Vinculaci\u00f3n:<\/strong><br>Inform\u00e1tica y tecnolog\u00edas de la informaci\u00f3n y la comunicaci\u00f3n; Educaci\u00f3n y formaci\u00f3n de profesionales<\/td><td><strong>Estado del proyecto:<\/strong><br>Planificaci\u00f3n<\/td><\/tr><tr><\/tr><tr><\/tr><tr><\/tr><tr><td><strong>L\u00ednea de Investigaci\u00f3n:<\/strong><br>Educaci\u00f3n y formaci\u00f3n de profesionales, inform\u00e1tica y tecnolog\u00edas de la informaci\u00f3n y la comunicaci\u00f3n<\/td><td><strong>Objetivos de desarrollo sostenible:<\/strong><br>4.-Garantizar una educaci\u00f3n de calidad inclusiva y equitativa, y promover las oportunidades de aprendizaje permanente para todos.<\/td><\/tr><tr><\/tr><tr><\/tr><tr><\/tr><tr><td><strong>Fecha inicio: <\/strong><br>Mayo de 2021<\/td><td><strong>Fecha de Fin Planeado: <\/strong><br>Abril 2023<\/td><\/tr><tr><\/tr><\/tbody><\/table><\/figure>\n\n\n\n<figure class=\"wp-block-table is-style-regular\"><table><tbody><tr><td><strong>Convenio: <\/strong><br>Distrito de Educaci\u00f3n 13D07 Chone \u2013Flavio Alfaro<\/td><\/tr><tr><\/tr><tr><\/tr><tr><\/tr><tr><td><strong>Beneficiarios: <\/strong><br>Estudiantes de tercero de bachillerato del cant\u00f3n Chone<\/td><\/tr><tr><\/tr><tr><\/tr><tr><\/tr><\/tbody><\/table><\/figure>\n\n\n\n<p><strong>FUENTE DE INFORMACI\u00d3N<\/strong><\/p>\n\n\n\n<figure class=\"wp-block-table is-style-regular\"><table><tbody><tr><td>Plan Nacional de Desarrollo 2017-2021 -Toda una Vida <br>INEC, Variables e Indicadores. <br>Plan de estrategias para la reactivaci\u00f3n econ\u00f3mica del cant\u00f3n Chone -Uleam<br>Plan de Desarrollo y Ordenamiento Territorial 2014-2019<br>Plan Estrat\u00e9gico de Desarrollo Institucional ULEAM 2016-2020 <br>L\u00edneas de Investigaci\u00f3n y L\u00edneas de Vinculaci\u00f3n ULEAM<\/td><\/tr><tr><\/tr><tr><\/tr><tr><\/tr><tr><\/tr><tr><\/tr><tr><\/tr><tr><\/tr><\/tbody><\/table><\/figure>\n\n\n\n<p><strong>COBERTURA Y LOCALIZACI\u00d3N<\/strong><\/p>\n\n\n\n<figure class=\"wp-block-table is-style-regular\"><table><tbody><tr><td><strong>Alcance territorial: <\/strong><br>Cantonal<\/td><td><strong>Provincia\/s:<\/strong><br>Manab\u00ed<\/td><\/tr><tr><\/tr><\/tbody><\/table><\/figure>\n\n\n\n<figure class=\"wp-block-table is-style-regular\"><table><tbody><tr><td><strong>Cant\u00f3n o Cantones: <\/strong><br>Chone<\/td><td><strong>Parroquia\/s: <\/strong><br>Chone, Santa Rita, San Antonio y Canuto<\/td><td><strong>Barrio\/s: <\/strong><br>Urbano y rurales<\/td><\/tr><tr><\/tr><\/tbody><\/table><\/figure>\n\n\n\n<p><strong>PRESUPUESTO<\/strong><\/p>\n\n\n\n<figure class=\"wp-block-table is-style-regular\"><table><tbody><tr><td><strong>Presupuesto financiar por la IES: <\/strong><br>$ 3.560,00 en relaci\u00f3n con las actividades propuestas<\/td><td><strong>Presupuesto total de aliados estrat\u00e9gicos:&nbsp;<\/strong><br>$ 00,00<\/td><\/tr><tr><\/tr><\/tbody><\/table><\/figure>\n\n\n\n<div style=\"height:38px\" aria-hidden=\"true\" class=\"wp-block-spacer\"><\/div>\n\n\n\n<p><strong>OBJETIVO DEL PROYECTO<\/strong><\/p>\n\n\n\n<p class=\"has-text-align-center\"><strong><em>OBJETIVO GENERAL<\/em><\/strong><\/p>\n\n\n\n<figure class=\"wp-block-table is-style-regular\"><table><tbody><tr><td>Generar escenarios de aprendizajes a trav\u00e9s del acompa\u00f1amiento pedag\u00f3gico mediado por las TIC para el desarrollo del pensamiento matem\u00e1tico en estudiantes de tercero de bachillerato de Chone<\/td><\/tr><tr><\/tr><tr><\/tr><\/tbody><\/table><\/figure>\n\n\n\n<p class=\"has-text-align-center\"><strong><em>OBJETIVOS ESPEC\u00cdFICOS<\/em><\/strong><\/p>\n\n\n\n<figure class=\"wp-block-table is-style-regular\"><table><tbody><tr><td><strong>O.E1:<\/strong>&nbsp; Considerar a la comunidad universitaria en el empoderamiento de la metodolog\u00eda del proyecto de vinculaci\u00f3n <br><br><strong>O.E2:<\/strong> Determinar las necesidades de apoyo\/acompa\u00f1amiento y los materiales pedag\u00f3gicos a trav\u00e9s de una gu\u00eda de estrategias para el desarrollo del pensamiento matem\u00e1tico mediado por las TIC. <br><br><strong>O.E3:<\/strong> Desarrollar sesiones de refuerzo acad\u00e9mico a trav\u00e9s de estrategias did\u00e1cticas activas e innovadoras para el desarrollo del pensamiento matem\u00e1tico mediado por las TIC con la participaci\u00f3n de los estudiantes de tercero de bachillerato. <br><br><strong>O.E4: <\/strong>Evaluar la efectividad del acompa\u00f1amiento pedag\u00f3gico mediado por las TIC en el desarrollo del pensamiento matem\u00e1tico de la comunidad involucrada.<\/td><\/tr><tr><\/tr><tr><\/tr><tr><\/tr><tr><\/tr><tr><\/tr><\/tbody><\/table><\/figure>\n\n\n\n<div style=\"height:46px\" aria-hidden=\"true\" class=\"wp-block-spacer\"><\/div>\n\n\n\n<figure class=\"wp-block-gallery columns-2 is-cropped wp-block-gallery-1 is-layout-flex wp-block-gallery-is-layout-flex\"><ul class=\"blocks-gallery-grid\"><li class=\"blocks-gallery-item\"><figure><a href=\"https:\/\/departamentos.uleam.edu.ec\/vinculacion-colectividad\/files\/2022\/09\/Imagen20.png\"><img fetchpriority=\"high\" decoding=\"async\" width=\"595\" height=\"313\" src=\"https:\/\/departamentos.uleam.edu.ec\/vinculacion-colectividad\/files\/2022\/09\/Imagen20.png\" alt=\"\" data-id=\"5006\" data-link=\"https:\/\/departamentos.uleam.edu.ec\/vinculacion-colectividad\/https-departamentos-uleam-edu-ec-vinculacion-colectividad-proyectos2022-build-mathematics-acompanamiento-pedagogico-aplicando-tics-para-el-desarrollo-del-pensamiento-matematico-en-estudiantes-de-terce\/imagen20-2\/\" class=\"wp-image-5006\" srcset=\"https:\/\/departamentos.uleam.edu.ec\/vinculacion-colectividad\/files\/2022\/09\/Imagen20.png 595w, https:\/\/departamentos.uleam.edu.ec\/vinculacion-colectividad\/files\/2022\/09\/Imagen20-300x158.png 300w\" sizes=\"(max-width: 595px) 100vw, 595px\" \/><\/a><\/figure><\/li><li class=\"blocks-gallery-item\"><figure><a href=\"https:\/\/departamentos.uleam.edu.ec\/vinculacion-colectividad\/files\/2022\/09\/Imagen21.png\"><img decoding=\"async\" width=\"595\" height=\"288\" src=\"https:\/\/departamentos.uleam.edu.ec\/vinculacion-colectividad\/files\/2022\/09\/Imagen21.png\" alt=\"\" data-id=\"5007\" data-full-url=\"https:\/\/departamentos.uleam.edu.ec\/vinculacion-colectividad\/files\/2022\/09\/Imagen21.png\" data-link=\"https:\/\/departamentos.uleam.edu.ec\/vinculacion-colectividad\/https-departamentos-uleam-edu-ec-vinculacion-colectividad-proyectos2022-build-mathematics-acompanamiento-pedagogico-aplicando-tics-para-el-desarrollo-del-pensamiento-matematico-en-estudiantes-de-terce\/imagen21-2\/\" class=\"wp-image-5007\" srcset=\"https:\/\/departamentos.uleam.edu.ec\/vinculacion-colectividad\/files\/2022\/09\/Imagen21.png 595w, https:\/\/departamentos.uleam.edu.ec\/vinculacion-colectividad\/files\/2022\/09\/Imagen21-300x145.png 300w\" sizes=\"(max-width: 595px) 100vw, 595px\" \/><\/a><\/figure><\/li><\/ul><\/figure>\n\n\n\n<div style=\"height:38px\" aria-hidden=\"true\" class=\"wp-block-spacer\"><\/div>\n\n\n\n<div class=\"wp-block-file aligncenter\"><a href=\"https:\/\/departamentos.uleam.edu.ec\/vinculacion-colectividad\/files\/2022\/08\/Proyecto-vinculacion-Cienc-Exp-2021-v3.pdf\" class=\"wp-block-file__button\" download>Descarga<\/a><\/div>\n","protected":false},"excerpt":{"rendered":"<p>PER\u00cdODO ACAD\u00c9MICO 2021-2023 Proyecto Interdisciplinario de Vinculaci\u00f3n y Emprendimiento L\u00cdNEA DE VINCULACI\u00d3N:&nbsp;\u201cInform\u00e1tica y tecnolog\u00edas de la informaci\u00f3n y la comunicaci\u00f3n; Educaci\u00f3n y formaci\u00f3n de profesionales\u201d Autores: Ab. Carmen Andrade Zambrano Lic. Eli\u00e9cer<a class=\"moretag\" href=\"https:\/\/departamentos.uleam.edu.ec\/vinculacion-colectividad\/https-departamentos-uleam-edu-ec-vinculacion-colectividad-proyectos2022-build-mathematics-acompanamiento-pedagogico-aplicando-tics-para-el-desarrollo-del-pensamiento-matematico-en-estudiantes-de-terce\/\">Leer m\u00e1s&#8230;<\/a><\/p>\n","protected":false},"author":124,"featured_media":0,"parent":0,"menu_order":0,"comment_status":"closed","ping_status":"closed","template":"","meta":{"footnotes":"","_links_to":"","_links_to_target":""},"class_list":["post-4375","page","type-page","status-publish","hentry"],"_links":{"self":[{"href":"https:\/\/departamentos.uleam.edu.ec\/vinculacion-colectividad\/wp-json\/wp\/v2\/pages\/4375","targetHints":{"allow":["GET"]}}],"collection":[{"href":"https:\/\/departamentos.uleam.edu.ec\/vinculacion-colectividad\/wp-json\/wp\/v2\/pages"}],"about":[{"href":"https:\/\/departamentos.uleam.edu.ec\/vinculacion-colectividad\/wp-json\/wp\/v2\/types\/page"}],"author":[{"embeddable":true,"href":"https:\/\/departamentos.uleam.edu.ec\/vinculacion-colectividad\/wp-json\/wp\/v2\/users\/124"}],"replies":[{"embeddable":true,"href":"https:\/\/departamentos.uleam.edu.ec\/vinculacion-colectividad\/wp-json\/wp\/v2\/comments?post=4375"}],"version-history":[{"count":4,"href":"https:\/\/departamentos.uleam.edu.ec\/vinculacion-colectividad\/wp-json\/wp\/v2\/pages\/4375\/revisions"}],"predecessor-version":[{"id":5143,"href":"https:\/\/departamentos.uleam.edu.ec\/vinculacion-colectividad\/wp-json\/wp\/v2\/pages\/4375\/revisions\/5143"}],"wp:attachment":[{"href":"https:\/\/departamentos.uleam.edu.ec\/vinculacion-colectividad\/wp-json\/wp\/v2\/media?parent=4375"}],"curies":[{"name":"wp","href":"https:\/\/api.w.org\/{rel}","templated":true}]}}