{"id":4385,"date":"2022-08-05T09:49:51","date_gmt":"2022-08-05T14:49:51","guid":{"rendered":"https:\/\/departamentos.uleam.edu.ec\/vinculacion-colectividad\/?page_id=4385"},"modified":"2022-08-18T11:20:50","modified_gmt":"2022-08-18T16:20:50","slug":"https-departamentos-uleam-edu-ec-vinculacion-colectividad-proyectos2022-centro-de-reciclaje-para-el-manejo-de-los-desechos-tecnologicos-del-canton-chone","status":"publish","type":"page","link":"https:\/\/departamentos.uleam.edu.ec\/vinculacion-colectividad\/https-departamentos-uleam-edu-ec-vinculacion-colectividad-proyectos2022-centro-de-reciclaje-para-el-manejo-de-los-desechos-tecnologicos-del-canton-chone\/","title":{"rendered":"Centro de reciclaje para el manejo de los desechos tecnol\u00f3gicos del cant\u00f3n Chone"},"content":{"rendered":"\n<p class=\"has-text-align-center\" style=\"font-size:24px\">PER\u00cdODO 2022 &#8211; 2024<\/p>\n\n\n\n<p style=\"font-size:18px\">Proyecto de Vinculaci\u00f3n con la Sociedad<\/p>\n\n\n\n<p style=\"font-size:18px\"><strong><em>L\u00cdNEA DE VINCULACI\u00d3N:<\/em><\/strong> \u00abInform\u00e1tica y tecnolog\u00edas de la informaci\u00f3n y la comunicaci\u00f3n\u00bb.<\/p>\n\n\n\n<div style=\"height:73px\" aria-hidden=\"true\" class=\"wp-block-spacer\"><\/div>\n\n\n\n<figure class=\"wp-block-table is-style-regular\"><table><tbody><tr><td><strong>Autores: <\/strong><br>Lic. Yenny Zambrano Villegas, Mgs. <br>Lic. Eli\u00e9cer Castillo Bravo<\/td><\/tr><tr><\/tr><tr><\/tr><tr><\/tr><tr><\/tr><tr><\/tr><\/tbody><\/table><\/figure>\n\n\n\n<figure class=\"wp-block-table is-style-regular\"><table><tbody><tr><td><strong>Nombre de la Facultad o Unidad Acad\u00e9mica Responsable: <\/strong><br>Extensi\u00f3n Chone<\/td><td><strong>Carrera: <\/strong><br>Tecnolog\u00edas de la Informaci\u00f3n<\/td><td><strong>Tipo de proyecto:<\/strong> <br>Vinculaci\u00f3n&nbsp;<\/td><\/tr><tr><\/tr><tr><\/tr><tr><\/tr><tr><td><strong>Dominio Acad\u00e9mico: <\/strong><br>Sociedad trabajo y ciudadan\u00eda<\/td><td><strong>L\u00ednea de Investigaci\u00f3n: <\/strong><br>Inform\u00e1tica y tecnolog\u00edas de la informaci\u00f3n y la comunicaci\u00f3n&nbsp;<\/td><td><strong>Convenio: <\/strong><br>Gobierno Municipal del cant\u00f3n Chone Direcci\u00f3n Zonal de Educaci\u00f3n<br><\/td><\/tr><tr><\/tr><tr><\/tr><tr><\/tr><\/tbody><\/table><\/figure>\n\n\n\n<figure class=\"wp-block-table is-style-regular\"><table><tbody><tr><td><strong>L\u00ednea de vinculaci\u00f3n: <\/strong><br>Inform\u00e1tica y tecnolog\u00edas de la informaci\u00f3n y la comunicaci\u00f3n<\/td><\/tr><tr><\/tr><\/tbody><\/table><\/figure>\n\n\n\n<figure class=\"wp-block-table is-style-regular\"><table><tbody><tr><td><strong>\u00c1rea del conocimiento:<\/strong><br>05 Ciencias naturales, matem\u00e1ticas y estad\u00edstica<br>06 Tecnolog\u00edas de la informaci\u00f3n y la comunicaci\u00f3n(TIC)<\/td><td><strong>Sub\u00e1rea del conocimiento:<\/strong><br>052 Medio Ambiente061 Tecnolog\u00edas de la informaci\u00f3n y la comunicaci\u00f3n (TIC)<\/td><td><strong>Sub\u00e1rea especifica:<\/strong><br>0522 Medio ambiente y vida silvestre<br>0613 Software y desarrollo y an\u00e1lisis de aplicativos<\/td><\/tr><tr><\/tr><tr><\/tr><tr><\/tr><\/tbody><\/table><\/figure>\n\n\n\n<figure class=\"wp-block-table is-style-regular\"><table><tbody><tr><td><strong>Fecha inicio: <\/strong><br>Abril 2022<\/td><td><strong>Fecha de Fin Planeado: <\/strong><br>Mayo 2024<\/td><\/tr><tr><\/tr><\/tbody><\/table><\/figure>\n\n\n\n<p><strong>COBERTURA Y LOCALIZACI\u00d3N<\/strong><\/p>\n\n\n\n<figure class=\"wp-block-table is-style-regular\"><table><tbody><tr><td><strong>Cobertura: <\/strong><br>Cantonal<\/td><td><strong>Zona de Planificaci\u00f3n: <\/strong><br><strong><em>Zona 4:<\/em><\/strong> Manab\u00ed, Santo Domingo de los Ts\u00e1chilas.<\/td><td><strong>Provincia:<\/strong> <br>Manab\u00ed&nbsp;<\/td><\/tr><tr><\/tr><tr><td><strong>Cant\u00f3n: <\/strong>Chone<\/td><td><strong>Parroquia: <\/strong><br>Chone,&nbsp;Santa&nbsp;Rita, Canuto, San Antonio, Boyac\u00e1, Ricaurte, Eloy Alfaro, Convento y Chibunga.<br>Bachillero<br>\u00c1ngel Pedro Giler&nbsp;<\/td><td><strong>Barrio\/os: <\/strong><br>Urbanos y rurales<\/td><\/tr><tr><\/tr><\/tbody><\/table><\/figure>\n\n\n\n<p><strong>PRESUPUESTO<\/strong><\/p>\n\n\n\n<figure class=\"wp-block-table is-style-regular\"><table><tbody><tr><td><strong>Presupuesto aporte ULEAM:<\/strong><br>US$ 7.308,60<\/td><td><strong>Presupuesto entidad auspiciante\/beneficiaria: <\/strong><br>$ 4.000,00<\/td><td><strong>Presupuesto Total: <\/strong><br>US$ 11.308,60<\/td><\/tr><tr><\/tr><tr><\/tr><tr><\/tr><\/tbody><\/table><\/figure>\n\n\n\n<div style=\"height:38px\" aria-hidden=\"true\" class=\"wp-block-spacer\"><\/div>\n\n\n\n<p><strong>OBJETIVO DEL PROYECTO<\/strong><\/p>\n\n\n\n<p class=\"has-text-align-center\"><strong><em>OBJETIVO GENERAL<\/em><\/strong><\/p>\n\n\n\n<figure class=\"wp-block-table is-style-regular\"><table><tbody><tr><td>Implementar&nbsp; un&nbsp; programa&nbsp; t\u00e9cnico&nbsp; y&nbsp; ambientalmente&nbsp; responsable&nbsp; para&nbsp; la&nbsp; captaci\u00f3n, control, tratamiento y reutilizaci\u00f3n de desechos tecnol\u00f3gicos en el cant\u00f3n Chone.<\/td><\/tr><tr><\/tr><tr><\/tr><\/tbody><\/table><\/figure>\n\n\n\n<p class=\"has-text-align-center\"><strong><em>OBJETIVOS ESPEC\u00cdFICOS<\/em><\/strong><\/p>\n\n\n\n<figure class=\"wp-block-table is-style-regular\"><table><tbody><tr><td><strong>O.E1:<\/strong> Establecer el modelo de gesti\u00f3n, planes y actividades a desarrollar para la creaci\u00f3n del centro de reciclaje de desechos tecnol\u00f3gicos.<br><br><strong>O.E2:\u00a0<\/strong>Integrar\u00a0\u00a0 a\u00a0\u00a0 la\u00a0\u00a0 comunidad\u00a0\u00a0 universitaria\u00a0\u00a0 y\u00a0\u00a0 poblaci\u00f3n\u00a0\u00a0 en\u00a0\u00a0 general\u00a0\u00a0 para\u00a0\u00a0 el empoderamiento de la metodolog\u00eda del proyecto de vinculaci\u00f3n.<br><br><strong>O.E3: <\/strong>Generar espacios de captaci\u00f3n, control y tratamiento de desechos tecnol\u00f3gicos.<br><br><strong>O.E4:<\/strong>\u00a0Fortalecer\u00a0 las\u00a0 competencias\u00a0 de\u00a0 la\u00a0 poblaci\u00f3n\u00a0 intervenida\u00a0 mediante\u00a0 actividades interdisciplinarias de selecci\u00f3n, recolecci\u00f3n y reutilizaci\u00f3n de desechos tecnol\u00f3gicos.<\/td><\/tr><tr><\/tr><tr><\/tr><tr><\/tr><tr><\/tr><tr><\/tr><\/tbody><\/table><\/figure>\n\n\n\n<div style=\"height:39px\" aria-hidden=\"true\" class=\"wp-block-spacer\"><\/div>\n\n\n\n<div class=\"wp-block-file aligncenter\"><a href=\"https:\/\/departamentos.uleam.edu.ec\/vinculacion-colectividad\/files\/2022\/08\/PVV-01-F-001-Centro-de-reciclaje-Proyecto.pdf\" class=\"wp-block-file__button\" download>Descarga<\/a><\/div>\n","protected":false},"excerpt":{"rendered":"<p>PER\u00cdODO 2022 &#8211; 2024 Proyecto de Vinculaci\u00f3n con la Sociedad L\u00cdNEA DE VINCULACI\u00d3N: \u00abInform\u00e1tica y tecnolog\u00edas de la informaci\u00f3n y la comunicaci\u00f3n\u00bb. Autores: Lic. Yenny Zambrano Villegas, Mgs. Lic. Eli\u00e9cer Castillo Bravo<a class=\"moretag\" href=\"https:\/\/departamentos.uleam.edu.ec\/vinculacion-colectividad\/https-departamentos-uleam-edu-ec-vinculacion-colectividad-proyectos2022-centro-de-reciclaje-para-el-manejo-de-los-desechos-tecnologicos-del-canton-chone\/\">Leer m\u00e1s&#8230;<\/a><\/p>\n","protected":false},"author":124,"featured_media":0,"parent":0,"menu_order":0,"comment_status":"closed","ping_status":"closed","template":"","meta":{"footnotes":"","_links_to":"","_links_to_target":""},"class_list":["post-4385","page","type-page","status-publish","hentry"],"_links":{"self":[{"href":"https:\/\/departamentos.uleam.edu.ec\/vinculacion-colectividad\/wp-json\/wp\/v2\/pages\/4385","targetHints":{"allow":["GET"]}}],"collection":[{"href":"https:\/\/departamentos.uleam.edu.ec\/vinculacion-colectividad\/wp-json\/wp\/v2\/pages"}],"about":[{"href":"https:\/\/departamentos.uleam.edu.ec\/vinculacion-colectividad\/wp-json\/wp\/v2\/types\/page"}],"author":[{"embeddable":true,"href":"https:\/\/departamentos.uleam.edu.ec\/vinculacion-colectividad\/wp-json\/wp\/v2\/users\/124"}],"replies":[{"embeddable":true,"href":"https:\/\/departamentos.uleam.edu.ec\/vinculacion-colectividad\/wp-json\/wp\/v2\/comments?post=4385"}],"version-history":[{"count":5,"href":"https:\/\/departamentos.uleam.edu.ec\/vinculacion-colectividad\/wp-json\/wp\/v2\/pages\/4385\/revisions"}],"predecessor-version":[{"id":4770,"href":"https:\/\/departamentos.uleam.edu.ec\/vinculacion-colectividad\/wp-json\/wp\/v2\/pages\/4385\/revisions\/4770"}],"wp:attachment":[{"href":"https:\/\/departamentos.uleam.edu.ec\/vinculacion-colectividad\/wp-json\/wp\/v2\/media?parent=4385"}],"curies":[{"name":"wp","href":"https:\/\/api.w.org\/{rel}","templated":true}]}}