{"id":4395,"date":"2022-08-05T09:57:21","date_gmt":"2022-08-05T14:57:21","guid":{"rendered":"https:\/\/departamentos.uleam.edu.ec\/vinculacion-colectividad\/?page_id=4395"},"modified":"2022-08-22T11:44:09","modified_gmt":"2022-08-22T16:44:09","slug":"https-departamentos-uleam-edu-ec-vinculacion-colectividad-proyectos2022-fortalecimiento-a-ninos-y-jovenes-en-el-proceso-de-interaprendizaje-post-covid-en-unidades-educativas-urbanas-y-urbano-marginale","status":"publish","type":"page","link":"https:\/\/departamentos.uleam.edu.ec\/vinculacion-colectividad\/https-departamentos-uleam-edu-ec-vinculacion-colectividad-proyectos2022-fortalecimiento-a-ninos-y-jovenes-en-el-proceso-de-interaprendizaje-post-covid-en-unidades-educativas-urbanas-y-urbano-marginale\/","title":{"rendered":"Fortalecimiento de los procesos de interaprendizaje en ni\u00f1os y j\u00f3venes Post Covid 19 en unidades educativas urbano y urbano marginales del Cant\u00f3n El Carmen"},"content":{"rendered":"\n<p class=\"has-text-align-center\" style=\"font-size:24px\">PER\u00cdODO 2022-2023<\/p>\n\n\n\n<p style=\"font-size:18px\">Proyecto de Transferencia Social del Conocimiento<\/p>\n\n\n\n<p style=\"font-size:18px\"><strong><em>L\u00cdNEA DE VINCULACI\u00d3N:<\/em><\/strong> \u00abEducaci\u00f3n y formaci\u00f3n de profesionales\u00bb<\/p>\n\n\n\n<div style=\"height:70px\" aria-hidden=\"true\" class=\"wp-block-spacer\"><\/div>\n\n\n\n<figure class=\"wp-block-table is-style-regular\"><table><tbody><tr><td><strong>Autor: <\/strong><br>Lic. Abd\u00f3n Intriago Giler, Mg.<\/td><\/tr><tr><\/tr><tr><\/tr><tr><\/tr><tr><\/tr><tr><\/tr><tr><td><strong>Colaboraci\u00f3n:<\/strong><br>Egda. Wendy P\u00e1rraga Valdez<br>Egdo. Yandri Chica Vera<\/td><\/tr><tr><\/tr><tr><\/tr><tr><\/tr><\/tbody><\/table><\/figure>\n\n\n\n<figure class=\"wp-block-table is-style-regular\"><table><tbody><tr><td><strong>Nombre de la Facultad o Unidad Acad\u00e9mica Responsable:<\/strong> <br>Universidad Laica Eloy Alfaro de Manab\u00ed Extensi\u00f3n El<br>Carmen<\/td><td><strong>Carrera: <\/strong><br>Educaci\u00f3n B\u00e1sica<\/td><td><strong>Tipo de proyecto:<\/strong> <br>Educaci\u00f3n y formaci\u00f3n de<br>profesionales<\/td><\/tr><tr><\/tr><tr><\/tr><tr><\/tr><tr><td><strong>Dominio Acad\u00e9mico:<\/strong><br>Inclusi\u00f3n, desarrollo y educabilidad&nbsp;<\/td><td><strong>L\u00ednea de Investigaci\u00f3n:<\/strong><br>Educaci\u00f3n y formaci\u00f3n de<br>profesionales<\/td><td><strong>Convenio: <\/strong><br>Convenio de cooperaci\u00f3n interinstitucional entre el ministerio de educaci\u00f3n coordinaci\u00f3n Zonal 4 y la Universidad Laica \u00abEloy Alfaro\u00bb de Manab\u00ed, para la ejecuci\u00f3n de procesos de: practicas pre-profesionales, pasant\u00edas, investigaci\u00f3n, innovaci\u00f3n, vinculaci\u00f3n de estudiantes de educaci\u00f3n superior con unidades educativas del sistema fiscales y fiscomisionales de Manab\u00ed.<\/td><\/tr><tr><\/tr><tr><\/tr><tr><\/tr><tr><td><strong>\u00c1rea del conocimiento: <\/strong><br>01 &#8211; Educaci\u00f3n<\/td><td><strong>Sub\u00e1rea del conocimiento: <\/strong><br>011 &#8211; Educaci\u00f3n<\/td><td><strong>Sub\u00e1rea especifica: <\/strong><br>0111 &#8211; Ciencias de la educaci\u00f3n<\/td><\/tr><tr><\/tr><tr><\/tr><tr><\/tr><\/tbody><\/table><\/figure>\n\n\n\n<figure class=\"wp-block-table is-style-regular\"><table><tbody><tr><td><strong>Fecha inicio: <\/strong><br>08\/02\/2022<\/td><td><strong>Fecha de Fin Planeado: <\/strong><br>19\/01\/2024<\/td><\/tr><tr><\/tr><\/tbody><\/table><\/figure>\n\n\n\n<p><strong>COBERTURA Y LOCALIZACI\u00d3N<\/strong><\/p>\n\n\n\n<figure class=\"wp-block-table is-style-regular\"><table><tbody><tr><td><strong>Cobertura: <\/strong><br>Zona 4: Manab\u00ed, Santo Domingo de los Ts\u00e1chilas. &#8211;<\/td><td><strong>Zona de Planificaci\u00f3n: <\/strong><br>Distrito de Educaci\u00f3n 13D05-El Carmen<\/td><td><strong>Provincia: <\/strong><br>Manab\u00ed-Ecuador<\/td><\/tr><tr><\/tr><tr><td><strong>Cant\u00f3n: <\/strong><br>El Carmen<\/td><td><strong>Parroquia:<\/strong> <br>&#8211; El Carmen<br>&#8211; \u201c4 de diciembre\u201d<\/td><td><strong>Barrio:<\/strong> <br>Barrio Naranjales<br>Barrio Central<br>Barrio Loyola Zambrano-V\u00eda Chone Km 40<\/td><\/tr><tr><\/tr><\/tbody><\/table><\/figure>\n\n\n\n<p><strong>PRESUPUESTO<\/strong><\/p>\n\n\n\n<figure class=\"wp-block-table is-style-regular\"><table><tbody><tr><td><strong>Presupuesto aporte ULEAM:<\/strong><br>US$ 1.306,80<\/td><td><strong>Presupuesto entidad auspiciante\/beneficiaria:<\/strong> <br>$ 00,00<\/td><td><strong>Presupuesto Total:<\/strong><br>US$ 1.306,80<\/td><\/tr><tr><\/tr><tr><\/tr><tr><\/tr><\/tbody><\/table><\/figure>\n\n\n\n<div style=\"height:38px\" aria-hidden=\"true\" class=\"wp-block-spacer\"><\/div>\n\n\n\n<p><strong>OBJETIVO DEL PROYECTO<\/strong><\/p>\n\n\n\n<p class=\"has-text-align-center\"><strong><em>OBJETIVO GENERAL<\/em><\/strong><\/p>\n\n\n\n<figure class=\"wp-block-table is-style-regular\"><table><tbody><tr><td>Fortalecer los procesos de interaprendizaje en ni\u00f1os y j\u00f3venes post Covid en unidades educativas urbano y urbano marginales del Cant\u00f3n El Carmen<\/td><\/tr><tr><\/tr><tr><\/tr><\/tbody><\/table><\/figure>\n\n\n\n<p class=\"has-text-align-center\"><strong><em>OBJETIVOS ESPEC\u00cdFICOS<\/em><\/strong><\/p>\n\n\n\n<figure class=\"wp-block-table is-style-regular\"><table><tbody><tr><td><strong>O.E1: <\/strong>Fortalecer la integraci\u00f3n de los padres de familia en el desarrollo de las actividades educativas,<br>mejorando el proceso de ense\u00f1anza aprendizaje de sus representados<br><br><strong>O.E2:<\/strong> Determinar el dominio y empleo que el docente tiene de los tics mediante el uso y aplicaci\u00f3n de las<br>herramientas tecnol\u00f3gicas en la planificaci\u00f3n de sus clases<br><br><strong>O.E3:<\/strong> Determinar dificultades en las \u00e1reas de Lengua y Literatura y Matem\u00e1ticas, en base a sus contenidos<br>y su implicaci\u00f3n en la construcci\u00f3n de ambientes de aprendizajes variados, motivadores y significativos<br>para propiciar el di\u00e1logo con la cultura.<br><br><strong>O.E4:<\/strong> Desarrollar propuesta de intervenci\u00f3n y capacitaci\u00f3n para fortalecer el proceso de interaprendizaje<\/td><\/tr><tr><\/tr><tr><\/tr><tr><\/tr><tr><\/tr><tr><\/tr><\/tbody><\/table><\/figure>\n\n\n\n<div style=\"height:38px\" aria-hidden=\"true\" class=\"wp-block-spacer\"><\/div>\n\n\n\n<div class=\"wp-block-file aligncenter\"><a href=\"https:\/\/departamentos.uleam.edu.ec\/vinculacion-colectividad\/files\/2022\/08\/DVE-CEB-2022-2023-PROYECTO-CORREGIDO-2-3ra-revision-20-julio.pdf\" class=\"wp-block-file__button\" download>Descarga<\/a><\/div>\n","protected":false},"excerpt":{"rendered":"<p>PER\u00cdODO 2022-2023 Proyecto de Transferencia Social del Conocimiento L\u00cdNEA DE VINCULACI\u00d3N: \u00abEducaci\u00f3n y formaci\u00f3n de profesionales\u00bb Autor: Lic. Abd\u00f3n Intriago Giler, Mg. Colaboraci\u00f3n:Egda. Wendy P\u00e1rraga ValdezEgdo. Yandri Chica Vera Nombre de la<a class=\"moretag\" href=\"https:\/\/departamentos.uleam.edu.ec\/vinculacion-colectividad\/https-departamentos-uleam-edu-ec-vinculacion-colectividad-proyectos2022-fortalecimiento-a-ninos-y-jovenes-en-el-proceso-de-interaprendizaje-post-covid-en-unidades-educativas-urbanas-y-urbano-marginale\/\">Leer m\u00e1s&#8230;<\/a><\/p>\n","protected":false},"author":124,"featured_media":0,"parent":0,"menu_order":0,"comment_status":"closed","ping_status":"closed","template":"","meta":{"footnotes":"","_links_to":"","_links_to_target":""},"class_list":["post-4395","page","type-page","status-publish","hentry"],"_links":{"self":[{"href":"https:\/\/departamentos.uleam.edu.ec\/vinculacion-colectividad\/wp-json\/wp\/v2\/pages\/4395","targetHints":{"allow":["GET"]}}],"collection":[{"href":"https:\/\/departamentos.uleam.edu.ec\/vinculacion-colectividad\/wp-json\/wp\/v2\/pages"}],"about":[{"href":"https:\/\/departamentos.uleam.edu.ec\/vinculacion-colectividad\/wp-json\/wp\/v2\/types\/page"}],"author":[{"embeddable":true,"href":"https:\/\/departamentos.uleam.edu.ec\/vinculacion-colectividad\/wp-json\/wp\/v2\/users\/124"}],"replies":[{"embeddable":true,"href":"https:\/\/departamentos.uleam.edu.ec\/vinculacion-colectividad\/wp-json\/wp\/v2\/comments?post=4395"}],"version-history":[{"count":4,"href":"https:\/\/departamentos.uleam.edu.ec\/vinculacion-colectividad\/wp-json\/wp\/v2\/pages\/4395\/revisions"}],"predecessor-version":[{"id":4841,"href":"https:\/\/departamentos.uleam.edu.ec\/vinculacion-colectividad\/wp-json\/wp\/v2\/pages\/4395\/revisions\/4841"}],"wp:attachment":[{"href":"https:\/\/departamentos.uleam.edu.ec\/vinculacion-colectividad\/wp-json\/wp\/v2\/media?parent=4395"}],"curies":[{"name":"wp","href":"https:\/\/api.w.org\/{rel}","templated":true}]}}