{"id":4397,"date":"2022-08-05T09:59:06","date_gmt":"2022-08-05T14:59:06","guid":{"rendered":"https:\/\/departamentos.uleam.edu.ec\/vinculacion-colectividad\/?page_id=4397"},"modified":"2022-08-18T11:24:05","modified_gmt":"2022-08-18T16:24:05","slug":"https-departamentos-uleam-edu-ec-vinculacion-colectividad-proyectos2022-fortalecimiento-de-las-tecnologias-de-la-informacion-y-comunicacion-para-contribuir-a-la-reduccion-de-la-brecha-digital-en-el-ca","status":"publish","type":"page","link":"https:\/\/departamentos.uleam.edu.ec\/vinculacion-colectividad\/https-departamentos-uleam-edu-ec-vinculacion-colectividad-proyectos2022-fortalecimiento-de-las-tecnologias-de-la-informacion-y-comunicacion-para-contribuir-a-la-reduccion-de-la-brecha-digital-en-el-ca\/","title":{"rendered":"Fortalecimiento de las Tecnolog\u00edas de la Informaci\u00f3n y Comunicaci\u00f3n para contribuir a la reducci\u00f3n de la brecha digital en el Cant\u00f3n El Carmen y sus zonas de influencia"},"content":{"rendered":"\n<p class=\"has-text-align-center\" style=\"font-size:24px\">PER\u00cdODO 2022 &#8211; 2024<\/p>\n\n\n\n<p style=\"font-size:18px\">Proyecto de Vinculaci\u00f3n y Emprendimiento<\/p>\n\n\n\n<p style=\"font-size:18px\"><strong><em>L\u00cdNEA DE VINCULACI\u00d3N:<\/em><\/strong> \u00abComunicaci\u00f3n, Inform\u00e1tica y Tecnolog\u00edas de la informaci\u00f3n y comunicaci\u00f3n\u00bb<\/p>\n\n\n\n<div style=\"height:70px\" aria-hidden=\"true\" class=\"wp-block-spacer\"><\/div>\n\n\n\n<figure class=\"wp-block-table is-style-regular\"><table><tbody><tr><td><strong>Decano:<\/strong><br>Dr. Tem\u00edstocles Lastenio Bravo Tu\u00e1rez, Mg.<br><strong>L\u00edder del Proyecto:<\/strong><br>Ing. Soraida Zambrano Quiroz, Mg.<\/td><\/tr><tr><\/tr><tr><\/tr><tr><\/tr><tr><\/tr><tr><\/tr><\/tbody><\/table><\/figure>\n\n\n\n<figure class=\"wp-block-table is-style-regular\"><table><tbody><tr><td><strong>Nombre de la Facultad o Unidad Acad\u00e9mica Responsable: <\/strong><br>Extensi\u00f3n El Carmen<\/td><td><strong>Carrera: <\/strong><br>Ingenier\u00eda en Sistemas e Ingenier\u00eda en Tecnolog\u00edas de la Informaci\u00f3n<\/td><td><strong>Tipo de proyecto: <\/strong><br>Vinculaci\u00f3n con la Sociedad<\/td><\/tr><tr><\/tr><tr><\/tr><tr><\/tr><tr><td><strong>Dominio Acad\u00e9mico:<\/strong><br>Tecnolog\u00edas de la Informaci\u00f3n<\/td><td><strong>L\u00ednea de Investigaci\u00f3n:<\/strong><br><strong><em>L\u00ednea 6: <\/em><\/strong>Comunicaci\u00f3n, Inform\u00e1tica y Tecnolog\u00edas de la informaci\u00f3n y comunicaci\u00f3n<\/td><td><strong>Convenio: <\/strong><br>Convenio Interinstitucional entre la Universidad Laica \u201cEloy Alfaro\u201d de Manab\u00ed, Extensi\u00f3n EL Carmen y La Cooperativa de Ahorro y Cr\u00e9dito \u201cLa Ben\u00e9fica Ltda.\u201d<\/td><\/tr><tr><\/tr><tr><\/tr><tr><\/tr><tr><td><strong>\u00c1rea del conocimiento: <\/strong><br>Ciencias<\/td><td><strong>Sub\u00e1rea del conocimiento: <\/strong><br>Inform\u00e1tica<\/td><td><strong>Sub\u00e1rea especifica: <\/strong><br>Concepci\u00f3n de sistemas, programaci\u00f3n inform\u00e1tica,<br>procesamiento de datos, redes, sistemas operativos &#8211; elaboraci\u00f3n de programas inform\u00e1ticos solamente<\/td><\/tr><tr><\/tr><tr><\/tr><tr><\/tr><\/tbody><\/table><\/figure>\n\n\n\n<figure class=\"wp-block-table is-style-regular\"><table><tbody><tr><td><strong>Fecha inicio:<\/strong> <br>Abril del 2022<\/td><td><strong>Fecha de Fin Planeado:<\/strong> <br>Febrero del 2024<\/td><\/tr><tr><\/tr><\/tbody><\/table><\/figure>\n\n\n\n<p><strong>COBERTURA Y LOCALIZACI\u00d3N<\/strong><\/p>\n\n\n\n<figure class=\"wp-block-table is-style-regular\"><table><tbody><tr><td><strong>Cobertura: <\/strong><br>Cantonal<\/td><td><strong>Zona de Planificaci\u00f3n: <\/strong><br>Zona 4<\/td><td><strong>Provincia: <\/strong><br>Manab\u00ed-Ecuador<\/td><\/tr><tr><\/tr><tr><td><strong>Cant\u00f3n: <br><\/strong>El Carmen<\/td><td><strong>Parroquia: <\/strong><br>-Maicito, Wilfrido Loor y 4 de<br>Diciembre<\/td><td><strong>Barrio: <\/strong><br>Maicito, Wilfrido Loor y 4 de<br>Diciembre<\/td><\/tr><tr><\/tr><\/tbody><\/table><\/figure>\n\n\n\n<p><strong>PRESUPUESTO<\/strong><\/p>\n\n\n\n<figure class=\"wp-block-table is-style-regular\"><table><tbody><tr><td><strong>Presupuesto aporte ULEAM: <\/strong><br>US$ 8860,00<\/td><td><strong>Presupuesto entidad auspiciante\/beneficiaria: <\/strong><br>$ 1980,00<\/td><td><strong>Presupuesto Total:<\/strong> <br>US$ 10840,00<\/td><\/tr><tr><\/tr><tr><\/tr><tr><\/tr><\/tbody><\/table><\/figure>\n\n\n\n<div style=\"height:38px\" aria-hidden=\"true\" class=\"wp-block-spacer\"><\/div>\n\n\n\n<p><strong>OBJETIVO DEL PROYECTO<\/strong><\/p>\n\n\n\n<p class=\"has-text-align-center\"><strong><em>OBJETIVO GENERAL<\/em><\/strong><\/p>\n\n\n\n<figure class=\"wp-block-table is-style-regular\"><table><tbody><tr><td>Incrementar la utilizaci\u00f3n y el acceso a tecnolog\u00eda de los diferentes sectores productivos de la reducci\u00f3n el Cant\u00f3n El Carmen y sus zonas de influencia.<\/td><\/tr><tr><\/tr><tr><\/tr><\/tbody><\/table><\/figure>\n\n\n\n<p class=\"has-text-align-center\"><strong><em>OBJETIVOS ESPEC\u00cdFICOS<\/em><\/strong><\/p>\n\n\n\n<figure class=\"wp-block-table is-style-regular\"><table><tbody><tr><td><strong>O.E1:<\/strong> Implementar software libre o modalidad SaaS para los sectores productivos, educativos y de econom\u00eda social.<br><br><strong>O.E2:<\/strong> Capacitar sobre las diferentes aplicaciones y equipos inform\u00e1ticos actuales para el fomento del uso de tecnolog\u00eda en el Cant\u00f3n El Carmen y sus zonas de influencia.<br><br><strong>O.E3:<\/strong> Habilitar centros de distribuci\u00f3n y transferencia de tecnolog\u00eda con la comunidad para garantizar el acceso a las Tecnolog\u00edas de la Informaci\u00f3n y Comunicaci\u00f3n.<\/td><\/tr><tr><\/tr><tr><\/tr><tr><\/tr><tr><\/tr><tr><\/tr><\/tbody><\/table><\/figure>\n\n\n\n<div style=\"height:38px\" aria-hidden=\"true\" class=\"wp-block-spacer\"><\/div>\n\n\n\n<div class=\"wp-block-file aligncenter\"><a href=\"https:\/\/departamentos.uleam.edu.ec\/vinculacion-colectividad\/files\/2022\/08\/Fortalecimiento-de-las-TIC-para-contribuir-a-la-reduccion-de-la-brecha-digital-1ACTUAL-2.pdf\" class=\"wp-block-file__button\" download>Descarga<\/a><\/div>\n","protected":false},"excerpt":{"rendered":"<p>PER\u00cdODO 2022 &#8211; 2024 Proyecto de Vinculaci\u00f3n y Emprendimiento L\u00cdNEA DE VINCULACI\u00d3N: \u00abComunicaci\u00f3n, Inform\u00e1tica y Tecnolog\u00edas de la informaci\u00f3n y comunicaci\u00f3n\u00bb Decano:Dr. Tem\u00edstocles Lastenio Bravo Tu\u00e1rez, Mg.L\u00edder del Proyecto:Ing. Soraida Zambrano Quiroz,<a class=\"moretag\" href=\"https:\/\/departamentos.uleam.edu.ec\/vinculacion-colectividad\/https-departamentos-uleam-edu-ec-vinculacion-colectividad-proyectos2022-fortalecimiento-de-las-tecnologias-de-la-informacion-y-comunicacion-para-contribuir-a-la-reduccion-de-la-brecha-digital-en-el-ca\/\">Leer m\u00e1s&#8230;<\/a><\/p>\n","protected":false},"author":124,"featured_media":0,"parent":0,"menu_order":0,"comment_status":"closed","ping_status":"closed","template":"","meta":{"footnotes":"","_links_to":"","_links_to_target":""},"class_list":["post-4397","page","type-page","status-publish","hentry"],"_links":{"self":[{"href":"https:\/\/departamentos.uleam.edu.ec\/vinculacion-colectividad\/wp-json\/wp\/v2\/pages\/4397","targetHints":{"allow":["GET"]}}],"collection":[{"href":"https:\/\/departamentos.uleam.edu.ec\/vinculacion-colectividad\/wp-json\/wp\/v2\/pages"}],"about":[{"href":"https:\/\/departamentos.uleam.edu.ec\/vinculacion-colectividad\/wp-json\/wp\/v2\/types\/page"}],"author":[{"embeddable":true,"href":"https:\/\/departamentos.uleam.edu.ec\/vinculacion-colectividad\/wp-json\/wp\/v2\/users\/124"}],"replies":[{"embeddable":true,"href":"https:\/\/departamentos.uleam.edu.ec\/vinculacion-colectividad\/wp-json\/wp\/v2\/comments?post=4397"}],"version-history":[{"count":3,"href":"https:\/\/departamentos.uleam.edu.ec\/vinculacion-colectividad\/wp-json\/wp\/v2\/pages\/4397\/revisions"}],"predecessor-version":[{"id":4774,"href":"https:\/\/departamentos.uleam.edu.ec\/vinculacion-colectividad\/wp-json\/wp\/v2\/pages\/4397\/revisions\/4774"}],"wp:attachment":[{"href":"https:\/\/departamentos.uleam.edu.ec\/vinculacion-colectividad\/wp-json\/wp\/v2\/media?parent=4397"}],"curies":[{"name":"wp","href":"https:\/\/api.w.org\/{rel}","templated":true}]}}