{"id":4406,"date":"2022-08-05T10:04:05","date_gmt":"2022-08-05T15:04:05","guid":{"rendered":"https:\/\/departamentos.uleam.edu.ec\/vinculacion-colectividad\/?page_id=4406"},"modified":"2022-10-25T10:20:14","modified_gmt":"2022-10-25T15:20:14","slug":"https-departamentos-uleam-edu-ec-vinculacion-colectividad-proyectos2022-fomento-al-emprendimiento-e-innovacion-en-las-zonas-urbanas-del-canton-pedernales","status":"publish","type":"page","link":"https:\/\/departamentos.uleam.edu.ec\/vinculacion-colectividad\/https-departamentos-uleam-edu-ec-vinculacion-colectividad-proyectos2022-fomento-al-emprendimiento-e-innovacion-en-las-zonas-urbanas-del-canton-pedernales\/","title":{"rendered":"Fomento al emprendimiento e innovaci\u00f3n en las zonas urbanas del cant\u00f3n Pedernales"},"content":{"rendered":"\n<p class=\"has-text-align-center\" style=\"font-size:24px\">PER\u00cdODO 2021<\/p>\n\n\n\n<p style=\"font-size:18px\"><strong><em>PROGRAMA:<\/em><\/strong> Vinculaci\u00f3n con la Sociedad<\/p>\n\n\n\n<p style=\"font-size:18px\"><em><strong>L\u00cdNEA DE VINCULACI<em>\u00d3N<\/em>:<\/strong><\/em> \u00abServicios t\u00e9cnicos, transferencias tecnol\u00f3gica y educaci\u00f3n continua comunitaria\u00bb.<\/p>\n\n\n\n<div style=\"height:70px\" aria-hidden=\"true\" class=\"wp-block-spacer\"><\/div>\n\n\n\n<p class=\"has-text-align-center\" style=\"font-size:18px\"><strong>I Fase de Investigaci\u00f3n<\/strong><\/p>\n\n\n\n<p class=\"has-text-align-center\" style=\"font-size:18px\">Indagaci\u00f3n de las necesidades de los empresarios del cant\u00f3n Pedernales.<\/p>\n\n\n\n<div style=\"height:30px\" aria-hidden=\"true\" class=\"wp-block-spacer\"><\/div>\n\n\n\n<figure class=\"wp-block-table is-style-regular\"><table><tbody><tr><td><strong>Director:<\/strong><br>Ing. Derli \u00c1lava Rosado, Ph.D<br><strong>Presidente de la Comisi\u00f3n de Vinculaci\u00f3n:<\/strong><br>Ing. Jacinto Andrade, Mg <br><strong>Coordinadora de la Carrera de Administraci\u00f3n de Empresa:<\/strong><br>Ing. Denisse Aguilar M\u00e9ndez, Mg<\/td><\/tr><tr><\/tr><tr><\/tr><tr><\/tr><tr><\/tr><tr><\/tr><\/tbody><\/table><\/figure>\n\n\n\n<figure class=\"wp-block-table is-style-regular\"><table><tbody><tr><td><strong>Nombre de la Facultad o Unidad Acad\u00e9mica Responsable:<\/strong><br>Extensi\u00f3n Pedernales<\/td><td><strong>Carrera: <\/strong><br>Administraci\u00f3n de empresas<\/td><td><strong>Convenio:<\/strong>&nbsp; <br>Convenio marco de cooperaci\u00f3n interinstitucional con el GAD Cantonal de Pedernales<\/td><\/tr><tr><\/tr><tr><\/tr><tr><\/tr><tr><td><strong>\u00c1rea del conocimiento:<\/strong> <br>Ciencias sociales, educaci\u00f3n comercial y derecho<\/td><td><strong>Sub\u00e1rea del conocimiento: <\/strong><br>34 Educaci\u00f3n comercial y administraci\u00f3n<\/td><td><strong>Sub\u00e1rea especifica:<\/strong> <br>Emprendimiento e innovaci\u00f3n.<\/td><\/tr><tr><\/tr><tr><\/tr><tr><\/tr><\/tbody><\/table><\/figure>\n\n\n\n<figure class=\"wp-block-table is-style-regular\"><table><tbody><tr><td><strong>L\u00ednea de Vinculaci\u00f3n:<\/strong><br>Servicios t\u00e9cnicos, transferencias tecnol\u00f3gica y educaci\u00f3n continua comunitaria<\/td><td><strong>Tipo Proyecto:<\/strong><br>Vinculaci\u00f3n<\/td><\/tr><tr><\/tr><tr><\/tr><tr><\/tr><\/tbody><\/table><\/figure>\n\n\n\n<figure class=\"wp-block-table is-style-regular\"><table><tbody><tr><td><strong>Fecha Inicio Planificado: <\/strong><br>Mayo 2021<\/td><td><strong>Fecha de Fin Planeado:<\/strong> <br>Mayo 2023<\/td><td><strong>Fecha de Fin Real:<\/strong> <br>Mayo 2023<\/td><\/tr><tr><\/tr><tr><\/tr><\/tbody><\/table><\/figure>\n\n\n\n<p><strong>COBERTURA Y LOCALIZACI\u00d3N<\/strong><\/p>\n\n\n\n<figure class=\"wp-block-table is-style-regular\"><table><tbody><tr><td><strong>Cobertura:<\/strong><br>Cantonal<\/td><td><strong>Zona de Planificaci\u00f3n:<br><\/strong><em><strong>Zona 4:<\/strong> <\/em>Manab\u00ed, Santo Domingo de los Ts\u00e1chilas.<\/td><\/tr><tr><\/tr><\/tbody><\/table><\/figure>\n\n\n\n<figure class=\"wp-block-table is-style-regular\"><table><tbody><tr><td><strong>Provincia:<\/strong><br>Manab\u00ed<\/td><td><strong>Cant\u00f3n:<\/strong><br>Pedernales<\/td><td><strong>Parroquia:<\/strong><br>Pedernales<\/td><\/tr><tr><\/tr><\/tbody><\/table><\/figure>\n\n\n\n<figure class=\"wp-block-table is-style-regular\"><table><tbody><tr><td><strong>Objetivos del Plan Nacional del Buen Vivir:<\/strong><br>4. Fortalecer las capacidades y potencialidades de la ciudadan\u00eda.<\/td><\/tr><tr><\/tr><\/tbody><\/table><\/figure>\n\n\n\n<p><strong>PRESUPUESTO<\/strong><\/p>\n\n\n\n<figure class=\"wp-block-table is-style-regular\"><table><tbody><tr><td><strong>Presupuesto aporte ULEAM: <\/strong><br>US$ 60.000,00<\/td><td><strong>Presupuesto entidad auspiciante\/beneficiaria: <\/strong><br>$ 3.600,00<\/td><td><strong>Presupuesto Total:<\/strong> <br>US$ 9.600,00,00<\/td><\/tr><tr><\/tr><tr><\/tr><tr><\/tr><\/tbody><\/table><\/figure>\n\n\n\n<div style=\"height:38px\" aria-hidden=\"true\" class=\"wp-block-spacer\"><\/div>\n\n\n\n<p><strong>OBJETIVO DEL PROYECTO<\/strong><\/p>\n\n\n\n<p class=\"has-text-align-center\"><strong><em>OBJETIVO GENERAL<\/em><\/strong><\/p>\n\n\n\n<figure class=\"wp-block-table is-style-regular\"><table><tbody><tr><td>Capacitar a los peque\u00f1os comerciantes del cant\u00f3n Pedernales en temas relacionados al&nbsp; emprendimiento&nbsp; y&nbsp; vincularlos&nbsp; al&nbsp; Centro&nbsp; de&nbsp; Emprendimiento a fin garantizar&nbsp; la sostenibilidad de sus ideas y\/o negocios.<\/td><\/tr><tr><\/tr><tr><\/tr><\/tbody><\/table><\/figure>\n\n\n\n<p class=\"has-text-align-center\"><strong><em>OBJETIVOS ESPEC\u00cdFICOS<\/em><\/strong><\/p>\n\n\n\n<figure class=\"wp-block-table is-style-regular\"><table><tbody><tr><td><strong>O.E1:<\/strong> Diagnosticar la situaci\u00f3n actual de los emprendedores de la zona urbana del cant\u00f3n Pedernales.<br><br><strong>O.E2:<\/strong> Organizar jornadas de difusi\u00f3n e inclusi\u00f3n al emprendimiento en el \u00e1rea de intervenci\u00f3n del proyecto. <br><br><strong>O.E3:<\/strong> Dise\u00f1ar actividades de&nbsp; capacitaci\u00f3n en el marco de una \u201cagenda p\u00fablico-privada\u201d que incentive el emprendimiento y la innovaci\u00f3n en el cant\u00f3n. <br><br><strong>O.E4:<\/strong> Crear el Centro&nbsp; de&nbsp; Emprendimiento en&nbsp; el&nbsp; cant\u00f3n&nbsp; Pedernales&nbsp; y&nbsp; ser&nbsp; parte&nbsp; de una&nbsp; red&nbsp; global&nbsp; de&nbsp; emprendimiento&nbsp; a&nbsp; nivel&nbsp; nacional&nbsp; a&nbsp; fin&nbsp; de&nbsp; intercambiar experiencias y abrir nuevos mercados.&nbsp;<\/td><\/tr><tr><\/tr><tr><\/tr><tr><\/tr><tr><\/tr><tr><\/tr><\/tbody><\/table><\/figure>\n\n\n\n<div style=\"height:38px\" aria-hidden=\"true\" class=\"wp-block-spacer\"><\/div>\n\n\n\n<div class=\"wp-block-file aligncenter\"><a href=\"https:\/\/departamentos.uleam.edu.ec\/vinculacion-colectividad\/files\/2022\/08\/proy.-2021-adm.FORMATO-DE-PROYECTO-DE-VINCULACION-CON-LA-COLECTIVIDAD-copia-1-2.pdf\" class=\"wp-block-file__button\" download>Descarga<\/a><\/div>\n\n\n\n<p><\/p>\n","protected":false},"excerpt":{"rendered":"<p>PER\u00cdODO 2021 PROGRAMA: Vinculaci\u00f3n con la Sociedad L\u00cdNEA DE VINCULACI\u00d3N: \u00abServicios t\u00e9cnicos, transferencias tecnol\u00f3gica y educaci\u00f3n continua comunitaria\u00bb. I Fase de Investigaci\u00f3n Indagaci\u00f3n de las necesidades de los empresarios del cant\u00f3n Pedernales.<a class=\"moretag\" href=\"https:\/\/departamentos.uleam.edu.ec\/vinculacion-colectividad\/https-departamentos-uleam-edu-ec-vinculacion-colectividad-proyectos2022-fomento-al-emprendimiento-e-innovacion-en-las-zonas-urbanas-del-canton-pedernales\/\">Leer m\u00e1s&#8230;<\/a><\/p>\n","protected":false},"author":124,"featured_media":0,"parent":0,"menu_order":0,"comment_status":"closed","ping_status":"closed","template":"","meta":{"footnotes":"","_links_to":"","_links_to_target":""},"class_list":["post-4406","page","type-page","status-publish","hentry"],"_links":{"self":[{"href":"https:\/\/departamentos.uleam.edu.ec\/vinculacion-colectividad\/wp-json\/wp\/v2\/pages\/4406","targetHints":{"allow":["GET"]}}],"collection":[{"href":"https:\/\/departamentos.uleam.edu.ec\/vinculacion-colectividad\/wp-json\/wp\/v2\/pages"}],"about":[{"href":"https:\/\/departamentos.uleam.edu.ec\/vinculacion-colectividad\/wp-json\/wp\/v2\/types\/page"}],"author":[{"embeddable":true,"href":"https:\/\/departamentos.uleam.edu.ec\/vinculacion-colectividad\/wp-json\/wp\/v2\/users\/124"}],"replies":[{"embeddable":true,"href":"https:\/\/departamentos.uleam.edu.ec\/vinculacion-colectividad\/wp-json\/wp\/v2\/comments?post=4406"}],"version-history":[{"count":4,"href":"https:\/\/departamentos.uleam.edu.ec\/vinculacion-colectividad\/wp-json\/wp\/v2\/pages\/4406\/revisions"}],"predecessor-version":[{"id":5146,"href":"https:\/\/departamentos.uleam.edu.ec\/vinculacion-colectividad\/wp-json\/wp\/v2\/pages\/4406\/revisions\/5146"}],"wp:attachment":[{"href":"https:\/\/departamentos.uleam.edu.ec\/vinculacion-colectividad\/wp-json\/wp\/v2\/media?parent=4406"}],"curies":[{"name":"wp","href":"https:\/\/api.w.org\/{rel}","templated":true}]}}