{"id":4415,"date":"2022-08-05T10:09:00","date_gmt":"2022-08-05T15:09:00","guid":{"rendered":"https:\/\/departamentos.uleam.edu.ec\/vinculacion-colectividad\/?page_id=4415"},"modified":"2022-08-23T09:16:04","modified_gmt":"2022-08-23T14:16:04","slug":"https-departamentos-uleam-edu-ec-vinculacion-colectividad-proyectos2022-fortalecimiento-del-talento-humano-de-los-restaurantes-del-canton-pedernales-en-atencion-al-cliente","status":"publish","type":"page","link":"https:\/\/departamentos.uleam.edu.ec\/vinculacion-colectividad\/https-departamentos-uleam-edu-ec-vinculacion-colectividad-proyectos2022-fortalecimiento-del-talento-humano-de-los-restaurantes-del-canton-pedernales-en-atencion-al-cliente\/","title":{"rendered":"Fortalecimiento del talento humano de los restaurantes del cant\u00f3n pedernales en atenci\u00f3n al cliente"},"content":{"rendered":"\n<p class=\"has-text-align-center\" style=\"font-size:24px\">PER\u00cdODO 2022 &#8211; 2023<\/p>\n\n\n\n<p style=\"font-size:18px\">Proyecto de Vinculaci\u00f3n y Emprendimiento<\/p>\n\n\n\n<p style=\"font-size:18px\"><em><strong>L\u00cdNEA DE VINCULACI<em>\u00d3N<\/em>:<\/strong><\/em>\u00a0\u201cEconom\u00eda y desarrollo sostenible\u201d.<\/p>\n\n\n\n<div style=\"height:70px\" aria-hidden=\"true\" class=\"wp-block-spacer\"><\/div>\n\n\n\n<figure class=\"wp-block-table is-style-regular\"><table><tbody><tr><td><strong>Decano:<\/strong><br>Ing. Derl\u00ed \u00c1lava Rosado, PhD.<br><strong>L\u00edder del Proyecto:<\/strong><br>Ing. Isidro Alc\u00edvar Vera, M.Sc.<\/td><\/tr><tr><\/tr><tr><\/tr><tr><\/tr><tr><\/tr><tr><\/tr><\/tbody><\/table><\/figure>\n\n\n\n<figure class=\"wp-block-table is-style-regular\"><table><tbody><tr><td><strong>Nombre de la Facultad o Unidad Acad\u00e9mica Responsable: <\/strong><br>Extensi\u00f3n Pedernales<\/td><td><strong>Carrera:<\/strong> <br>Turismo<\/td><td><strong>Tipo Proyecto:<\/strong> <br>Proyecto de Vinculaci\u00f3n y Emprendiendo<\/td><\/tr><tr><\/tr><tr><\/tr><tr><\/tr><tr><td><strong>Dominio Acad\u00e9mico: <\/strong><br>Econom\u00eda social y solidaria<br>para el buen vivir<\/td><td><strong>L\u00ednea de Investigaci\u00f3n: <\/strong><br>Econom\u00eda y desarrollo<br>sostenible<\/td><td><strong>Convenio: <\/strong><br>Convenio marco de cooperaci\u00f3n interinstitucional entre la Universidad Laica Eloy Alfaro de Manab\u00ed y el Gobierno Aut\u00f3nomo Descentralizado del cant\u00f3n Pedernales<\/td><\/tr><tr><\/tr><tr><\/tr><tr><\/tr><tr><td><strong>\u00c1rea del conocimiento:<\/strong><br>Servicios<\/td><td><strong>Sub\u00e1rea del conocimiento: <\/strong><br>Servicios personales<\/td><td><strong>Sub\u00e1rea espec\u00edfica:<\/strong> <br>Viajes y turismo<\/td><\/tr><tr><\/tr><tr><\/tr><tr><\/tr><\/tbody><\/table><\/figure>\n\n\n\n<figure class=\"wp-block-table is-style-regular\"><table><tbody><tr><td><strong>Fecha Inicio: <\/strong><br>Mayo 2022<\/td><td><strong>Fecha de Fin Planeado:<\/strong> <br>Diciembre 2023<\/td><\/tr><tr><\/tr><tr><\/tr><tr><\/tr><\/tbody><\/table><\/figure>\n\n\n\n<p><strong>COBERTURA Y LOCALIZACI\u00d3N<\/strong><\/p>\n\n\n\n<figure class=\"wp-block-table is-style-regular\"><table><tbody><tr><td><strong>Cobertura: <\/strong><br>Cantonal<\/td><td><strong>Zona de Planificaci\u00f3n:<\/strong><br>Zona 4<\/td><td><strong>Provincia:<\/strong><br>Manab\u00ed.<\/td><\/tr><tr><\/tr><tr><td><strong>Cant\u00f3n: <\/strong><br>Pedernales<\/td><td><strong>Parroquia: <\/strong><br>Pedernales y Cojim\u00edes\u00a0<\/td><td><strong>Barrios: <\/strong><br>NA<\/td><\/tr><tr><\/tr><\/tbody><\/table><\/figure>\n\n\n\n<p><strong>PRESUPUESTO<\/strong><\/p>\n\n\n\n<figure class=\"wp-block-table is-style-regular\"><table><tbody><tr><td><strong>Presupuesto aporte ULEAM: <\/strong><br>$1.003,00<\/td><td><strong>Presupuesto entidad auspiciante\/beneficiaria:\u00a0 <\/strong><br>$ 00, 00<\/td><td><strong>Presupuesto Total: <\/strong><br>US $ 1.003,00<\/td><\/tr><tr><\/tr><tr><\/tr><tr><\/tr><\/tbody><\/table><\/figure>\n\n\n\n<div style=\"height:38px\" aria-hidden=\"true\" class=\"wp-block-spacer\"><\/div>\n\n\n\n<p><strong>OBJETIVO DEL PROYECTO<\/strong><\/p>\n\n\n\n<p class=\"has-text-align-center\"><strong><em>OBJETIVO GENERAL<\/em><\/strong><\/p>\n\n\n\n<figure class=\"wp-block-table is-style-regular\"><table><tbody><tr><td>Fortalecer las capacidades del talento humano de los restaurantes el cant\u00f3n Pedernales en atenci\u00f3n al cliente a trav\u00e9s de capacitaciones peri\u00f3dicas con tem\u00e1ticas de inter\u00e9s.&nbsp;<\/td><\/tr><tr><\/tr><tr><\/tr><\/tbody><\/table><\/figure>\n\n\n\n<p class=\"has-text-align-center\"><strong><em>OBJETIVOS ESPEC\u00cdFICOS<\/em><\/strong><\/p>\n\n\n\n<figure class=\"wp-block-table is-style-regular\"><table><tbody><tr><td><strong>O.E1:<\/strong> Identificar las necesidades del cant\u00f3n en cuanto a la oferta de servicios tur\u00edsticos mediante el levantamiento de l\u00ednea base.<br><br><strong>O.E2:<\/strong> Implementar un plan de capacitaci\u00f3n dirigido a los estudiantes en temas de calidad de servicio, atenci\u00f3n al cliente, hospitalidad y metodolog\u00eda para ense\u00f1anza a adultos, en el marco de protocolos y normas de bioseguridad.<br><br><strong>O.E3:<\/strong> Fortalecimiento de las capacidades laborales a los prestadores de servicios tur\u00edsticos en el cant\u00f3n Pedernales.<\/td><\/tr><tr><\/tr><tr><\/tr><tr><\/tr><tr><\/tr><tr><\/tr><\/tbody><\/table><\/figure>\n\n\n\n<div style=\"height:38px\" aria-hidden=\"true\" class=\"wp-block-spacer\"><\/div>\n\n\n\n<div class=\"wp-block-file aligncenter\"><a href=\"https:\/\/departamentos.uleam.edu.ec\/vinculacion-colectividad\/files\/2022\/08\/PVV-01-F-01-Proyecto-pedernales-Aprobado.pdf\" class=\"wp-block-file__button\" download>Descarga<\/a><\/div>\n","protected":false},"excerpt":{"rendered":"<p>PER\u00cdODO 2022 &#8211; 2023 Proyecto de Vinculaci\u00f3n y Emprendimiento L\u00cdNEA DE VINCULACI\u00d3N:\u00a0\u201cEconom\u00eda y desarrollo sostenible\u201d. Decano:Ing. Derl\u00ed \u00c1lava Rosado, PhD.L\u00edder del Proyecto:Ing. Isidro Alc\u00edvar Vera, M.Sc. Nombre de la Facultad o Unidad<a class=\"moretag\" href=\"https:\/\/departamentos.uleam.edu.ec\/vinculacion-colectividad\/https-departamentos-uleam-edu-ec-vinculacion-colectividad-proyectos2022-fortalecimiento-del-talento-humano-de-los-restaurantes-del-canton-pedernales-en-atencion-al-cliente\/\">Leer m\u00e1s&#8230;<\/a><\/p>\n","protected":false},"author":124,"featured_media":0,"parent":0,"menu_order":0,"comment_status":"closed","ping_status":"closed","template":"","meta":{"footnotes":"","_links_to":"","_links_to_target":""},"class_list":["post-4415","page","type-page","status-publish","hentry"],"_links":{"self":[{"href":"https:\/\/departamentos.uleam.edu.ec\/vinculacion-colectividad\/wp-json\/wp\/v2\/pages\/4415","targetHints":{"allow":["GET"]}}],"collection":[{"href":"https:\/\/departamentos.uleam.edu.ec\/vinculacion-colectividad\/wp-json\/wp\/v2\/pages"}],"about":[{"href":"https:\/\/departamentos.uleam.edu.ec\/vinculacion-colectividad\/wp-json\/wp\/v2\/types\/page"}],"author":[{"embeddable":true,"href":"https:\/\/departamentos.uleam.edu.ec\/vinculacion-colectividad\/wp-json\/wp\/v2\/users\/124"}],"replies":[{"embeddable":true,"href":"https:\/\/departamentos.uleam.edu.ec\/vinculacion-colectividad\/wp-json\/wp\/v2\/comments?post=4415"}],"version-history":[{"count":3,"href":"https:\/\/departamentos.uleam.edu.ec\/vinculacion-colectividad\/wp-json\/wp\/v2\/pages\/4415\/revisions"}],"predecessor-version":[{"id":4862,"href":"https:\/\/departamentos.uleam.edu.ec\/vinculacion-colectividad\/wp-json\/wp\/v2\/pages\/4415\/revisions\/4862"}],"wp:attachment":[{"href":"https:\/\/departamentos.uleam.edu.ec\/vinculacion-colectividad\/wp-json\/wp\/v2\/media?parent=4415"}],"curies":[{"name":"wp","href":"https:\/\/api.w.org\/{rel}","templated":true}]}}