{"id":4418,"date":"2022-08-05T10:10:59","date_gmt":"2022-08-05T15:10:59","guid":{"rendered":"https:\/\/departamentos.uleam.edu.ec\/vinculacion-colectividad\/?page_id=4418"},"modified":"2022-10-25T10:11:42","modified_gmt":"2022-10-25T15:11:42","slug":"https-departamentos-uleam-edu-ec-vinculacion-colectividad-proyectos2022-fortalecimiento-de-la-gestion-documental-en-la-asociacion-interprofesional-de-artesanos-del-canton-montecristi","status":"publish","type":"page","link":"https:\/\/departamentos.uleam.edu.ec\/vinculacion-colectividad\/https-departamentos-uleam-edu-ec-vinculacion-colectividad-proyectos2022-fortalecimiento-de-la-gestion-documental-en-la-asociacion-interprofesional-de-artesanos-del-canton-montecristi\/","title":{"rendered":"Fortalecimiento de la gesti\u00f3n documental en la asociaci\u00f3n interprofesional de artesanos del cant\u00f3n Montecristi"},"content":{"rendered":"\n<p class=\"has-text-align-center\" style=\"font-size:24px\">PER\u00cdODO 2022<\/p>\n\n\n\n<p style=\"font-size:18px\"><strong><em>PROGRAMA:<\/em><\/strong> Vinculaci\u00f3n con la Sociedad<\/p>\n\n\n\n<p style=\"font-size:18px\"><strong><em>L\u00cdNEA DE VINCULACI\u00d3N:<\/em><\/strong> \u00abDesarrollo Econ\u00f3mico, Sostenible y Empresarial.\u00bb<\/p>\n\n\n\n<div style=\"height:64px\" aria-hidden=\"true\" class=\"wp-block-spacer\"><\/div>\n\n\n\n<figure class=\"wp-block-table is-style-regular\"><table><tbody><tr><td><strong>Autores: <br><\/strong>Lic. Mercy Rojas Once, Mg D. U. <br>Lic. Jonathan Cove\u00f1a Men\u00e9ndez, Mg. E.I.I.<\/td><\/tr><tr><\/tr><tr><\/tr><tr><\/tr><tr><\/tr><tr><\/tr><\/tbody><\/table><\/figure>\n\n\n\n<figure class=\"wp-block-table is-style-regular\"><table><tbody><tr><td><strong>Campo Amplio: <\/strong><br>Administraci\u00f3n&nbsp;<\/td><td><strong>Campo espec\u00edfico:&nbsp; <br><\/strong>Educaci\u00f3n Comercial y Administraci\u00f3n<\/td><td><strong>Campos detallados:<br><\/strong>Gesti\u00f3n de la informaci\u00f3n Gerencial&nbsp;<\/td><\/tr><tr><\/tr><tr><\/tr><tr><\/tr><\/tbody><\/table><\/figure>\n\n\n\n<figure class=\"wp-block-table is-style-regular\"><table><tbody><tr><td><strong>L\u00ednea de investigaci\u00f3n: <br><\/strong>Econom\u00eda y Desarrollo sostenible<\/td><td><strong>L\u00ednea de vinculaci\u00f3n:<\/strong> <br>Desarrollo econ\u00f3mico, sostenible y empresarial&nbsp;<\/td><\/tr><tr><\/tr><tr><\/tr><tr><\/tr><\/tbody><\/table><\/figure>\n\n\n\n<figure class=\"wp-block-table is-style-regular\"><table><tbody><tr><td><strong>Tipo de proyecto:<\/strong> <br>Vinculaci\u00f3n&nbsp;<\/td><td><strong>Estado del proyecto:<\/strong><\/td><td><strong>C\u00f3digo del proyecto:<\/strong><\/td><\/tr><tr><\/tr><\/tbody><\/table><\/figure>\n\n\n\n<figure class=\"wp-block-table is-style-regular\"><table><tbody><tr><td><strong>Fecha inicio:<\/strong> <br>Mayo 2022<\/td><td><strong>Fecha de Fin Planeado:<\/strong> <br>Diciembre 2022<\/td><\/tr><tr><\/tr><\/tbody><\/table><\/figure>\n\n\n\n<figure class=\"wp-block-table is-style-regular\"><table><tbody><tr><td><strong>Convenios: <br><\/strong>Convenio especifico de vinculaci\u00f3n y de cooperaci\u00f3n interinstitucional celebrado entre la Universidad Laica Eloy Alfaro de Manab\u00ed, Facultad de Gesti\u00f3n Organizacional y la Asociaci\u00f3n Interprofesional de Artesanos del Cant\u00f3n Montecristi.<\/td><\/tr><tr><\/tr><tr><\/tr><tr><td><strong>Beneficiarios: <br><\/strong>Socios Activos y Familiares de la Asociaci\u00f3n Interprofesional de Artesanos del Cant\u00f3n Montecristi<\/td><\/tr><tr><\/tr><tr><\/tr><tr><\/tr><\/tbody><\/table><\/figure>\n\n\n\n<p><strong>FUENTES DE INFORMACI\u00d3N<\/strong><\/p>\n\n\n\n<figure class=\"wp-block-table is-style-regular\"><table><tbody><tr><td>Objetivos de Desarrollo Sostenible <br>Objetivos Estrat\u00e9gicos del PEDI <br>SENPLADES <br>Plan Nacional de Desarrollo 2017-2021 \u00abToda una vida\u00bb <br>CONCOPE. <br>AME. CONAJUPARE, 2010 <br>Lineamientos para la planificaci\u00f3n del desarrollo y ordenamiento territorial<\/td><\/tr><tr><\/tr><tr><\/tr><tr><\/tr><tr><\/tr><tr><\/tr><\/tbody><\/table><\/figure>\n\n\n\n<p><strong>COBERTURA Y LOCALIZACI\u00d3N<\/strong><\/p>\n\n\n\n<figure class=\"wp-block-table is-style-regular\"><table><tbody><tr><td><strong>Alcance territorial: <\/strong><br>Cantonal&nbsp;<\/td><td><strong>Provincia\/s:<\/strong><br>Manab\u00ed<\/td><\/tr><tr><\/tr><\/tbody><\/table><\/figure>\n\n\n\n<figure class=\"wp-block-table is-style-regular\"><table><tbody><tr><td><strong>Cant\u00f3n o Cantones:<\/strong> <br>Montecristi<\/td><td><strong>Parroquia\/s: <br><\/strong>An\u00edbal San Andr\u00e9s<\/td><td><strong>Barrio\/s: <br><\/strong>Av. Metropolitana y Calle Alajuela<\/td><\/tr><tr><\/tr><\/tbody><\/table><\/figure>\n\n\n\n<p><strong>PRESUPUESTO<\/strong><\/p>\n\n\n\n<figure class=\"wp-block-table is-style-regular\"><table><tbody><tr><td><strong>Presupuesto financiar por la IES: <\/strong><br>$ 792,00<\/td><td><strong>Presupuesto total de aliados estrat\u00e9gicos:&nbsp;<\/strong> <br>$ 00,00<\/td><\/tr><tr><\/tr><\/tbody><\/table><\/figure>\n\n\n\n<div style=\"height:28px\" aria-hidden=\"true\" class=\"wp-block-spacer\"><\/div>\n\n\n\n<p><strong>OBJETIVO DEL PROYECTO<\/strong><\/p>\n\n\n\n<p class=\"has-text-align-center\"><strong><em>OBJETIVO GENERAL<\/em><\/strong><\/p>\n\n\n\n<figure class=\"wp-block-table is-style-regular\"><table><tbody><tr><td>Mejorar la Gesti\u00f3n Documental en la Asociaci\u00f3n Interprofesional de Artesanos del Cant\u00f3n Montecristi para asegurar los procesos, archivos y servicios que se brindan a los socios<\/td><\/tr><tr><\/tr><tr><\/tr><tr><\/tr><tr><\/tr><\/tbody><\/table><\/figure>\n\n\n\n<p class=\"has-text-align-center\"><strong><em>OBJETIVOS ESPEC\u00cdFICOS <\/em><\/strong><\/p>\n\n\n\n<figure class=\"wp-block-table is-style-regular\"><table><tbody><tr><td><strong>O.E1: <\/strong>Elaborar un diagnostico de la documentaci\u00f3n existente con el fin de asegurar que los documentos generados en la Asociaci\u00f3n Interprofesional de Artesanos del cant\u00f3n Montecristi sean aut\u00e9nticos, \u00edntegros, confiables, usables y con valor probatorio. <br><br><strong>O.E2: <\/strong>Asegurar la calidad de la informaci\u00f3n y facilitar la recuperaci\u00f3n de los documentos generados por la Asociaci\u00f3n Interprofesional de Artesanos del cant\u00f3n Montecristi <br><br><strong>O.E3:<\/strong> Crear una base de datos que permita almacenar informaci\u00f3n autentica, confiable e integra de los documentos generados por la Asociaci\u00f3n Interprofesional de Artesanos del cant\u00f3n Montecristi.<\/td><\/tr><tr><\/tr><tr><\/tr><tr><\/tr><tr><\/tr><tr><\/tr><tr><\/tr><tr><\/tr><tr><\/tr><tr><\/tr><tr><\/tr><\/tbody><\/table><\/figure>\n\n\n\n<div style=\"height:46px\" aria-hidden=\"true\" class=\"wp-block-spacer\"><\/div>\n\n\n\n<figure class=\"wp-block-gallery columns-3 is-cropped wp-block-gallery-1 is-layout-flex wp-block-gallery-is-layout-flex\"><ul class=\"blocks-gallery-grid\"><li class=\"blocks-gallery-item\"><figure><a href=\"https:\/\/departamentos.uleam.edu.ec\/vinculacion-colectividad\/files\/2022\/09\/Imagen1.jpg\"><img fetchpriority=\"high\" decoding=\"async\" width=\"348\" height=\"256\" src=\"https:\/\/departamentos.uleam.edu.ec\/vinculacion-colectividad\/files\/2022\/09\/Imagen1.jpg\" alt=\"\" data-id=\"4923\" data-link=\"https:\/\/departamentos.uleam.edu.ec\/vinculacion-colectividad\/https-departamentos-uleam-edu-ec-vinculacion-colectividad-proyectos2022-fortalecimiento-de-la-gestion-documental-en-la-asociacion-interprofesional-de-artesanos-del-canton-montecristi\/imagen1\/\" class=\"wp-image-4923\" srcset=\"https:\/\/departamentos.uleam.edu.ec\/vinculacion-colectividad\/files\/2022\/09\/Imagen1.jpg 348w, https:\/\/departamentos.uleam.edu.ec\/vinculacion-colectividad\/files\/2022\/09\/Imagen1-300x221.jpg 300w\" sizes=\"(max-width: 348px) 100vw, 348px\" \/><\/a><\/figure><\/li><li class=\"blocks-gallery-item\"><figure><a href=\"https:\/\/departamentos.uleam.edu.ec\/vinculacion-colectividad\/files\/2022\/09\/Imagen2.jpg\"><img decoding=\"async\" width=\"302\" height=\"198\" src=\"https:\/\/departamentos.uleam.edu.ec\/vinculacion-colectividad\/files\/2022\/09\/Imagen2.jpg\" alt=\"\" data-id=\"4924\" data-link=\"https:\/\/departamentos.uleam.edu.ec\/vinculacion-colectividad\/https-departamentos-uleam-edu-ec-vinculacion-colectividad-proyectos2022-fortalecimiento-de-la-gestion-documental-en-la-asociacion-interprofesional-de-artesanos-del-canton-montecristi\/imagen2\/\" class=\"wp-image-4924\" srcset=\"https:\/\/departamentos.uleam.edu.ec\/vinculacion-colectividad\/files\/2022\/09\/Imagen2.jpg 302w, https:\/\/departamentos.uleam.edu.ec\/vinculacion-colectividad\/files\/2022\/09\/Imagen2-300x197.jpg 300w\" sizes=\"(max-width: 302px) 100vw, 302px\" \/><\/a><\/figure><\/li><li class=\"blocks-gallery-item\"><figure><a href=\"https:\/\/departamentos.uleam.edu.ec\/vinculacion-colectividad\/files\/2022\/09\/Imagen4.jpg\"><img decoding=\"async\" width=\"306\" height=\"252\" src=\"https:\/\/departamentos.uleam.edu.ec\/vinculacion-colectividad\/files\/2022\/09\/Imagen4.jpg\" alt=\"\" data-id=\"4926\" data-link=\"https:\/\/departamentos.uleam.edu.ec\/vinculacion-colectividad\/https-departamentos-uleam-edu-ec-vinculacion-colectividad-proyectos2022-fortalecimiento-de-la-gestion-documental-en-la-asociacion-interprofesional-de-artesanos-del-canton-montecristi\/imagen4\/\" class=\"wp-image-4926\" srcset=\"https:\/\/departamentos.uleam.edu.ec\/vinculacion-colectividad\/files\/2022\/09\/Imagen4.jpg 306w, https:\/\/departamentos.uleam.edu.ec\/vinculacion-colectividad\/files\/2022\/09\/Imagen4-300x247.jpg 300w\" sizes=\"(max-width: 306px) 100vw, 306px\" \/><\/a><\/figure><\/li><li class=\"blocks-gallery-item\"><figure><a href=\"https:\/\/departamentos.uleam.edu.ec\/vinculacion-colectividad\/files\/2022\/09\/Imagen3.jpg\"><img loading=\"lazy\" decoding=\"async\" width=\"327\" height=\"251\" src=\"https:\/\/departamentos.uleam.edu.ec\/vinculacion-colectividad\/files\/2022\/09\/Imagen3.jpg\" alt=\"\" data-id=\"4925\" data-link=\"https:\/\/departamentos.uleam.edu.ec\/vinculacion-colectividad\/https-departamentos-uleam-edu-ec-vinculacion-colectividad-proyectos2022-fortalecimiento-de-la-gestion-documental-en-la-asociacion-interprofesional-de-artesanos-del-canton-montecristi\/imagen3\/\" class=\"wp-image-4925\" srcset=\"https:\/\/departamentos.uleam.edu.ec\/vinculacion-colectividad\/files\/2022\/09\/Imagen3.jpg 327w, https:\/\/departamentos.uleam.edu.ec\/vinculacion-colectividad\/files\/2022\/09\/Imagen3-300x230.jpg 300w\" sizes=\"(max-width: 327px) 100vw, 327px\" \/><\/a><\/figure><\/li><li class=\"blocks-gallery-item\"><figure><a href=\"https:\/\/departamentos.uleam.edu.ec\/vinculacion-colectividad\/files\/2022\/09\/Imagen5.jpg\"><img loading=\"lazy\" decoding=\"async\" width=\"322\" height=\"260\" src=\"https:\/\/departamentos.uleam.edu.ec\/vinculacion-colectividad\/files\/2022\/09\/Imagen5.jpg\" alt=\"\" data-id=\"4927\" data-full-url=\"https:\/\/departamentos.uleam.edu.ec\/vinculacion-colectividad\/files\/2022\/09\/Imagen5.jpg\" data-link=\"https:\/\/departamentos.uleam.edu.ec\/vinculacion-colectividad\/https-departamentos-uleam-edu-ec-vinculacion-colectividad-proyectos2022-fortalecimiento-de-la-gestion-documental-en-la-asociacion-interprofesional-de-artesanos-del-canton-montecristi\/imagen5\/\" class=\"wp-image-4927\" srcset=\"https:\/\/departamentos.uleam.edu.ec\/vinculacion-colectividad\/files\/2022\/09\/Imagen5.jpg 322w, https:\/\/departamentos.uleam.edu.ec\/vinculacion-colectividad\/files\/2022\/09\/Imagen5-300x242.jpg 300w\" sizes=\"(max-width: 322px) 100vw, 322px\" \/><\/a><\/figure><\/li><\/ul><\/figure>\n\n\n\n<div style=\"height:28px\" aria-hidden=\"true\" class=\"wp-block-spacer\"><\/div>\n\n\n\n<div class=\"wp-block-file aligncenter\"><a href=\"https:\/\/departamentos.uleam.edu.ec\/vinculacion-colectividad\/files\/2022\/08\/PROYECTO-2022-ESCANEADO-FIRMADO.pdf\" class=\"wp-block-file__button\" download>Descarga<\/a><\/div>\n","protected":false},"excerpt":{"rendered":"<p>PER\u00cdODO 2022 PROGRAMA: Vinculaci\u00f3n con la Sociedad L\u00cdNEA DE VINCULACI\u00d3N: \u00abDesarrollo Econ\u00f3mico, Sostenible y Empresarial.\u00bb Autores: Lic. Mercy Rojas Once, Mg D. U. Lic. Jonathan Cove\u00f1a Men\u00e9ndez, Mg. E.I.I. Campo Amplio: Administraci\u00f3n&nbsp;<a class=\"moretag\" href=\"https:\/\/departamentos.uleam.edu.ec\/vinculacion-colectividad\/https-departamentos-uleam-edu-ec-vinculacion-colectividad-proyectos2022-fortalecimiento-de-la-gestion-documental-en-la-asociacion-interprofesional-de-artesanos-del-canton-montecristi\/\">Leer m\u00e1s&#8230;<\/a><\/p>\n","protected":false},"author":136,"featured_media":0,"parent":0,"menu_order":0,"comment_status":"closed","ping_status":"closed","template":"","meta":{"footnotes":"","_links_to":"","_links_to_target":""},"class_list":["post-4418","page","type-page","status-publish","hentry"],"_links":{"self":[{"href":"https:\/\/departamentos.uleam.edu.ec\/vinculacion-colectividad\/wp-json\/wp\/v2\/pages\/4418","targetHints":{"allow":["GET"]}}],"collection":[{"href":"https:\/\/departamentos.uleam.edu.ec\/vinculacion-colectividad\/wp-json\/wp\/v2\/pages"}],"about":[{"href":"https:\/\/departamentos.uleam.edu.ec\/vinculacion-colectividad\/wp-json\/wp\/v2\/types\/page"}],"author":[{"embeddable":true,"href":"https:\/\/departamentos.uleam.edu.ec\/vinculacion-colectividad\/wp-json\/wp\/v2\/users\/136"}],"replies":[{"embeddable":true,"href":"https:\/\/departamentos.uleam.edu.ec\/vinculacion-colectividad\/wp-json\/wp\/v2\/comments?post=4418"}],"version-history":[{"count":8,"href":"https:\/\/departamentos.uleam.edu.ec\/vinculacion-colectividad\/wp-json\/wp\/v2\/pages\/4418\/revisions"}],"predecessor-version":[{"id":5141,"href":"https:\/\/departamentos.uleam.edu.ec\/vinculacion-colectividad\/wp-json\/wp\/v2\/pages\/4418\/revisions\/5141"}],"wp:attachment":[{"href":"https:\/\/departamentos.uleam.edu.ec\/vinculacion-colectividad\/wp-json\/wp\/v2\/media?parent=4418"}],"curies":[{"name":"wp","href":"https:\/\/api.w.org\/{rel}","templated":true}]}}