{"id":4428,"date":"2022-08-05T10:17:55","date_gmt":"2022-08-05T15:17:55","guid":{"rendered":"https:\/\/departamentos.uleam.edu.ec\/vinculacion-colectividad\/?page_id=4428"},"modified":"2022-08-19T12:23:44","modified_gmt":"2022-08-19T17:23:44","slug":"https-departamentos-uleam-edu-ec-vinculacion-colectividad-proyectos2022-implementacion-de-dos-vaca-mecanica-para-la-produccion-de-leche-de-soya-a-instalarse-en-la-facultad-de-ingenieria-industrial-de","status":"publish","type":"page","link":"https:\/\/departamentos.uleam.edu.ec\/vinculacion-colectividad\/https-departamentos-uleam-edu-ec-vinculacion-colectividad-proyectos2022-implementacion-de-dos-vaca-mecanica-para-la-produccion-de-leche-de-soya-a-instalarse-en-la-facultad-de-ingenieria-industrial-de\/","title":{"rendered":"Implementaci\u00f3n de dos vaca mec\u00e1nica para la producci\u00f3n de leche de soya a instalarse en la facultad de Ingenier\u00eda Industrial de la Uleam"},"content":{"rendered":"\n<p class=\"has-text-align-center\" style=\"font-size:24px\">PER\u00cdODO 2021 \u2013 2024<\/p>\n\n\n\n<p style=\"font-size:18px\">Proyecto de Transferencia Social del Conocimiento<\/p>\n\n\n\n<p style=\"font-size:18px\"><strong><em>L\u00cdNEA DE VINCULACI\u00d3N:<\/em><\/strong>&nbsp;\u00abInfraestructura, Crecimiento Sustentable y Desarrollo industrial\u00bb<\/p>\n\n\n\n<div style=\"height:70px\" aria-hidden=\"true\" class=\"wp-block-spacer\"><\/div>\n\n\n\n<figure class=\"wp-block-table is-style-regular\"><table><tbody><tr><td><strong>Autores: <\/strong><br>Ing. Hidrovo Alc\u00edvar Pablo Horacio<br>Ing. Murillo Celorio El\u00edas Alfredo<br>Ing. Vera Mendoza Marcos<\/td><\/tr><tr><\/tr><tr><\/tr><tr><\/tr><tr><\/tr><tr><\/tr><\/tbody><\/table><\/figure>\n\n\n\n<figure class=\"wp-block-table is-style-regular\"><table><tbody><tr><td><strong>Campo Amplio: <\/strong><br>Ingenier\u00eda, Industria y Construcci\u00f3n<\/td><td><strong>Campo espec\u00edfico:&nbsp; <\/strong><br>Ingenier\u00eda y Producci\u00f3n<\/td><td><strong>Campos detallados:<\/strong>&nbsp;<\/td><\/tr><tr><\/tr><tr><\/tr><tr><\/tr><tr><td><strong>L\u00ednea de Investigaci\u00f3n: <\/strong><br>Infraestructura, Crecimiento Sustentable y Desarrollo industrial<\/td><td><strong>Estado del proyecto: <\/strong><br>En Inicio&nbsp;<\/td><td><strong>C\u00f3digo del Proyecto:<\/strong><\/td><\/tr><tr><\/tr><tr><\/tr><tr><\/tr><\/tbody><\/table><\/figure>\n\n\n\n<figure class=\"wp-block-table is-style-regular\"><table><tbody><tr><td><strong>Fecha inicio:<\/strong> <br>04\/10\/2021<\/td><td><strong>Fecha de Fin Planeado: <\/strong><br>31\/12\/2024<\/td><\/tr><tr><\/tr><\/tbody><\/table><\/figure>\n\n\n\n<figure class=\"wp-block-table is-style-regular\"><table><tbody><tr><td><strong>Convenios: <\/strong><br>Rotary Club Manta<\/td><\/tr><tr><\/tr><tr><\/tr><tr><td><strong>Beneficiarios:<\/strong> <br>Ni\u00f1os con problemas de desnutrici\u00f3n.<br>Iglesia Divino Ni\u00f1o<br>Rotary Club<br>Universidad Laica Eloy Alfaro de Manab\u00ed<br>Facultad de Ingenier\u00eda Industrial de la Universidad Laica Eloy Alfaro de Manab\u00ed<\/td><\/tr><tr><\/tr><tr><\/tr><tr><\/tr><\/tbody><\/table><\/figure>\n\n\n\n<p><strong>FUENTE DE INFORMACI\u00d3N<\/strong><\/p>\n\n\n\n<figure class=\"wp-block-table is-style-regular\"><table><tbody><tr><td>Registro oficial de la Organizaci\u00f3n mundial de la salud.<br>Plan Nacional de Desarrollo 2017-2021 &#8211; Toda una Vida<br>Plan Estrat\u00e9gico de Desarrollo Institucional ULEAM 2016-2020<\/td><\/tr><tr><\/tr><tr><\/tr><tr><\/tr><tr><\/tr><tr><\/tr><\/tbody><\/table><\/figure>\n\n\n\n<p><strong>COBERTURA Y LOCALIZACI\u00d3N<\/strong><\/p>\n\n\n\n<figure class=\"wp-block-table is-style-regular\"><table><tbody><tr><td><strong>Alcance territorial: <\/strong><br>Cant\u00f3n Manta<\/td><td><strong>Provincia\/s:<\/strong><br>Manab\u00ed<\/td><\/tr><tr><\/tr><\/tbody><\/table><\/figure>\n\n\n\n<figure class=\"wp-block-table is-style-regular\"><table><tbody><tr><td><strong>Cant\u00f3n o Cantones:<\/strong> <br>Cant\u00f3n Manta<\/td><td><strong>Parroquia\/s: <\/strong><br>Manta<\/td><td><strong>Barrio\/s: <\/strong><br>ULEAM<\/td><\/tr><tr><\/tr><\/tbody><\/table><\/figure>\n\n\n\n<p><strong>PRESUPUESTO<\/strong><\/p>\n\n\n\n<figure class=\"wp-block-table is-style-regular\"><table><tbody><tr><td><strong>Presupuesto financiar por la IES: <\/strong><br>$&nbsp;22.112,25 valor incluye IVA<\/td><td><strong>Presupuesto total de aliados estrat\u00e9gicos:&nbsp; <\/strong><br>$ 00,00<\/td><\/tr><tr><\/tr><\/tbody><\/table><\/figure>\n\n\n\n<div style=\"height:38px\" aria-hidden=\"true\" class=\"wp-block-spacer\"><\/div>\n\n\n\n<p><strong>OBJETIVO DEL PROYECTO<\/strong><\/p>\n\n\n\n<p class=\"has-text-align-center\"><strong><em>OBJETIVO GENERAL<\/em><\/strong><\/p>\n\n\n\n<figure class=\"wp-block-table is-style-regular\"><table><tbody><tr><td>Instalar dos unidades de producci\u00f3n de leche de soya (vaca mec\u00e1nica) en la facultad de Ingenier\u00eda Industrial de la Universidad Laica Eloy Alfaro de Manab\u00ed.<\/td><\/tr><tr><\/tr><tr><\/tr><\/tbody><\/table><\/figure>\n\n\n\n<p class=\"has-text-align-center\"><strong><em>OBJETIVOS ESPEC\u00cdFICOS<\/em><\/strong><\/p>\n\n\n\n<figure class=\"wp-block-table is-style-regular\"><table><tbody><tr><td><strong>O.E1:<\/strong> Realizar el estudio de distribuci\u00f3n de planta para la instalaci\u00f3n de las vacas mec\u00e1nicas.<br><br><strong>O.E2: <\/strong>Elaborar el dise\u00f1o arquitect\u00f3nico definitivo para la adecuaci\u00f3n y construcci\u00f3n del \u00e1rea en donde se instalar\u00e1 las vacas mec\u00e1nicas.<br><br><strong>O.E3:<\/strong> Adecuar las instalaciones en donde se realizar\u00e1 el montaje de las maquinarias.<br><br><strong>O.E4:<\/strong> Instalaci\u00f3n de las dos unidades de producci\u00f3n de leche de soya.<br><br><strong>O.E5:<\/strong> Realizar pruebas de error para la calibraci\u00f3n de las vacas mec\u00e1nicas.<br><br><strong>O.E6:<\/strong> Realizar pruebas de calidad de la muestra de la leche de soya producida inicialmente.<br><br><strong>O.E7:<\/strong> Ejecutar las actividades para la puesta en marcha y producci\u00f3n de la leche de soya.<br><br><strong>O.E8:<\/strong> Dise\u00f1ar un plan de distribuci\u00f3n de leche de soya hacia los comedores de ayuda social.&nbsp;<\/td><\/tr><tr><\/tr><tr><\/tr><tr><\/tr><tr><\/tr><tr><\/tr><\/tbody><\/table><\/figure>\n\n\n\n<div style=\"height:38px\" aria-hidden=\"true\" class=\"wp-block-spacer\"><\/div>\n\n\n\n<div class=\"wp-block-file aligncenter\"><a href=\"https:\/\/departamentos.uleam.edu.ec\/vinculacion-colectividad\/files\/2022\/08\/2021.2_VCS_PROYECTO-DOS-VACAS-MECANICAS.pdf\" class=\"wp-block-file__button\" download>Descarga<\/a><\/div>\n","protected":false},"excerpt":{"rendered":"<p>PER\u00cdODO 2021 \u2013 2024 Proyecto de Transferencia Social del Conocimiento L\u00cdNEA DE VINCULACI\u00d3N:&nbsp;\u00abInfraestructura, Crecimiento Sustentable y Desarrollo industrial\u00bb Autores: Ing. Hidrovo Alc\u00edvar Pablo HoracioIng. Murillo Celorio El\u00edas AlfredoIng. Vera Mendoza Marcos Campo<a class=\"moretag\" href=\"https:\/\/departamentos.uleam.edu.ec\/vinculacion-colectividad\/https-departamentos-uleam-edu-ec-vinculacion-colectividad-proyectos2022-implementacion-de-dos-vaca-mecanica-para-la-produccion-de-leche-de-soya-a-instalarse-en-la-facultad-de-ingenieria-industrial-de\/\">Leer m\u00e1s&#8230;<\/a><\/p>\n","protected":false},"author":124,"featured_media":0,"parent":0,"menu_order":0,"comment_status":"closed","ping_status":"closed","template":"","meta":{"footnotes":"","_links_to":"","_links_to_target":""},"class_list":["post-4428","page","type-page","status-publish","hentry"],"_links":{"self":[{"href":"https:\/\/departamentos.uleam.edu.ec\/vinculacion-colectividad\/wp-json\/wp\/v2\/pages\/4428","targetHints":{"allow":["GET"]}}],"collection":[{"href":"https:\/\/departamentos.uleam.edu.ec\/vinculacion-colectividad\/wp-json\/wp\/v2\/pages"}],"about":[{"href":"https:\/\/departamentos.uleam.edu.ec\/vinculacion-colectividad\/wp-json\/wp\/v2\/types\/page"}],"author":[{"embeddable":true,"href":"https:\/\/departamentos.uleam.edu.ec\/vinculacion-colectividad\/wp-json\/wp\/v2\/users\/124"}],"replies":[{"embeddable":true,"href":"https:\/\/departamentos.uleam.edu.ec\/vinculacion-colectividad\/wp-json\/wp\/v2\/comments?post=4428"}],"version-history":[{"count":5,"href":"https:\/\/departamentos.uleam.edu.ec\/vinculacion-colectividad\/wp-json\/wp\/v2\/pages\/4428\/revisions"}],"predecessor-version":[{"id":4805,"href":"https:\/\/departamentos.uleam.edu.ec\/vinculacion-colectividad\/wp-json\/wp\/v2\/pages\/4428\/revisions\/4805"}],"wp:attachment":[{"href":"https:\/\/departamentos.uleam.edu.ec\/vinculacion-colectividad\/wp-json\/wp\/v2\/media?parent=4428"}],"curies":[{"name":"wp","href":"https:\/\/api.w.org\/{rel}","templated":true}]}}