{"id":4435,"date":"2022-08-05T10:21:47","date_gmt":"2022-08-05T15:21:47","guid":{"rendered":"https:\/\/departamentos.uleam.edu.ec\/vinculacion-colectividad\/?page_id=4435"},"modified":"2022-10-25T09:58:15","modified_gmt":"2022-10-25T14:58:15","slug":"https-departamentos-uleam-edu-ec-vinculacion-colectividad-proyectos2022-formacion-de-destrezas-e-insercion-laboral-en-el-ambito-ingenieril-orientado-a-los-estudiantes-del-tercero-de-bachillerato-de-lo","status":"publish","type":"page","link":"https:\/\/departamentos.uleam.edu.ec\/vinculacion-colectividad\/https-departamentos-uleam-edu-ec-vinculacion-colectividad-proyectos2022-formacion-de-destrezas-e-insercion-laboral-en-el-ambito-ingenieril-orientado-a-los-estudiantes-del-tercero-de-bachillerato-de-lo\/","title":{"rendered":"Formaci\u00f3n de destrezas e inserci\u00f3n laboral en el \u00e1mbito ingenieril, orientado a los estudiantes del tercero de bachillerato de los colegios del cant\u00f3n Manta"},"content":{"rendered":"\n<p class=\"has-text-align-center\" style=\"font-size:24px\">PER\u00cdODO 2020 &#8211; 2021<\/p>\n\n\n\n<p style=\"font-size:18px\">Proyecto de Vinculaci\u00f3n con la Sociedad<\/p>\n\n\n\n<p style=\"font-size:18px\"><strong><em>L\u00cdNEA DE VINCULACI\u00d3N:<\/em><\/strong> \u00abEducaci\u00f3n de calidad para obtener conocimientos ingenieriles.\u00bb<\/p>\n\n\n\n<div style=\"height:61px\" aria-hidden=\"true\" class=\"wp-block-spacer\"><\/div>\n\n\n\n<figure class=\"wp-block-table is-style-regular\"><table><tbody><tr><td><strong>Autores: <\/strong><br>Ing. Dar\u00edo P\u00e1ez Cornejo, Mg. <br>Ing. Alex Junqui Cede\u00f1o, Mg.<\/td><\/tr><tr><\/tr><tr><\/tr><tr><\/tr><tr><\/tr><tr><\/tr><\/tbody><\/table><\/figure>\n\n\n\n<figure class=\"wp-block-table is-style-regular\"><table><tbody><tr><td><strong>Campo Amplio: <\/strong><br>Ingenier\u00eda, industria y construcci\u00f3n<\/td><td><strong>Campo espec\u00edfico:<\/strong>&nbsp; <br>Ingenier\u00eda Civil <br>Ingenier\u00eda Mec\u00e1nica Naval <br>Ingenier\u00eda El\u00e9ctrica<\/td><td><strong>Campos detallados:<\/strong> <br>Ingenier\u00eda Civil, Ingenier\u00eda Mec\u00e1nica Naval, Ingenier\u00eda El\u00e9ctrica: Capacitaciones&nbsp; asesor\u00edas<\/td><\/tr><tr><\/tr><tr><\/tr><tr><\/tr><\/tbody><\/table><\/figure>\n\n\n\n<figure class=\"wp-block-table is-style-regular\"><table><tbody><tr><td><strong>L\u00edneas de investigaci\u00f3n:<\/strong> <br>Ingenier\u00eda y construcci\u00f3n <br>Servicios de asesor\u00eda t\u00e9cnicos, transferencias de conocimientos de tecnolog\u00edas y educaci\u00f3n continua comunitaria.<\/td><td><strong>L\u00edneas de vinculaci\u00f3n: <\/strong><br>Educaci\u00f3n de calidad para obtener conocimientos ingenieriles<\/td><\/tr><tr><\/tr><tr><\/tr><tr><\/tr><\/tbody><\/table><\/figure>\n\n\n\n<figure class=\"wp-block-table is-style-regular\"><table><tbody><tr><td><strong>Tipo de proyecto:<\/strong> <br>Vinculaci\u00f3n&nbsp;<\/td><td><strong>Estado del proyecto:<\/strong><\/td><td><strong>C\u00f3digo del proyecto:<\/strong><\/td><\/tr><tr><\/tr><\/tbody><\/table><\/figure>\n\n\n\n<figure class=\"wp-block-table is-style-regular\"><table><tbody><tr><td><strong>Fecha inicio: <\/strong><br>16 de Noviembre del 2020<\/td><td><strong>Fecha de Fin Planeado: <\/strong><br>31 de Marzo del 2023<\/td><\/tr><tr><\/tr><\/tbody><\/table><\/figure>\n\n\n\n<figure class=\"wp-block-table is-style-regular\"><table><tbody><tr><td><strong>Convenios: <\/strong><br>Colegio Fiscal T\u00e9cnico \u201cLuis Arboleda Mart\u00ednez\u201d<\/td><\/tr><tr><\/tr><tr><\/tr><tr><td><strong>Beneficiarios: <\/strong><br>Estudiantes de la Universidad, estudiantes del Colegio Fiscal T\u00e9cnico \u201cLuis Arboleda Mart\u00ednez\u201d<\/td><\/tr><tr><\/tr><tr><\/tr><tr><\/tr><\/tbody><\/table><\/figure>\n\n\n\n<p><strong>FUENTES DE INFORMACI\u00d3N<\/strong><\/p>\n\n\n\n<figure class=\"wp-block-table is-style-regular\"><table><tbody><tr><td>Encuestas realizadas a los estudiantes del Colegio Fiscal T\u00e9cnico \u201cLuis Arboleda Mart\u00ednez\u201d.<br>INEC Proyecci\u00f3n de Poblaci\u00f3n al 2020.<br>Diagn\u00f3stico Mancomunidad Manta \u2013Montecristi \u2013Jaramij\u00f3, frente a Covid-19.<br>Instituto Nacional de Evaluaci\u00f3n Educativa. <br>Observatorio Territorial Multidisciplinario \u2013Uleam.<br>L\u00edneas de Investigaci\u00f3n y L\u00edneas de Vinculaci\u00f3n ULEAM<\/td><\/tr><tr><\/tr><tr><\/tr><tr><\/tr><tr><\/tr><tr><\/tr><\/tbody><\/table><\/figure>\n\n\n\n<p><strong>COBERTURA Y LOCALIZACI\u00d3N<\/strong><\/p>\n\n\n\n<figure class=\"wp-block-table is-style-regular\"><table><tbody><tr><td><strong>Alcance territorial: <\/strong><br>Cantonal&nbsp;<\/td><td><strong>Provincia\/s:<\/strong><br>Manab\u00ed<\/td><\/tr><tr><\/tr><\/tbody><\/table><\/figure>\n\n\n\n<figure class=\"wp-block-table is-style-regular\"><table><tbody><tr><td><strong>Cant\u00f3n o Cantones:<\/strong> <br>Manta, Montecristi y Jaramij\u00f3<\/td><td><strong>Parroquia\/s: <\/strong><br>Manta, Montecristi y Jaramij\u00f3<\/td><td><strong>Barrio\/s:<\/strong> <\/td><\/tr><tr><\/tr><\/tbody><\/table><\/figure>\n\n\n\n<p><strong>PRESUPUESTO<\/strong><\/p>\n\n\n\n<figure class=\"wp-block-table is-style-regular\"><table><tbody><tr><td><strong>Presupuesto financiar por la IES:<\/strong> <br>$ 1500,00<\/td><td><strong>Presupuesto total de aliados estrat\u00e9gicos:&nbsp;<\/strong> <br>$ 1090,00<\/td><\/tr><tr><\/tr><\/tbody><\/table><\/figure>\n\n\n\n<div style=\"height:34px\" aria-hidden=\"true\" class=\"wp-block-spacer\"><\/div>\n\n\n\n<p><strong>OBJETIVO DEL PROYECTO<\/strong><\/p>\n\n\n\n<p class=\"has-text-align-center\"><strong><em>OBJETIVO GENERAL<\/em><\/strong><\/p>\n\n\n\n<figure class=\"wp-block-table is-style-regular\"><table><tbody><tr><td>Formar destrezas para su inserci\u00f3n&nbsp; laboral&nbsp; en&nbsp; el&nbsp; \u00e1mbito&nbsp; ingenieril, delos estudiantes del Colegio Fiscal T\u00e9cnico \u201cLuis Arboleda Mart\u00ednez\u201d de la zona 4 \u2013Manab\u00ed.<\/td><\/tr><tr><\/tr><tr><\/tr><\/tbody><\/table><\/figure>\n\n\n\n<p class=\"has-text-align-center\"><strong><em>OBJETIVOS ESPEC\u00cdFICOS<\/em><\/strong><\/p>\n\n\n\n<figure class=\"wp-block-table is-style-regular\"><table><tbody><tr><td><strong>O.E1:<\/strong> Asesorara los estudiantes del Colegio Fiscal T\u00e9cnico \u201cLuis Arboleda Mart\u00ednez\u201d de&nbsp; la&nbsp; zona&nbsp; 4 \u2013Manab\u00ed, en&nbsp; el&nbsp; uso&nbsp; de los&nbsp; equipos&nbsp; de&nbsp; topograf\u00eda&nbsp; para&nbsp; realizar levantamientos y el uso de equipos manuales y digitales de medici\u00f3n. <br><br><strong>O.E2: <\/strong>Fortalecer&nbsp;&nbsp; las&nbsp;&nbsp; habilidades&nbsp;&nbsp; mediante&nbsp;&nbsp; el&nbsp;&nbsp; manejo&nbsp;&nbsp; de&nbsp;&nbsp; programas inform\u00e1ticos fundamentales como Excel, AutoCAD, Project.<br><br><strong>O.E3:<\/strong> Fomentar la calidad de aprendizaje de estudios de suelo mediante pr\u00e1cticas en el laboratorio&nbsp; para el&nbsp; reconocimiento&nbsp; de&nbsp; los&nbsp; equipos&nbsp; b\u00e1sicos&nbsp; del&nbsp; mismo,&nbsp; as\u00ed&nbsp; como tambi\u00e9n para la elaboraci\u00f3n e interpretaci\u00f3n de informes.<br><br><strong>O.E4:<\/strong> Mejorar&nbsp; los&nbsp; conocimientos&nbsp; y&nbsp; pr\u00e1cticas&nbsp; de&nbsp; hormigones&nbsp; y&nbsp; morteros&nbsp; mediante&nbsp; la utilizaci\u00f3n del laboratorio para identificar sus propiedades mediante ensayos. <br><br><strong>O.E5: <\/strong>Dotar de conocimientos frescos en las diferentes ramas de la ingenier\u00eda el\u00e9ctrica mediante pr\u00e1cticas&nbsp; con&nbsp; el&nbsp; M\u00f3dulo&nbsp; de&nbsp; Rel\u00e9&nbsp; para estudios de&nbsp; fallas&nbsp; el\u00e9ctricas fomentando&nbsp; un&nbsp; aprendizaje&nbsp; eficaz&nbsp; que&nbsp; les&nbsp; permita&nbsp; la&nbsp; participaci\u00f3n&nbsp; dentro&nbsp; del campo laboral. <br><br><strong>O.E6:<\/strong> Demostrar el manejo de los diferentes m\u00f3dulos de sistemas el\u00e9ctricos de potencia desde&nbsp; la&nbsp; Generaci\u00f3n,&nbsp; Transmisi\u00f3n&nbsp; y&nbsp; Distribuci\u00f3n&nbsp; de&nbsp; energ\u00eda&nbsp; el\u00e9ctrica&nbsp; mediante simulaciones in situ para un mejor adiestramiento de los alumnos.<br><br><strong>O.E7: <\/strong>Explicar&nbsp;&nbsp; mediante&nbsp;&nbsp; pr\u00e1cticas&nbsp;&nbsp; de&nbsp;&nbsp; simulaci\u00f3n&nbsp;&nbsp; las&nbsp;&nbsp; diferentes&nbsp;&nbsp; conexiones&nbsp;&nbsp; de transformadores monof\u00e1sicos y trif\u00e1sicos. <br><br><strong>O.E8:<\/strong> Instruir a los estudiantes en el uso de los equipos y comprobadores en aplicaciones de mantenimiento en las \u00e1reas de refrigeraci\u00f3n. <br><br><strong>O.E9:<\/strong> Fortalecer&nbsp; los&nbsp; conocimientos&nbsp; y&nbsp; habilidades&nbsp; de&nbsp; la&nbsp; refrigeraci\u00f3n&nbsp; basados&nbsp; en&nbsp; los principios termodin\u00e1micos.<br><br><strong>O.E10:<\/strong> Fomentar&nbsp; el&nbsp; an\u00e1lisis&nbsp; y&nbsp; estudio&nbsp; t\u00e9cnico&nbsp; para&nbsp; el&nbsp; desarrollo&nbsp; eficaz&nbsp; de&nbsp; planes&nbsp; de mantenimiento.<br><br><strong>O.E11:<\/strong> Mejorar&nbsp; los&nbsp; conocimientos&nbsp; por&nbsp; medio&nbsp; de&nbsp; pr\u00e1cticas&nbsp; de refrigeraci\u00f3n mediante&nbsp; el uso&nbsp; del&nbsp; taller&nbsp; para&nbsp; identificar&nbsp; el&nbsp; funcionamiento&nbsp; de&nbsp; sus&nbsp; sistemas y&nbsp; su&nbsp; correcto mantenimiento.<\/td><\/tr><tr><\/tr><tr><\/tr><tr><\/tr><tr><\/tr><tr><\/tr><\/tbody><\/table><\/figure>\n\n\n\n<div style=\"height:46px\" aria-hidden=\"true\" class=\"wp-block-spacer\"><\/div>\n\n\n\n<figure class=\"wp-block-gallery columns-3 is-cropped wp-block-gallery-1 is-layout-flex wp-block-gallery-is-layout-flex\"><ul class=\"blocks-gallery-grid\"><li class=\"blocks-gallery-item\"><figure><a href=\"https:\/\/departamentos.uleam.edu.ec\/vinculacion-colectividad\/files\/2022\/09\/Imagen10.png\"><img fetchpriority=\"high\" decoding=\"async\" width=\"567\" height=\"223\" src=\"https:\/\/departamentos.uleam.edu.ec\/vinculacion-colectividad\/files\/2022\/09\/Imagen10.png\" alt=\"\" data-id=\"4976\" data-link=\"https:\/\/departamentos.uleam.edu.ec\/vinculacion-colectividad\/https-departamentos-uleam-edu-ec-vinculacion-colectividad-proyectos2022-formacion-de-destrezas-e-insercion-laboral-en-el-ambito-ingenieril-orientado-a-los-estudiantes-del-tercero-de-bachillerato-de-lo\/imagen10\/\" class=\"wp-image-4976\" srcset=\"https:\/\/departamentos.uleam.edu.ec\/vinculacion-colectividad\/files\/2022\/09\/Imagen10.png 567w, https:\/\/departamentos.uleam.edu.ec\/vinculacion-colectividad\/files\/2022\/09\/Imagen10-300x118.png 300w\" sizes=\"(max-width: 567px) 100vw, 567px\" \/><\/a><\/figure><\/li><li class=\"blocks-gallery-item\"><figure><a href=\"https:\/\/departamentos.uleam.edu.ec\/vinculacion-colectividad\/files\/2022\/09\/Imagen11.jpg\"><img decoding=\"async\" width=\"613\" height=\"460\" src=\"https:\/\/departamentos.uleam.edu.ec\/vinculacion-colectividad\/files\/2022\/09\/Imagen11.jpg\" alt=\"\" data-id=\"4977\" data-link=\"https:\/\/departamentos.uleam.edu.ec\/vinculacion-colectividad\/https-departamentos-uleam-edu-ec-vinculacion-colectividad-proyectos2022-formacion-de-destrezas-e-insercion-laboral-en-el-ambito-ingenieril-orientado-a-los-estudiantes-del-tercero-de-bachillerato-de-lo\/imagen11\/\" class=\"wp-image-4977\" srcset=\"https:\/\/departamentos.uleam.edu.ec\/vinculacion-colectividad\/files\/2022\/09\/Imagen11.jpg 613w, https:\/\/departamentos.uleam.edu.ec\/vinculacion-colectividad\/files\/2022\/09\/Imagen11-300x225.jpg 300w\" sizes=\"(max-width: 613px) 100vw, 613px\" \/><\/a><\/figure><\/li><li class=\"blocks-gallery-item\"><figure><a href=\"https:\/\/departamentos.uleam.edu.ec\/vinculacion-colectividad\/files\/2022\/09\/Imagen12.jpg\"><img decoding=\"async\" width=\"583\" height=\"328\" src=\"https:\/\/departamentos.uleam.edu.ec\/vinculacion-colectividad\/files\/2022\/09\/Imagen12.jpg\" alt=\"\" data-id=\"4978\" data-full-url=\"https:\/\/departamentos.uleam.edu.ec\/vinculacion-colectividad\/files\/2022\/09\/Imagen12.jpg\" data-link=\"https:\/\/departamentos.uleam.edu.ec\/vinculacion-colectividad\/https-departamentos-uleam-edu-ec-vinculacion-colectividad-proyectos2022-formacion-de-destrezas-e-insercion-laboral-en-el-ambito-ingenieril-orientado-a-los-estudiantes-del-tercero-de-bachillerato-de-lo\/imagen12\/\" class=\"wp-image-4978\" srcset=\"https:\/\/departamentos.uleam.edu.ec\/vinculacion-colectividad\/files\/2022\/09\/Imagen12.jpg 583w, https:\/\/departamentos.uleam.edu.ec\/vinculacion-colectividad\/files\/2022\/09\/Imagen12-300x169.jpg 300w\" sizes=\"(max-width: 583px) 100vw, 583px\" \/><\/a><\/figure><\/li><\/ul><\/figure>\n\n\n\n<div style=\"height:34px\" aria-hidden=\"true\" class=\"wp-block-spacer\"><\/div>\n\n\n\n<div class=\"wp-block-file aligncenter\"><a href=\"https:\/\/departamentos.uleam.edu.ec\/vinculacion-colectividad\/files\/2022\/08\/Proyecto-de-Vinculacion-aprobado-Facultad-de-Ingenieria.pdf\" class=\"wp-block-file__button\" download>Descarga<\/a><\/div>\n","protected":false},"excerpt":{"rendered":"<p>PER\u00cdODO 2020 &#8211; 2021 Proyecto de Vinculaci\u00f3n con la Sociedad L\u00cdNEA DE VINCULACI\u00d3N: \u00abEducaci\u00f3n de calidad para obtener conocimientos ingenieriles.\u00bb Autores: Ing. Dar\u00edo P\u00e1ez Cornejo, Mg. Ing. Alex Junqui Cede\u00f1o, Mg. Campo<a class=\"moretag\" href=\"https:\/\/departamentos.uleam.edu.ec\/vinculacion-colectividad\/https-departamentos-uleam-edu-ec-vinculacion-colectividad-proyectos2022-formacion-de-destrezas-e-insercion-laboral-en-el-ambito-ingenieril-orientado-a-los-estudiantes-del-tercero-de-bachillerato-de-lo\/\">Leer m\u00e1s&#8230;<\/a><\/p>\n","protected":false},"author":124,"featured_media":0,"parent":0,"menu_order":0,"comment_status":"closed","ping_status":"closed","template":"","meta":{"footnotes":"","_links_to":"","_links_to_target":""},"class_list":["post-4435","page","type-page","status-publish","hentry"],"_links":{"self":[{"href":"https:\/\/departamentos.uleam.edu.ec\/vinculacion-colectividad\/wp-json\/wp\/v2\/pages\/4435","targetHints":{"allow":["GET"]}}],"collection":[{"href":"https:\/\/departamentos.uleam.edu.ec\/vinculacion-colectividad\/wp-json\/wp\/v2\/pages"}],"about":[{"href":"https:\/\/departamentos.uleam.edu.ec\/vinculacion-colectividad\/wp-json\/wp\/v2\/types\/page"}],"author":[{"embeddable":true,"href":"https:\/\/departamentos.uleam.edu.ec\/vinculacion-colectividad\/wp-json\/wp\/v2\/users\/124"}],"replies":[{"embeddable":true,"href":"https:\/\/departamentos.uleam.edu.ec\/vinculacion-colectividad\/wp-json\/wp\/v2\/comments?post=4435"}],"version-history":[{"count":6,"href":"https:\/\/departamentos.uleam.edu.ec\/vinculacion-colectividad\/wp-json\/wp\/v2\/pages\/4435\/revisions"}],"predecessor-version":[{"id":5131,"href":"https:\/\/departamentos.uleam.edu.ec\/vinculacion-colectividad\/wp-json\/wp\/v2\/pages\/4435\/revisions\/5131"}],"wp:attachment":[{"href":"https:\/\/departamentos.uleam.edu.ec\/vinculacion-colectividad\/wp-json\/wp\/v2\/media?parent=4435"}],"curies":[{"name":"wp","href":"https:\/\/api.w.org\/{rel}","templated":true}]}}