{"id":4437,"date":"2022-08-05T10:23:05","date_gmt":"2022-08-05T15:23:05","guid":{"rendered":"https:\/\/departamentos.uleam.edu.ec\/vinculacion-colectividad\/?page_id=4437"},"modified":"2022-10-25T09:59:24","modified_gmt":"2022-10-25T14:59:24","slug":"https-departamentos-uleam-edu-ec-vinculacion-colectividad-proyectos2022-asistencia-tecnica-para-el-fortalecimiento-de-la-red-vial-de-la-provincia-de-manabi-en-cooperacion-interinstitucional-con-el-min","status":"publish","type":"page","link":"https:\/\/departamentos.uleam.edu.ec\/vinculacion-colectividad\/https-departamentos-uleam-edu-ec-vinculacion-colectividad-proyectos2022-asistencia-tecnica-para-el-fortalecimiento-de-la-red-vial-de-la-provincia-de-manabi-en-cooperacion-interinstitucional-con-el-min\/","title":{"rendered":"Asistencia t\u00e9cnica para el fortalecimiento de la red vial de la provincia de Manab\u00ed en cooperaci\u00f3n Interinstitucional con el Ministerio de Transporte y Obras P\u00fablicas"},"content":{"rendered":"\n<p class=\"has-text-align-center\" style=\"font-size:24px\">PER\u00cdODO 2021 &#8211; 2024<\/p>\n\n\n\n<p style=\"font-size:18px\">Proyecto de Transferencia Social del Conocimiento<\/p>\n\n\n\n<p style=\"font-size:18px\"><strong><em>L\u00cdNEA DE VINCULACI\u00d3N:<\/em><\/strong> \u00abEducaci\u00f3n de calidad para obtener conocimientos ingenieriles\u00bb<\/p>\n\n\n\n<div style=\"height:70px\" aria-hidden=\"true\" class=\"wp-block-spacer\"><\/div>\n\n\n\n<figure class=\"wp-block-table is-style-regular\"><table><tbody><tr><td><strong>Autores:<\/strong> <br>Ing. Geovanny Delgado Castro, Mg. <br>Ing. Alexi Mor\u00e1n Guzm\u00e1n, Mg.<\/td><\/tr><tr><\/tr><tr><\/tr><tr><\/tr><tr><\/tr><tr><\/tr><\/tbody><\/table><\/figure>\n\n\n\n<figure class=\"wp-block-table is-style-regular\"><table><tbody><tr><td><strong>Campo Amplio: <\/strong><br>Ingenier\u00eda, industria y construcci\u00f3n<\/td><td><strong>Campo espec\u00edfico:&nbsp;<\/strong> <br>Ingenier\u00eda civil y Arquitectura<\/td><td><strong>Campos detallados: <\/strong><br>Informes t\u00e9cnicos y ensayos de laboratorio<\/td><\/tr><tr><\/tr><tr><\/tr><tr><\/tr><\/tbody><\/table><\/figure>\n\n\n\n<figure class=\"wp-block-table is-style-regular\"><table><tbody><tr><td><strong>L\u00ednea de investigaci\u00f3n:<\/strong> <br>Ingenier\u00eda y construcci\u00f3n<\/td><td><strong>L\u00ednea de vinculaci\u00f3n:<\/strong><br>Educaci\u00f3n de calidad para obtener conocimientos ingenieriles<\/td><\/tr><tr><\/tr><tr><\/tr><tr><\/tr><\/tbody><\/table><\/figure>\n\n\n\n<figure class=\"wp-block-table is-style-regular\"><table><tbody><tr><td><strong>Tipo de proyecto:<\/strong> <br>Vinculaci\u00f3n&nbsp;<\/td><td><strong>Estado del proyecto:<\/strong><\/td><td><strong>C\u00f3digo del proyecto:<\/strong><\/td><\/tr><tr><\/tr><\/tbody><\/table><\/figure>\n\n\n\n<figure class=\"wp-block-table is-style-regular\"><table><tbody><tr><td><strong>Fecha inicio:<\/strong> <br>1 de Diciembre del 2021<\/td><td><strong>Fecha de Fin Planeado: <\/strong><br>30 de enero del 2025<\/td><\/tr><tr><\/tr><\/tbody><\/table><\/figure>\n\n\n\n<figure class=\"wp-block-table is-style-regular\"><table><tbody><tr><td><strong>Convenios: <\/strong><br>Ministerios de Transporte y Obras P\u00fablicas<\/td><\/tr><tr><\/tr><tr><\/tr><tr><td><strong>Beneficiarios: <\/strong><br>Estudiantes de la Facultad de Ingenier\u00eda y Arquitectura, <br>Ministerio de Transporte y Obras P\u00fablicas y sociedad ecuatoriana.<\/td><\/tr><tr><\/tr><tr><\/tr><tr><\/tr><\/tbody><\/table><\/figure>\n\n\n\n<p><strong>FUENTES DE INFORMACI\u00d3N<\/strong><\/p>\n\n\n\n<figure class=\"wp-block-table is-style-regular\"><table><tbody><tr><td>Convenio Marco de Cooperaci\u00f3n Interinstitucional entre el Ministerio de Transporte y Obras P\u00fablicas y la Universidad Laica \u201cEloy Alfaro\u201d de Manab\u00ed.<br>Encuestas dirigidas a los estudiantes de la Facultad de Ingenier\u00eda.<br>L\u00edneas de Investigaci\u00f3n y L\u00edneas de Vinculaci\u00f3n ULEAM<br>Observatorio Territorial Multidisciplinario\u2013Uleam.<\/td><\/tr><tr><\/tr><tr><\/tr><tr><\/tr><tr><\/tr><tr><\/tr><\/tbody><\/table><\/figure>\n\n\n\n<p><strong>COBERTURA Y LOCALIZACI\u00d3N<\/strong><\/p>\n\n\n\n<figure class=\"wp-block-table is-style-regular\"><table><tbody><tr><td><strong>Alcance territorial: <\/strong><br>Provincial&nbsp;<\/td><td><strong>Provincia\/s:<\/strong><br>Manab\u00ed<\/td><\/tr><tr><\/tr><\/tbody><\/table><\/figure>\n\n\n\n<figure class=\"wp-block-table is-style-regular\"><table><tbody><tr><td><strong>Cant\u00f3n o Cantones: <\/strong><br>Manta, Montecristi, Portoviejo, Sucre, Santa Ana, Bol\u00edvar, Chone, El Carmen, Flavio Alfaro, Jama, Jaramij\u00f3, Jipijapa, Jun\u00edn, Olmedo, Paj\u00e1n, Pedernales, Pichincha, Puerto L\u00f3pez, Rocafuerte, San Vicente, Tosagua, 24 de mayo.<\/td><td><strong>Parroquia\/s:<\/strong> <br>Todas<\/td><td><strong>Barrio\/s:<\/strong><br>Todos<\/td><\/tr><tr><\/tr><\/tbody><\/table><\/figure>\n\n\n\n<p><strong>PRESUPUESTO<\/strong><\/p>\n\n\n\n<figure class=\"wp-block-table is-style-regular\"><table><tbody><tr><td>$3000,00<\/td><\/tr><tr><\/tr><\/tbody><\/table><\/figure>\n\n\n\n<div style=\"height:42px\" aria-hidden=\"true\" class=\"wp-block-spacer\"><\/div>\n\n\n\n<p><strong>OBJETIVO DEL PROYECTO<\/strong><\/p>\n\n\n\n<p class=\"has-text-align-center\"><strong><em>OBJETIVO GENERAL<\/em><\/strong><\/p>\n\n\n\n<figure class=\"wp-block-table is-style-regular\"><table><tbody><tr><td>Ejecutar&nbsp; mecanismos&nbsp; de&nbsp; cooperaci\u00f3n&nbsp; y&nbsp; asistencia&nbsp; t\u00e9cnica&nbsp; permanente&nbsp; para fortalecer&nbsp; la&nbsp; parte&nbsp; vial&nbsp; de&nbsp; la&nbsp; provincia&nbsp; de&nbsp; Manab\u00ed&nbsp; a&nbsp; trav\u00e9s&nbsp; del&nbsp; desarrollo&nbsp; y ejecuci\u00f3n de proyectos.&nbsp;<\/td><\/tr><tr><\/tr><tr><\/tr><\/tbody><\/table><\/figure>\n\n\n\n<p class=\"has-text-align-center\"><strong><em>OBJETIVOS ESPEC\u00cdFICOS<\/em><\/strong><\/p>\n\n\n\n<figure class=\"wp-block-table is-style-regular\"><table><tbody><tr><td><strong>O.E1:<\/strong> Fomentar&nbsp; la&nbsp; calidad&nbsp; de&nbsp; aprendizaje&nbsp; del&nbsp; estudio&nbsp; de&nbsp; suelo&nbsp; para&nbsp; conocer&nbsp; sus caracter\u00edsticas, composici\u00f3n y estructura, as\u00ed como tambi\u00e9n para la elaboraci\u00f3n de informes. <br><br><strong>O.E2:<\/strong> Mejorar los conocimientos y pr\u00e1cticas de hormigones mediante la utilizaci\u00f3n del laboratorio y equipos para identificar sus propiedades mediante ensayos. <br><br><strong>O.E3:<\/strong> Fortalecer&nbsp; el&nbsp; an\u00e1lisis&nbsp; de&nbsp; movilidad&nbsp; en&nbsp; la&nbsp; zona&nbsp; de&nbsp; estudio,&nbsp; considerando&nbsp; los diferentes elementos de se\u00f1alizaci\u00f3n y conteo.&nbsp; <br><br><strong>O.E4:<\/strong> Fomentar&nbsp; el&nbsp; an\u00e1lisis&nbsp; y&nbsp; estudio&nbsp; t\u00e9cnico&nbsp; para&nbsp; el&nbsp; desarrollo&nbsp; eficaz&nbsp; de&nbsp; planes&nbsp; de mantenimiento. <br><br><strong>O.E5:<\/strong> Instruir&nbsp; en&nbsp; los&nbsp; elementos&nbsp; t\u00e9cnicos&nbsp; y&nbsp; cient\u00edficos&nbsp; que&nbsp; aporta&nbsp; el&nbsp; estudio&nbsp; de&nbsp; la hidrolog\u00eda en la zona de an\u00e1lisis.&nbsp;<\/td><\/tr><tr><\/tr><tr><\/tr><tr><\/tr><tr><\/tr><tr><\/tr><\/tbody><\/table><\/figure>\n\n\n\n<div style=\"height:46px\" aria-hidden=\"true\" class=\"wp-block-spacer\"><\/div>\n\n\n\n<figure class=\"wp-block-gallery columns-3 is-cropped wp-block-gallery-1 is-layout-flex wp-block-gallery-is-layout-flex\"><ul class=\"blocks-gallery-grid\"><li class=\"blocks-gallery-item\"><figure><a href=\"https:\/\/departamentos.uleam.edu.ec\/vinculacion-colectividad\/files\/2022\/09\/Imagen8.jpg\"><img decoding=\"async\" width=\"254\" height=\"180\" src=\"https:\/\/departamentos.uleam.edu.ec\/vinculacion-colectividad\/files\/2022\/09\/Imagen8.jpg\" alt=\"\" data-id=\"4972\" data-link=\"https:\/\/departamentos.uleam.edu.ec\/vinculacion-colectividad\/https-departamentos-uleam-edu-ec-vinculacion-colectividad-proyectos2022-asistencia-tecnica-para-el-fortalecimiento-de-la-red-vial-de-la-provincia-de-manabi-en-cooperacion-interinstitucional-con-el-min\/imagen8\/\" class=\"wp-image-4972\" \/><\/a><\/figure><\/li><li class=\"blocks-gallery-item\"><figure><a href=\"https:\/\/departamentos.uleam.edu.ec\/vinculacion-colectividad\/files\/2022\/09\/Imagen9.png\"><img fetchpriority=\"high\" decoding=\"async\" width=\"316\" height=\"166\" src=\"https:\/\/departamentos.uleam.edu.ec\/vinculacion-colectividad\/files\/2022\/09\/Imagen9.png\" alt=\"\" data-id=\"4973\" data-full-url=\"https:\/\/departamentos.uleam.edu.ec\/vinculacion-colectividad\/files\/2022\/09\/Imagen9.png\" data-link=\"https:\/\/departamentos.uleam.edu.ec\/vinculacion-colectividad\/https-departamentos-uleam-edu-ec-vinculacion-colectividad-proyectos2022-asistencia-tecnica-para-el-fortalecimiento-de-la-red-vial-de-la-provincia-de-manabi-en-cooperacion-interinstitucional-con-el-min\/imagen9-2\/\" class=\"wp-image-4973\" srcset=\"https:\/\/departamentos.uleam.edu.ec\/vinculacion-colectividad\/files\/2022\/09\/Imagen9.png 316w, https:\/\/departamentos.uleam.edu.ec\/vinculacion-colectividad\/files\/2022\/09\/Imagen9-300x158.png 300w\" sizes=\"(max-width: 316px) 100vw, 316px\" \/><\/a><\/figure><\/li><li class=\"blocks-gallery-item\"><figure><a href=\"https:\/\/departamentos.uleam.edu.ec\/vinculacion-colectividad\/files\/2022\/09\/Imagen6.jpg\"><img decoding=\"async\" width=\"507\" height=\"251\" src=\"https:\/\/departamentos.uleam.edu.ec\/vinculacion-colectividad\/files\/2022\/09\/Imagen6.jpg\" alt=\"\" data-id=\"4970\" data-link=\"https:\/\/departamentos.uleam.edu.ec\/vinculacion-colectividad\/https-departamentos-uleam-edu-ec-vinculacion-colectividad-proyectos2022-asistencia-tecnica-para-el-fortalecimiento-de-la-red-vial-de-la-provincia-de-manabi-en-cooperacion-interinstitucional-con-el-min\/imagen6\/\" class=\"wp-image-4970\" srcset=\"https:\/\/departamentos.uleam.edu.ec\/vinculacion-colectividad\/files\/2022\/09\/Imagen6.jpg 507w, https:\/\/departamentos.uleam.edu.ec\/vinculacion-colectividad\/files\/2022\/09\/Imagen6-300x149.jpg 300w\" sizes=\"(max-width: 507px) 100vw, 507px\" \/><\/a><\/figure><\/li><li class=\"blocks-gallery-item\"><figure><a href=\"https:\/\/departamentos.uleam.edu.ec\/vinculacion-colectividad\/files\/2022\/09\/Imagen7-1024x668.png\"><img loading=\"lazy\" decoding=\"async\" width=\"1024\" height=\"668\" src=\"https:\/\/departamentos.uleam.edu.ec\/vinculacion-colectividad\/files\/2022\/09\/Imagen7-1024x668.png\" alt=\"\" data-id=\"4971\" data-link=\"https:\/\/departamentos.uleam.edu.ec\/vinculacion-colectividad\/https-departamentos-uleam-edu-ec-vinculacion-colectividad-proyectos2022-asistencia-tecnica-para-el-fortalecimiento-de-la-red-vial-de-la-provincia-de-manabi-en-cooperacion-interinstitucional-con-el-min\/imagen7\/\" class=\"wp-image-4971\" srcset=\"https:\/\/departamentos.uleam.edu.ec\/vinculacion-colectividad\/files\/2022\/09\/Imagen7-1024x668.png 1024w, https:\/\/departamentos.uleam.edu.ec\/vinculacion-colectividad\/files\/2022\/09\/Imagen7-300x196.png 300w, https:\/\/departamentos.uleam.edu.ec\/vinculacion-colectividad\/files\/2022\/09\/Imagen7-768x501.png 768w, https:\/\/departamentos.uleam.edu.ec\/vinculacion-colectividad\/files\/2022\/09\/Imagen7-1536x1003.png 1536w, https:\/\/departamentos.uleam.edu.ec\/vinculacion-colectividad\/files\/2022\/09\/Imagen7.png 2030w\" sizes=\"(max-width: 1024px) 100vw, 1024px\" \/><\/a><\/figure><\/li><\/ul><\/figure>\n\n\n\n<div style=\"height:42px\" aria-hidden=\"true\" class=\"wp-block-spacer\"><\/div>\n\n\n\n<div class=\"wp-block-file aligncenter\"><a href=\"https:\/\/departamentos.uleam.edu.ec\/vinculacion-colectividad\/files\/2022\/08\/PROYECTO-CONVENIO-MTOP-Y-ULEAM-MOD-2.pdf\" class=\"wp-block-file__button\" download>Descarga<\/a><\/div>\n","protected":false},"excerpt":{"rendered":"<p>PER\u00cdODO 2021 &#8211; 2024 Proyecto de Transferencia Social del Conocimiento L\u00cdNEA DE VINCULACI\u00d3N: \u00abEducaci\u00f3n de calidad para obtener conocimientos ingenieriles\u00bb Autores: Ing. Geovanny Delgado Castro, Mg. Ing. Alexi Mor\u00e1n Guzm\u00e1n, Mg. Campo<a class=\"moretag\" href=\"https:\/\/departamentos.uleam.edu.ec\/vinculacion-colectividad\/https-departamentos-uleam-edu-ec-vinculacion-colectividad-proyectos2022-asistencia-tecnica-para-el-fortalecimiento-de-la-red-vial-de-la-provincia-de-manabi-en-cooperacion-interinstitucional-con-el-min\/\">Leer m\u00e1s&#8230;<\/a><\/p>\n","protected":false},"author":124,"featured_media":0,"parent":0,"menu_order":0,"comment_status":"closed","ping_status":"closed","template":"","meta":{"footnotes":"","_links_to":"","_links_to_target":""},"class_list":["post-4437","page","type-page","status-publish","hentry"],"_links":{"self":[{"href":"https:\/\/departamentos.uleam.edu.ec\/vinculacion-colectividad\/wp-json\/wp\/v2\/pages\/4437","targetHints":{"allow":["GET"]}}],"collection":[{"href":"https:\/\/departamentos.uleam.edu.ec\/vinculacion-colectividad\/wp-json\/wp\/v2\/pages"}],"about":[{"href":"https:\/\/departamentos.uleam.edu.ec\/vinculacion-colectividad\/wp-json\/wp\/v2\/types\/page"}],"author":[{"embeddable":true,"href":"https:\/\/departamentos.uleam.edu.ec\/vinculacion-colectividad\/wp-json\/wp\/v2\/users\/124"}],"replies":[{"embeddable":true,"href":"https:\/\/departamentos.uleam.edu.ec\/vinculacion-colectividad\/wp-json\/wp\/v2\/comments?post=4437"}],"version-history":[{"count":6,"href":"https:\/\/departamentos.uleam.edu.ec\/vinculacion-colectividad\/wp-json\/wp\/v2\/pages\/4437\/revisions"}],"predecessor-version":[{"id":5132,"href":"https:\/\/departamentos.uleam.edu.ec\/vinculacion-colectividad\/wp-json\/wp\/v2\/pages\/4437\/revisions\/5132"}],"wp:attachment":[{"href":"https:\/\/departamentos.uleam.edu.ec\/vinculacion-colectividad\/wp-json\/wp\/v2\/media?parent=4437"}],"curies":[{"name":"wp","href":"https:\/\/api.w.org\/{rel}","templated":true}]}}