{"id":4443,"date":"2022-08-05T10:25:43","date_gmt":"2022-08-05T15:25:43","guid":{"rendered":"https:\/\/departamentos.uleam.edu.ec\/vinculacion-colectividad\/?page_id=4443"},"modified":"2024-06-04T08:32:40","modified_gmt":"2024-06-04T13:32:40","slug":"https-departamentos-uleam-edu-ec-vinculacion-colectividad-proyectos2022-prevencion-de-consumo-de-sustancias-adictivas-en-estudiantes-de-bachillerato-de-las-unidades-educativas-del-canton-manta-ano-202","status":"publish","type":"page","link":"https:\/\/departamentos.uleam.edu.ec\/vinculacion-colectividad\/https-departamentos-uleam-edu-ec-vinculacion-colectividad-proyectos2022-prevencion-de-consumo-de-sustancias-adictivas-en-estudiantes-de-bachillerato-de-las-unidades-educativas-del-canton-manta-ano-202\/","title":{"rendered":"Capacitaciones para la Identificaci\u00f3n de Factores de Riesgo Asociados al Consumo de sustancias adictivas en estudiantes de bachillerato de las Unidades Educativas del cant\u00f3n Manta."},"content":{"rendered":"\n<p class=\"has-text-align-center\"><strong>PERIODO 2023 &#8211; 2024<\/strong><\/p>\n\n\n\n<figure class=\"wp-block-table is-style-regular\"><table class=\"has-fixed-layout\"><tbody><tr><td><strong>Nombre de la Facultad o Unidad Acad\u00e9mica responsable:<\/strong><br>Ciencias Sociales, Derecho y Bienestar<\/td><td><strong>Carrera: <\/strong><br>Trabajo Social <\/td><td><strong>Tipo Proyecto: <\/strong><br>Vinculaci\u00f3n <\/td><\/tr><tr><td><strong>Dominio Acad\u00e9mico:<\/strong><br>Ciencias Sociales<\/td><td><strong>L\u00ednea de Investigaci\u00f3n:<\/strong><br>Salud, Cultura F\u00edsica y Ciencias Sociales.<\/td><td><strong>Convenio:<\/strong><br>Ministerio de Educaci\u00f3n<\/td><\/tr><tr><td><strong>\u00c1rea del conocimiento:<\/strong><br>Ciencias sociales, periodismo, informaci\u00f3n y derecho<\/td><td><strong>Sub\u00e1rea del conocimiento:<\/strong><br>Ciencias Sociales y del Comportamiento. <\/td><td><strong>Sub\u00e1rea especifica:<\/strong><br>Trabajo Social<\/td><\/tr><\/tbody><\/table><\/figure>\n\n\n\n<figure class=\"wp-block-table is-style-regular\"><table class=\"has-fixed-layout\"><tbody><tr><td><strong>Fecha Inicio: <\/strong><br>01-12-2022<\/td><td><strong>Fecha de Fin Planeado<\/strong><br>31-12-2024<\/td><\/tr><\/tbody><\/table><\/figure>\n\n\n\n<p><strong>COBERTURA Y LOCALIZACI\u00d3N<\/strong><\/p>\n\n\n\n<figure class=\"wp-block-table is-style-regular\"><table class=\"has-fixed-layout\"><tbody><tr><td><strong>Cobertura:<\/strong><br>Cantonal<\/td><td><strong>Zona de Planificaci\u00f3n:<\/strong><br>Zona 4<\/td><td><strong>Provincia:<\/strong><br>Manab\u00ed<\/td><\/tr><tr><td><strong>Cant\u00f3n:<\/strong><br>Manta<\/td><td><strong>Parroquia:<\/strong><br>Tarqui, Eloy Alfaro, San Mateo, San Lorenzo.<\/td><td><strong>Barrios:<\/strong><br>Indefinidos<\/td><\/tr><\/tbody><\/table><\/figure>\n\n\n\n<p><strong>OBJETIVO<\/strong><\/p>\n\n\n\n<figure class=\"wp-block-table is-style-regular\"><table class=\"has-fixed-layout\"><thead><tr><th>OBJETIVO GENERAL<\/th><\/tr><\/thead><tbody><tr><td>Capacitar a la comunidad estudiantil de las unidades educativas del cant\u00f3n Manta sobre los factores de riesgo asociados al consumo de sustancias adictivas.<\/td><\/tr><\/tbody><\/table><\/figure>\n\n\n\n<figure class=\"wp-block-table is-style-regular\"><table class=\"has-fixed-layout\"><thead><tr><th>OBJETIVO ESPECIFICO<\/th><\/tr><\/thead><tbody><tr><td>-Desarrollar un diagn\u00f3stico inicial sobre consumo de drogas y contexto educativo de nivel medio<br>-Dise\u00f1ar gu\u00edas de capacitaci\u00f3n en factores de riesgo asociados al consumo de drogas.<br>-Ejecutar las capacitaciones en las instituciones educativas del cant\u00f3n Manta.<br>-Socializar los resultados del proyecto con la comunidad acad\u00e9mica.<\/td><\/tr><\/tbody><\/table><\/figure>\n\n\n\n<div class=\"wp-block-file\"><a id=\"wp-block-file--media-dc205ef7-d926-49e4-a7a8-24fec1c29664\" href=\"https:\/\/departamentos.uleam.edu.ec\/vinculacion-colectividad\/files\/2024\/06\/PROYEC1.pdf\">PROYEC1<\/a><a href=\"https:\/\/departamentos.uleam.edu.ec\/vinculacion-colectividad\/files\/2024\/06\/PROYEC1.pdf\" class=\"wp-block-file__button wp-element-button\" download aria-describedby=\"wp-block-file--media-dc205ef7-d926-49e4-a7a8-24fec1c29664\">Descarga<\/a><\/div>\n","protected":false},"excerpt":{"rendered":"<p>PERIODO 2023 &#8211; 2024 Nombre de la Facultad o Unidad Acad\u00e9mica responsable:Ciencias Sociales, Derecho y Bienestar Carrera: Trabajo Social Tipo Proyecto: Vinculaci\u00f3n Dominio Acad\u00e9mico:Ciencias Sociales L\u00ednea de Investigaci\u00f3n:Salud, Cultura F\u00edsica y Ciencias<a class=\"moretag\" href=\"https:\/\/departamentos.uleam.edu.ec\/vinculacion-colectividad\/https-departamentos-uleam-edu-ec-vinculacion-colectividad-proyectos2022-prevencion-de-consumo-de-sustancias-adictivas-en-estudiantes-de-bachillerato-de-las-unidades-educativas-del-canton-manta-ano-202\/\">Leer m\u00e1s&#8230;<\/a><\/p>\n","protected":false},"author":124,"featured_media":0,"parent":0,"menu_order":0,"comment_status":"closed","ping_status":"closed","template":"","meta":{"footnotes":"","_links_to":"","_links_to_target":""},"class_list":["post-4443","page","type-page","status-publish","hentry"],"_links":{"self":[{"href":"https:\/\/departamentos.uleam.edu.ec\/vinculacion-colectividad\/wp-json\/wp\/v2\/pages\/4443","targetHints":{"allow":["GET"]}}],"collection":[{"href":"https:\/\/departamentos.uleam.edu.ec\/vinculacion-colectividad\/wp-json\/wp\/v2\/pages"}],"about":[{"href":"https:\/\/departamentos.uleam.edu.ec\/vinculacion-colectividad\/wp-json\/wp\/v2\/types\/page"}],"author":[{"embeddable":true,"href":"https:\/\/departamentos.uleam.edu.ec\/vinculacion-colectividad\/wp-json\/wp\/v2\/users\/124"}],"replies":[{"embeddable":true,"href":"https:\/\/departamentos.uleam.edu.ec\/vinculacion-colectividad\/wp-json\/wp\/v2\/comments?post=4443"}],"version-history":[{"count":5,"href":"https:\/\/departamentos.uleam.edu.ec\/vinculacion-colectividad\/wp-json\/wp\/v2\/pages\/4443\/revisions"}],"predecessor-version":[{"id":5739,"href":"https:\/\/departamentos.uleam.edu.ec\/vinculacion-colectividad\/wp-json\/wp\/v2\/pages\/4443\/revisions\/5739"}],"wp:attachment":[{"href":"https:\/\/departamentos.uleam.edu.ec\/vinculacion-colectividad\/wp-json\/wp\/v2\/media?parent=4443"}],"curies":[{"name":"wp","href":"https:\/\/api.w.org\/{rel}","templated":true}]}}