{"id":4842,"date":"2022-08-22T11:47:51","date_gmt":"2022-08-22T16:47:51","guid":{"rendered":"https:\/\/departamentos.uleam.edu.ec\/vinculacion-colectividad\/?page_id=4842"},"modified":"2022-08-22T12:03:32","modified_gmt":"2022-08-22T17:03:32","slug":"https-departamentos-uleam-edu-ec-vinculacion-colectividad-proyectos2022-concursos-y-talleres-para-ninos-adolescentes-y-adultos-del-arte-en-espanol-e-ingles","status":"publish","type":"page","link":"https:\/\/departamentos.uleam.edu.ec\/vinculacion-colectividad\/https-departamentos-uleam-edu-ec-vinculacion-colectividad-proyectos2022-concursos-y-talleres-para-ninos-adolescentes-y-adultos-del-arte-en-espanol-e-ingles\/","title":{"rendered":"Concursos y Talleres para ni\u00f1os, adolescentes y adultos del Arte en espa\u00f1ol e ingl\u00e9s"},"content":{"rendered":"\n<p class=\"has-text-align-center\" style=\"font-size:24px\">PER\u00cdODO 2022 &#8211; 2024<\/p>\n\n\n\n<p style=\"font-size:18px\">Proyecto de Vinculaci\u00f3n y Emprendimiento<\/p>\n\n\n\n<p style=\"font-size:18px\"><strong><em>L\u00cdNEA DE VINCULACI\u00d3N:<\/em><\/strong>\u00a0\u00abInvestigaci\u00f3n \u2013 Arte \u2013 Educaci\u00f3n &#8211; Formativa\u201d<\/p>\n\n\n\n<div style=\"height:70px\" aria-hidden=\"true\" class=\"wp-block-spacer\"><\/div>\n\n\n\n<figure class=\"wp-block-table is-style-regular\"><table><tbody><tr><td><strong>Decano:<\/strong><br>Arq. H\u00e9ctor Cede\u00f1o Zambrano, PhD.<br><strong>L\u00edder del Proyecto:<\/strong><br>Lcdo. Mijail Intriago Valdivieso, Mg. Art.<\/td><\/tr><tr><\/tr><tr><\/tr><tr><\/tr><tr><\/tr><tr><\/tr><\/tbody><\/table><\/figure>\n\n\n\n<figure class=\"wp-block-table is-style-regular\"><table><tbody><tr><td><strong>Nombre de la Facultad o Unidad Acad\u00e9mica Responsable: <\/strong><br>Facultad de Arquitectura en<br>colaboraci\u00f3n con el Centro<br>de Idiomas<\/td><td><strong>Carrera:<\/strong> <br>Artes Pl\u00e1sticas<\/td><td><strong>Tipo Proyecto: <\/strong><br>Vinculaci\u00f3n &#8211; Formativa<\/td><\/tr><tr><\/tr><tr><\/tr><tr><\/tr><tr><td><strong>Dominio Acad\u00e9mico:<\/strong> <br>Identidades, educaci\u00f3n, culturas, comunicaci\u00f3n y<br>valores<\/td><td><strong>L\u00ednea de Investigaci\u00f3n: <\/strong><br>Investigaci\u00f3n \u2013 Arte \u2013 Educaci\u00f3n &#8211; Formativa<\/td><td><strong>Convenio: <\/strong><br>Convenio Marco de Cooperaci\u00f3n Interinstitucional entre la Universidad Laica Eloy Alfaro de Manab\u00ed y el Gobierno Aut\u00f3nomo Descentralizado del Cant\u00f3n Manta<\/td><\/tr><tr><\/tr><tr><\/tr><tr><\/tr><tr><td><strong>\u00c1rea del conocimiento: <\/strong><br>02 Artes y Humanidades<\/td><td><strong>Sub\u00e1rea del conocimiento: <\/strong>1 Artes<\/td><td><strong>Sub\u00e1rea espec\u00edfica:<\/strong> Artes<\/td><\/tr><tr><\/tr><tr><\/tr><tr><\/tr><\/tbody><\/table><\/figure>\n\n\n\n<figure class=\"wp-block-table is-style-regular\"><table><tbody><tr><td><strong>Fecha Inicio:<\/strong> <br>Enero 2022<\/td><td><strong>Fecha de Fin Planeado: <\/strong><br>Enero2024<\/td><\/tr><tr><\/tr><tr><\/tr><tr><\/tr><\/tbody><\/table><\/figure>\n\n\n\n<p><strong>COBERTURA Y LOCALIZACI\u00d3N<\/strong><\/p>\n\n\n\n<figure class=\"wp-block-table is-style-regular\"><table><tbody><tr><td><strong>Cobertura: <\/strong><br>Provincial<\/td><td><strong>Zona de Planificaci\u00f3n:<\/strong><br>Zona 4<\/td><td><strong>Provincia:<\/strong><br>Manab\u00ed.<\/td><\/tr><tr><\/tr><tr><td><strong>Cant\u00f3n:<\/strong><br>Manta<\/td><td><strong>Parroquia: <\/strong><br>Tarqui<\/td><td><strong>Barrios: <\/strong><br>Tarqui<\/td><\/tr><tr><\/tr><\/tbody><\/table><\/figure>\n\n\n\n<p><strong>PRESUPUESTO<\/strong><\/p>\n\n\n\n<figure class=\"wp-block-table is-style-regular\"><table><tbody><tr><td><strong>Presupuesto aporte ULEAM: <\/strong><br>$1600,00<\/td><td><strong>Presupuesto entidad auspiciante\/beneficiaria:\u00a0 <\/strong><br>$ 00, 00<\/td><td><strong>Presupuesto Total: <\/strong><br>US $ 1600,00<\/td><\/tr><tr><\/tr><tr><\/tr><tr><\/tr><\/tbody><\/table><\/figure>\n\n\n\n<div style=\"height:38px\" aria-hidden=\"true\" class=\"wp-block-spacer\"><\/div>\n\n\n\n<p><strong>OBJETIVO DEL PROYECTO<\/strong><\/p>\n\n\n\n<p class=\"has-text-align-center\"><strong><em>OBJETIVO GENERAL<\/em><\/strong><\/p>\n\n\n\n<figure class=\"wp-block-table is-style-regular\"><table><tbody><tr><td>Generar las competencias estudiantiles para la realizaci\u00f3n de cursos y talleres de artes en el idioma Ingl\u00e9s y Espa\u00f1ol en el medio educativo de todos los per\u00edodos acad\u00e9micos de la carrera de artes pl\u00e1sticas de la ULEAM para inducir en la formaci\u00f3n de artistas biling\u00fces que puedan desenvolverse en un campo profesional m\u00e1s amplio en la poblaci\u00f3n de la provincia de Manab\u00ed.&nbsp;<\/td><\/tr><tr><\/tr><tr><\/tr><\/tbody><\/table><\/figure>\n\n\n\n<p class=\"has-text-align-center\"><strong><em>OBJETIVOS ESPEC\u00cdFICOS<\/em><\/strong><\/p>\n\n\n\n<figure class=\"wp-block-table is-style-regular\"><table><tbody><tr><td><strong>O.E1:<\/strong> Generar en los estudiantes del curso, conocimientos universales y locales sobre las artes en Ingl\u00e9s y en Espa\u00f1ol con ayuda del Centro de Idiomas.<br><br><strong>O.E2:<\/strong> Crear cursos y talleres de arte en el idioma Espa\u00f1ol e Ingl\u00e9s en el medio educativo de todos los per\u00edodos acad\u00e9micos de la carrera de artes pl\u00e1sticas de la ULEAM para inducir en la formaci\u00f3n de un grupo de artistas biling\u00fces en la poblaci\u00f3n de la provincia de Manab\u00ed<\/td><\/tr><tr><\/tr><tr><\/tr><tr><\/tr><tr><\/tr><tr><\/tr><\/tbody><\/table><\/figure>\n\n\n\n<div style=\"height:39px\" aria-hidden=\"true\" class=\"wp-block-spacer\"><\/div>\n\n\n\n<div class=\"wp-block-file aligncenter\"><a href=\"https:\/\/departamentos.uleam.edu.ec\/vinculacion-colectividad\/files\/2022\/08\/PVV-01-F-001-Cursos-y-Talleres-de-Arte-en-Ingle\u0301s-y-Espan\u0303ol-2.pdf\" class=\"wp-block-file__button\" download>Descarga<\/a><\/div>\n","protected":false},"excerpt":{"rendered":"<p>PER\u00cdODO 2022 &#8211; 2024 Proyecto de Vinculaci\u00f3n y Emprendimiento L\u00cdNEA DE VINCULACI\u00d3N:\u00a0\u00abInvestigaci\u00f3n \u2013 Arte \u2013 Educaci\u00f3n &#8211; Formativa\u201d Decano:Arq. H\u00e9ctor Cede\u00f1o Zambrano, PhD.L\u00edder del Proyecto:Lcdo. Mijail Intriago Valdivieso, Mg. Art. Nombre de<a class=\"moretag\" href=\"https:\/\/departamentos.uleam.edu.ec\/vinculacion-colectividad\/https-departamentos-uleam-edu-ec-vinculacion-colectividad-proyectos2022-concursos-y-talleres-para-ninos-adolescentes-y-adultos-del-arte-en-espanol-e-ingles\/\">Leer m\u00e1s&#8230;<\/a><\/p>\n","protected":false},"author":124,"featured_media":0,"parent":0,"menu_order":0,"comment_status":"closed","ping_status":"closed","template":"","meta":{"footnotes":"","_links_to":"","_links_to_target":""},"class_list":["post-4842","page","type-page","status-publish","hentry"],"_links":{"self":[{"href":"https:\/\/departamentos.uleam.edu.ec\/vinculacion-colectividad\/wp-json\/wp\/v2\/pages\/4842","targetHints":{"allow":["GET"]}}],"collection":[{"href":"https:\/\/departamentos.uleam.edu.ec\/vinculacion-colectividad\/wp-json\/wp\/v2\/pages"}],"about":[{"href":"https:\/\/departamentos.uleam.edu.ec\/vinculacion-colectividad\/wp-json\/wp\/v2\/types\/page"}],"author":[{"embeddable":true,"href":"https:\/\/departamentos.uleam.edu.ec\/vinculacion-colectividad\/wp-json\/wp\/v2\/users\/124"}],"replies":[{"embeddable":true,"href":"https:\/\/departamentos.uleam.edu.ec\/vinculacion-colectividad\/wp-json\/wp\/v2\/comments?post=4842"}],"version-history":[{"count":3,"href":"https:\/\/departamentos.uleam.edu.ec\/vinculacion-colectividad\/wp-json\/wp\/v2\/pages\/4842\/revisions"}],"predecessor-version":[{"id":4847,"href":"https:\/\/departamentos.uleam.edu.ec\/vinculacion-colectividad\/wp-json\/wp\/v2\/pages\/4842\/revisions\/4847"}],"wp:attachment":[{"href":"https:\/\/departamentos.uleam.edu.ec\/vinculacion-colectividad\/wp-json\/wp\/v2\/media?parent=4842"}],"curies":[{"name":"wp","href":"https:\/\/api.w.org\/{rel}","templated":true}]}}