{"id":4869,"date":"2022-08-23T09:52:16","date_gmt":"2022-08-23T14:52:16","guid":{"rendered":"https:\/\/departamentos.uleam.edu.ec\/vinculacion-colectividad\/?page_id=4869"},"modified":"2022-08-23T10:14:58","modified_gmt":"2022-08-23T15:14:58","slug":"https-departamentos-uleam-edu-ec-vinculacion-colectividad-proyectos2022-estrategia-institucional-para-que-el-ecuador-crezca-sin-desnutricion-cronica-infantil","status":"publish","type":"page","link":"https:\/\/departamentos.uleam.edu.ec\/vinculacion-colectividad\/https-departamentos-uleam-edu-ec-vinculacion-colectividad-proyectos2022-estrategia-institucional-para-que-el-ecuador-crezca-sin-desnutricion-cronica-infantil\/","title":{"rendered":"Estrategia Institucional para que el Ecuador crezca sin Desnutrici\u00f3n Cr\u00f3nica Infantil"},"content":{"rendered":"\n<p class=\"has-text-align-center\" style=\"font-size:24px\">PER\u00cdODO 2022-2023<\/p>\n\n\n\n<p style=\"font-size:18px\">Proyecto de Vinculaci\u00f3n con la Sociedad<\/p>\n\n\n\n<p style=\"font-size:18px\"><em><strong>L\u00cdNEA DE VINCULACI<em>\u00d3N<\/em>:<\/strong><\/em>\u00a0\u201cSalud, Cultura F\u00edsica y Servicios Sociales\u00bb.<\/p>\n\n\n\n<div style=\"height:70px\" aria-hidden=\"true\" class=\"wp-block-spacer\"><\/div>\n\n\n\n<figure class=\"wp-block-table is-style-regular\"><table><tbody><tr><td><strong>Decano:<\/strong><br>Dr. Leonardo Cede\u00f1o Torres<br><strong>L\u00edder de Proyecto<\/strong><br>Dr. Yuri Medrano Plana<\/td><\/tr><tr><\/tr><tr><\/tr><tr><\/tr><tr><\/tr><tr><\/tr><\/tbody><\/table><\/figure>\n\n\n\n<figure class=\"wp-block-table is-style-regular\"><table><tbody><tr><td><strong>Nombre de la Facultad o Unidad Acad\u00e9mica Responsable:<\/strong><br>Observatorio Territorial de Ciencias Medicas\u00a0<\/td><td><strong>Carrera: <\/strong><br>Medicina<\/td><td><strong>Tipo Proyecto:<\/strong> <br>Vinculaci\u00f3n<\/td><\/tr><tr><\/tr><tr><\/tr><tr><\/tr><tr><td><strong>Dominio Acad\u00e9mico: <\/strong><br>Salud y bienestar humano<\/td><td><strong>L\u00ednea de Investigaci\u00f3n:<\/strong> <br>Salud, Cultura F\u00edsica y Servicios<br>Sociales.<\/td><td><strong>Convenio:<\/strong> <br>World Vision<\/td><\/tr><tr><\/tr><tr><\/tr><tr><\/tr><tr><td><strong>\u00c1rea del conocimiento:<\/strong> <br>Salud y Servicios Sociales<\/td><td><strong>Sub\u00e1rea del conocimiento: <\/strong>Medicina<\/td><td><strong>Sub\u00e1rea espec\u00edfica: <\/strong>Sub\u00e1rea 72<\/td><\/tr><tr><\/tr><tr><\/tr><tr><\/tr><\/tbody><\/table><\/figure>\n\n\n\n<figure class=\"wp-block-table is-style-regular\"><table><tbody><tr><td><strong>Fecha Inicio: <\/strong><br>Julio 2022<\/td><td><strong>Fecha de Fin Planeado: <\/strong><br>Enero 2024<\/td><\/tr><tr><\/tr><tr><\/tr><tr><\/tr><\/tbody><\/table><\/figure>\n\n\n\n<p><strong>COBERTURA Y LOCALIZACI\u00d3N<\/strong><\/p>\n\n\n\n<figure class=\"wp-block-table is-style-regular\"><table><tbody><tr><td><strong>Cobertura: <\/strong><br>Cantonal<\/td><td><strong>Zona de Planificaci\u00f3n:<\/strong> <br>Zona 4<\/td><td><strong>Provincia:<\/strong><br>Manab\u00ed.<\/td><\/tr><tr><\/tr><tr><td><strong>Cant\u00f3n: <\/strong><br>Manta, Montecristi y<br>Jaramij\u00f3<\/td><td><strong>Parroquia:<\/strong> <br>Parroquias Manta, Montecristi y<br>Jaramij\u00f3<\/td><td><strong>Barrios:<\/strong> <br>De las parroquias Manta,<br>Montecristi y Jaramij\u00f3<\/td><\/tr><tr><\/tr><\/tbody><\/table><\/figure>\n\n\n\n<p><strong>PRESUPUESTO<\/strong><\/p>\n\n\n\n<figure class=\"wp-block-table is-style-regular\"><table><tbody><tr><td><strong>Presupuesto aporte ULEAM: <\/strong><br>$ 920,00<\/td><td><strong>Presupuesto entidad auspiciante\/beneficiaria:\u00a0<\/strong> <br>$ 4.000, 00<\/td><td><strong>Presupuesto Total: <\/strong><br>US $ 4.920,00<\/td><\/tr><tr><\/tr><tr><\/tr><tr><\/tr><\/tbody><\/table><\/figure>\n\n\n\n<div style=\"height:38px\" aria-hidden=\"true\" class=\"wp-block-spacer\"><\/div>\n\n\n\n<p><strong>OBJETIVO DEL PROYECTO<\/strong><\/p>\n\n\n\n<p class=\"has-text-align-center\"><strong><em>OBJETIVO GENERAL<\/em><\/strong><\/p>\n\n\n\n<figure class=\"wp-block-table is-style-regular\"><table><tbody><tr><td>Desarrollar competencias en salud mediante la educaci\u00f3n y consejer\u00eda nutricional basado en sesiones demostrativas, fomentando la participaci\u00f3n ciudadana y la articulaci\u00f3n de trabajo con los GAD\u00b4S con organismos gubernamentales y no gubernamentales.<\/td><\/tr><tr><\/tr><tr><\/tr><\/tbody><\/table><\/figure>\n\n\n\n<p class=\"has-text-align-center\"><strong><em>OBJETIVOS ESPEC\u00cdFICOS<\/em><\/strong><\/p>\n\n\n\n<figure class=\"wp-block-table is-style-regular\"><table><tbody><tr><td><strong>O.E1:<\/strong> Promover que el grupo objetivo d\u00e9 cumplimiento al paquete priorizado del MSP.<br><br><strong>O.E2:<\/strong> Desarrollar pr\u00e1cticas mejoradas en las madres en estado de gestaci\u00f3n, madres lactantes y ni\u00f1os menores de 2 a\u00f1os.<br><br><strong>O.E3:<\/strong> Formar cultura de concientizaci\u00f3n para el cumplimiento del control de ni\u00f1os sanos.<\/td><\/tr><tr><\/tr><tr><\/tr><tr><\/tr><tr><\/tr><tr><\/tr><\/tbody><\/table><\/figure>\n\n\n\n<div style=\"height:38px\" aria-hidden=\"true\" class=\"wp-block-spacer\"><\/div>\n\n\n\n<div class=\"wp-block-file aligncenter\"><a href=\"https:\/\/departamentos.uleam.edu.ec\/vinculacion-colectividad\/files\/2022\/08\/PROYECTO-EST.INST_.-SIN-DESN.-CRONICA-F.pdf\" class=\"wp-block-file__button\" download>Descarga<\/a><\/div>\n","protected":false},"excerpt":{"rendered":"<p>PER\u00cdODO 2022-2023 Proyecto de Vinculaci\u00f3n con la Sociedad L\u00cdNEA DE VINCULACI\u00d3N:\u00a0\u201cSalud, Cultura F\u00edsica y Servicios Sociales\u00bb. Decano:Dr. Leonardo Cede\u00f1o TorresL\u00edder de ProyectoDr. Yuri Medrano Plana Nombre de la Facultad o Unidad Acad\u00e9mica<a class=\"moretag\" href=\"https:\/\/departamentos.uleam.edu.ec\/vinculacion-colectividad\/https-departamentos-uleam-edu-ec-vinculacion-colectividad-proyectos2022-estrategia-institucional-para-que-el-ecuador-crezca-sin-desnutricion-cronica-infantil\/\">Leer m\u00e1s&#8230;<\/a><\/p>\n","protected":false},"author":124,"featured_media":0,"parent":0,"menu_order":0,"comment_status":"closed","ping_status":"closed","template":"","meta":{"footnotes":"","_links_to":"","_links_to_target":""},"class_list":["post-4869","page","type-page","status-publish","hentry"],"_links":{"self":[{"href":"https:\/\/departamentos.uleam.edu.ec\/vinculacion-colectividad\/wp-json\/wp\/v2\/pages\/4869","targetHints":{"allow":["GET"]}}],"collection":[{"href":"https:\/\/departamentos.uleam.edu.ec\/vinculacion-colectividad\/wp-json\/wp\/v2\/pages"}],"about":[{"href":"https:\/\/departamentos.uleam.edu.ec\/vinculacion-colectividad\/wp-json\/wp\/v2\/types\/page"}],"author":[{"embeddable":true,"href":"https:\/\/departamentos.uleam.edu.ec\/vinculacion-colectividad\/wp-json\/wp\/v2\/users\/124"}],"replies":[{"embeddable":true,"href":"https:\/\/departamentos.uleam.edu.ec\/vinculacion-colectividad\/wp-json\/wp\/v2\/comments?post=4869"}],"version-history":[{"count":3,"href":"https:\/\/departamentos.uleam.edu.ec\/vinculacion-colectividad\/wp-json\/wp\/v2\/pages\/4869\/revisions"}],"predecessor-version":[{"id":4874,"href":"https:\/\/departamentos.uleam.edu.ec\/vinculacion-colectividad\/wp-json\/wp\/v2\/pages\/4869\/revisions\/4874"}],"wp:attachment":[{"href":"https:\/\/departamentos.uleam.edu.ec\/vinculacion-colectividad\/wp-json\/wp\/v2\/media?parent=4869"}],"curies":[{"name":"wp","href":"https:\/\/api.w.org\/{rel}","templated":true}]}}