{"id":5587,"date":"2024-02-28T09:55:58","date_gmt":"2024-02-28T14:55:58","guid":{"rendered":"https:\/\/departamentos.uleam.edu.ec\/vinculacion-colectividad\/?page_id=5587"},"modified":"2024-02-28T09:56:00","modified_gmt":"2024-02-28T14:56:00","slug":"intervencion-en-la-salud-de-la-poblacion-de-manabi","status":"publish","type":"page","link":"https:\/\/departamentos.uleam.edu.ec\/vinculacion-colectividad\/intervencion-en-la-salud-de-la-poblacion-de-manabi\/","title":{"rendered":"Intervenci\u00f3n en la Salud de la Poblaci\u00f3n de Manab\u00ed."},"content":{"rendered":"<p style=\"font-size: 24px;text-align: center\">PER\u00cdODO ACAD\u00c9MICO 2022 &#8211; 2025<\/p>\n\n\n<p style=\"font-size:18px\">Proyecto Institucional de Vinculaci\u00f3n y Emprendimiento<\/p>\n\n\n\n<p style=\"font-size:18px\"><strong><em>L\u00cdNEA DE VINCULACI\u00d3N:<\/em><\/strong>&nbsp;\u00abSalud, Cultura F\u00edsica y Servicios Sociales\u00bb<\/p>\n\n\n\n<div style=\"height:70px\" aria-hidden=\"true\" class=\"wp-block-spacer\"><\/div>\n\n\n\n<figure class=\"wp-block-table is-style-regular\"><table><tbody><tr><td><strong>Rector:<\/strong><br>Dr. Marcos Tulio Zambrano Zambrano, PhD.<br><strong>Directora de Vinculaci\u00f3n y Emprendimiento<\/strong>:<br>Dra. C. Lourdes Mora Pisco.<br><strong>L\u00edder del Proyecto:<\/strong><br>Dr. Nakin Alberto V\u00e9liz Mero, PhD<\/td><\/tr><\/tbody><\/table><\/figure>\n\n\n\n<figure class=\"wp-block-table is-style-regular\"><table><tbody><tr><td><strong>Nombre de la Facultad o Unidad Acad\u00e9mica Responsable: <\/strong><br>Facultad de Ciencias de la Salud<\/td><td><strong>Carrera: <\/strong><br>&#8211; Medicina<br>&#8211; Enfermer\u00eda<br>&#8211; Odontolog\u00eda<br>&#8211; Psicolog\u00eda<br>&#8211; Laboratorio Cl\u00ednico<\/td><td><strong>Tipo de proyecto:<\/strong> <br>Vinculaci\u00f3n&nbsp;<\/td><\/tr><tr><td><strong>Dominio Acad\u00e9mico:<\/strong><br>Salud y Bienestar<\/td><td><strong>L\u00ednea de Investigaci\u00f3n:<\/strong><br>Salud, Cultura F\u00edsica y Servicios Sociales<\/td><td><strong>Convenio: <\/strong><br>Convenio Marco de Cooperaci\u00f3n Interinstitucional <br>Acad\u00e9mico entre la Universidad Laica \u201cEloy Alfaro\u201d de Manab\u00ed y el Consejo de Gobiernos Parroquiales <br>Rurales del Ecuador &#8211; Manab\u00ed (CONAGOPARE \u2013 MANAB\u00cd)<\/td><\/tr><tr><td><strong>\u00c1rea del conocimiento:<\/strong><br>Salud y Servicios Sociales<\/td><td><strong>Sub\u00e1rea del conocimiento:<\/strong><br>Medicina<\/td><td><strong>Sub\u00e1rea especifica: <\/strong><br>72<\/td><\/tr><\/tbody><\/table><\/figure>\n\n\n\n<figure class=\"wp-block-table is-style-regular\"><table><tbody><tr><td><strong>Fecha inicio: <\/strong><br>1 julio 2022<\/td><td><strong>Fecha de Fin Planeado: <\/strong><br>31 diciembre 2025<\/td><\/tr><\/tbody><\/table><\/figure>\n\n\n\n<p><strong>COBERTURA Y LOCALIZACI\u00d3N<\/strong><\/p>\n\n\n\n<figure class=\"wp-block-table aligncenter is-style-regular\"><table><tbody><tr><td><strong>Cobertura:<\/strong><br>Provincial<\/td><td><strong>Zona de Planificaci\u00f3n: <\/strong><br>Zona 4<\/td><td><strong>Provincia: <\/strong><br>Manab\u00ed&nbsp;<\/td><\/tr><tr><td><strong>Cant\u00f3n:<\/strong> <br>Bol\u00edvar, Chone, El Carmen, Flavio Alfaro, <br>Jipijapa, Manta, Montecristi, Paj\u00e1n, <br>Pedernales, Pichincha, Portoviejo, <br>Puerto L\u00f3pez, San Vicente, Santa Ana, <br>Sucre, Tosagua, 24 de Mayo, Jama, Jaramij\u00f3, Jun\u00edn, Olmedo, Rocafuerte<\/td><td><strong>Parroquia:<\/strong><br>1) Quiroga (Bol\u00edvar)<br>2) Membrillo (Bol\u00edvar)<br>3) Boyac\u00e1 (Chone)<br>4) Eloy Alfaro (Chone)<br>5) Ricaurte (Chone)<br>6) San Antonio (Chone)<br>7) Chibunga (Chone)<br>8) Convento (Chone)<br>9) Canuto (Chone).<br>10) San Pedro de Suma (El Carmen)<br>11) Wilfrido Loor Moreira (El Carmen)<br>12) Santa Mar\u00eda (El Carmen)<br>13) Para\u00edso La 14 (El Carmen).<br>14) Zapallo (Flavio Alfaro)<br>15) San Francisco de Novillo (Flavio Alfaro)<br>16) Julcuy (Jipijapa)<br>17) La Am\u00e9rica (Jipijapa)<br>18) El Anegado (Jipijapa)<br>19) La Uni\u00f3n (Jipijapa)<br>20) Membrillal (Jipijapa)<br>21) Pedro Pablo G\u00f3mez (Jipijapa)<br>22) Puerto Cayo (Jipijapa).<br>23) San Lorenzo (Manta)<br>24) Santa Marianita (Manta)<br>25) La Pila (Montecristi)<br>26) Campozano (Paj\u00e1n)<br>27) Alejo Lascano (Paj\u00e1n)<br>28) Cascol (Paj\u00e1n)<br>29) Guale (Paj\u00e1n)<br>30) Cojim\u00edes (Pedernales)<br>31) 10 de agosto (Pedernales)<br>32) Atahualpa (Pedernales)<br>33) Barraganete (Pichincha)<br>34) San Sebasti\u00e1n (Pichincha).<br>35) Abd\u00f3n Calder\u00f3n (Portoviejo)<br>36) Alajuela (Portoviejo)<br>37) Chirijos (Portoviejo)<br>38) Crucita (Portoviejo)<br>39) Pueblo Nuevo (Portoviejo)<br>40) Riochico (Portoviejo)<br>41) San Pl\u00e1cido (Portoviejo)<br>42) Salango (Puerto L\u00f3pez)<br>43) Machalilla (Puerto L\u00f3pez)<br>44) Canoa (San Vicente)<br>45) La Uni\u00f3n (Sta. Ana)<br>46) Ayacucho (Sta. Ana)<br>47) San Pablo de Pueblo Nuevo (Sta. Ana)<br>48) Honorato V\u00e1squez (Sta. Ana)<br>49) Charapot\u00f3 (Sucre)<br>50) San Isidro (Sucre)<br>51) Bachillero (Tosagua)<br>52) \u00c1ngel Pedro Giler (Tosagua)<br>53) Noboa (24 de Mayo)<br>54) Bellavista (24 de Mayo)<br>55) Sixto Dur\u00e1n Ball\u00e9n (24 de Mayo)<\/td><td><strong>Barrio:<\/strong> <br>Sectores de las parroquias rurales de la provincia de Manab\u00ed<\/td><\/tr><\/tbody><\/table><\/figure>\n\n\n\n<p><strong>PRESUPUESTO<\/strong><\/p>\n\n\n\n<figure class=\"wp-block-table is-style-regular\"><table><tbody><tr><td><strong>Presupuesto aporte ULEAM:<\/strong> <br>US$ 261.300,68<\/td><td><strong>Presupuesto entidad auspiciante\/beneficiaria: <\/strong><br>$ 00,00<\/td><td><strong>Presupuesto Total: <\/strong><br>US$ 261.300,68<\/td><\/tr><\/tbody><\/table><\/figure>\n\n\n\n<p><strong>OBJETIVO DEL PROYECTO<\/strong><\/p>\n\n\n\n<p class=\"has-text-align-center\"><p><strong><em>OBJETIVO GENERAL<\/em><\/strong><\/p><\/p>\n\n\n\n<figure class=\"wp-block-table is-style-regular\"><table><tbody><tr><td>Mejorar la salud en la poblaci\u00f3n rural de la provincia Manab\u00ed, mediante la intervenci\u00f3n de brigadas m\u00e9dicas, odontol\u00f3gicas y psicol\u00f3gicas, para la atenci\u00f3n de las enfermedades m\u00e1s frecuentes durante el periodo 2022 \u2013 2025.<\/td><\/tr><\/tbody><\/table><\/figure>\n\n\n\n<p class=\"has-text-align-center\"><p><strong><em>OBJETIVOS ESPEC\u00cdFICOS<\/em><\/strong><\/p><\/p>\n\n\n\n<figure class=\"wp-block-table is-style-regular\"><table><tbody><tr><td><strong>O.E1:<\/strong> Preparar a los pacientes que acuden a la atenci\u00f3n m\u00e9dica, odontol\u00f3gica y psicol\u00f3gica, mediante el registro de la informaci\u00f3n en una base de datos.<br><br><strong>O.E2: <\/strong>Realizar control de ex\u00e1menes de laboratorio a la poblaci\u00f3n rural de Manab\u00ed, que acude a la atenci\u00f3n m\u00e9dica, mediante la toma de muestra, con su respectivo an\u00e1lisis y registro de datos.<br><br><strong>O.E3:<\/strong> Brindar atenci\u00f3n m\u00e9dica, odontol\u00f3gica y psicol\u00f3gica a la poblaci\u00f3n rural de Manab\u00ed, para el diagn\u00f3stico y tratamiento de las enfermedades m\u00e1s frecuentes.<br><br><strong>O.E4:<\/strong> Educar a la poblaci\u00f3n rural de Manab\u00ed, en medidas de promoci\u00f3n y prevenci\u00f3n para la disminuci\u00f3n y control de las enfermedades m\u00e1s frecuentes.<\/td><\/tr><\/tbody><\/table><\/figure>\n\n\n\n<div style=\"height:80px\" aria-hidden=\"true\" class=\"wp-block-spacer\"><\/div>\n\n\n\n<figure class=\"wp-block-gallery has-nested-images columns-default is-cropped wp-block-gallery-1 is-layout-flex wp-block-gallery-is-layout-flex\">\n<figure class=\"wp-block-image size-large\"><a href=\"https:\/\/departamentos.uleam.edu.ec\/vinculacion-colectividad\/files\/2022\/08\/WhatsApp-Image-2022-08-22-at-09.47.15.jpeg\"><img fetchpriority=\"high\" decoding=\"async\" width=\"1000\" height=\"750\" data-id=\"4815\" src=\"https:\/\/departamentos.uleam.edu.ec\/vinculacion-colectividad\/files\/2022\/08\/WhatsApp-Image-2022-08-22-at-09.47.15.jpeg\" alt=\"\" class=\"wp-image-4815\" srcset=\"https:\/\/departamentos.uleam.edu.ec\/vinculacion-colectividad\/files\/2022\/08\/WhatsApp-Image-2022-08-22-at-09.47.15.jpeg 1000w, https:\/\/departamentos.uleam.edu.ec\/vinculacion-colectividad\/files\/2022\/08\/WhatsApp-Image-2022-08-22-at-09.47.15-300x225.jpeg 300w, https:\/\/departamentos.uleam.edu.ec\/vinculacion-colectividad\/files\/2022\/08\/WhatsApp-Image-2022-08-22-at-09.47.15-768x576.jpeg 768w\" sizes=\"(max-width: 1000px) 100vw, 1000px\" \/><\/a><\/figure>\n\n\n\n<figure class=\"wp-block-image size-large\"><a href=\"https:\/\/departamentos.uleam.edu.ec\/vinculacion-colectividad\/files\/2022\/08\/WhatsApp-Image-2022-08-22-at-09.47.18.jpeg\"><img decoding=\"async\" width=\"1000\" height=\"750\" data-id=\"4816\" src=\"https:\/\/departamentos.uleam.edu.ec\/vinculacion-colectividad\/files\/2022\/08\/WhatsApp-Image-2022-08-22-at-09.47.18.jpeg\" alt=\"\" class=\"wp-image-4816\" srcset=\"https:\/\/departamentos.uleam.edu.ec\/vinculacion-colectividad\/files\/2022\/08\/WhatsApp-Image-2022-08-22-at-09.47.18.jpeg 1000w, https:\/\/departamentos.uleam.edu.ec\/vinculacion-colectividad\/files\/2022\/08\/WhatsApp-Image-2022-08-22-at-09.47.18-300x225.jpeg 300w, https:\/\/departamentos.uleam.edu.ec\/vinculacion-colectividad\/files\/2022\/08\/WhatsApp-Image-2022-08-22-at-09.47.18-768x576.jpeg 768w\" sizes=\"(max-width: 1000px) 100vw, 1000px\" \/><\/a><\/figure>\n\n\n\n<figure class=\"wp-block-image size-large\"><a href=\"https:\/\/departamentos.uleam.edu.ec\/vinculacion-colectividad\/files\/2022\/08\/WhatsApp-Image-2022-08-22-at-09.47.19.jpeg\"><img decoding=\"async\" width=\"1024\" height=\"768\" data-id=\"4817\" src=\"https:\/\/departamentos.uleam.edu.ec\/vinculacion-colectividad\/files\/2022\/08\/WhatsApp-Image-2022-08-22-at-09.47.19.jpeg\" alt=\"\" class=\"wp-image-4817\" srcset=\"https:\/\/departamentos.uleam.edu.ec\/vinculacion-colectividad\/files\/2022\/08\/WhatsApp-Image-2022-08-22-at-09.47.19.jpeg 1024w, https:\/\/departamentos.uleam.edu.ec\/vinculacion-colectividad\/files\/2022\/08\/WhatsApp-Image-2022-08-22-at-09.47.19-300x225.jpeg 300w, https:\/\/departamentos.uleam.edu.ec\/vinculacion-colectividad\/files\/2022\/08\/WhatsApp-Image-2022-08-22-at-09.47.19-768x576.jpeg 768w\" sizes=\"(max-width: 1024px) 100vw, 1024px\" \/><\/a><\/figure>\n\n\n\n<figure class=\"wp-block-image size-large\"><a href=\"https:\/\/departamentos.uleam.edu.ec\/vinculacion-colectividad\/files\/2022\/08\/WhatsApp-Image-2022-08-22-at-09.47.22.jpeg\"><img loading=\"lazy\" decoding=\"async\" width=\"1000\" height=\"750\" data-id=\"4818\" src=\"https:\/\/departamentos.uleam.edu.ec\/vinculacion-colectividad\/files\/2022\/08\/WhatsApp-Image-2022-08-22-at-09.47.22.jpeg\" alt=\"\" class=\"wp-image-4818\" srcset=\"https:\/\/departamentos.uleam.edu.ec\/vinculacion-colectividad\/files\/2022\/08\/WhatsApp-Image-2022-08-22-at-09.47.22.jpeg 1000w, https:\/\/departamentos.uleam.edu.ec\/vinculacion-colectividad\/files\/2022\/08\/WhatsApp-Image-2022-08-22-at-09.47.22-300x225.jpeg 300w, https:\/\/departamentos.uleam.edu.ec\/vinculacion-colectividad\/files\/2022\/08\/WhatsApp-Image-2022-08-22-at-09.47.22-768x576.jpeg 768w\" sizes=\"(max-width: 1000px) 100vw, 1000px\" \/><\/a><\/figure>\n\n\n\n<figure class=\"wp-block-image size-large\"><a href=\"https:\/\/departamentos.uleam.edu.ec\/vinculacion-colectividad\/files\/2022\/08\/WhatsApp-Image-2022-08-22-at-09.47.25.jpeg\"><img loading=\"lazy\" decoding=\"async\" width=\"960\" height=\"720\" data-id=\"4821\" src=\"https:\/\/departamentos.uleam.edu.ec\/vinculacion-colectividad\/files\/2022\/08\/WhatsApp-Image-2022-08-22-at-09.47.25.jpeg\" alt=\"\" class=\"wp-image-4821\" srcset=\"https:\/\/departamentos.uleam.edu.ec\/vinculacion-colectividad\/files\/2022\/08\/WhatsApp-Image-2022-08-22-at-09.47.25.jpeg 960w, https:\/\/departamentos.uleam.edu.ec\/vinculacion-colectividad\/files\/2022\/08\/WhatsApp-Image-2022-08-22-at-09.47.25-300x225.jpeg 300w, https:\/\/departamentos.uleam.edu.ec\/vinculacion-colectividad\/files\/2022\/08\/WhatsApp-Image-2022-08-22-at-09.47.25-768x576.jpeg 768w\" sizes=\"(max-width: 960px) 100vw, 960px\" \/><\/a><\/figure>\n\n\n\n<figure class=\"wp-block-image size-large\"><a href=\"https:\/\/departamentos.uleam.edu.ec\/vinculacion-colectividad\/files\/2022\/08\/WhatsApp-Image-2022-08-22-at-09.47.24-1.jpeg\"><img loading=\"lazy\" decoding=\"async\" width=\"1024\" height=\"768\" data-id=\"4820\" src=\"https:\/\/departamentos.uleam.edu.ec\/vinculacion-colectividad\/files\/2022\/08\/WhatsApp-Image-2022-08-22-at-09.47.24-1.jpeg\" alt=\"\" class=\"wp-image-4820\" srcset=\"https:\/\/departamentos.uleam.edu.ec\/vinculacion-colectividad\/files\/2022\/08\/WhatsApp-Image-2022-08-22-at-09.47.24-1.jpeg 1024w, https:\/\/departamentos.uleam.edu.ec\/vinculacion-colectividad\/files\/2022\/08\/WhatsApp-Image-2022-08-22-at-09.47.24-1-300x225.jpeg 300w, https:\/\/departamentos.uleam.edu.ec\/vinculacion-colectividad\/files\/2022\/08\/WhatsApp-Image-2022-08-22-at-09.47.24-1-768x576.jpeg 768w\" sizes=\"(max-width: 1024px) 100vw, 1024px\" \/><\/a><\/figure>\n\n\n\n<figure class=\"wp-block-image size-large\"><a href=\"https:\/\/departamentos.uleam.edu.ec\/vinculacion-colectividad\/files\/2022\/08\/WhatsApp-Image-2022-08-22-at-09.47.24.jpeg\"><img loading=\"lazy\" decoding=\"async\" width=\"1000\" height=\"750\" data-id=\"4819\" src=\"https:\/\/departamentos.uleam.edu.ec\/vinculacion-colectividad\/files\/2022\/08\/WhatsApp-Image-2022-08-22-at-09.47.24.jpeg\" alt=\"\" class=\"wp-image-4819\" srcset=\"https:\/\/departamentos.uleam.edu.ec\/vinculacion-colectividad\/files\/2022\/08\/WhatsApp-Image-2022-08-22-at-09.47.24.jpeg 1000w, https:\/\/departamentos.uleam.edu.ec\/vinculacion-colectividad\/files\/2022\/08\/WhatsApp-Image-2022-08-22-at-09.47.24-300x225.jpeg 300w, https:\/\/departamentos.uleam.edu.ec\/vinculacion-colectividad\/files\/2022\/08\/WhatsApp-Image-2022-08-22-at-09.47.24-768x576.jpeg 768w\" sizes=\"(max-width: 1000px) 100vw, 1000px\" \/><\/a><\/figure>\n<\/figure>\n","protected":false},"excerpt":{"rendered":"<p>PER\u00cdODO ACAD\u00c9MICO 2022 &#8211; 2025 Proyecto Institucional de Vinculaci\u00f3n y Emprendimiento L\u00cdNEA DE VINCULACI\u00d3N:&nbsp;\u00abSalud, Cultura F\u00edsica y Servicios Sociales\u00bb Rector:Dr. Marcos Tulio Zambrano Zambrano, PhD.Directora de Vinculaci\u00f3n y Emprendimiento:Dra. C. Lourdes Mora<a class=\"moretag\" href=\"https:\/\/departamentos.uleam.edu.ec\/vinculacion-colectividad\/intervencion-en-la-salud-de-la-poblacion-de-manabi\/\">Leer m\u00e1s&#8230;<\/a><\/p>\n","protected":false},"author":124,"featured_media":0,"parent":0,"menu_order":0,"comment_status":"closed","ping_status":"closed","template":"","meta":{"footnotes":"","_links_to":"","_links_to_target":""},"class_list":["post-5587","page","type-page","status-publish","hentry"],"_links":{"self":[{"href":"https:\/\/departamentos.uleam.edu.ec\/vinculacion-colectividad\/wp-json\/wp\/v2\/pages\/5587","targetHints":{"allow":["GET"]}}],"collection":[{"href":"https:\/\/departamentos.uleam.edu.ec\/vinculacion-colectividad\/wp-json\/wp\/v2\/pages"}],"about":[{"href":"https:\/\/departamentos.uleam.edu.ec\/vinculacion-colectividad\/wp-json\/wp\/v2\/types\/page"}],"author":[{"embeddable":true,"href":"https:\/\/departamentos.uleam.edu.ec\/vinculacion-colectividad\/wp-json\/wp\/v2\/users\/124"}],"replies":[{"embeddable":true,"href":"https:\/\/departamentos.uleam.edu.ec\/vinculacion-colectividad\/wp-json\/wp\/v2\/comments?post=5587"}],"version-history":[{"count":1,"href":"https:\/\/departamentos.uleam.edu.ec\/vinculacion-colectividad\/wp-json\/wp\/v2\/pages\/5587\/revisions"}],"predecessor-version":[{"id":5588,"href":"https:\/\/departamentos.uleam.edu.ec\/vinculacion-colectividad\/wp-json\/wp\/v2\/pages\/5587\/revisions\/5588"}],"wp:attachment":[{"href":"https:\/\/departamentos.uleam.edu.ec\/vinculacion-colectividad\/wp-json\/wp\/v2\/media?parent=5587"}],"curies":[{"name":"wp","href":"https:\/\/api.w.org\/{rel}","templated":true}]}}