{"id":5598,"date":"2024-03-07T14:07:45","date_gmt":"2024-03-07T19:07:45","guid":{"rendered":"https:\/\/departamentos.uleam.edu.ec\/vinculacion-colectividad\/?page_id=5598"},"modified":"2024-06-05T09:37:21","modified_gmt":"2024-06-05T14:37:21","slug":"proyectos-2023","status":"publish","type":"page","link":"https:\/\/departamentos.uleam.edu.ec\/vinculacion-colectividad\/proyectos-2023\/","title":{"rendered":"PROYECTOS 2023"},"content":{"rendered":"\n<p class=\"has-text-align-center\" style=\"font-size:24px\"><strong>PROYECTOS INSTITUCIONALES<\/strong><\/p>\n\n\n\n<p><a href=\"https:\/\/departamentos.uleam.edu.ec\/vinculacion-colectividad\/escueladeliderazgo\/\" target=\"_blank\" rel=\"noreferrer noopener\">Escuela de Liderazgo \u201cRosal\u00eda Arteaga\u201d<\/a><\/p>\n\n\n\n<p><a href=\"https:\/\/departamentos.uleam.edu.ec\/vinculacion-colectividad\/capacitacion-en-competencias-laborales-para-la-reactivacion-economica-post-pandemia-covid-19-en-la-provincia-de-manabi\/\" target=\"_blank\" rel=\"noreferrer noopener\">Capacitaci\u00f3n en competencias laborales para la reactivaci\u00f3n econ\u00f3mica post pandemia COVID 19 en la Provincia de Manab\u00ed.<\/a><\/p>\n\n\n\n<p><a href=\"https:\/\/departamentos.uleam.edu.ec\/vinculacion-colectividad\/intervencion-en-la-salud-de-la-poblacion-de-manabi\/\" target=\"_blank\" rel=\"noreferrer noopener\">Intervenci\u00f3n en la salud de la poblaci\u00f3n de Manab\u00ed<\/a>.<\/p>\n\n\n\n<p><a rel=\"noreferrer noopener\" href=\"https:\/\/departamentos.uleam.edu.ec\/vinculacion-colectividad\/plan-de-legalizacion-posesion-tenencia-y-titularidad-de-dominio-urbano-y-rural\/\" target=\"_blank\">Plan para la legalizaci\u00f3n de la posesi\u00f3n, tenencia y titularidad de dominio urbano y rural y su Impacto Econ\u00f3mico en los principales cantones de la provincia de Manab\u00ed<\/a><\/p>\n\n\n\n<p><a rel=\"noreferrer noopener\" href=\"https:\/\/departamentos.uleam.edu.ec\/vinculacion-colectividad\/https-departamentos-uleam-edu-ec-vinculacion-colectividad-proyectos2022-proyecto-para-la-prevencion-de-genero-en-la-universidad-laica-eloy-alfaro-de-manabi\/\" target=\"_blank\">Proyecto para la prevenci\u00f3n de violencia de g\u00e9nero en la Universidad Laica Eloy Alfaro de Manab\u00ed<\/a><\/p>\n\n\n\n<p><a href=\"https:\/\/departamentos.uleam.edu.ec\/vinculacion-colectividad\/2024\/03\/15\/fortalecimiento-de-la-identidad-cultural-para-el-desarrollo-socioeconomico-de-la-juventud-universitaria-y-su-impacto-en-la-zona-4\/\" target=\"_blank\" rel=\"noreferrer noopener\">Fortalecimiento de la identidad cultural para el desarrollo socioecon\u00f3mico de la juventud universitaria y su impacto en la zona 4<\/a><\/p>\n\n\n\n<p class=\"has-text-align-center\" style=\"font-size:24px\"><strong>PROYECTOS DE FACULTADES<\/strong><\/p>\n\n\n\n<p><strong>FACULTAD DE CIENCIAS DE LA SALUD<\/strong><\/p>\n\n\n\n<p><a href=\"https:\/\/departamentos.uleam.edu.ec\/vinculacion-colectividad\/https-departamentos-uleam-edu-ec-vinculacion-colectividad-proyectos2022-vigilancia-epidemiologica-de-las-enfermedades-transmisibles-en-el-canton-manta\/\" target=\"_blank\" rel=\"noreferrer noopener\">Vigilancia epidemiol\u00f3gica de las enfermedades transmisibles en el Cant\u00f3n Manta<\/a><\/p>\n\n\n\n<p><a rel=\"noreferrer noopener\" href=\"https:\/\/departamentos.uleam.edu.ec\/vinculacion-colectividad\/https-departamentos-uleam-edu-ec-vinculacion-colectividad-proyectos2022-estrategia-institucional-para-que-el-ecuador-crezca-sin-desnutricion-cronica-infantil\/\" target=\"_blank\">Estrategia Institucional para que el Ecuador crezca sin desnutrici\u00f3n cr\u00f3nica infantil<\/a><\/p>\n\n\n\n<p><a rel=\"noreferrer noopener\" href=\"https:\/\/departamentos.uleam.edu.ec\/vinculacion-colectividad\/https-departamentos-uleam-edu-ec-vinculacion-colectividad-proyectos2022-promocion-de-la-salud-y-prevencion-de-enfermedades-en-la-comunidad-uleam\/\" target=\"_blank\">Promoci\u00f3n de la salud y prevenci\u00f3n de enfermedades en la comunidad Uleam<\/a><\/p>\n\n\n\n<p><a rel=\"noreferrer noopener\" href=\"https:\/\/departamentos.uleam.edu.ec\/vinculacion-colectividad\/https-departamentos-uleam-edu-ec-vinculacion-colectividad-proyectos2022-atencion-ambulatoria-a-ninos-y-adolescentes\/\" target=\"_blank\">Atenci\u00f3n ambulatoria a ni\u00f1os y adolescentes.<\/a><\/p>\n\n\n\n<p><strong>FACULTAD DE INGENIER\u00cdA, INDUSTRIA Y CONSTRUCCI\u00d3N<\/strong><\/p>\n\n\n\n<p><a rel=\"noreferrer noopener\" href=\"https:\/\/departamentos.uleam.edu.ec\/vinculacion-colectividad\/https-departamentos-uleam-edu-ec-vinculacion-colectividad-proyectos2022-habitat-saludable-y-diagnostico-de-apoyo-logistico-territorial-en-periodo-de-contingencia\/\" target=\"_blank\">H\u00e1bitat saludable y diagn\u00f3stico de apoyo log\u00edstico territorial en per\u00edodo de contingencia.<\/a><\/p>\n\n\n\n<p><a href=\"https:\/\/departamentos.uleam.edu.ec\/vinculacion-colectividad\/https-departamentos-uleam-edu-ec-vinculacion-colectividad-proyectos2022-implementacion-de-dos-vaca-mecanica-para-la-produccion-de-leche-de-soya-a-instalarse-en-la-facultad-de-ingenieria-industrial-de\/\" target=\"_blank\" rel=\"noreferrer noopener\">Implementaci\u00f3n de dos vaca mec\u00e1nica para la producci\u00f3n de leche de soya a instalarse en la facultad de Ingenier\u00eda Industrial de la ULEAM<\/a><\/p>\n\n\n\n<p><a href=\"https:\/\/departamentos.uleam.edu.ec\/vinculacion-colectividad\/evaluacion-tecnico-economica-para-el-re-diseno-y-reestructuracion-de-instalaciones-electricas-residenciales-y-pequenos-comercios\/\">Evaluaci\u00f3n t\u00e9cnico-econ\u00f3mica para el re-dise\u00f1o y reestructuraci\u00f3n de instalaciones el\u00e9ctricas residenciales y peque\u00f1os comercios<\/a><\/p>\n\n\n\n<p><a href=\"https:\/\/departamentos.uleam.edu.ec\/vinculacion-colectividad\/https-departamentos-uleam-edu-ec-vinculacion-colectividad-proyectos2022-formacion-de-destrezas-e-insercion-laboral-en-el-ambito-ingenieril-orientado-a-los-estudiantes-del-tercero-de-bachillerato-de-lo\/\" target=\"_blank\" rel=\"noreferrer noopener\">Formaci\u00f3n de destrezas e inserci\u00f3n laboral en el \u00e1mbito ingenieril, orientado a los estudiantes del tercero de bachillerato de los colegios del Cant\u00f3n Manta<\/a><\/p>\n\n\n\n<p><a href=\"https:\/\/departamentos.uleam.edu.ec\/vinculacion-colectividad\/https-departamentos-uleam-edu-ec-vinculacion-colectividad-proyectos2022-asistencia-tecnica-para-el-fortalecimiento-de-la-red-vial-de-la-provincia-de-manabi-en-cooperacion-interinstitucional-con-el-min\/\" target=\"_blank\" rel=\"noreferrer noopener\">Asistencia t\u00e9cnica para el fortalecimiento de la red vial de la provincia de Manab\u00ed en cooperaci\u00f3n interinstitucional con el Ministerio de Transporte y Obras P\u00fablicas<\/a><\/p>\n\n\n\n<p><a href=\"https:\/\/departamentos.uleam.edu.ec\/vinculacion-colectividad\/https-departamentos-uleam-edu-ec-vinculacion-colectividad-proyectos2022-proyecto-de-transferencia-social-del-conocimiento-programa-de-cursos-y-talleres-de-pedagogia-y-andragogia-del-arte-en-espanol-e\/\" target=\"_blank\" rel=\"noreferrer noopener\">Expo subasta de arte en el desarrollo del mercado del arte en la ciudad de Manta<\/a><\/p>\n\n\n\n<p><a rel=\"noreferrer noopener\" href=\"https:\/\/departamentos.uleam.edu.ec\/vinculacion-colectividad\/https-departamentos-uleam-edu-ec-vinculacion-colectividad-proyectos2022-concursos-y-simposios-de-arte\/\" target=\"_blank\">Concursos y simposios de arte<\/a><\/p>\n\n\n\n<p><a href=\"https:\/\/departamentos.uleam.edu.ec\/vinculacion-colectividad\/https-departamentos-uleam-edu-ec-vinculacion-colectividad-proyectos2022-concursos-y-talleres-para-ninos-adolescentes-y-adultos-del-arte-en-espanol-e-ingles\/\" target=\"_blank\" rel=\"noreferrer noopener\">Concursos y talleres para ni\u00f1os, adolescentes y adultos del arte en espa\u00f1ol e ingl\u00e9s<\/a><\/p>\n\n\n\n<p><strong>FACULTAD DE CIENCIAS DE LA VIDA Y TECNOLOG\u00cdAS<\/strong><\/p>\n\n\n\n<p><a rel=\"noreferrer noopener\" href=\"https:\/\/departamentos.uleam.edu.ec\/vinculacion-colectividad\/https-departamentos-uleam-edu-ec-vinculacion-colectividad-proyectos2022-transformacion-de-productos-derivados-del-mar-y-agricola-del-sector-artesanal-de-la-parroquia-san-mateo\/\" target=\"_blank\">Transformaci\u00f3n de productos derivados del mar y agr\u00edcola del sector artesanal de la parroquia San Mateo.<\/a><\/p>\n\n\n\n<p><a rel=\"noreferrer noopener\" href=\"https:\/\/departamentos.uleam.edu.ec\/vinculacion-colectividad\/https-departamentos-uleam-edu-ec-vinculacion-colectividad-proyectos2022-valoracion-e-innovacion-de-los-residuos-organicos-derivados-de-la-pesca\/\" target=\"_blank\">Valoraci\u00f3n e innovaci\u00f3n de los residuos org\u00e1nicos derivados de la pesca y la Acuicultura en la parroquia San Mateo<\/a><\/p>\n\n\n\n<p><a href=\"https:\/\/departamentos.uleam.edu.ec\/vinculacion-colectividad\/https-departamentos-uleam-edu-ec-vinculacion-colectividad-proyectos2022-asistencia-tecnica-a-productores-agropecuarios-para-fortalecer-los-sistemas-de-produccion-avicola-del-canton-montecristi\/\" target=\"_blank\" rel=\"noreferrer noopener\">Asistencia t\u00e9cnica a productores agropecuarios para fortalecer los sistemas de producci\u00f3n Av\u00edcola del cant\u00f3n Montecristi.<\/a><\/p>\n\n\n\n<p><a rel=\"noreferrer noopener\" href=\"https:\/\/departamentos.uleam.edu.ec\/vinculacion-colectividad\/https-departamentos-uleam-edu-ec-vinculacion-colectividad-proyectos2022-asistencia-tecnica-sobre-huertos-urbanos-y-rurales-en-el-canton-manta\/\" target=\"_blank\">Asistencia t\u00e9cnica sobre huertos urbanos en el cant\u00f3n Manta<\/a><\/p>\n\n\n\n<p><a rel=\"noreferrer noopener\" href=\"https:\/\/departamentos.uleam.edu.ec\/vinculacion-colectividad\/https-departamentos-uleam-edu-ec-vinculacion-colectividad-proyectos2022-monitoreo-de-la-calidad-ambiental-mediante-bioindicadores-en-rios-y-playas-de-la-ciudad-de-manta\/\" target=\"_blank\">Monitoreo de la calidad ambiental mediante bioindicadores en r\u00edos y playas de la ciudad de Manta<\/a><\/p>\n\n\n\n<p><a href=\"https:\/\/departamentos.uleam.edu.ec\/vinculacion-colectividad\/servicios-y-soluciones-tecnologicas-vinculantes-con-la-sociedad-de-manabi\/\" target=\"_blank\" rel=\"noreferrer noopener\">Servicios y soluciones tecnol\u00f3gicas vinculantes con la sociedad de Manab\u00ed<\/a><\/p>\n\n\n\n<p><a href=\"https:\/\/departamentos.uleam.edu.ec\/vinculacion-colectividad\/https-departamentos-uleam-edu-ec-vinculacion-colectividad-proyectos2022-fortalecimiento-de-las-organizaciones-pesqueras-en-la-provincia-de-manabi\/\" target=\"_blank\" rel=\"noreferrer noopener\">Fortalecimiento de las organizaciones pesqueras en la provincia de Manab<\/a>\u00ed<\/p>\n\n\n\n<p><strong>FACULTAD DE EDUCACI\u00d3N, SERVICIOS, ARTES Y HUMANIDADES<\/strong><\/p>\n\n\n\n<p><a href=\"https:\/\/departamentos.uleam.edu.ec\/vinculacion-colectividad\/innovacion-y-fortalecimiento-de-ciinfotur-para-el-desarrollo-de-la-zona-4\/\" target=\"_blank\" rel=\"noreferrer noopener\">Innovaci\u00f3n y fortalecimiento de CIINFOTUR para el desarrollo de la Zona 4.<\/a><\/p>\n\n\n\n<p><a href=\"https:\/\/departamentos.uleam.edu.ec\/vinculacion-colectividad\/espacios-de-atencion-pedagogica-inclusiva-para-el-desarrollo-integral-de-la-infancia-y-la-ninez\/\" target=\"_blank\" rel=\"noreferrer noopener\">Espacios de atenci\u00f3n pedag\u00f3gica inclusiva para el desarrollo integral de la infancia y la ni\u00f1ez<\/a><\/p>\n\n\n\n<p><a href=\"https:\/\/departamentos.uleam.edu.ec\/vinculacion-colectividad\/innovacion-y-diversidad-construyendo-comunidades-inclusivas-en-el-distrito-13d02\/\" target=\"_blank\" rel=\"noreferrer noopener\">Innovaci\u00f3n y Diversidad: Construyendo Comunidades Inclusivas en el Distrito 13D02<\/a><\/p>\n\n\n\n<p><a href=\"https:\/\/departamentos.uleam.edu.ec\/vinculacion-colectividad\/desarrollo-de-competencias-laborales-en-empresas-de-servicios-gastronomicos-de-la-ciudad-de-manta\/\" target=\"_blank\" rel=\"noreferrer noopener\">Desarrollo de competencias laborales en empresas de servicios gastron\u00f3micos de la ciudad de manta.<\/a><\/p>\n\n\n\n<p><a rel=\"noreferrer noopener\" href=\"https:\/\/departamentos.uleam.edu.ec\/vinculacion-colectividad\/https-departamentos-uleam-edu-ec-vinculacion-colectividad-proyectos2022-proyecto-de-fisica-deportes-y-recreacion-para-deteccion-de-talentos-deportivos-en-ninos-as-de-educacion-general-basica-de-manta\/\" target=\"_blank\">Actividad f\u00edsica, deportes y recreaci\u00f3n para detecci\u00f3n de talentos deportivos en ni\u00f1os\/as de educaci\u00f3n general b\u00e1sica de Manta, Montecristi y Jaramij\u00f3<\/a><\/p>\n\n\n\n<p><a rel=\"noreferrer noopener\" href=\"https:\/\/departamentos.uleam.edu.ec\/vinculacion-colectividad\/https-departamentos-uleam-edu-ec-vinculacion-colectividad-proyectos2022-proyecto-interdisciplinario-de-alfabetizacion-integral-con-componentes-de-gamificacion-para-el-desarrollo-sustentable-de-ninos-j\/\" target=\"_blank\">Proyecto interdisciplinario de alfabetizaci\u00f3n integral con componentes de gamificaci\u00f3n para el desarrollo sustentable de ni\u00f1os, j\u00f3venes y adultos mayores de Manta.<\/a><\/p>\n\n\n\n<p><a rel=\"noreferrer noopener\" href=\"https:\/\/departamentos.uleam.edu.ec\/vinculacion-colectividad\/https-departamentos-uleam-edu-ec-vinculacion-colectividad-proyectos2022-estrategias-para-potencializar-el-turismo-rural-comunitario-del-canton-manta-periodo-2020-2022\/\" target=\"_blank\">Estrategias para potencializar el turismo rural-comunitario post Covid \u2013 19 en el cant\u00f3n Manta<\/a><\/p>\n\n\n\n<p><a href=\"https:\/\/departamentos.uleam.edu.ec\/vinculacion-colectividad\/https-departamentos-uleam-edu-ec-vinculacion-colectividad-proyectos2022-proyecto-para-la-acreditacion-de-guias-locales-de-las-zonas-urbanas-y-rurales-del-canton-manta\/\" target=\"_blank\" rel=\"noreferrer noopener\">Proyecto para la acreditaci\u00f3n de gu\u00edas locales de las zonas rurales del cant\u00f3n Manta.<\/a><\/p>\n\n\n\n<p><strong>FACULTAD DE CIENCIAS ADMINISTRATIVAS, CONTABLES Y COMERCIO<\/strong><\/p>\n\n\n\n<p><a href=\"https:\/\/departamentos.uleam.edu.ec\/vinculacion-colectividad\/https-departamentos-uleam-edu-ec-vinculacion-colectividad-proyectos2022-fortalece-tu-mi-pyme\/\" target=\"_blank\" rel=\"noreferrer noopener\">Fortalece tu Mi Pyme.<\/a><\/p>\n\n\n\n<p><a rel=\"noreferrer noopener\" href=\"https:\/\/departamentos.uleam.edu.ec\/vinculacion-colectividad\/https-departamentos-uleam-edu-ec-vinculacion-colectividad-proyectos2022-empoderamiento-turistico-y-comercial-de-manta\/\" target=\"_blank\">Empoderamiento tur\u00edstico y comercial de Manta.<\/a><\/p>\n\n\n\n<p><a rel=\"noreferrer noopener\" href=\"https:\/\/departamentos.uleam.edu.ec\/vinculacion-colectividad\/https-departamentos-uleam-edu-ec-vinculacion-colectividad-proyectos2022-fortalecimiento-de-las-actividades-economicas-y-comerciales-de-los-centros-de-desarrollo-comunitarios-de-las-parroquias-tarqui-l\/\" target=\"_blank\">Fortalecimiento de las actividades econ\u00f3micas y comerciales de los centros de desarrollo comunitarios de las parroquias Tarqui, Los Esteros y Eloy Alfaro<\/a><\/p>\n\n\n\n<p><a rel=\"noreferrer noopener\" href=\"https:\/\/departamentos.uleam.edu.ec\/vinculacion-colectividad\/https-departamentos-uleam-edu-ec-vinculacion-colectividad-proyectos2022-fortalecimiento-las-habilidades-sociales-cognitivas-fisicas-psicosociales-y-economicas-de-los-miembros-de-la-asociacion-de-perso\/\" target=\"_blank\">Fortalecimiento las habilidades sociales, cognitivas, f\u00edsicas, psicosociales y econ\u00f3micas de los miembros de la asociaci\u00f3n de personas con discapacidad de Manta y Montecristi<\/a><\/p>\n\n\n\n<p><a rel=\"noreferrer noopener\" href=\"https:\/\/departamentos.uleam.edu.ec\/vinculacion-colectividad\/https-departamentos-uleam-edu-ec-vinculacion-colectividad-proyectos2022-fortalecimiento-de-la-gestion-documental-en-la-asociacion-interprofesional-de-artesanos-del-canton-montecristi\/\" target=\"_blank\">Fortalecimiento de la gesti\u00f3n documental en la asociaci\u00f3n interprofesional de artesanos del cant\u00f3n Montecristi<\/a><\/p>\n\n\n\n<p><a href=\"https:\/\/departamentos.uleam.edu.ec\/vinculacion-colectividad\/fortalecimiento-de-las-actividades-economicas-comerciales-y-administrativas-de-las-familias-migrantes-refugiadas-y-comunidad-acogida-del-canton-de-manta-provincia-de-manabi\/\" target=\"_blank\" rel=\"noreferrer noopener\">Fortalecimiento de las Actividades Econ\u00f3micas, Comerciales y Administrativas de las Familias Migrantes Refugiadas y Comunidad Acogida, del cant\u00f3n de Manta, Provincia de Manab\u00ed Periodo 2023-2025<\/a><\/p>\n\n\n\n<p><strong>FACULTAD DE CIENCIAS SOCIALES, DERECHO Y BIENESTAR<\/strong><\/p>\n\n\n\n<p><a href=\"https:\/\/departamentos.uleam.edu.ec\/vinculacion-colectividad\/fortalecimiento-de-los-comerciantes-del-mercado-central-de-manta-en-las-necesidades-regulares-de-financiamiento-para-el-desarrollo-de-sus-actividades-economicas\/\" data-type=\"link\" data-id=\"https:\/\/departamentos.uleam.edu.ec\/vinculacion-colectividad\/fortalecimiento-de-los-comerciantes-del-mercado-central-de-manta-en-las-necesidades-regulares-de-financiamiento-para-el-desarrollo-de-sus-actividades-economicas\/\" target=\"_blank\" rel=\"noreferrer noopener\">Fortalecimiento de los Comerciantes del Mercado Central de Manta en las necesidades regulares de financiamiento para el desarrollo de sus actividades econ\u00f3micas<\/a><\/p>\n\n\n\n<p><a href=\"https:\/\/departamentos.uleam.edu.ec\/vinculacion-colectividad\/https-departamentos-uleam-edu-ec-vinculacion-colectividad-proyectos2022-prevencion-de-consumo-de-sustancias-adictivas-en-estudiantes-de-bachillerato-de-las-unidades-educativas-del-canton-manta-ano-202\/\" target=\"_blank\" rel=\"noreferrer noopener\">Capacitaciones para la Identificaci\u00f3n de Factores de Riesgo Asociados al Consumo de sustancias adictivas en estudiantes de bachillerato de las Unidades Educativas del cant\u00f3n Manta<\/a><\/p>\n\n\n\n<p><a href=\"https:\/\/departamentos.uleam.edu.ec\/vinculacion-colectividad\/intervencion-comunicacional-estrategica-para-el-fortalecimiento-organizacional-y-cultural-de-la-organizacion-de-campesinos-agricultores-regantes-usuarios-del-acueducto-la-esperanza\/\" target=\"_blank\" rel=\"noreferrer noopener\">Intervenci\u00f3n Comunicacional Estrat\u00e9gica para el fortalecimiento organizacional y cultural de la Organizaci\u00f3n de Campesinos-Agricultores Regantes, Usuarios del Acueducto La Esperanza.<\/a><\/p>\n\n\n\n<p><strong>UNIDAD ACAD\u00c9MICA DE FORMACI\u00d3N T\u00c9CNICA Y TECNOL\u00d3GICA<\/strong><\/p>\n\n\n\n<p><a href=\"https:\/\/departamentos.uleam.edu.ec\/vinculacion-colectividad\/https-departamentos-uleam-edu-ec-vinculacion-colectividad-proyectos2022-asistencia-tecnica-para-la-instalacion-de-sistemas-de-riego-y-produccion-agricola-en-el-canton-tosagua\/\" target=\"_blank\" rel=\"noreferrer noopener\">Asistencia t\u00e9cnica para la instalaci\u00f3n de sistemas de riego y producci\u00f3n agr\u00edcola en el cant\u00f3n Tosagua<\/a><\/p>\n\n\n\n<p><a href=\"https:\/\/departamentos.uleam.edu.ec\/vinculacion-colectividad\/servicios-de-operacion-y-o-mantenimiento-de-tecnologias-biomedicas-que-posibilite-el-funcionamiento-de-los-equipos-en-la-cruz-roja-ecuatoriana-laboratorios-y-unidades-de-salud-localizadas-en-cantones\/\" target=\"_blank\" rel=\"noreferrer noopener\">Servicios de operaci\u00f3n y\/o mantenimiento de tecnolog\u00edas biom\u00e9dicas que posibilite el funcionamiento de los equipos en la Cruz Roja Ecuatoriana, laboratorios y unidades de salud localizadas en cantones de influencia de la UAFTT-ULEAM<\/a><\/p>\n\n\n\n<p><a href=\"https:\/\/departamentos.uleam.edu.ec\/vinculacion-colectividad\/repotenciacion-de-sistemas-electricos-y-electromecanicos-en-baja-tension-para-la-mitigacion-de-riesgos-electricos-ahorro-de-energia-y-el-aumento-de-la-productividad-en-zonas-prioritarias-de-la-provin\/\" target=\"_blank\" rel=\"noreferrer noopener\">Repotenciaci\u00f3n de sistemas el\u00e9ctricos y electromec\u00e1nicos en baja tensi\u00f3n para la mitigaci\u00f3n de riesgos el\u00e9ctricos, ahorro de energ\u00eda y el aumento de la productividad en zonas prioritarias de la Provincia de Man<\/a><a href=\"https:\/\/departamentos.uleam.edu.ec\/vinculacion-colectividad\/repotenciacion-de-sistemas-electricos-y-electromecanicos-en-baja-tension-para-la-mitigacion-de-riesgos-electricos-ahorro-de-energia-y-el-aumento-de-la-productividad-en-zonas-prioritarias-de-la-provin\/\">ab\u00ed<\/a><\/p>\n\n\n\n<p><strong>EXTENSI\u00d3N BAH\u00cdA<\/strong><\/p>\n\n\n\n<p><a rel=\"noreferrer noopener\" href=\"https:\/\/departamentos.uleam.edu.ec\/vinculacion-colectividad\/https-departamentos-uleam-edu-ec-vinculacion-colectividad-proyectos2022-responsabilidad-social-y-liderazgo-en-los-emprendimientos-familiares-de-las-comunidades-del-canton-sucre\/\" target=\"_blank\">Responsabilidad social y liderazgo en los emprendimientos familiares de las comunidades del cant\u00f3n Sucre.<\/a><\/p>\n\n\n\n<p><strong>EXTENSI\u00d3N CHONE<\/strong><\/p>\n\n\n\n<p><a href=\"https:\/\/departamentos.uleam.edu.ec\/vinculacion-colectividad\/https-departamentos-uleam-edu-ec-vinculacion-colectividad-proyectos2022-el-pensamiento-computacional-y-la-ensenanza-del-idioma-ingles-para-el-desarrollo-de-competencias-en-los-estudiantes-de-la-educac\/\" target=\"_blank\" rel=\"noreferrer noopener\">El pensamiento computacional y la ense\u00f1anza del idioma ingl\u00e9s para el desarrollo de competencias en los estudiantes de la educaci\u00f3n b\u00e1sica media en las unidades educativas de Chone.<\/a><\/p>\n\n\n\n<p><a rel=\"noreferrer noopener\" href=\"https:\/\/departamentos.uleam.edu.ec\/vinculacion-colectividad\/https-departamentos-uleam-edu-ec-vinculacion-colectividad-proyectos2022-build-mathematics-acompanamiento-pedagogico-aplicando-tics-para-el-desarrollo-del-pensamiento-matematico-en-estudiantes-de-terce\/\" target=\"_blank\">Build Mathematics: acompa\u00f1amiento pedag\u00f3gico aplicando TICs para el desarrollo del pensamiento matem\u00e1tico en estudiantes de tercero bachillerato del cant\u00f3n Chone<\/a><\/p>\n\n\n\n<p><a rel=\"noreferrer noopener\" href=\"https:\/\/departamentos.uleam.edu.ec\/vinculacion-colectividad\/https-departamentos-uleam-edu-ec-vinculacion-colectividad-proyectos2022-asistencia-tecnica-y-administrativa-a-productores-agropecuarios-para-fortalecer-los-sistemas-de-inversion-y-produccion-porcina-d\/\" target=\"_blank\">Asistencia t\u00e9cnica y administrativa a productores agropecuarios para fortalecer los sistemas de inversi\u00f3n y producci\u00f3n porcina del cant\u00f3n Chone<\/a><\/p>\n\n\n\n<p><a rel=\"noreferrer noopener\" href=\"https:\/\/departamentos.uleam.edu.ec\/vinculacion-colectividad\/https-departamentos-uleam-edu-ec-vinculacion-colectividad-proyectos2022-implementacion-y-asistencia-tecnica-de-huertos-urbanos-y-periurbanos-en-el-canton-chone\/\" target=\"_blank\">Implementaci\u00f3n y asistencia t\u00e9cnica de huertos urbanos y periurbanos en el cant\u00f3n Chone.<\/a><\/p>\n\n\n\n<p><a rel=\"noreferrer noopener\" href=\"https:\/\/departamentos.uleam.edu.ec\/vinculacion-colectividad\/https-departamentos-uleam-edu-ec-vinculacion-colectividad-proyectos2022-centro-de-reciclaje-para-el-manejo-de-los-desechos-tecnologicos-del-canton-chone\/\" target=\"_blank\">Centro de reciclaje para el manejo de los desechos tecnol\u00f3gicos del cant\u00f3n Chone<\/a><\/p>\n\n\n\n<p><strong>EXTENSI\u00d3N EL CARMEN<\/strong><\/p>\n\n\n\n<p><a href=\"https:\/\/departamentos.uleam.edu.ec\/vinculacion-colectividad\/https-departamentos-uleam-edu-ec-vinculacion-colectividad-proyectos2022-capacitacion-en-el-mejoramiento-productivo-de-sistemas-agricolas-en-el-sector-rural\/\" target=\"_blank\" rel=\"noreferrer noopener\">Capacitaci\u00f3n en el mejoramiento productivo de sistemas agr\u00edcolas en el sector rural.<\/a><\/p>\n\n\n\n<p><a href=\"https:\/\/departamentos.uleam.edu.ec\/vinculacion-colectividad\/https-departamentos-uleam-edu-ec-vinculacion-colectividad-proyectos2022-capacitacion-en-el-mejoramiento-productivo-de-sistemas-pecuarios-en-el-sector-rural\/\" target=\"_blank\" rel=\"noreferrer noopener\">Capacitaci\u00f3n en el mejoramiento productivo de sistemas pecuarios en el sector rural<\/a><\/p>\n\n\n\n<p><a rel=\"noreferrer noopener\" href=\"https:\/\/departamentos.uleam.edu.ec\/vinculacion-colectividad\/https-departamentos-uleam-edu-ec-vinculacion-colectividad-proyectos2022-fortalecimiento-a-ninos-y-jovenes-en-el-proceso-de-interaprendizaje-post-covid-en-unidades-educativas-urbanas-y-urbano-marginale\/\" target=\"_blank\">Fortalecimiento a Ni\u00f1os y J\u00f3venes en el Proceso Post Covid en Unidades Educativas Urbanas y Urbano Marginales del cant\u00f3n El Carmen<\/a><\/p>\n\n\n\n<p><a rel=\"noreferrer noopener\" href=\"https:\/\/departamentos.uleam.edu.ec\/vinculacion-colectividad\/https-departamentos-uleam-edu-ec-vinculacion-colectividad-proyectos2022-fortalecimiento-de-las-tecnologias-de-la-informacion-y-comunicacion-para-contribuir-a-la-reduccion-de-la-brecha-digital-en-el-ca\/\" target=\"_blank\">Fortalecimiento de las tecnolog\u00edas de la informaci\u00f3n y comunicaci\u00f3n para contribuir a la reducci\u00f3n de la brecha digital en el cant\u00f3n El Carmen y sus zonas de influencia<\/a><\/p>\n\n\n\n<p><a href=\"https:\/\/departamentos.uleam.edu.ec\/vinculacion-colectividad\/https-departamentos-uleam-edu-ec-vinculacion-colectividad-proyectos2022-capacitacion-para-el-desarrollo-de-las-capacidades-empresariales-y-de-emprendimiento-del-sector-comercial-de-servicios-y-agropec\/\" target=\"_blank\" rel=\"noreferrer noopener\">Capacitaci\u00f3n para el desarrollo de las capacidades empresariales y de emprendimiento del sector comercial, de servicios y agropecuario de los cantones: el Carmen, Santo Domingo y La Concordia<\/a><\/p>\n\n\n\n<p><strong>EXTENSI\u00d3N PEDERNALES<\/strong><\/p>\n\n\n\n<p><a href=\"https:\/\/departamentos.uleam.edu.ec\/vinculacion-colectividad\/https-departamentos-uleam-edu-ec-vinculacion-colectividad-proyectos2022-fomento-al-emprendimiento-e-innovacion-en-las-zonas-urbanas-del-canton-pedernales\/\" target=\"_blank\" rel=\"noreferrer noopener\">Fomento al emprendimiento e innovaci\u00f3n en las zonas urbanas del cant\u00f3n Pedernales<\/a><\/p>\n\n\n\n<p><a rel=\"noreferrer noopener\" href=\"https:\/\/departamentos.uleam.edu.ec\/vinculacion-colectividad\/https-departamentos-uleam-edu-ec-vinculacion-colectividad-proyectos2022-capacitacion-en-el-mejoramiento-productivo-de-sistemas-pecuarios-en-el-sector-rural-el-canton-pedernales\/\" target=\"_blank\">Capacitaci\u00f3n en el mejoramiento productivo de sistemas pecuarios en el sector rural el cant\u00f3n Pedernales<\/a><\/p>\n\n\n\n<p><a rel=\"noreferrer noopener\" href=\"https:\/\/departamentos.uleam.edu.ec\/vinculacion-colectividad\/https-departamentos-uleam-edu-ec-vinculacion-colectividad-proyectos2022-capacitacion-en-el-mejoramiento-productivo-de-los-sistemas-de-produccion-de-cacao-del-centro-chachi-balzar\/\" target=\"_blank\">Capacitaci\u00f3n en el mejoramiento productivo de los sistemas de producci\u00f3n de cacao del centro Chachi Balzar<\/a><\/p>\n\n\n\n<p><a href=\"https:\/\/departamentos.uleam.edu.ec\/vinculacion-colectividad\/https-departamentos-uleam-edu-ec-vinculacion-colectividad-proyectos2022-fortalecimiento-del-talento-humano-de-los-restaurantes-del-canton-pedernales-en-atencion-al-cliente\/\" target=\"_blank\" rel=\"noreferrer noopener\">Fortalecimiento del talento humano de los restaurantes del cant\u00f3n Pedernales en atenci\u00f3n al cliente.<\/a><\/p>\n\n\n\n<p><a href=\"https:\/\/departamentos.uleam.edu.ec\/vinculacion-colectividad\/especies-vulnerables-de-las-pesquerias-y-desarrollo-productivo-del-sector-pesquero-artesanal-del-canton-pedernales\/\" target=\"_blank\" rel=\"noreferrer noopener\">Especies vulnerables de las pesquer\u00edas y desarrollo productivo del sector pesquero artesanal del Cant\u00f3n Pedernales<\/a><\/p>\n\n\n\n<p><a href=\"https:\/\/departamentos.uleam.edu.ec\/vinculacion-colectividad\/formacion-y-asistencia-tecnica-para-las-instalaciones-a-talleres-mecanicos-electronicos-y-electricos-dirigido-a-asociaciones-organizaciones-y-al-gobiernos-autonomos-del-canton-pedernales\/\" target=\"_blank\" rel=\"noreferrer noopener\">Formaci\u00f3n y asistencia t\u00e9cnica para las instalaciones a talleres mec\u00e1nicos, electr\u00f3nicos y el\u00e9ctricos, dirigido a, asociaciones, organizaciones y al Gobiernos aut\u00f3nomos del Cant\u00f3n Pedernale<\/a><a href=\"https:\/\/departamentos.uleam.edu.ec\/vinculacion-colectividad\/formacion-y-asistencia-tecnica-para-las-instalaciones-a-talleres-mecanicos-electronicos-y-electricos-dirigido-a-asociaciones-organizaciones-y-al-gobiernos-autonomos-del-canton-pedernales\/\">s<\/a><\/p>\n\n\n\n<p><a href=\"https:\/\/departamentos.uleam.edu.ec\/vinculacion-colectividad\/intervencion-territorial-transdisciplinario-mediante-la-aplicacion-de-la-arquitectura-y-el-urbanismo-con-criterios-sostenibles-e-inclusivos-en-la-costa-norte-del-ecuador\/\" target=\"_blank\" rel=\"noreferrer noopener\">Intervenci\u00f3n territorial transdisciplinario mediante la aplicaci\u00f3n de la arquitectura y el urbanismo con criterios sostenibles e inclusivos en la costa norte del Ecuador<\/a><\/p>\n\n\n\n<p>Consolidaci\u00f3n de los procesos de buenas pr\u00e1cticas de manufactura y t\u00e9cnicas culinarias para la mejora del servicio en los establecimientos de A&amp;B del cant\u00f3n Pedernales<\/p>\n","protected":false},"excerpt":{"rendered":"<p>PROYECTOS INSTITUCIONALES Escuela de Liderazgo \u201cRosal\u00eda Arteaga\u201d Capacitaci\u00f3n en competencias laborales para la reactivaci\u00f3n econ\u00f3mica post pandemia COVID 19 en la Provincia de Manab\u00ed. Intervenci\u00f3n en la salud de la poblaci\u00f3n de<a class=\"moretag\" href=\"https:\/\/departamentos.uleam.edu.ec\/vinculacion-colectividad\/proyectos-2023\/\">Leer m\u00e1s&#8230;<\/a><\/p>\n","protected":false},"author":124,"featured_media":0,"parent":0,"menu_order":0,"comment_status":"closed","ping_status":"closed","template":"","meta":{"footnotes":"","_links_to":"","_links_to_target":""},"class_list":["post-5598","page","type-page","status-publish","hentry"],"_links":{"self":[{"href":"https:\/\/departamentos.uleam.edu.ec\/vinculacion-colectividad\/wp-json\/wp\/v2\/pages\/5598","targetHints":{"allow":["GET"]}}],"collection":[{"href":"https:\/\/departamentos.uleam.edu.ec\/vinculacion-colectividad\/wp-json\/wp\/v2\/pages"}],"about":[{"href":"https:\/\/departamentos.uleam.edu.ec\/vinculacion-colectividad\/wp-json\/wp\/v2\/types\/page"}],"author":[{"embeddable":true,"href":"https:\/\/departamentos.uleam.edu.ec\/vinculacion-colectividad\/wp-json\/wp\/v2\/users\/124"}],"replies":[{"embeddable":true,"href":"https:\/\/departamentos.uleam.edu.ec\/vinculacion-colectividad\/wp-json\/wp\/v2\/comments?post=5598"}],"version-history":[{"count":20,"href":"https:\/\/departamentos.uleam.edu.ec\/vinculacion-colectividad\/wp-json\/wp\/v2\/pages\/5598\/revisions"}],"predecessor-version":[{"id":5751,"href":"https:\/\/departamentos.uleam.edu.ec\/vinculacion-colectividad\/wp-json\/wp\/v2\/pages\/5598\/revisions\/5751"}],"wp:attachment":[{"href":"https:\/\/departamentos.uleam.edu.ec\/vinculacion-colectividad\/wp-json\/wp\/v2\/media?parent=5598"}],"curies":[{"name":"wp","href":"https:\/\/api.w.org\/{rel}","templated":true}]}}