{"id":5644,"date":"2024-03-14T16:16:25","date_gmt":"2024-03-14T21:16:25","guid":{"rendered":"https:\/\/departamentos.uleam.edu.ec\/vinculacion-colectividad\/?page_id=5644"},"modified":"2024-03-14T16:16:26","modified_gmt":"2024-03-14T21:16:26","slug":"repotenciacion-de-sistemas-electricos-y-electromecanicos-en-baja-tension-para-la-mitigacion-de-riesgos-electricos-ahorro-de-energia-y-el-aumento-de-la-productividad-en-zonas-prioritarias-de-la-provin","status":"publish","type":"page","link":"https:\/\/departamentos.uleam.edu.ec\/vinculacion-colectividad\/repotenciacion-de-sistemas-electricos-y-electromecanicos-en-baja-tension-para-la-mitigacion-de-riesgos-electricos-ahorro-de-energia-y-el-aumento-de-la-productividad-en-zonas-prioritarias-de-la-provin\/","title":{"rendered":"Repotenciaci\u00f3n de sistemas el\u00e9ctricos y electromec\u00e1nicos en baja tensi\u00f3n para la mitigaci\u00f3n de riesgos el\u00e9ctricos, ahorro de energ\u00eda y el aumento de la productividad en zonas prioritarias de la Provincia de Manab\u00ed"},"content":{"rendered":"\n<h3 class=\"wp-block-heading has-text-align-center\"><strong>PER\u00cdODO 2023 \u2013 2025<\/strong><\/h3>\n\n\n\n<h2 class=\"wp-block-heading has-text-align-center\"><strong>Proyecto de Vinculaci\u00f3n y Emprendimiento<\/strong><\/h2>\n\n\n\n<p><strong>L\u00ednea de vinculaci\u00f3n:<\/strong> Desarrollo econ\u00f3mico sostenible y empresarial.<\/p>\n\n\n\n<p><\/p>\n\n\n\n<figure class=\"wp-block-table is-style-regular\"><table class=\"has-fixed-layout\"><tbody><tr><td><strong>Nombre de la Facultad o<\/strong> <strong>Unidad Acad\u00e9mica<\/strong> <strong>responsable:<\/strong> <br>Unidad Acad\u00e9mica de Formaci\u00f3n T\u00e9cnica y Tecnol\u00f3gica<\/td><td><strong>Carrera:<\/strong> <br>Electromec\u00e1nica.<\/td><td><strong>Tipo Proyecto:<\/strong><br>Vinculaci\u00f3n<\/td><\/tr><tr><td><strong>Dominio Acad\u00e9mico:<\/strong> <br>Econom\u00eda social y solidaria para el buen vivir<\/td><td><strong>L\u00ednea de Investigaci\u00f3n:<\/strong> <br>Valoraci\u00f3n y mantenimiento de la integridad de los bienes patrimoniales de la zona 4 e intercultural.<\/td><td><strong>Convenio:<\/strong> <br>Convenio espec\u00edfico de cooperaci\u00f3n interinstitucional acad\u00e9mico entre la Universidad Laica \u201cEloy Alfaro\u201d de Manab\u00ed, GAD Tosagua, Taller Mej\u00eda.<\/td><\/tr><\/tbody><\/table><\/figure>\n\n\n\n<figure class=\"wp-block-table is-style-regular\"><table class=\"has-fixed-layout\"><tbody><tr><td><strong>Fecha Inicio: <\/strong>junio 2023<\/td><td><strong>Fecha de Fin Planeado: <\/strong>junio 2025<\/td><\/tr><\/tbody><\/table><\/figure>\n\n\n\n<p><strong>COBERTURA Y LOCALIZACI\u00d3N<\/strong><\/p>\n\n\n\n<figure class=\"wp-block-table is-style-regular\"><table><tbody><tr><td colspan=\"2\"><strong>Cobertura:<\/strong> Provincial,<\/td><td colspan=\"2\"><strong>Zona de Planificaci\u00f3n: Zona 4: <\/strong>Manab\u00ed, Santo Domingo de los Ts\u00e1chilas.<\/td><td colspan=\"2\"><strong>Provincia:<\/strong> Manab\u00ed<\/td><td>&nbsp;<\/td><\/tr><tr><td>&nbsp;<\/td><td colspan=\"2\"><strong>Cant\u00f3n:<\/strong> Tosagua.Chone.Flavio Alfaro.Pichincha.El Carmen.Pedernales.<\/td><td colspan=\"2\"><strong>Parroquias:<\/strong> Parroquias rurales prioritarias.Parroquias urbanas prioritarias. &nbsp;<\/td><td colspan=\"2\"><strong>Barrios:<\/strong> Urbano marginal.<\/td><\/tr><\/tbody><\/table><\/figure>\n\n\n\n<p><strong>PRESUPUESTO<\/strong><\/p>\n\n\n\n<figure class=\"wp-block-table is-style-regular\"><table><tbody><tr><td><strong>Presupuesto aporte ULEAM:<\/strong> <strong>&nbsp;<\/strong> $10.000,00<\/td><td><strong>Presupuesto aporte Aliados Estrat\u00e9gicos:<\/strong> $0,00<\/td><td><strong>Presupuesto Total:<\/strong> <strong>&nbsp;<\/strong> $10.000,00<\/td><\/tr><\/tbody><\/table><\/figure>\n\n\n\n<p class=\"has-text-align-center\">\u00a0<strong>OBJETIVO GENERAL<\/strong><\/p>\n\n\n\n<figure class=\"wp-block-table is-style-regular\"><table><tbody><tr><td>Repotenciar sistemas el\u00e9ctricos y electromec\u00e1nicos en baja tensi\u00f3n para la mitigaci\u00f3n de riesgos el\u00e9ctricos, ahorro de energ\u00eda y el aumento de la productividad en zonas prioritarias de la provincia de Manab\u00ed, integrando a los estudiantes, docentes y comunidad para que se cumpla el prop\u00f3sito del proyecto, durante el tiempo establecido.<\/td><\/tr><\/tbody><\/table><\/figure>\n\n\n\n<p><\/p>\n\n\n\n<p class=\"has-text-align-center\"><strong>OBJETIVO ESPECIFICO<\/strong><\/p>\n\n\n\n<figure class=\"wp-block-table is-style-regular\"><table><tbody><tr><td><strong>O.E1:<\/strong> Determinar la situaci\u00f3n actual de los sistemas el\u00e9ctricos y electromec\u00e1nicos residenciales de baja tensi\u00f3n en zonas prioritarias de la provincia de Manab\u00ed.<br>\u00a0<br><strong>O.E2: <\/strong>Mejorar la operatividad de los sistemas el\u00e9ctricos y electromec\u00e1nicos intervenidos, mediante actividades de mantenimiento o ampliaci\u00f3n en base al diagn\u00f3stico previo.<br>\u00a0<br><strong>O.E3:<\/strong> Monitorear los sistemas intervenidos para evaluar el riesgo el\u00e9ctrico, el ahorro de energ\u00eda y la productividad.<\/td><\/tr><\/tbody><\/table><\/figure>\n\n\n\n<div class=\"wp-block-file\"><a id=\"wp-block-file--media-1fd8c6bd-ca70-4d24-bea0-f32e5c9fa1f2\" href=\"https:\/\/departamentos.uleam.edu.ec\/vinculacion-colectividad\/files\/2024\/03\/REPOTENCIACION-DE-SISTEMAS-ELECTRICOS-Y-ELECTROMECANICOS-DEFINITIVO.pdf\">REPOTENCIACION-DE-SISTEMAS-ELECTRICOS-Y-ELECTROMECANICOS-DEFINITIVO<\/a><a href=\"https:\/\/departamentos.uleam.edu.ec\/vinculacion-colectividad\/files\/2024\/03\/REPOTENCIACION-DE-SISTEMAS-ELECTRICOS-Y-ELECTROMECANICOS-DEFINITIVO.pdf\" class=\"wp-block-file__button wp-element-button\" download aria-describedby=\"wp-block-file--media-1fd8c6bd-ca70-4d24-bea0-f32e5c9fa1f2\">Descarga<\/a><\/div>\n","protected":false},"excerpt":{"rendered":"<p>PER\u00cdODO 2023 \u2013 2025 Proyecto de Vinculaci\u00f3n y Emprendimiento L\u00ednea de vinculaci\u00f3n: Desarrollo econ\u00f3mico sostenible y empresarial. Nombre de la Facultad o Unidad Acad\u00e9mica responsable: Unidad Acad\u00e9mica de Formaci\u00f3n T\u00e9cnica y Tecnol\u00f3gica<a class=\"moretag\" href=\"https:\/\/departamentos.uleam.edu.ec\/vinculacion-colectividad\/repotenciacion-de-sistemas-electricos-y-electromecanicos-en-baja-tension-para-la-mitigacion-de-riesgos-electricos-ahorro-de-energia-y-el-aumento-de-la-productividad-en-zonas-prioritarias-de-la-provin\/\">Leer m\u00e1s&#8230;<\/a><\/p>\n","protected":false},"author":124,"featured_media":0,"parent":0,"menu_order":0,"comment_status":"closed","ping_status":"closed","template":"","meta":{"footnotes":"","_links_to":"","_links_to_target":""},"class_list":["post-5644","page","type-page","status-publish","hentry"],"_links":{"self":[{"href":"https:\/\/departamentos.uleam.edu.ec\/vinculacion-colectividad\/wp-json\/wp\/v2\/pages\/5644","targetHints":{"allow":["GET"]}}],"collection":[{"href":"https:\/\/departamentos.uleam.edu.ec\/vinculacion-colectividad\/wp-json\/wp\/v2\/pages"}],"about":[{"href":"https:\/\/departamentos.uleam.edu.ec\/vinculacion-colectividad\/wp-json\/wp\/v2\/types\/page"}],"author":[{"embeddable":true,"href":"https:\/\/departamentos.uleam.edu.ec\/vinculacion-colectividad\/wp-json\/wp\/v2\/users\/124"}],"replies":[{"embeddable":true,"href":"https:\/\/departamentos.uleam.edu.ec\/vinculacion-colectividad\/wp-json\/wp\/v2\/comments?post=5644"}],"version-history":[{"count":1,"href":"https:\/\/departamentos.uleam.edu.ec\/vinculacion-colectividad\/wp-json\/wp\/v2\/pages\/5644\/revisions"}],"predecessor-version":[{"id":5668,"href":"https:\/\/departamentos.uleam.edu.ec\/vinculacion-colectividad\/wp-json\/wp\/v2\/pages\/5644\/revisions\/5668"}],"wp:attachment":[{"href":"https:\/\/departamentos.uleam.edu.ec\/vinculacion-colectividad\/wp-json\/wp\/v2\/media?parent=5644"}],"curies":[{"name":"wp","href":"https:\/\/api.w.org\/{rel}","templated":true}]}}