{"id":5688,"date":"2024-03-22T10:47:58","date_gmt":"2024-03-22T15:47:58","guid":{"rendered":"https:\/\/departamentos.uleam.edu.ec\/vinculacion-colectividad\/?page_id=5688"},"modified":"2024-03-22T10:54:16","modified_gmt":"2024-03-22T15:54:16","slug":"desarrollo-de-competencias-laborales-en-empresas-de-servicios-gastronomicos-de-la-ciudad-de-manta","status":"publish","type":"page","link":"https:\/\/departamentos.uleam.edu.ec\/vinculacion-colectividad\/desarrollo-de-competencias-laborales-en-empresas-de-servicios-gastronomicos-de-la-ciudad-de-manta\/","title":{"rendered":"Desarrollo de competencias laborales en empresas de servicios gastron\u00f3micos de la ciudad de manta."},"content":{"rendered":"\n<p class=\"has-text-align-center\"><strong>PER\u00cdODO ACAD\u00c9MICO 2023-2024<\/strong><\/p>\n\n\n\n<p>Proyecto de Vinculaci\u00f3n y Emprendimiento<\/p>\n\n\n\n<p><\/p>\n\n\n\n<figure class=\"wp-block-table is-style-regular\"><table class=\"has-fixed-layout\"><tbody><tr><td><strong>Nombre de la Facultad o Unidad Acad\u00e9mica responsable:<\/strong> Facultad de Educaci\u00f3n, Turismo, Artes y Humanidades<\/td><td><strong>Carrera:<\/strong> Hospitalidad y Hoteler\u00eda<strong><\/strong><\/td><td><strong>Tipo Proyecto:<\/strong> Vinculaci\u00f3n<\/td><\/tr><tr><td><strong>Dominio Acad\u00e9mico:<\/strong> Servicios t\u00e9cnicos, transferencia tecnol\u00f3gica y educaci\u00f3n continua<\/td><td><strong>L\u00ednea de Investigaci\u00f3n:<\/strong> Econom\u00eda y desarrollo sostenible <strong>&nbsp;<\/strong><\/td><td><strong>Convenio:<\/strong> GAD Manta.<strong><\/strong><\/td><\/tr><\/tbody><\/table><\/figure>\n\n\n\n<figure class=\"wp-block-table is-style-regular\"><table class=\"has-fixed-layout\"><tbody><tr><td><strong>\u00c1rea del conocimiento:<\/strong> Servicios<\/td><td><strong>Sub\u00e1rea del conocimiento:<\/strong> Servicios profesionales<strong><\/strong><\/td><td><strong>Sub\u00e1rea especifica:<\/strong> Hoteler\u00eda y Gastronom\u00eda<strong><\/strong><\/td><\/tr><\/tbody><\/table><\/figure>\n\n\n\n<figure class=\"wp-block-table is-style-regular\"><table class=\"has-fixed-layout\"><tbody><tr><td><strong>Fecha Inicio<\/strong> Mayo 2023<strong><\/strong><\/td><td><strong>Fecha de Fin Planeado<\/strong> Febrero 2024<strong><\/strong><\/td><\/tr><\/tbody><\/table><\/figure>\n\n\n\n<figure class=\"wp-block-table is-style-regular\"><table><tbody><tr><td colspan=\"3\"><strong>Objetivos del Plan Nacional: Creaci\u00f3n de oportunidades 2021-2025.<\/strong> Objetivo 8. Trabajo decente y crecimiento econ\u00f3mico. Promover el crecimiento econ\u00f3mico sostenido, inclusivo y sostenible, el empleo pleno y productivo y el trabajo decente para todos. Objetivo 11. Ciudades y comunidades sostenibles. Lograr que las ciudades y los asentamientos humanos sean inclusivos, seguros, resilientes y sostenibles. Objetivo 12. Producci\u00f3n y consumo responsable. Garantizar modalidades de consumo y producci\u00f3n sostenibles Objetivo 17. Alianzas para lograr los objetivos. Fortalecer los medios de implementaci\u00f3n y revitalizar la Alianza Mundial para el Desarrollo Sostenible <strong>&nbsp;<\/strong><\/td><\/tr><tr><td colspan=\"3\"><strong>COBERTURA Y LOCALIZACI\u00d3N<\/strong><strong><\/strong><\/td><\/tr><tr><td><strong>Cobertura:<\/strong> Cant\u00f3n Manta<strong><\/strong><\/td><td><strong>Zona de Planificaci\u00f3n:<\/strong> Manta<strong><\/strong><\/td><td><strong>Provincia:<\/strong> Manab\u00ed<\/td><\/tr><tr><td><strong>Cant\u00f3n:<\/strong> Manta<strong><\/strong><\/td><td><strong>Parroquia:<\/strong> Manta<strong><\/strong><\/td><td><strong>Barrios:<\/strong> Manta<strong><\/strong><\/td><\/tr><\/tbody><\/table><\/figure>\n\n\n\n<figure class=\"wp-block-table is-style-regular\"><table class=\"has-fixed-layout\"><tbody><tr><td><strong>Objetivo General<\/strong><br>Fortalecer las competencias laborales de los prestadores de servicios gastron\u00f3micos para la mejora de conocimientos t\u00e9cnico, pr\u00e1cticos y de una cultura de servicios en v\u00edas de desarrollo tur\u00edstico de la ciudad de Manta<\/td><\/tr><tr><td><strong>Objetivos Espec\u00edficos<\/strong><br><strong>OE1:<\/strong> Definir los temas que aporten al desarrollo de competencias laborales para la planificaci\u00f3n de actividades involucrando a los prestadores de servicios gastron\u00f3mico de la Playa el Murci\u00e9lago de la ciudad de Manta.<br><strong>OE2:<\/strong> Planificar las actividades de desarrollo de competencias laborales y su aplicaci\u00f3n mediante conferencias-taller a los prestadores de servicios gastron\u00f3micos de la Playa Murci\u00e9lago de la ciudad de Manta.<br><strong>OE3:<\/strong> Evaluar las competencias laborales de los prestadores de servicios gastron\u00f3micos para la medici\u00f3n de conocimientos y habilidades adquiridas durante la trasferencia de conocimientos.<\/td><\/tr><\/tbody><\/table><\/figure>\n\n\n\n<div class=\"wp-block-file\"><a href=\"https:\/\/departamentos.uleam.edu.ec\/vinculacion-colectividad\/files\/2024\/03\/DESARR1.pdf\" class=\"wp-block-file__button wp-element-button\" download>Descarga<\/a><\/div>\n","protected":false},"excerpt":{"rendered":"<p>PER\u00cdODO ACAD\u00c9MICO 2023-2024 Proyecto de Vinculaci\u00f3n y Emprendimiento Nombre de la Facultad o Unidad Acad\u00e9mica responsable: Facultad de Educaci\u00f3n, Turismo, Artes y Humanidades Carrera: Hospitalidad y Hoteler\u00eda Tipo Proyecto: Vinculaci\u00f3n Dominio Acad\u00e9mico:<a class=\"moretag\" href=\"https:\/\/departamentos.uleam.edu.ec\/vinculacion-colectividad\/desarrollo-de-competencias-laborales-en-empresas-de-servicios-gastronomicos-de-la-ciudad-de-manta\/\">Leer m\u00e1s&#8230;<\/a><\/p>\n","protected":false},"author":124,"featured_media":0,"parent":0,"menu_order":0,"comment_status":"closed","ping_status":"closed","template":"","meta":{"footnotes":"","_links_to":"","_links_to_target":""},"class_list":["post-5688","page","type-page","status-publish","hentry"],"_links":{"self":[{"href":"https:\/\/departamentos.uleam.edu.ec\/vinculacion-colectividad\/wp-json\/wp\/v2\/pages\/5688","targetHints":{"allow":["GET"]}}],"collection":[{"href":"https:\/\/departamentos.uleam.edu.ec\/vinculacion-colectividad\/wp-json\/wp\/v2\/pages"}],"about":[{"href":"https:\/\/departamentos.uleam.edu.ec\/vinculacion-colectividad\/wp-json\/wp\/v2\/types\/page"}],"author":[{"embeddable":true,"href":"https:\/\/departamentos.uleam.edu.ec\/vinculacion-colectividad\/wp-json\/wp\/v2\/users\/124"}],"replies":[{"embeddable":true,"href":"https:\/\/departamentos.uleam.edu.ec\/vinculacion-colectividad\/wp-json\/wp\/v2\/comments?post=5688"}],"version-history":[{"count":3,"href":"https:\/\/departamentos.uleam.edu.ec\/vinculacion-colectividad\/wp-json\/wp\/v2\/pages\/5688\/revisions"}],"predecessor-version":[{"id":5694,"href":"https:\/\/departamentos.uleam.edu.ec\/vinculacion-colectividad\/wp-json\/wp\/v2\/pages\/5688\/revisions\/5694"}],"wp:attachment":[{"href":"https:\/\/departamentos.uleam.edu.ec\/vinculacion-colectividad\/wp-json\/wp\/v2\/media?parent=5688"}],"curies":[{"name":"wp","href":"https:\/\/api.w.org\/{rel}","templated":true}]}}