{"id":5708,"date":"2024-05-28T16:00:06","date_gmt":"2024-05-28T21:00:06","guid":{"rendered":"https:\/\/departamentos.uleam.edu.ec\/vinculacion-colectividad\/?page_id=5708"},"modified":"2024-05-28T16:00:07","modified_gmt":"2024-05-28T21:00:07","slug":"formacion-y-asistencia-tecnica-para-las-instalaciones-a-talleres-mecanicos-electronicos-y-electricos-dirigido-a-asociaciones-organizaciones-y-al-gobiernos-autonomos-del-canton-pedernales","status":"publish","type":"page","link":"https:\/\/departamentos.uleam.edu.ec\/vinculacion-colectividad\/formacion-y-asistencia-tecnica-para-las-instalaciones-a-talleres-mecanicos-electronicos-y-electricos-dirigido-a-asociaciones-organizaciones-y-al-gobiernos-autonomos-del-canton-pedernales\/","title":{"rendered":"Formaci\u00f3n y asistencia t\u00e9cnica para las instalaciones a talleres mec\u00e1nicos, electr\u00f3nicos y el\u00e9ctricos, dirigido a, asociaciones, organizaciones y al Gobiernos aut\u00f3nomos del Cant\u00f3n Pedernales"},"content":{"rendered":"\n<p class=\"has-text-align-center\"><strong>PERIODO 2023<\/strong><\/p>\n\n\n\n<p><\/p>\n\n\n\n<p><\/p>\n\n\n\n<figure class=\"wp-block-table is-style-regular\"><table class=\"has-fixed-layout\"><tbody><tr><td><strong>Nombre de la Facultad o Unidad Acad\u00e9mica responsable:<\/strong> Unidad Acad\u00e9mica de Formaci\u00f3n T\u00e9cnica y Tecnol\u00f3gica<\/td><td><strong>Carrera:<\/strong> Electromec\u00e1nica Ext. Pedernales<strong><\/strong><\/td><td><strong>Tipo Proyecto:<\/strong> Vinculaci\u00f3n<strong><\/strong><\/td><\/tr><tr><td><strong>Dominio Acad\u00e9mico:<\/strong> Econom\u00eda social y solidaria para el buen vivir<\/td><td><strong>L\u00ednea de Investigaci\u00f3n:<\/strong> Econom\u00eda y desarrollo sustentable<strong><\/strong><\/td><td><strong>Convenio:<\/strong> Convenio marco de cooperaci\u00f3n interinstitucional con el GAD Cantonal de Pedernales<\/td><\/tr><tr><td><strong>\u00c1rea del conocimiento:<\/strong> Ingenier\u00eda, industria, educaci\u00f3n y construcci\u00f3n<\/td><td><strong>Sub\u00e1rea del conocimiento:<\/strong> Profesiones afines.<strong><\/strong><\/td><td><strong>Sub\u00e1rea especifica:<\/strong> Electromec\u00e1nica<strong><\/strong><\/td><\/tr><\/tbody><\/table><\/figure>\n\n\n\n<figure class=\"wp-block-table is-style-regular\"><table class=\"has-fixed-layout\"><tbody><tr><td><strong>Fecha Inicio<\/strong> Inicia el 29 de mayo del 2023<\/td><td> <strong>Fecha de Fin Planeado<\/strong> Finaliza 31 de diciembre 2025<\/td><\/tr><\/tbody><\/table><\/figure>\n\n\n\n<p><strong>COBERTURA Y LOCALIZACI\u00d3N<\/strong><\/p>\n\n\n\n<figure class=\"wp-block-table is-style-regular\"><table class=\"has-fixed-layout\"><tbody><tr><td><strong>Cobertura:<\/strong> Provincial<strong><\/strong><\/td><td><strong>Zona de Planificaci\u00f3n:<\/strong> Zona 4: Manab\u00ed, Santo Domingo de los Ts\u00e1chilas. <strong><\/strong><\/td><td><strong>Provincia:<\/strong> Manab\u00ed<strong><\/strong><\/td><\/tr><tr><td><strong>Cant\u00f3n:<\/strong> Pedernales <strong><\/strong><\/td><td><strong>Parroquias:<\/strong> 10 de agosto, Atahualpa, Cojimies, Pedernales <\/td><td><strong>Barrios:<\/strong> Todos los de la zona rural y urbanos <strong><\/strong><\/td><\/tr><\/tbody><\/table><\/figure>\n\n\n\n<figure class=\"wp-block-table is-style-regular\"><table class=\"has-fixed-layout\"><thead><tr><th>presupuesto<\/th><\/tr><\/thead><tbody><tr><td><strong>Presupuesto aporte ULEAM:<\/strong> $ 9400.00<strong><\/strong><\/td><td><strong>Presupuesto aporte Aliados Estrat\u00e9gicos:<\/strong> 0.00<\/td><td><strong>Presupuesto Total:<\/strong> $ 9400.00<\/td><\/tr><\/tbody><\/table><\/figure>\n\n\n\n<figure class=\"wp-block-table is-style-regular\"><table class=\"has-fixed-layout\"><thead><tr><th><br><strong>Plazo de<\/strong>l proyecto<\/th><\/tr><\/thead><tbody><tr><td><strong>Duraci\u00f3n en periodos acad\u00e9micos:<\/strong> Seis periodos acad\u00e9micos (3 a\u00f1os)<\/td><\/tr><\/tbody><\/table><\/figure>\n\n\n\n<p><strong>Objetivos<\/strong><\/p>\n\n\n\n<figure class=\"wp-block-table is-style-regular\"><table><thead><tr><th><strong>Objetivo General<\/strong><\/th><\/tr><\/thead><tbody><tr><td><p class=\"MsoNormal\" style=\"margin-left:35.4pt;text-align:justify\"><span lang=\"es-419\" style=\"font-size:12.0pt;line-height:115%;,serif\">Proveer formaci\u00f3n asistencia t\u00e9cnica a instalaciones mec\u00e1nicas, el\u00e9ctricas, mec\u00e1nicas electr\u00f3nicas, el\u00e9ctrica en el Cant\u00f3n Pedernales<\/span><\/p><\/td><\/tr><\/tbody><\/table><\/figure>\n\n\n\n<figure class=\"wp-block-table is-style-regular\"><table><thead><tr><th><strong>Objetivos Espec\u00edficos<\/strong><\/th><\/tr><\/thead><tbody><tr><td><strong>O.E1:<\/strong> Determinar la situaci\u00f3n actual de las instalaciones t\u00e9cnicas, mec\u00e1nicos, el\u00e9ctricos y electr\u00f3nicos del Cant\u00f3n Pedernales.<br><strong>O.E2: <\/strong>Fomentar la capacitaci\u00f3n a la poblaci\u00f3n involucrada mediante de cursos de formaci\u00f3n y practicas demostrativa in situs<br><strong>O.E3:<\/strong> Brindar soporte y asesor\u00eda t\u00e9cnicas en manteamiento preventivo en instalaciones mec\u00e1nicas, el\u00e9ctricas y electr\u00f3nico en el cant\u00f3n pedernales<\/td><\/tr><\/tbody><\/table><\/figure>\n\n\n\n<div class=\"wp-block-file\"><a id=\"wp-block-file--media-31fb7daf-b55a-469a-a8b4-93bdf4e73b4a\" href=\"https:\/\/departamentos.uleam.edu.ec\/vinculacion-colectividad\/files\/2024\/05\/PVV-031.pdf\">PVV-031<\/a><a href=\"https:\/\/departamentos.uleam.edu.ec\/vinculacion-colectividad\/files\/2024\/05\/PVV-031.pdf\" class=\"wp-block-file__button wp-element-button\" download aria-describedby=\"wp-block-file--media-31fb7daf-b55a-469a-a8b4-93bdf4e73b4a\">Descarga<\/a><\/div>\n","protected":false},"excerpt":{"rendered":"<p>PERIODO 2023 Nombre de la Facultad o Unidad Acad\u00e9mica responsable: Unidad Acad\u00e9mica de Formaci\u00f3n T\u00e9cnica y Tecnol\u00f3gica Carrera: Electromec\u00e1nica Ext. Pedernales Tipo Proyecto: Vinculaci\u00f3n Dominio Acad\u00e9mico: Econom\u00eda social y solidaria para el<a class=\"moretag\" href=\"https:\/\/departamentos.uleam.edu.ec\/vinculacion-colectividad\/formacion-y-asistencia-tecnica-para-las-instalaciones-a-talleres-mecanicos-electronicos-y-electricos-dirigido-a-asociaciones-organizaciones-y-al-gobiernos-autonomos-del-canton-pedernales\/\">Leer m\u00e1s&#8230;<\/a><\/p>\n","protected":false},"author":124,"featured_media":0,"parent":0,"menu_order":0,"comment_status":"closed","ping_status":"closed","template":"","meta":{"footnotes":"","_links_to":"","_links_to_target":""},"class_list":["post-5708","page","type-page","status-publish","hentry"],"_links":{"self":[{"href":"https:\/\/departamentos.uleam.edu.ec\/vinculacion-colectividad\/wp-json\/wp\/v2\/pages\/5708","targetHints":{"allow":["GET"]}}],"collection":[{"href":"https:\/\/departamentos.uleam.edu.ec\/vinculacion-colectividad\/wp-json\/wp\/v2\/pages"}],"about":[{"href":"https:\/\/departamentos.uleam.edu.ec\/vinculacion-colectividad\/wp-json\/wp\/v2\/types\/page"}],"author":[{"embeddable":true,"href":"https:\/\/departamentos.uleam.edu.ec\/vinculacion-colectividad\/wp-json\/wp\/v2\/users\/124"}],"replies":[{"embeddable":true,"href":"https:\/\/departamentos.uleam.edu.ec\/vinculacion-colectividad\/wp-json\/wp\/v2\/comments?post=5708"}],"version-history":[{"count":1,"href":"https:\/\/departamentos.uleam.edu.ec\/vinculacion-colectividad\/wp-json\/wp\/v2\/pages\/5708\/revisions"}],"predecessor-version":[{"id":5710,"href":"https:\/\/departamentos.uleam.edu.ec\/vinculacion-colectividad\/wp-json\/wp\/v2\/pages\/5708\/revisions\/5710"}],"wp:attachment":[{"href":"https:\/\/departamentos.uleam.edu.ec\/vinculacion-colectividad\/wp-json\/wp\/v2\/media?parent=5708"}],"curies":[{"name":"wp","href":"https:\/\/api.w.org\/{rel}","templated":true}]}}