{"id":5719,"date":"2024-05-28T16:56:33","date_gmt":"2024-05-28T21:56:33","guid":{"rendered":"https:\/\/departamentos.uleam.edu.ec\/vinculacion-colectividad\/?page_id=5719"},"modified":"2024-05-28T16:56:34","modified_gmt":"2024-05-28T21:56:34","slug":"intervencion-territorial-transdisciplinario-mediante-la-aplicacion-de-la-arquitectura-y-el-urbanismo-con-criterios-sostenibles-e-inclusivos-en-la-costa-norte-del-ecuador","status":"publish","type":"page","link":"https:\/\/departamentos.uleam.edu.ec\/vinculacion-colectividad\/intervencion-territorial-transdisciplinario-mediante-la-aplicacion-de-la-arquitectura-y-el-urbanismo-con-criterios-sostenibles-e-inclusivos-en-la-costa-norte-del-ecuador\/","title":{"rendered":"Intervenci\u00f3n territorial transdisciplinario mediante la aplicaci\u00f3n de la arquitectura y el urbanismo con criterios sostenibles e inclusivos en la costa norte del Ecuador"},"content":{"rendered":"\n<p class=\"has-text-align-center\"><strong>PERIODO 2023<\/strong><\/p>\n\n\n\n<figure class=\"wp-block-table is-style-regular\"><table class=\"has-fixed-layout\"><tbody><tr><td><strong>Nombre de la Facultad o Unidad Acad\u00e9mica responsable:<\/strong> Uleam Extensi\u00f3n Pedernales<\/td><td><strong>Carrera:<\/strong> Arquitectura<strong><\/strong><\/td><td><strong>Tipo Proyecto:<\/strong> Vinculaci\u00f3n y emprendimiento<\/td><\/tr><tr><td><strong>Dominio Acad\u00e9mico:<\/strong> Curr\u00edculo de Dominio<\/td><td><strong>L\u00ednea de Investigaci\u00f3n:<\/strong> Urbanismo, Arquitectura, Ingenier\u00eda, Industria y construcci\u00f3n para el desarrollo sustentable<strong><\/strong><\/td><td><strong>Convenio:<\/strong> MADEB\u00da -GAD MUNICIPAL PEDERNALES -MIDUVI -UNIDAD EDUCATIVA SAN GABRIEL DE GUACHAPEL\u00cd -COPADE -HOLCIM <strong>\u00a0<\/strong><\/td><\/tr><\/tbody><\/table><\/figure>\n\n\n\n<figure class=\"wp-block-table is-style-regular\"><table><tbody><tr><td><strong>\u00c1rea del conocimiento:<\/strong> 07 ingenier\u00eda, industria y construcci\u00f3n<\/td><td><strong>Sub\u00e1rea del conocimiento:<\/strong> 073 arquitectura y Construcci\u00f3n<strong><\/strong><\/td><td><strong>Sub\u00e1rea especifica:<\/strong> 0731 arquitectura y urbanismo<strong><\/strong><\/td><\/tr><\/tbody><\/table><\/figure>\n\n\n\n<figure class=\"wp-block-table is-style-regular\"><table class=\"has-fixed-layout\"><tbody><tr><td><strong>Fecha Inicio<\/strong> Octubre del 2023 <\/td><td> <strong>Fecha de Fin Planeado<\/strong> A\u00f1o 2025<\/td><\/tr><\/tbody><\/table><\/figure>\n\n\n\n<p><strong>COBERTURA<\/strong><\/p>\n\n\n\n<figure class=\"wp-block-table is-style-regular\"><table class=\"has-fixed-layout\"><tbody><tr><td><strong>Cobertura:<\/strong> Provincial <strong><\/strong><\/td><td><strong>Zona de Planificaci\u00f3n:<\/strong> Costa Norte del Ecuador.<strong><\/strong><\/td><td><strong>Provincia:<\/strong> Manab\u00ed <strong>&nbsp;<\/strong><\/td><\/tr><tr><td><strong>Cant\u00f3n:<\/strong> Pedernales <strong>&nbsp;<\/strong><\/td><td><strong>Parroquia:<\/strong> Pedernales Cojim\u00edes Atahualpa 10 de agosto<\/td><td><strong>Barrios:<\/strong> N\/A<strong><\/strong><\/td><\/tr><tr><td><strong>Cant\u00f3n:<\/strong> Jama<\/td><td><strong>Parroquia:<\/strong> Jama<strong><\/strong><\/td><td><strong>Barrios:<\/strong> N\/A<strong><\/strong><\/td><\/tr><tr><td><strong>Cobertura:<\/strong> Provincial<\/td><td><strong>Zona de Planificaci\u00f3n:<\/strong> Costa Norte del Ecuador.<strong><\/strong><\/td><td><strong>Provincia:<\/strong> Esmeraldas <strong>&nbsp;<\/strong><\/td><\/tr><tr><td><strong>Cant\u00f3n:<\/strong> Muisne <strong>&nbsp;<\/strong><\/td><td><strong>Parroquia:<\/strong> Muisne Bol\u00edvar Daule Galera Quingue Salima San Francisco San Gregorio Chamanga<strong><\/strong><\/td><td><strong>Barrios:<\/strong> N\/A<strong><\/strong><\/td><\/tr><\/tbody><\/table><\/figure>\n\n\n\n<p><strong>PRESUPUESTO<\/strong><\/p>\n\n\n\n<figure class=\"wp-block-table is-style-regular\"><table class=\"has-fixed-layout\"><tbody><tr><td><strong>Presupuesto aporte ULEAM:<\/strong> $10.000<strong><\/strong><\/td><td><strong>Presupuesto aporte Aliados Estrat\u00e9gicos:<\/strong> $0.00<\/td><td><strong>Presupuesto Total:<\/strong> $10.0000<\/td><\/tr><\/tbody><\/table><\/figure>\n\n\n\n<p>OBJETIVO<\/p>\n\n\n\n<figure class=\"wp-block-table is-style-regular\"><table><thead><tr><th><strong>Objetivo General<\/strong><\/th><\/tr><\/thead><tbody><tr><td>Mejorar las condiciones de habitabilidad de los sectores a intervenir y que forman parte del presente proyecto impulsando un crecimiento sostenible a trav\u00e9s de estrategias urbanas, arquitect\u00f3nicas y transdiciplinarias que fomenten la pr\u00e1ctica de los estudiantes de la carrera de arquitectura hacia una vinculaci\u00f3n con la sociedad con formas de emprendimiento<\/td><\/tr><\/tbody><\/table><\/figure>\n\n\n\n<figure class=\"wp-block-table is-style-regular\"><table><thead><tr><th><strong>Objetivos Espec\u00edficos<\/strong><\/th><\/tr><\/thead><tbody><tr><td><strong>O.E1:<\/strong> Realizar un an\u00e1lisis de solicitudes y diagn\u00f3stico de las necesidades arquitect\u00f3nicas y urban\u00edsticas del proyecto de investigaci\u00f3n y\/o de los cantones o sectores a intervenir para generar un banco de proyectos y priorizar la atenci\u00f3n en base al grupo de trabajo.<br><strong>O.E2:<\/strong>Definir la necesidad arquitect\u00f3nica o urban\u00edstica para dar inicio al proceso de dise\u00f1o respectivo.<br><strong>O.E3:<\/strong>Generar anteproyectos y proyectos definitivos aplicando todos los conocimientos adquiridos de las diferentes asignaturas y adapt\u00e1ndolos al contexto de la problem\u00e1tica.<br><strong>O.E4:<\/strong>Ejecutar acciones te\u00f3ricas (socializaciones y capacitaciones) y pr\u00e1cticas que resuelvan las problem\u00e1ticas de los sectores a intervenir.<\/td><\/tr><\/tbody><\/table><\/figure>\n\n\n\n<div class=\"wp-block-file\"><a id=\"wp-block-file--media-be5b1679-c672-4b3c-92c1-dc5809bb8ca3\" href=\"https:\/\/departamentos.uleam.edu.ec\/vinculacion-colectividad\/files\/2024\/05\/INTERV1.pdf\">INTERV1<\/a><a href=\"https:\/\/departamentos.uleam.edu.ec\/vinculacion-colectividad\/files\/2024\/05\/INTERV1.pdf\" class=\"wp-block-file__button wp-element-button\" download aria-describedby=\"wp-block-file--media-be5b1679-c672-4b3c-92c1-dc5809bb8ca3\">Descarga<\/a><\/div>\n","protected":false},"excerpt":{"rendered":"<p>PERIODO 2023 Nombre de la Facultad o Unidad Acad\u00e9mica responsable: Uleam Extensi\u00f3n Pedernales Carrera: Arquitectura Tipo Proyecto: Vinculaci\u00f3n y emprendimiento Dominio Acad\u00e9mico: Curr\u00edculo de Dominio L\u00ednea de Investigaci\u00f3n: Urbanismo, Arquitectura, Ingenier\u00eda, Industria<a class=\"moretag\" href=\"https:\/\/departamentos.uleam.edu.ec\/vinculacion-colectividad\/intervencion-territorial-transdisciplinario-mediante-la-aplicacion-de-la-arquitectura-y-el-urbanismo-con-criterios-sostenibles-e-inclusivos-en-la-costa-norte-del-ecuador\/\">Leer m\u00e1s&#8230;<\/a><\/p>\n","protected":false},"author":124,"featured_media":0,"parent":0,"menu_order":0,"comment_status":"closed","ping_status":"closed","template":"","meta":{"footnotes":"","_links_to":"","_links_to_target":""},"class_list":["post-5719","page","type-page","status-publish","hentry"],"_links":{"self":[{"href":"https:\/\/departamentos.uleam.edu.ec\/vinculacion-colectividad\/wp-json\/wp\/v2\/pages\/5719","targetHints":{"allow":["GET"]}}],"collection":[{"href":"https:\/\/departamentos.uleam.edu.ec\/vinculacion-colectividad\/wp-json\/wp\/v2\/pages"}],"about":[{"href":"https:\/\/departamentos.uleam.edu.ec\/vinculacion-colectividad\/wp-json\/wp\/v2\/types\/page"}],"author":[{"embeddable":true,"href":"https:\/\/departamentos.uleam.edu.ec\/vinculacion-colectividad\/wp-json\/wp\/v2\/users\/124"}],"replies":[{"embeddable":true,"href":"https:\/\/departamentos.uleam.edu.ec\/vinculacion-colectividad\/wp-json\/wp\/v2\/comments?post=5719"}],"version-history":[{"count":1,"href":"https:\/\/departamentos.uleam.edu.ec\/vinculacion-colectividad\/wp-json\/wp\/v2\/pages\/5719\/revisions"}],"predecessor-version":[{"id":5721,"href":"https:\/\/departamentos.uleam.edu.ec\/vinculacion-colectividad\/wp-json\/wp\/v2\/pages\/5719\/revisions\/5721"}],"wp:attachment":[{"href":"https:\/\/departamentos.uleam.edu.ec\/vinculacion-colectividad\/wp-json\/wp\/v2\/media?parent=5719"}],"curies":[{"name":"wp","href":"https:\/\/api.w.org\/{rel}","templated":true}]}}