{"id":5744,"date":"2024-06-04T16:52:53","date_gmt":"2024-06-04T21:52:53","guid":{"rendered":"https:\/\/departamentos.uleam.edu.ec\/vinculacion-colectividad\/?page_id=5744"},"modified":"2024-06-04T16:52:54","modified_gmt":"2024-06-04T21:52:54","slug":"espacios-de-atencion-pedagogica-inclusiva-para-el-desarrollo-integral-de-la-infancia-y-la-ninez","status":"publish","type":"page","link":"https:\/\/departamentos.uleam.edu.ec\/vinculacion-colectividad\/espacios-de-atencion-pedagogica-inclusiva-para-el-desarrollo-integral-de-la-infancia-y-la-ninez\/","title":{"rendered":"Espacios de atenci\u00f3n pedag\u00f3gica inclusiva para el desarrollo integral de la infancia y la ni\u00f1ez"},"content":{"rendered":"\n<p class=\"has-text-align-center has-medium-font-size\"><strong>PERIODO 2023 &#8211; 2026<\/strong><\/p>\n\n\n\n<figure class=\"wp-block-table is-style-regular\"><table class=\"has-fixed-layout\"><tbody><tr><td><strong>Nombre de la Facultad o Unidad Acad\u00e9mica responsable:<\/strong> <br>Facultad de Educaci\u00f3n, Turismo, Artes y Humanidades.<\/td><td><strong>Carrera:<\/strong> <br>Educaci\u00f3n Especial. <\/td><td><strong>Tipo Proyecto:<\/strong> <br>Vinculaci\u00f3n<\/td><\/tr><tr><td><strong>Dominio Acad\u00e9mico:<\/strong> <br>Educaci\u00f3n<\/td><td><strong>L\u00ednea de Investigaci\u00f3n:<\/strong> <br>Educaci\u00f3n y formaci\u00f3n de profesionales.\u00a0 <\/td><td><strong>Convenio:<\/strong> <br>Uleam \u2013 Gobierno Aut\u00f3nomo Descentralizado del Cant\u00f3n de Manta. <\/td><\/tr><tr><td><strong>\u00c1rea del conocimiento:<\/strong> <br>Educaci\u00f3n<\/td><td><strong>Sub\u00e1rea del conocimiento:<\/strong> <br>Educaci\u00f3n<\/td><td><strong>Sub\u00e1rea especifica:<\/strong> <br>Educaci\u00f3n Inclusiva<\/td><\/tr><\/tbody><\/table><\/figure>\n\n\n\n<figure class=\"wp-block-table is-style-regular\"><table class=\"has-fixed-layout\"><tbody><tr><td><strong>Fecha Inicio<\/strong><br>01-03-2023<\/td><td><strong>Fecha de Fin Planeado<\/strong><br>28-02-2026<\/td><\/tr><\/tbody><\/table><\/figure>\n\n\n\n<p><strong>COBERTURA Y LOCALIZACI\u00d3N<\/strong><\/p>\n\n\n\n<figure class=\"wp-block-table is-style-regular\"><table class=\"has-fixed-layout\"><tbody><tr><td><strong>Cobertura:<\/strong> Local<\/td><td><strong>Zona de Planificaci\u00f3n:<\/strong> Zona de Planificaci\u00f3n 4<strong><\/strong><\/td><td><strong>Provincia:<\/strong> Manab\u00ed<strong><\/strong><\/td><\/tr><tr><td><strong>Cant\u00f3n:<\/strong> Manta<strong><\/strong><\/td><td><strong>Parroquia:<\/strong> No aplica<strong><\/strong><\/td><td><strong>Barrios:<\/strong> No aplica <strong><\/strong><\/td><\/tr><\/tbody><\/table><\/figure>\n\n\n\n<p><strong>MONTO<\/strong><\/p>\n\n\n\n<figure class=\"wp-block-table is-style-regular\"><table class=\"has-fixed-layout\"><tbody><tr><td><strong>Presupuesto aporte ULEAM:<\/strong> <br>$ 12000<\/td><td><strong>Presupuesto aporte Aliados Estrat\u00e9gicos: Autofinanciamiento<\/strong> $ 3000USD<strong><\/strong><\/td><td><strong>Presupuesto Total:<\/strong> \u00a0 <br>$ 15000<\/td><\/tr><\/tbody><\/table><\/figure>\n\n\n\n<p><strong>OBJETIVO<\/strong><\/p>\n\n\n\n<figure class=\"wp-block-table is-style-regular\"><table class=\"has-fixed-layout\"><thead><tr><th>OBJETIVO GENERAL<\/th><\/tr><\/thead><tbody><tr><td>Fortalecer Espacios de Atenci\u00f3n Integral Pedag\u00f3gico para el Desarrollo de la infancia y la ni\u00f1ez de Manta, que mejore la calidad de vida de los ni\u00f1os a trav\u00e9s de un abordaje integral, enfocado en el desarrollo humano.<\/td><\/tr><\/tbody><\/table><\/figure>\n\n\n\n<figure class=\"wp-block-table is-style-regular\"><table class=\"has-fixed-layout\"><thead><tr><th>OBJETIVOS ESPECIFICOS<\/th><\/tr><\/thead><tbody><tr><td>Identificar las necesidades educativas y de desarrollo de la infancia y la ni\u00f1ez.<br>Fortalecer la educaci\u00f3n integral de la infancia y la ni\u00f1ez, mediante la implementaci\u00f3n de enfoques pedag\u00f3gicos innovadores y de calidad en espacios de atenci\u00f3n pedag\u00f3gica inclusiva y espacios de atenci\u00f3n integral.<br>Fomentar la participaci\u00f3n de las familias y la comunidad en la educaci\u00f3n y desarrollo de la infancia y la ni\u00f1ez, mediante la promoci\u00f3n de actividades y programas de vinculaci\u00f3n.<\/td><\/tr><\/tbody><\/table><\/figure>\n\n\n\n<div class=\"wp-block-file\"><a id=\"wp-block-file--media-01c8fef0-11bd-4bc0-b4fd-d0ef44a85ed8\" href=\"https:\/\/departamentos.uleam.edu.ec\/vinculacion-colectividad\/files\/2024\/06\/FINALE1.pdf\">FINALE1<\/a><a href=\"https:\/\/departamentos.uleam.edu.ec\/vinculacion-colectividad\/files\/2024\/06\/FINALE1.pdf\" class=\"wp-block-file__button wp-element-button\" download aria-describedby=\"wp-block-file--media-01c8fef0-11bd-4bc0-b4fd-d0ef44a85ed8\">Descarga<\/a><\/div>\n","protected":false},"excerpt":{"rendered":"<p>PERIODO 2023 &#8211; 2026 Nombre de la Facultad o Unidad Acad\u00e9mica responsable: Facultad de Educaci\u00f3n, Turismo, Artes y Humanidades. Carrera: Educaci\u00f3n Especial. Tipo Proyecto: Vinculaci\u00f3n Dominio Acad\u00e9mico: Educaci\u00f3n L\u00ednea de Investigaci\u00f3n: Educaci\u00f3n<a class=\"moretag\" href=\"https:\/\/departamentos.uleam.edu.ec\/vinculacion-colectividad\/espacios-de-atencion-pedagogica-inclusiva-para-el-desarrollo-integral-de-la-infancia-y-la-ninez\/\">Leer m\u00e1s&#8230;<\/a><\/p>\n","protected":false},"author":124,"featured_media":0,"parent":0,"menu_order":0,"comment_status":"closed","ping_status":"closed","template":"","meta":{"footnotes":"","_links_to":"","_links_to_target":""},"class_list":["post-5744","page","type-page","status-publish","hentry"],"_links":{"self":[{"href":"https:\/\/departamentos.uleam.edu.ec\/vinculacion-colectividad\/wp-json\/wp\/v2\/pages\/5744","targetHints":{"allow":["GET"]}}],"collection":[{"href":"https:\/\/departamentos.uleam.edu.ec\/vinculacion-colectividad\/wp-json\/wp\/v2\/pages"}],"about":[{"href":"https:\/\/departamentos.uleam.edu.ec\/vinculacion-colectividad\/wp-json\/wp\/v2\/types\/page"}],"author":[{"embeddable":true,"href":"https:\/\/departamentos.uleam.edu.ec\/vinculacion-colectividad\/wp-json\/wp\/v2\/users\/124"}],"replies":[{"embeddable":true,"href":"https:\/\/departamentos.uleam.edu.ec\/vinculacion-colectividad\/wp-json\/wp\/v2\/comments?post=5744"}],"version-history":[{"count":1,"href":"https:\/\/departamentos.uleam.edu.ec\/vinculacion-colectividad\/wp-json\/wp\/v2\/pages\/5744\/revisions"}],"predecessor-version":[{"id":5746,"href":"https:\/\/departamentos.uleam.edu.ec\/vinculacion-colectividad\/wp-json\/wp\/v2\/pages\/5744\/revisions\/5746"}],"wp:attachment":[{"href":"https:\/\/departamentos.uleam.edu.ec\/vinculacion-colectividad\/wp-json\/wp\/v2\/media?parent=5744"}],"curies":[{"name":"wp","href":"https:\/\/api.w.org\/{rel}","templated":true}]}}