{"id":5748,"date":"2024-06-04T17:04:22","date_gmt":"2024-06-04T22:04:22","guid":{"rendered":"https:\/\/departamentos.uleam.edu.ec\/vinculacion-colectividad\/?page_id=5748"},"modified":"2024-06-04T17:04:23","modified_gmt":"2024-06-04T22:04:23","slug":"innovacion-y-diversidad-construyendo-comunidades-inclusivas-en-el-distrito-13d02","status":"publish","type":"page","link":"https:\/\/departamentos.uleam.edu.ec\/vinculacion-colectividad\/innovacion-y-diversidad-construyendo-comunidades-inclusivas-en-el-distrito-13d02\/","title":{"rendered":"Innovaci\u00f3n y Diversidad: Construyendo Comunidades Inclusivas en el Distrito 13D02"},"content":{"rendered":"\n<p><\/p>\n\n\n\n<figure class=\"wp-block-table is-style-regular\"><table class=\"has-fixed-layout\"><tbody><tr><td><strong>Nombre de la Facultad o Unidad Acad\u00e9mica responsable:<\/strong> \u00a0 <br>Facultad de Educaci\u00f3n, Turismo, Artes y Humanidades. \u00a0 <strong>\u00a0<\/strong> <strong>\u00a0<\/strong> \u00a0<\/td><td><strong>Carrera:<\/strong> \u00a0<br>Educaci\u00f3n Especial.<\/td><td><strong>Tipo Proyecto:<\/strong><br>Vinculaci\u00f3n<\/td><\/tr><tr><td><strong>Dominio Acad\u00e9mico:<\/strong> <br>Educaci\u00f3n<\/td><td><strong>L\u00ednea de Investigaci\u00f3n:<\/strong> <br>Educaci\u00f3n y Formaci\u00f3n de Profesionales <\/td><td><strong>Convenio:<\/strong> <br>Uleam &#8211; Ministerio de Educaci\u00f3n Zona 4 para pr\u00e1cticas preprofesionales, investigaci\u00f3n y vinculaci\u00f3n con la sociedad.<\/td><\/tr><tr><td><strong>\u00c1rea del conocimiento:<\/strong> <br>Educaci\u00f3n<\/td><td><strong>Sub\u00e1rea del conocimiento:<\/strong> <br>Educaci\u00f3n<\/td><td><strong>Sub\u00e1rea especifica:<\/strong> <br>Educaci\u00f3n Inclusiva<\/td><\/tr><\/tbody><\/table><\/figure>\n\n\n\n<figure class=\"wp-block-table is-style-regular\"><table class=\"has-fixed-layout\"><tbody><tr><td><strong>Fecha Inicio<\/strong> 01-03-2023<\/td><td> <strong>Fecha de Fin Planeado<\/strong> 28-02-2026<\/td><\/tr><\/tbody><\/table><\/figure>\n\n\n\n<p><strong>COBERTURA Y LOCALIZACI\u00d3N<\/strong><\/p>\n\n\n\n<figure class=\"wp-block-table is-style-regular\"><table class=\"has-fixed-layout\"><tbody><tr><td><strong>Cobertura:<\/strong> Distrito 13D02<\/td><td><strong>Zona de Planificaci\u00f3n:<\/strong> Zona 4<strong><\/strong><\/td><td><strong>Provincia:<\/strong> Manab\u00ed <strong><\/strong><\/td><\/tr><tr><td><strong>Cant\u00f3n:<\/strong> Manta, Jaramij\u00f3 y Montecristi <strong><\/strong><\/td><td><strong>Parroquia:<\/strong> No aplica<strong><\/strong><\/td><td><strong>Barrios:<\/strong> No aplica <strong><\/strong><\/td><\/tr><\/tbody><\/table><\/figure>\n\n\n\n<p><strong>MONTO<\/strong><\/p>\n\n\n\n<figure class=\"wp-block-table is-style-regular\"><table class=\"has-fixed-layout\"><tbody><tr><td><strong>Presupuesto aporte ULEAM:<\/strong> $7 500 USD<strong><\/strong><\/td><td><strong>Presupuesto aporte Aliados Estrat\u00e9gicos: Autofinanciamiento<\/strong> $ 3000.00USD<\/td><td><strong>Presupuesto Total:<\/strong> &nbsp; $10.500 USD<\/td><\/tr><\/tbody><\/table><\/figure>\n\n\n\n<p><strong>OBJETIVO<\/strong><\/p>\n\n\n\n<figure class=\"wp-block-table is-style-regular\"><table class=\"has-fixed-layout\"><thead><tr><th><strong>Objetivo General<\/strong><\/th><\/tr><\/thead><tbody><tr><td>Fortalecer la inclusi\u00f3n dentro de las comunidades educativas del Distrito 13D02, a trav\u00e9s de la asesor\u00eda, la capacitaci\u00f3n y el desarrollo y aplicaci\u00f3n de pr\u00e1cticas innovadoras.<\/td><\/tr><\/tbody><\/table><\/figure>\n\n\n\n<figure class=\"wp-block-table is-style-regular\"><table class=\"has-fixed-layout\"><thead><tr><th><strong>Objetivos Espec\u00edficos<\/strong><\/th><\/tr><\/thead><tbody><tr><td>1. Asesorar a docentes involucrados en el desarrollo de ni\u00f1os, ni\u00f1as, adolescentes y j\u00f3venes con discapacidad para desarrollar metodolog\u00edas y estrategias diversificadas, as\u00ed como adaptaciones curriculares individuales que respondan a sus particularidades.<br>2. Sensibilizar a la comunidad educativa para mejorar la cultura y pr\u00e1cticas inclusiva para mejorar la participaci\u00f3n y aprendizajes de todos y todas.<br>3. Acompa\u00f1ar y brindar apoyo espec\u00edfico al alumnado con necesidades educativas espec\u00edficas (NEE), en los centros educativos ordinarios o de educaci\u00f3n especializada.<\/td><\/tr><\/tbody><\/table><\/figure>\n\n\n\n<div class=\"wp-block-file\"><a id=\"wp-block-file--media-17db017c-a469-4b5b-bf69-62b3d5d9d208\" href=\"https:\/\/departamentos.uleam.edu.ec\/vinculacion-colectividad\/files\/2024\/06\/FINALI1.DOC.pdf\">FINALI1.DOC<\/a><a href=\"https:\/\/departamentos.uleam.edu.ec\/vinculacion-colectividad\/files\/2024\/06\/FINALI1.DOC.pdf\" class=\"wp-block-file__button wp-element-button\" download aria-describedby=\"wp-block-file--media-17db017c-a469-4b5b-bf69-62b3d5d9d208\">Descarga<\/a><\/div>\n","protected":false},"excerpt":{"rendered":"<p>Nombre de la Facultad o Unidad Acad\u00e9mica responsable: \u00a0 Facultad de Educaci\u00f3n, Turismo, Artes y Humanidades. \u00a0 \u00a0 \u00a0 \u00a0 Carrera: \u00a0Educaci\u00f3n Especial. Tipo Proyecto:Vinculaci\u00f3n Dominio Acad\u00e9mico: Educaci\u00f3n L\u00ednea de Investigaci\u00f3n: Educaci\u00f3n<a class=\"moretag\" href=\"https:\/\/departamentos.uleam.edu.ec\/vinculacion-colectividad\/innovacion-y-diversidad-construyendo-comunidades-inclusivas-en-el-distrito-13d02\/\">Leer m\u00e1s&#8230;<\/a><\/p>\n","protected":false},"author":124,"featured_media":0,"parent":0,"menu_order":0,"comment_status":"closed","ping_status":"closed","template":"","meta":{"footnotes":"","_links_to":"","_links_to_target":""},"class_list":["post-5748","page","type-page","status-publish","hentry"],"_links":{"self":[{"href":"https:\/\/departamentos.uleam.edu.ec\/vinculacion-colectividad\/wp-json\/wp\/v2\/pages\/5748","targetHints":{"allow":["GET"]}}],"collection":[{"href":"https:\/\/departamentos.uleam.edu.ec\/vinculacion-colectividad\/wp-json\/wp\/v2\/pages"}],"about":[{"href":"https:\/\/departamentos.uleam.edu.ec\/vinculacion-colectividad\/wp-json\/wp\/v2\/types\/page"}],"author":[{"embeddable":true,"href":"https:\/\/departamentos.uleam.edu.ec\/vinculacion-colectividad\/wp-json\/wp\/v2\/users\/124"}],"replies":[{"embeddable":true,"href":"https:\/\/departamentos.uleam.edu.ec\/vinculacion-colectividad\/wp-json\/wp\/v2\/comments?post=5748"}],"version-history":[{"count":1,"href":"https:\/\/departamentos.uleam.edu.ec\/vinculacion-colectividad\/wp-json\/wp\/v2\/pages\/5748\/revisions"}],"predecessor-version":[{"id":5750,"href":"https:\/\/departamentos.uleam.edu.ec\/vinculacion-colectividad\/wp-json\/wp\/v2\/pages\/5748\/revisions\/5750"}],"wp:attachment":[{"href":"https:\/\/departamentos.uleam.edu.ec\/vinculacion-colectividad\/wp-json\/wp\/v2\/media?parent=5748"}],"curies":[{"name":"wp","href":"https:\/\/api.w.org\/{rel}","templated":true}]}}